{"id":10141,"date":"2024-12-28T23:41:09","date_gmt":"2024-12-28T22:41:09","guid":{"rendered":"https:\/\/berliner-dampfer.de\/?page_id=10141"},"modified":"2025-09-12T09:49:55","modified_gmt":"2025-09-12T07:49:55","slug":"saarland","status":"publish","type":"page","link":"https:\/\/berliner-dampfer.de\/?page_id=10141","title":{"rendered":"Saarland"},"content":{"rendered":"<table style=\"border-collapse: collapse; width: 100%;\">\n<tbody>\n<tr>\n<td style=\"width: 100%; background-color: #ffff00;\"><span style=\"font-family: arial, helvetica, sans-serif; font-size: 12pt;\"><span style=\"font-size: 10pt;\">1907<\/span> <strong>Leopold von Ranke<\/strong> } <span style=\"font-size: 10pt;\">1935<\/span> <strong>Saarland <\/strong>&#8211; <span style=\"font-size: 10pt;\">1944<\/span> durch Bombentreffer gebrochen und gesunken, letztendlich abgewrackt <\/span><\/p>\n<p><span style=\"font-family: arial, helvetica, sans-serif; font-size: 12pt;\">Wikipedia: <a href=\"https:\/\/de.wikipedia.org\/wiki\/Saarland_(Schiff,_1907)\" target=\"_blank\" rel=\"noopener\">Saarland (Schiff, 1907)<\/a><\/span><\/td>\n<\/tr>\n<\/tbody>\n<\/table>\n<p>&nbsp;<\/p>\n<table style=\"border-collapse: collapse; width: 100%;\">\n<tbody>\n<tr>\n<td style=\"width: 100%; background-color: #ffd700;\">\n<p style=\"text-align: justify;\"><span style=\"font-family: arial, helvetica, sans-serif; font-size: 12pt;\"><a href=\"https:\/\/berliner-dampfer.de\/?page_id=194\" target=\"_blank\" rel=\"noopener\">Grogert 1988<\/a>,Seite 125:<\/span><br \/>\n<span style=\"font-family: arial, helvetica, sans-serif; font-size: 12pt;\">Eine bedeutende Vergr\u00f6\u00dferung des Unternehmens brachte das Jahr 1907. Die Stettiner Oderwerke lieferten die beiden Doppelschraubendampfer <a href=\"https:\/\/berliner-dampfer.de\/?page_id=17475\" target=\"_blank\" rel=\"noopener\">\u201eWerner v. Siemens\u201c<\/a> und <strong>\u201eLeopold v. Ranke\u201c<\/strong> ab, die im Typ vollst\u00e4ndig den Dampfern <a href=\"https:\/\/berliner-dampfer.de\/?page_id=10090\" target=\"_blank\" rel=\"noopener\">\u201eOberb\u00fcrgermeister Zelle\u201c<\/a> und <a href=\"https:\/\/berliner-dampfer.de\/?page_id=4295\" target=\"_blank\" rel=\"noopener\">\u201eBaurath Hobrecht\u201c<\/a> entsprachen, aber bei einer L\u00e4nge von 35,1m, einer Breite von 6,60m und einem Fassunsgverm\u00f6gen von 430 Personen noch gr\u00f6\u00dfer waren.<\/span><\/p>\n<p style=\"text-align: justify;\"><span style=\"font-family: arial, helvetica, sans-serif; font-size: 12pt;\"><a href=\"https:\/\/berliner-dampfer.de\/?page_id=194\" target=\"_blank\" rel=\"noopener\">Groggert 1988<\/a>, Seite 290:<\/span><br \/>\n<span style=\"font-family: arial, helvetica, sans-serif; font-size: 12pt;\">Nach dem II. Weltkrieg:<\/span><br \/>\n<span style=\"font-family: arial, helvetica, sans-serif; font-size: 12pt;\">Unterhalb der Siemensbr\u00fccke lagen am Nordufer des Teltowkanals jahrelang die Wracks der Dampfer <strong>&#8222;Saarland&#8220;<\/strong> (ex <strong>&#8222;Leopold von Ranke&#8220;<\/strong>) und <a href=\"https:\/\/berliner-dampfer.de\/?page_id=10090\" target=\"_blank\" rel=\"noopener\">&#8222;Oberb\u00fcrgermeister Zelle&#8220;<\/a>. Da der <strong>&#8222;Saarland&#8220;<\/strong> ein etwa 8 Meter langes Teilst\u00fcck des Mittelschiffs fehlte, nachdem die beiden Wrackteile wieder zusammengef\u00fcgt waren, lief das Deck nicht mehr glatt durch, und an der Steuerbordseite des Schiffsk\u00f6rpers zeichneten sich allm\u00e4hlich unter dem verwitterten Anstrich immer deutlicher die letzten Buchstaben des Namens <strong>&#8222;Leopold von Ranke&#8220;<\/strong> ab, den das Schiff einmal getragen hatte. Die Reste der <strong>&#8222;Saarland&#8220;<\/strong> kamen schlie\u00dflich an einen Liegeplatz am <a href=\"https:\/\/de.wikipedia.org\/wiki\/Hafen_Lichterfelde\" target=\"_blank\" rel=\"noopener\">Steglitzer Hafen<\/a>, wo sie die Malerin <a href=\"http:\/\/antoni-droth.de\/\" target=\"_blank\" rel=\"noopener\">Antoni Droth<\/a> auf einem ihrer Bilder festhielt, bevor sie verschrottet wurden.<\/span><\/p>\n<\/td>\n<\/tr>\n<\/tbody>\n<\/table>\n<p>&nbsp;<\/p>\n<table style=\"border-collapse: collapse; width: 100%;\">\n<tbody>\n<tr>\n<td style=\"width: 1009.2px; background-color: #cdcd00;\"><span style=\"font-family: arial, helvetica, sans-serif; font-size: 12pt;\"><a href=\"https:\/\/berliner-dampfer.de\/?page_id=194\" target=\"_blank\" rel=\"noopener\">Trost 1988<\/a>, Seite 8:<\/span><\/p>\n<p style=\"text-align: justify;\"><span style=\"font-family: arial, helvetica, sans-serif; font-size: 12pt;\">Die Jahre 1905 bis 1914:<\/span><\/p>\n<p style=\"text-align: justify;\"><span style=\"font-family: arial, helvetica, sans-serif; font-size: 12pt;\">&#8230;Trotz dieser zahlreichen Zug\u00e4nge orderte man aber auch noch 3 Neubauten.<\/span><\/p>\n<p style=\"text-align: justify;\"><span style=\"font-family: arial, helvetica, sans-serif; font-size: 12pt;\">Die Stettiner Oderwerke bauten die beiden bisher gr\u00f6\u00dften Dampfer <a href=\"https:\/\/berliner-dampfer.de\/?page_id=17475\" target=\"_blank\" rel=\"noopener\">WERNER VON SIEMENS<\/a> und <b>LEOPOLD VON RANKE<\/b>, die 1907 unter Bau-Nr. 579 und 580 an die Reederei abgeliefert wurden.<\/span><\/p>\n<p style=\"text-align: justify;\"><span style=\"font-family: arial, helvetica, sans-serif; font-size: 12pt;\">Sie waren 35,10 lang, 6,10 m auf Spanten und 6,60 m \u00fcber Scheuerleisten breit und hatten mit 430 Personen einen Tiefgang von 1,40 m; je zwei <a href=\"https:\/\/de.wikipedia.org\/wiki\/Verbunddampfmaschine\" target=\"_blank\" rel=\"noopener\">Zweifachexpansionsmaschnen<\/a> &#8230;.. sorgten f\u00fcr eine Geschwindigkeit von 19,5 km\/h.<\/span><\/p>\n<p style=\"text-align: justify;\"><span style=\"font-family: arial, helvetica, sans-serif; font-size: 12pt;\"><a href=\"https:\/\/berliner-dampfer.de\/?page_id=17475\" target=\"_blank\" rel=\"noopener\">WERNER VON SIEMENS<\/a> wurde 1925 umgebaut und bekam einen ver\u00e4nderten Schornstein, er \u00fcberstand den 2. Weltkrieg schadenfrei, mu\u00dfte aber 1945 als Reparation abgeliefert werden und ging mit dem gro\u00dfen Konvoi in die UDSSR.<\/span><\/p>\n<p style=\"text-align: justify;\"><span style=\"font-family: arial, helvetica, sans-serif; font-size: 12pt;\"><b>LEOPOLD VON RANKE<\/b> wurde 1934\/35 auf der Teltow-Werft um 8 m auf 43,00 m verl\u00e4ngert und kam unter dem Namen <b>Saarland<\/b> als gr\u00f6\u00dfter Berliner Dampfer wieder in Fahrt, vermessen f\u00fcr 653 Personen. <\/span><span style=\"font-family: arial, helvetica, sans-serif; font-size: 12pt;\">Im Herbst 1944 ist der Dampfer in Potsdam durch einen Bombentreffer gebrochen und gesunken; nach der Hebung wurde er provisorisch zusammengeschwei\u00dft und in den Teltowkanal geschleppt, nach langer Liegezeit in Steglitz wurde er dann doch abgewrackt.<\/span><\/p>\n<\/td>\n<\/tr>\n<\/tbody>\n<\/table>\n<p>&nbsp;<\/p>\n<p>&nbsp;<\/p>\n<p>&nbsp;<\/p>\n<table style=\"border-collapse: collapse; width: 100%;\">\n<tbody>\n<tr>\n<td style=\"width: 100%; background-color: #ffff00;\"><span style=\"font-family: arial, helvetica, sans-serif; font-size: 12pt;\">27. <strong>Mai<\/strong> <strong>1911<\/strong> &#8211; <strong>&#8222;Leopold von Ranke&#8220;<\/strong> (das hintere Schiff)<br \/>\n<\/span><span style=\"font-family: arial, helvetica, sans-serif; font-size: 12pt;\"><a href=\"https:\/\/berliner-dampfer.de\/wp-content\/uploads\/2024\/12\/1911-05-27-Leopold-von-Ranke-klein-a-Problem-Cigaretten.jpg\" target=\"_blank\" rel=\"noopener\"><img loading=\"lazy\" decoding=\"async\" class=\"alignright wp-image-10324\" src=\"https:\/\/berliner-dampfer.de\/wp-content\/uploads\/2024\/12\/1911-05-27-Leopold-von-Ranke-klein-a-Problem-Cigaretten.jpg\" alt=\"\" width=\"201\" height=\"96\" srcset=\"https:\/\/berliner-dampfer.de\/wp-content\/uploads\/2024\/12\/1911-05-27-Leopold-von-Ranke-klein-a-Problem-Cigaretten.jpg 493w, https:\/\/berliner-dampfer.de\/wp-content\/uploads\/2024\/12\/1911-05-27-Leopold-von-Ranke-klein-a-Problem-Cigaretten-300x143.jpg 300w\" sizes=\"auto, (max-width: 201px) 100vw, 201px\" \/><\/a>Pr\u00e4gekarte: <em>&#8222;Die Berliner dampfen hinaus!&#8220;<br \/>\n<\/em><\/span><span style=\"font-family: arial, helvetica, sans-serif; font-size: 12pt;\">Das Schiff im Vordergrund konnte ich bisher leider nicht zuordnen. Sein Name scheint mit den Buchstaben &#8222;&#8230;UE&#8220; oder &#8222;&#8230;JE&#8220; zu enden.<\/span><span style=\"font-family: arial, helvetica, sans-serif; font-size: 12pt;\">Ein interessantes Detail ist das Werbeschild an der Reling der &#8222;Leopold von Ranke&#8220; f\u00fcr <a href=\"https:\/\/de.wikipedia.org\/wiki\/Mahala-Problem-Cigarettes\" target=\"_blank\" rel=\"noopener\">&#8222;Problem-Cigaretten&#8220;<\/a>:<\/span><img loading=\"lazy\" decoding=\"async\" class=\"alignnone size-full wp-image-10310\" src=\"https:\/\/berliner-dampfer.de\/wp-content\/uploads\/2024\/12\/1911-05-27-Leopold-von-Ranke-klein.jpg\" alt=\"\" width=\"1200\" height=\"964\" srcset=\"https:\/\/berliner-dampfer.de\/wp-content\/uploads\/2024\/12\/1911-05-27-Leopold-von-Ranke-klein.jpg 1200w, https:\/\/berliner-dampfer.de\/wp-content\/uploads\/2024\/12\/1911-05-27-Leopold-von-Ranke-klein-300x241.jpg 300w, https:\/\/berliner-dampfer.de\/wp-content\/uploads\/2024\/12\/1911-05-27-Leopold-von-Ranke-klein-1024x823.jpg 1024w, https:\/\/berliner-dampfer.de\/wp-content\/uploads\/2024\/12\/1911-05-27-Leopold-von-Ranke-klein-768x617.jpg 768w\" sizes=\"auto, (max-width: 1200px) 100vw, 1200px\" \/><span style=\"font-family: arial, helvetica, sans-serif; font-size: 12pt;\">Vergr\u00f6\u00dferung:<\/span><\/p>\n<p><img loading=\"lazy\" decoding=\"async\" class=\"alignnone size-full wp-image-10309\" src=\"https:\/\/berliner-dampfer.de\/wp-content\/uploads\/2024\/12\/1911-05-27-Leopold-von-Ranke-klein-a.jpg\" alt=\"\" width=\"1200\" height=\"379\" srcset=\"https:\/\/berliner-dampfer.de\/wp-content\/uploads\/2024\/12\/1911-05-27-Leopold-von-Ranke-klein-a.jpg 1200w, https:\/\/berliner-dampfer.de\/wp-content\/uploads\/2024\/12\/1911-05-27-Leopold-von-Ranke-klein-a-300x95.jpg 300w, https:\/\/berliner-dampfer.de\/wp-content\/uploads\/2024\/12\/1911-05-27-Leopold-von-Ranke-klein-a-1024x323.jpg 1024w, https:\/\/berliner-dampfer.de\/wp-content\/uploads\/2024\/12\/1911-05-27-Leopold-von-Ranke-klein-a-768x243.jpg 768w\" sizes=\"auto, (max-width: 1200px) 100vw, 1200px\" \/><\/td>\n<\/tr>\n<\/tbody>\n<\/table>\n<p>&nbsp;<\/p>\n<p>&nbsp;<\/p>\n<p>&nbsp;<\/p>\n<table style=\"border-collapse: collapse; width: 100%;\">\n<tbody>\n<tr>\n<td style=\"width: 100%; background-color: #ffff00;\"><span style=\"font-family: arial, helvetica, sans-serif; font-size: 12pt;\">AK <strong>1911<\/strong>. <strong>&#8222;Leopold von Ranke&#8220;<\/strong> in Potsdam, Dampferstation an der Eisenbahnbr\u00fccke am <a href=\"https:\/\/de.wikipedia.org\/wiki\/Lustgarten_(Potsdam)\" target=\"_blank\" rel=\"noopener\">Lustgarten<\/a>.<\/span><\/p>\n<p><img loading=\"lazy\" decoding=\"async\" class=\"alignnone size-full wp-image-10308\" src=\"https:\/\/berliner-dampfer.de\/wp-content\/uploads\/2024\/12\/1911-Leopold-von-Ranke-klein.jpg\" alt=\"\" width=\"1200\" height=\"764\" srcset=\"https:\/\/berliner-dampfer.de\/wp-content\/uploads\/2024\/12\/1911-Leopold-von-Ranke-klein.jpg 1200w, https:\/\/berliner-dampfer.de\/wp-content\/uploads\/2024\/12\/1911-Leopold-von-Ranke-klein-300x191.jpg 300w, https:\/\/berliner-dampfer.de\/wp-content\/uploads\/2024\/12\/1911-Leopold-von-Ranke-klein-1024x652.jpg 1024w, https:\/\/berliner-dampfer.de\/wp-content\/uploads\/2024\/12\/1911-Leopold-von-Ranke-klein-768x489.jpg 768w\" sizes=\"auto, (max-width: 1200px) 100vw, 1200px\" \/><\/td>\n<\/tr>\n<\/tbody>\n<\/table>\n<p>&nbsp;<\/p>\n<p>&nbsp;<\/p>\n<p>&nbsp;<\/p>\n<table style=\"border-collapse: collapse; width: 100%;\">\n<tbody>\n<tr>\n<td style=\"width: 100%; background-color: #ffff00;\"><span style=\"font-family: arial, helvetica, sans-serif; font-size: 12pt;\">AK, Aufnahmejahr vermutlich 1913, postalisch gelaufen <strong>16.08.1913<\/strong>.<\/span><br \/>\n<span style=\"font-family: arial, helvetica, sans-serif; font-size: 12pt;\">Die AK zeigt die <strong>&#8222;Leopold von Ranke&#8220;<\/strong> am Lindenufer in Spandau. Links das von 1910 &#8211; 1913 erbaute <a href=\"https:\/\/de.wikipedia.org\/wiki\/Rathaus_Spandau\" target=\"_blank\" rel=\"noopener\">Rathaus Spandau<\/a>.<\/span><img loading=\"lazy\" decoding=\"async\" class=\"alignnone size-full wp-image-10311\" src=\"https:\/\/berliner-dampfer.de\/wp-content\/uploads\/2024\/12\/1913-08-16-Lopold-von-Ranke-klein.jpg\" alt=\"\" width=\"1200\" height=\"934\" srcset=\"https:\/\/berliner-dampfer.de\/wp-content\/uploads\/2024\/12\/1913-08-16-Lopold-von-Ranke-klein.jpg 1200w, https:\/\/berliner-dampfer.de\/wp-content\/uploads\/2024\/12\/1913-08-16-Lopold-von-Ranke-klein-300x234.jpg 300w, https:\/\/berliner-dampfer.de\/wp-content\/uploads\/2024\/12\/1913-08-16-Lopold-von-Ranke-klein-1024x797.jpg 1024w, https:\/\/berliner-dampfer.de\/wp-content\/uploads\/2024\/12\/1913-08-16-Lopold-von-Ranke-klein-768x598.jpg 768w\" sizes=\"auto, (max-width: 1200px) 100vw, 1200px\" \/><\/td>\n<\/tr>\n<\/tbody>\n<\/table>\n<p>&nbsp;&nbsp;<\/p>\n<p>&nbsp;<\/p>\n<p>&nbsp;<\/p>\n<p>&nbsp;<\/p>\n<p><img loading=\"lazy\" decoding=\"async\" class=\"alignnone size-full wp-image-10312\" src=\"https:\/\/berliner-dampfer.de\/wp-content\/uploads\/2024\/12\/1934-06-28-Leopold-von-Ranke-klein.jpg\" alt=\"\" width=\"1200\" height=\"751\" srcset=\"https:\/\/berliner-dampfer.de\/wp-content\/uploads\/2024\/12\/1934-06-28-Leopold-von-Ranke-klein.jpg 1200w, https:\/\/berliner-dampfer.de\/wp-content\/uploads\/2024\/12\/1934-06-28-Leopold-von-Ranke-klein-300x188.jpg 300w, https:\/\/berliner-dampfer.de\/wp-content\/uploads\/2024\/12\/1934-06-28-Leopold-von-Ranke-klein-1024x641.jpg 1024w, https:\/\/berliner-dampfer.de\/wp-content\/uploads\/2024\/12\/1934-06-28-Leopold-von-Ranke-klein-768x481.jpg 768w\" sizes=\"auto, (max-width: 1200px) 100vw, 1200px\" \/><\/p>\n<p>&nbsp;<\/p>\n<p>&nbsp;<\/p>\n<p>&nbsp;<\/p>\n<p><img loading=\"lazy\" decoding=\"async\" class=\"alignnone size-full wp-image-10314\" src=\"https:\/\/berliner-dampfer.de\/wp-content\/uploads\/2024\/12\/1935-ca-SAARLAND-Groggert-1988-Seite-226-1200.jpg\" alt=\"\" width=\"1200\" height=\"371\" srcset=\"https:\/\/berliner-dampfer.de\/wp-content\/uploads\/2024\/12\/1935-ca-SAARLAND-Groggert-1988-Seite-226-1200.jpg 1200w, https:\/\/berliner-dampfer.de\/wp-content\/uploads\/2024\/12\/1935-ca-SAARLAND-Groggert-1988-Seite-226-1200-300x93.jpg 300w, https:\/\/berliner-dampfer.de\/wp-content\/uploads\/2024\/12\/1935-ca-SAARLAND-Groggert-1988-Seite-226-1200-1024x317.jpg 1024w, https:\/\/berliner-dampfer.de\/wp-content\/uploads\/2024\/12\/1935-ca-SAARLAND-Groggert-1988-Seite-226-1200-768x237.jpg 768w\" sizes=\"auto, (max-width: 1200px) 100vw, 1200px\" \/><\/p>\n<p>&nbsp;<\/p>\n<p>&nbsp;<\/p>\n<p>&nbsp;<\/p>\n<p><img loading=\"lazy\" decoding=\"async\" class=\"alignnone size-full wp-image-10313\" src=\"https:\/\/berliner-dampfer.de\/wp-content\/uploads\/2024\/12\/1935-ca-Saarland-klein.jpg\" alt=\"\" width=\"1200\" height=\"793\" srcset=\"https:\/\/berliner-dampfer.de\/wp-content\/uploads\/2024\/12\/1935-ca-Saarland-klein.jpg 1200w, https:\/\/berliner-dampfer.de\/wp-content\/uploads\/2024\/12\/1935-ca-Saarland-klein-300x198.jpg 300w, https:\/\/berliner-dampfer.de\/wp-content\/uploads\/2024\/12\/1935-ca-Saarland-klein-1024x677.jpg 1024w, https:\/\/berliner-dampfer.de\/wp-content\/uploads\/2024\/12\/1935-ca-Saarland-klein-768x508.jpg 768w\" sizes=\"auto, (max-width: 1200px) 100vw, 1200px\" \/><\/p>\n<p>&nbsp;<\/p>\n<p>&nbsp;<\/p>\n<p>&nbsp; <img loading=\"lazy\" decoding=\"async\" class=\"alignnone size-full wp-image-10315\" src=\"https:\/\/berliner-dampfer.de\/wp-content\/uploads\/2024\/12\/1945-ca-Saarland-Groggert-1988-Seite-262-1200.jpg\" alt=\"\" width=\"1200\" height=\"729\" srcset=\"https:\/\/berliner-dampfer.de\/wp-content\/uploads\/2024\/12\/1945-ca-Saarland-Groggert-1988-Seite-262-1200.jpg 1200w, https:\/\/berliner-dampfer.de\/wp-content\/uploads\/2024\/12\/1945-ca-Saarland-Groggert-1988-Seite-262-1200-300x182.jpg 300w, https:\/\/berliner-dampfer.de\/wp-content\/uploads\/2024\/12\/1945-ca-Saarland-Groggert-1988-Seite-262-1200-1024x622.jpg 1024w, https:\/\/berliner-dampfer.de\/wp-content\/uploads\/2024\/12\/1945-ca-Saarland-Groggert-1988-Seite-262-1200-768x467.jpg 768w\" sizes=\"auto, (max-width: 1200px) 100vw, 1200px\" \/><\/p>\n<p>&nbsp;<\/p>\n<p>&nbsp;<\/p>\n<p>&nbsp;<\/p>\n<p><span style=\"text-decoration: underline;\"><span style=\"font-family: arial, helvetica, sans-serif; font-size: 12pt;\">Zuletzt bearbeitet 30.12.2024<\/span><\/span><\/p>\n","protected":false},"excerpt":{"rendered":"<p>1907 Leopold von Ranke } 1935 Saarland &#8211; 1944 durch Bombentreffer gebrochen und gesunken, letztendlich abgewrackt Wikipedia: Saarland (Schiff, 1907) &nbsp; Grogert 1988,Seite 125: Eine&hellip;<\/p>\n","protected":false},"author":1,"featured_media":0,"parent":0,"menu_order":0,"comment_status":"closed","ping_status":"closed","template":"","meta":{"ngg_post_thumbnail":0,"iawp_total_views":19,"footnotes":""},"class_list":["post-10141","page","type-page","status-publish","hentry"],"_links":{"self":[{"href":"https:\/\/berliner-dampfer.de\/index.php?rest_route=\/wp\/v2\/pages\/10141","targetHints":{"allow":["GET"]}}],"collection":[{"href":"https:\/\/berliner-dampfer.de\/index.php?rest_route=\/wp\/v2\/pages"}],"about":[{"href":"https:\/\/berliner-dampfer.de\/index.php?rest_route=\/wp\/v2\/types\/page"}],"author":[{"embeddable":true,"href":"https:\/\/berliner-dampfer.de\/index.php?rest_route=\/wp\/v2\/users\/1"}],"replies":[{"embeddable":true,"href":"https:\/\/berliner-dampfer.de\/index.php?rest_route=%2Fwp%2Fv2%2Fcomments&post=10141"}],"version-history":[{"count":24,"href":"https:\/\/berliner-dampfer.de\/index.php?rest_route=\/wp\/v2\/pages\/10141\/revisions"}],"predecessor-version":[{"id":17493,"href":"https:\/\/berliner-dampfer.de\/index.php?rest_route=\/wp\/v2\/pages\/10141\/revisions\/17493"}],"wp:attachment":[{"href":"https:\/\/berliner-dampfer.de\/index.php?rest_route=%2Fwp%2Fv2%2Fmedia&parent=10141"}],"curies":[{"name":"wp","href":"https:\/\/api.w.org\/{rel}","templated":true}]}}