{"id":10270,"date":"2024-12-29T22:04:08","date_gmt":"2024-12-29T21:04:08","guid":{"rendered":"https:\/\/berliner-dampfer.de\/?page_id=10270"},"modified":"2025-01-12T17:58:44","modified_gmt":"2025-01-12T16:58:44","slug":"wannsee-2013","status":"publish","type":"page","link":"https:\/\/berliner-dampfer.de\/?page_id=10270","title":{"rendered":"Wannsee (2013)"},"content":{"rendered":"<table style=\"border-collapse: collapse; width: 100%;\">\n<tbody>\n<tr>\n<td style=\"width: 100%; background-color: #ffff00;\"><span style=\"font-family: arial, helvetica, sans-serif; font-size: 12pt;\"><span style=\"font-size: 10pt;\">2013<\/span> <strong>Wannsee <\/strong><\/span><\/p>\n<p><span style=\"font-family: arial, helvetica, sans-serif; font-size: 12pt;\">Wikipedia: h.k.R.<br \/>\n<\/span><\/td>\n<\/tr>\n<\/tbody>\n<\/table>\n<p>&nbsp;<\/p>\n<table style=\"border-collapse: collapse; width: 100%;\">\n<tbody>\n<tr>\n<td style=\"width: 100%; background-color: #f0ca00;\">\n<p style=\"text-align: justify;\"><span style=\"font-family: arial, helvetica, sans-serif; font-size: 12pt;\">17.01.2014 &#8211; BVG Pressemitteilung:<\/span><\/p>\n<p style=\"text-align: justify;\"><span style=\"font-family: arial, helvetica, sans-serif; font-size: 12pt;\"><b>Auch die F10 bekommt ein neues Schiff<\/b><\/span><\/p>\n<p style=\"text-align: justify;\"><img loading=\"lazy\" decoding=\"async\" class=\"alignnone size-full wp-image-10284\" src=\"https:\/\/berliner-dampfer.de\/wp-content\/uploads\/2024\/12\/2014-01-17-BVG-PM-Auch-die-F10-bekommt-ein-neues-Schiff-bearbeitet-1200.jpg\" alt=\"\" width=\"1200\" height=\"1022\" srcset=\"https:\/\/berliner-dampfer.de\/wp-content\/uploads\/2024\/12\/2014-01-17-BVG-PM-Auch-die-F10-bekommt-ein-neues-Schiff-bearbeitet-1200.jpg 1200w, https:\/\/berliner-dampfer.de\/wp-content\/uploads\/2024\/12\/2014-01-17-BVG-PM-Auch-die-F10-bekommt-ein-neues-Schiff-bearbeitet-1200-300x256.jpg 300w, https:\/\/berliner-dampfer.de\/wp-content\/uploads\/2024\/12\/2014-01-17-BVG-PM-Auch-die-F10-bekommt-ein-neues-Schiff-bearbeitet-1200-1024x872.jpg 1024w, https:\/\/berliner-dampfer.de\/wp-content\/uploads\/2024\/12\/2014-01-17-BVG-PM-Auch-die-F10-bekommt-ein-neues-Schiff-bearbeitet-1200-768x654.jpg 768w\" sizes=\"auto, (max-width: 1200px) 100vw, 1200px\" \/><\/p>\n<\/td>\n<\/tr>\n<\/tbody>\n<\/table>\n<p>&nbsp;<\/p>\n<p>&nbsp;<\/p>\n<table style=\"border-collapse: collapse; width: 100%;\">\n<tbody>\n<tr>\n<td style=\"width: 100%; background-color: #d3d3d3;\"><span style=\"font-family: arial, helvetica, sans-serif; font-size: 12pt;\">02.06.2014 Berliner Woche:<\/span><\/p>\n<ul>\n<li><a href=\"https:\/\/www.berliner-woche.de\/wannsee\/c-sonstiges\/fahrgaeste-klagen-ueber-neue-bvg-faehre-ms-wannsee_a53545\" target=\"_blank\" rel=\"noopener\"><span style=\"font-family: arial, helvetica, sans-serif; font-size: 12pt;\">Fahrg\u00e4ste klagen \u00fcber neue BVG-F\u00e4hre &#8222;MS Wannsee&#8220;<\/span><\/a><\/li>\n<\/ul>\n<\/td>\n<\/tr>\n<\/tbody>\n<\/table>\n<p>&nbsp;<\/p>\n<p>&nbsp;<\/p>\n<p>&nbsp;<\/p>\n<p><img loading=\"lazy\" decoding=\"async\" class=\"alignnone size-full wp-image-10285\" src=\"https:\/\/berliner-dampfer.de\/wp-content\/uploads\/2024\/12\/2014-11-08-Wannsee-Faehre-Hafen-006-f1943846087-klein.jpg\" alt=\"\" width=\"1200\" height=\"675\" srcset=\"https:\/\/berliner-dampfer.de\/wp-content\/uploads\/2024\/12\/2014-11-08-Wannsee-Faehre-Hafen-006-f1943846087-klein.jpg 1200w, https:\/\/berliner-dampfer.de\/wp-content\/uploads\/2024\/12\/2014-11-08-Wannsee-Faehre-Hafen-006-f1943846087-klein-300x169.jpg 300w, https:\/\/berliner-dampfer.de\/wp-content\/uploads\/2024\/12\/2014-11-08-Wannsee-Faehre-Hafen-006-f1943846087-klein-1024x576.jpg 1024w, https:\/\/berliner-dampfer.de\/wp-content\/uploads\/2024\/12\/2014-11-08-Wannsee-Faehre-Hafen-006-f1943846087-klein-768x432.jpg 768w\" sizes=\"auto, (max-width: 1200px) 100vw, 1200px\" \/><\/p>\n<p>&nbsp;<\/p>\n<p>&nbsp;<\/p>\n<p><img loading=\"lazy\" decoding=\"async\" class=\"alignnone size-full wp-image-10286\" src=\"https:\/\/berliner-dampfer.de\/wp-content\/uploads\/2024\/12\/2014-11-08-Wannsee-Faehre-Hafen-007-f1943838819-klein.jpg\" alt=\"\" width=\"1200\" height=\"675\" srcset=\"https:\/\/berliner-dampfer.de\/wp-content\/uploads\/2024\/12\/2014-11-08-Wannsee-Faehre-Hafen-007-f1943838819-klein.jpg 1200w, https:\/\/berliner-dampfer.de\/wp-content\/uploads\/2024\/12\/2014-11-08-Wannsee-Faehre-Hafen-007-f1943838819-klein-300x169.jpg 300w, https:\/\/berliner-dampfer.de\/wp-content\/uploads\/2024\/12\/2014-11-08-Wannsee-Faehre-Hafen-007-f1943838819-klein-1024x576.jpg 1024w, https:\/\/berliner-dampfer.de\/wp-content\/uploads\/2024\/12\/2014-11-08-Wannsee-Faehre-Hafen-007-f1943838819-klein-768x432.jpg 768w\" sizes=\"auto, (max-width: 1200px) 100vw, 1200px\" \/><\/p>\n<p>&nbsp;<\/p>\n<p>&nbsp;<\/p>\n<p><img loading=\"lazy\" decoding=\"async\" class=\"alignnone size-full wp-image-10287\" src=\"https:\/\/berliner-dampfer.de\/wp-content\/uploads\/2024\/12\/2014-11-08-Wannsee-Faehre-Hafen-008-klein.jpg\" alt=\"\" width=\"1200\" height=\"675\" srcset=\"https:\/\/berliner-dampfer.de\/wp-content\/uploads\/2024\/12\/2014-11-08-Wannsee-Faehre-Hafen-008-klein.jpg 1200w, https:\/\/berliner-dampfer.de\/wp-content\/uploads\/2024\/12\/2014-11-08-Wannsee-Faehre-Hafen-008-klein-300x169.jpg 300w, https:\/\/berliner-dampfer.de\/wp-content\/uploads\/2024\/12\/2014-11-08-Wannsee-Faehre-Hafen-008-klein-1024x576.jpg 1024w, https:\/\/berliner-dampfer.de\/wp-content\/uploads\/2024\/12\/2014-11-08-Wannsee-Faehre-Hafen-008-klein-768x432.jpg 768w\" sizes=\"auto, (max-width: 1200px) 100vw, 1200px\" \/><\/p>\n<p>&nbsp;<\/p>\n<p>&nbsp;<\/p>\n<table style=\"border-collapse: collapse; width: 100%;\">\n<tbody>\n<tr>\n<td style=\"width: 100%; background-color: #c0c0ff;\"><span style=\"font-family: arial, helvetica, sans-serif; font-size: 12pt;\">08.04.2017 Tagesspiegel:<\/span><\/p>\n<ul>\n<li><a href=\"https:\/\/www.tagesspiegel.de\/berlin\/unterwegs-mit-dem-kapitan-vom-wannsee-5495164.html\" target=\"_blank\" rel=\"noopener\"><span style=\"font-family: arial, helvetica, sans-serif; font-size: 12pt;\"> F\u00e4hren in Berlin: Unterwegs mit dem Kapit\u00e4n vom Wannsee<\/span><\/a><\/li>\n<\/ul>\n<\/td>\n<\/tr>\n<\/tbody>\n<\/table>\n<p>&nbsp;<\/p>\n<p>&nbsp;<\/p>\n<p>&nbsp;<\/p>\n<p><span style=\"text-decoration: underline;\"><span style=\"font-family: arial, helvetica, sans-serif; font-size: 12pt;\">Zuletzt bearbeitet 29.12.2024<\/span><\/span><\/p>\n","protected":false},"excerpt":{"rendered":"<p>2013 Wannsee Wikipedia: h.k.R. &nbsp; 17.01.2014 &#8211; BVG Pressemitteilung: Auch die F10 bekommt ein neues Schiff &nbsp; &nbsp; 02.06.2014 Berliner Woche: Fahrg\u00e4ste klagen \u00fcber neue&hellip;<\/p>\n","protected":false},"author":1,"featured_media":0,"parent":0,"menu_order":0,"comment_status":"closed","ping_status":"closed","template":"","meta":{"ngg_post_thumbnail":0,"iawp_total_views":9,"footnotes":""},"class_list":["post-10270","page","type-page","status-publish","hentry"],"_links":{"self":[{"href":"https:\/\/berliner-dampfer.de\/index.php?rest_route=\/wp\/v2\/pages\/10270","targetHints":{"allow":["GET"]}}],"collection":[{"href":"https:\/\/berliner-dampfer.de\/index.php?rest_route=\/wp\/v2\/pages"}],"about":[{"href":"https:\/\/berliner-dampfer.de\/index.php?rest_route=\/wp\/v2\/types\/page"}],"author":[{"embeddable":true,"href":"https:\/\/berliner-dampfer.de\/index.php?rest_route=\/wp\/v2\/users\/1"}],"replies":[{"embeddable":true,"href":"https:\/\/berliner-dampfer.de\/index.php?rest_route=%2Fwp%2Fv2%2Fcomments&post=10270"}],"version-history":[{"count":15,"href":"https:\/\/berliner-dampfer.de\/index.php?rest_route=\/wp\/v2\/pages\/10270\/revisions"}],"predecessor-version":[{"id":10800,"href":"https:\/\/berliner-dampfer.de\/index.php?rest_route=\/wp\/v2\/pages\/10270\/revisions\/10800"}],"wp:attachment":[{"href":"https:\/\/berliner-dampfer.de\/index.php?rest_route=%2Fwp%2Fv2%2Fmedia&parent=10270"}],"curies":[{"name":"wp","href":"https:\/\/api.w.org\/{rel}","templated":true}]}}