{"id":1277,"date":"2024-02-11T09:43:05","date_gmt":"2024-02-11T08:43:05","guid":{"rendered":"https:\/\/berliner-dampfer.de\/?page_id=1277"},"modified":"2025-06-09T07:33:31","modified_gmt":"2025-06-09T05:33:31","slug":"1926-berolina","status":"publish","type":"page","link":"https:\/\/berliner-dampfer.de\/?page_id=1277","title":{"rendered":"1926 &#8211; Berolina (Fahrgastschiff)"},"content":{"rendered":"<table style=\"border-collapse: collapse; width: 100%;\">\n<tbody>\n<tr>\n<td style=\"width: 100%; background-color: #ffff00; text-align: left; vertical-align: top;\"><span style=\"font-family: arial, helvetica, sans-serif; font-size: 12pt;\">1926 <strong>Berolina<\/strong> } Nach 1945 bis 1970 Sowjetunion Name ? <\/span><\/p>\n<p><span style=\"font-family: arial, helvetica, sans-serif; font-size: 12pt;\">Reederei Alfred Bauer, Friedrichshagen zu Berolina (1926):<\/span><br \/>\n<span style=\"font-family: arial, helvetica, sans-serif; font-size: 12pt;\">Verbleib: Das Schiff wurde von der Sowjetunion als Reparationsleistung beschlagnahmt und fuhr bis weit in den 70er Jahren auf einem See in der UDSSR. Als letztes Schiff nach dem Krieg blieb der Reederei Bauer nur der <a href=\"https:\/\/berliner-dampfer.de\/?page_id=3340\" target=\"_blank\" rel=\"noopener\">Gambrinus<\/a>.<\/span><\/td>\n<\/tr>\n<\/tbody>\n<\/table>\n<p>&nbsp;<\/p>\n<table style=\"border-collapse: collapse; width: 100%;\">\n<tbody>\n<tr>\n<td style=\"width: 100%; background-color: #ffd700; text-align: left; vertical-align: top;\">\n<p style=\"text-align: justify;\"><span style=\"font-family: arial, helvetica, sans-serif; font-size: 12pt;\"><a href=\"file:\/\/\/C:\/Users\/Barbara\/Desktop\/Berliner%20Dampfer%20Webseite\/html\/links_-_literatur.html\" target=\"_blank\" rel=\"noopener\">Groggert 1972<\/a>, Seite 130:<\/span><br \/>\n<span style=\"font-family: arial, helvetica, sans-serif; font-size: 12pt;\">Die privaten Reeder blieben zun\u00e4chst bei dem norddeutschen Dampfertyp, der um 1925 nochmals verbessert wurde. Die drei gro\u00dfen Dampfer <a href=\"https:\/\/berliner-dampfer.de\/?page_id=9100\" target=\"_blank\" rel=\"noopener\">\u201cWinterm\u00e4rchen\u201d<\/a>, <a href=\"https:\/\/berliner-dampfer.de\/?page_id=2115\" target=\"_blank\" rel=\"noopener\">\u201cColumbus\u201d<\/a> und <strong>\u201cBerolina\u201d<\/strong> waren so konstruiert, da\u00df Vorder- und Achterkaj\u00fcte durch seitlich neben dem Kessel- und Maschinenraum liegende G\u00e4nge verbunden waren. Damit entfiel die Dreiteilung unter Deck, und die Kaj\u00fctenr\u00e4ume konnten nun wesentlich rationeller genutzt werden.<\/span>&nbsp;<\/p>\n<p style=\"text-align: justify;\"><span style=\"font-family: arial, helvetica, sans-serif; font-size: 12pt;\"><a href=\"https:\/\/berliner-dampfer.de\/?page_id=194\" target=\"_blank\" rel=\"noopener\">Groggert 1988<\/a>, Seite 146:<br \/>\n<\/span><span style=\"font-family: arial, helvetica, sans-serif; font-size: 12pt;\">In Berlin selbst nahmen kurz vor der Jahrhundertwende noch zwei Betriebe den Ausflugsverkehr nach Woltersdorf und Neue M\u00fchle mit Dampfern auf, die sich in der Folgezeit zu recht bedeutenden Unternehmen entwickeln sollten.<\/span><br \/>\n<span style=\"font-family: arial, helvetica, sans-serif; font-size: 12pt;\">Die Reederei Bauer, Friedrichshagen, setzte zun\u00e4chst den Dampfer \u201cDorothea\u201d ein.<\/span><\/p>\n<p style=\"text-align: justify;\"><span style=\"font-family: arial, helvetica, sans-serif; font-size: 12pt;\">Groggert 1988, Seite 168:<br \/>\n<\/span><span style=\"font-family: arial, helvetica, sans-serif; font-size: 12pt;\">Die in den Jahren 1925 bis 1928 von der Werft <a href=\"https:\/\/de.wikipedia.org\/wiki\/Gebr._Wiemann\" target=\"_blank\" rel=\"noopener\">Gebr. Wiemann<\/a> in Brandenburg gebauten gro\u00dfen Dampfer <a href=\"https:\/\/berliner-dampfer.de\/?page_id=9100\" target=\"_blank\" rel=\"noopener\">\u201cWinterm\u00e4rchen\u201d<\/a>, <strong>\u201cBerolina\u201d<\/strong> und <a href=\"https:\/\/berliner-dampfer.de\/?page_id=2115\" target=\"_blank\" rel=\"noopener\">\u201cColumbus\u201d<\/a> unterschieden sich vor allen anderen Dampfern dadurch, da\u00df bei ihnen von der \u00fcblichen Dreiteilung unter Deck in Vorderkaj\u00fcte, Kessel- und Machinenraum, Achterkaj\u00fcte abgewichen wurde. Maschinenraum, Kessel und Kohlenbunker nahmen nicht die ganze Breite des Schiffsk\u00f6rpers ein, sondern waren so angeordnet, da\u00df seitliche G\u00e4nge freiblieben und die Fahrg\u00e4ste unter Deck von der Achterkaj\u00fcte zur Vorderkaj\u00fcte und umgekehrt gehen konnten. So erkl\u00e4rt sich auch die durchlaufende Reihe gro\u00dfer Kaj\u00fctfenster bei diesen Schiffen.<\/span><\/p>\n<p style=\"text-align: justify;\"><span style=\"font-family: arial, helvetica, sans-serif; font-size: 12pt;\">Groggert 1988, Seite 170:<br \/>\n<\/span><span style=\"font-family: arial, helvetica, sans-serif; font-size: 12pt;\">Auch die Reederei Alfred Bauer aus Friedrichshagen, deren Endhaltestellen an der Schillingsbr\u00fccke und am S-Bahnhof Friedrichstra\u00dfe lagen, stellte 1926 einen neuen, gro\u00dfen Salondampfer in Dienst.<\/span><br \/>\n<span style=\"font-family: arial, helvetica, sans-serif; font-size: 12pt;\">Die von der Schiffswerft und Maschinenfabrik Gebr. Wiemann in Brandenburg gebaute 40 m lange, 6,5 m breite <strong>\u201cBerolina\u201d<\/strong> entsprach in der Konstruktion der <a href=\"https:\/\/berliner-dampfer.de\/?page_id=9100\" target=\"_blank\" rel=\"noopener\">\u201cVaterland\u201d (= \u201dWinterm\u00e4rchen\u201d)<\/a> der Reederei Nobiling.<\/span><br \/>\n<span style=\"font-family: arial, helvetica, sans-serif; font-size: 12pt;\">Der \u00e4ltere Dampfer <a href=\"https:\/\/berliner-dampfer.de\/?page_id=869\" target=\"_blank\" rel=\"noopener\">\u201cDorothea\u201d<\/a> erhielt ebenfalls feste Aufbauten und den neuen Namen <\/span><span style=\"font-family: arial, helvetica, sans-serif; font-size: 12pt;\"><a href=\"https:\/\/berliner-dampfer.de\/?page_id=869\" target=\"_blank\" rel=\"noopener\">\u201cBerolina II\u201d<\/a>,&#8230;<\/span><\/p>\n<p style=\"text-align: justify;\"><span style=\"font-family: arial, helvetica, sans-serif; font-size: 12pt;\">Groggert 1988, Seite 172:<\/span><br \/>\n<span style=\"font-family: arial, helvetica, sans-serif; font-size: 12pt;\">F\u00fcr die Reederei Klempin &amp; Seel fuhr statt der \u201eSirene\u201c der gro\u00dfe Doppelschraubendampfer <a href=\"https:\/\/berliner-dampfer.de\/?page_id=11711\" target=\"_blank\" rel=\"noopener\">\u201eLoreley\u201c<\/a>. Dieses 40 m lange, 6,5 m breite Schiff hatte die Schiffswerft Gebr. Wiemann 1912 f\u00fcr die Reederei Schr\u00f6der in Magdeburg gebaut, die ihm den Namen <a href=\"https:\/\/berliner-dampfer.de\/?page_id=11711\" target=\"_blank\" rel=\"noopener\">\u201eFrida-Martha\u201c<\/a> gab. Die <a href=\"https:\/\/berliner-dampfer.de\/?page_id=11711\" target=\"_blank\" rel=\"noopener\">\u201eLoreley\u201c<\/a> hatte die gleichen Abmessungen wie die <strong>\u201eBerolina\u201c<\/strong> der Reederei Bauer, aber unter dem Hauptdeck die klassische Dreiteilung in Vorderkaj\u00fcte, Kessel- und Maschinenraum, Achterkaj\u00fcte.<\/span><\/p>\n<p style=\"text-align: justify;\"><span style=\"font-family: arial, helvetica, sans-serif; font-size: 12pt;\">Groggert 1988, Seite 205:<br \/>\n<\/span><span style=\"font-family: arial, helvetica, sans-serif; font-size: 12pt;\"><b>1935<\/b>: Mitglied im Reeder-Verband der Personenschiffahrt zwischen Elbe und Oder:<\/span><br \/>\n<span style=\"font-family: arial, helvetica, sans-serif; font-size: 12pt;\"><b>Alfred Bauer<\/b>, Berlin O 27, An der Schillingsbr\u00fccke 1<\/span><\/p>\n<ul>\n<li><span style=\"font-family: arial, helvetica, sans-serif; font-size: 12pt;\">D \u2013 <strong>Berolina<\/strong> (632 Personen)<\/span><\/li>\n<li><span style=\"font-family: arial, helvetica, sans-serif; font-size: 12pt;\">M \u2013 <a href=\"https:\/\/berliner-dampfer.de\/?page_id=3184\" target=\"_blank\" rel=\"noopener\">Friedrich der Gro\u00dfe<\/a> (400 Personen)<\/span><\/li>\n<li><span style=\"font-family: arial, helvetica, sans-serif; font-size: 12pt;\">D \u2013 <a href=\"https:\/\/berliner-dampfer.de\/?page_id=869\" target=\"_blank\" rel=\"noopener\">Berolina II<\/a> (250 Personen)<\/span><\/li>\n<li><span style=\"font-family: arial, helvetica, sans-serif; font-size: 12pt;\">M \u2013 <a href=\"https:\/\/berliner-dampfer.de\/?page_id=9959\" target=\"_blank\" rel=\"noopener\">M\u00fcggelberge<\/a> (140 Personen)<\/span><\/li>\n<li><span style=\"font-family: arial, helvetica, sans-serif; font-size: 12pt;\">M \u2013 <a href=\"https:\/\/berliner-dampfer.de\/?page_id=9941\" target=\"_blank\" rel=\"noopener\">M\u00fcggelsee<\/a> (140 Personen)<\/span><\/li>\n<li><span style=\"font-family: arial, helvetica, sans-serif; font-size: 12pt;\">M \u2013 <a href=\"https:\/\/berliner-dampfer.de\/?page_id=9971\" target=\"_blank\" rel=\"noopener\">M\u00f6we<\/a> (100 Personen)<\/span><\/li>\n<li><span style=\"font-family: arial, helvetica, sans-serif; font-size: 12pt;\">D \u2013 <a href=\"https:\/\/berliner-dampfer.de\/?page_id=3340\" target=\"_blank\" rel=\"noopener\">Gambrinus<\/a> (180 Personen)<\/span><\/li>\n<\/ul>\n<p><span style=\"font-family: arial, helvetica, sans-serif; font-size: 12pt;\">Pendelverkehr und Rundfahrt auf dem M\u00fcggelsee.<\/span><br \/>\n<span style=\"font-family: arial, helvetica, sans-serif; font-size: 12pt;\">Tourenfahrten auf der Oberspree, Dahme, Havel nach eigenem Fahrplan.<\/span><\/p>\n<p style=\"text-align: justify;\"><span style=\"font-family: arial, helvetica, sans-serif; font-size: 12pt;\">Groggert 1988, Seite 231:<br \/>\n<\/span><span style=\"font-family: arial, helvetica, sans-serif; font-size: 12pt;\">Um diese Zeit [1938\/39] sind noch mehrere Dampfer verschiedener Reedereien auf Dieselantrieb umgestellt worden ( &#8230; <a href=\"https:\/\/berliner-dampfer.de\/?page_id=869\" target=\"_blank\" rel=\"noopener\">\u201cBerolina II\u201d<\/a> &#8230;) &#8230;\u201d<\/span><\/p>\n<p style=\"text-align: justify;\"><span style=\"font-family: arial, helvetica, sans-serif; font-size: 12pt;\">Groggert 1988, Seite 249\/250:<br \/>\n<\/span><span style=\"font-family: arial, helvetica, sans-serif; font-size: 12pt;\">Kriegsjahre: Auch die BVG war w\u00e4hrend des Krieges zu starken Einschr\u00e4nkungen des Verkehrs namentlich im Bereich der Autobusbetriebes gezwungen. &#8230; aus diesem Grunde wurden schlie\u00dflich die schon lange vor der Jahrhundertwende erwogenen Pl\u00e4ne, Dampfer &#8230; als regul\u00e4re Nahverkehrsmittel einzusetzten, zum ersten Mal in der Geschichte der Berliner Personenschiffahrt verwirklicht. &#8230; Bei der Er\u00f6ffnung der BVG-Personenschiffahrt standen folgende Dampfer zur Verf\u00fcgung:<\/span><br \/>\n<span style=\"font-family: arial, helvetica, sans-serif; font-size: 12pt;\">&#8230; <strong>\u201cBerolina\u201d<\/strong>, Bauer, Friedrichshagen &#8230;<\/span><\/p>\n<p style=\"text-align: justify;\"><span style=\"font-family: arial, helvetica, sans-serif; font-size: 12pt;\">Groggert 1988, Seite 252:<br \/>\n<\/span><span style=\"font-family: arial, helvetica, sans-serif; font-size: 12pt;\">Die ersten Nachkriegsjahre: &#8230; F\u00fcr die BVG fuhren ab 31. Mai 1945 die Dampfer &#8230; <strong>\u201cBerolina\u201d<\/strong>, Bauer, <\/span><span style=\"font-family: arial, helvetica, sans-serif; font-size: 12pt;\">Friedrichshagen &#8230;<\/span><\/p>\n<p style=\"text-align: justify;\"><span style=\"font-family: arial, helvetica, sans-serif; font-size: 12pt;\">Groggert 1988, Seite 258:<br \/>\n<\/span><span style=\"font-family: arial, helvetica, sans-serif; font-size: 12pt;\">Vom 17. bis zum 21. April 1946 fuhr auch der Dampfer \u201cSchneewitchen\u201d der Reederei Nobiling f\u00fcr die BVG, aber als im Juni und Juli 1946 die Dampfer \u201cEintracht\u201d &#8230; und <strong>\u201cBerolina&#8220;<\/strong> (Alfred Bauer) beschlagnahmt wurden, beschr\u00e4nkte die BVG den Schiffsverkehr auf die Linien Wannsee &#8211; Kladow.<\/span><\/p>\n<\/td>\n<\/tr>\n<\/tbody>\n<\/table>\n<p>&nbsp;<\/p>\n<p>&nbsp;<\/p>\n<p>&nbsp;<\/p>\n<p>&nbsp;<\/p>\n<p><img loading=\"lazy\" decoding=\"async\" class=\"alignnone wp-image-11478 size-full\" src=\"https:\/\/berliner-dampfer.de\/wp-content\/uploads\/2025\/01\/1926-ca-2013-07-23-Siwy-Berolina-I-u-II-Friedrich-der-Grosse-1-1200.jpg\" alt=\"\" width=\"1200\" height=\"865\" srcset=\"https:\/\/berliner-dampfer.de\/wp-content\/uploads\/2025\/01\/1926-ca-2013-07-23-Siwy-Berolina-I-u-II-Friedrich-der-Grosse-1-1200.jpg 1200w, https:\/\/berliner-dampfer.de\/wp-content\/uploads\/2025\/01\/1926-ca-2013-07-23-Siwy-Berolina-I-u-II-Friedrich-der-Grosse-1-1200-300x216.jpg 300w, https:\/\/berliner-dampfer.de\/wp-content\/uploads\/2025\/01\/1926-ca-2013-07-23-Siwy-Berolina-I-u-II-Friedrich-der-Grosse-1-1200-1024x738.jpg 1024w, https:\/\/berliner-dampfer.de\/wp-content\/uploads\/2025\/01\/1926-ca-2013-07-23-Siwy-Berolina-I-u-II-Friedrich-der-Grosse-1-1200-768x554.jpg 768w\" sizes=\"auto, (max-width: 1200px) 100vw, 1200px\" \/><\/p>\n<p>&nbsp;<\/p>\n<p>&nbsp;<\/p>\n<p>&nbsp;<\/p>\n<p><img loading=\"lazy\" decoding=\"async\" class=\"alignnone wp-image-11479 size-full\" src=\"https:\/\/berliner-dampfer.de\/wp-content\/uploads\/2025\/01\/1926-ca.-BEROLINA-Groggert-1988-Seite-171-1200.jpg\" alt=\"\" width=\"1200\" height=\"879\" srcset=\"https:\/\/berliner-dampfer.de\/wp-content\/uploads\/2025\/01\/1926-ca.-BEROLINA-Groggert-1988-Seite-171-1200.jpg 1200w, https:\/\/berliner-dampfer.de\/wp-content\/uploads\/2025\/01\/1926-ca.-BEROLINA-Groggert-1988-Seite-171-1200-300x220.jpg 300w, https:\/\/berliner-dampfer.de\/wp-content\/uploads\/2025\/01\/1926-ca.-BEROLINA-Groggert-1988-Seite-171-1200-1024x750.jpg 1024w, https:\/\/berliner-dampfer.de\/wp-content\/uploads\/2025\/01\/1926-ca.-BEROLINA-Groggert-1988-Seite-171-1200-768x563.jpg 768w\" sizes=\"auto, (max-width: 1200px) 100vw, 1200px\" \/><\/p>\n<p>&nbsp;<\/p>\n<p>&nbsp;<\/p>\n<table style=\"border-collapse: collapse; width: 100%;\">\n<tbody>\n<tr>\n<td style=\"width: 100%; background-color: #ffff00;\">\n<p style=\"text-align: justify;\"><span style=\"font-family: arial, helvetica, sans-serif; font-size: 12pt;\"><strong><em>&#8222;Luxus-Dampfer<\/em><\/strong> <strong>BEROLINA<\/strong>&#8220; <strong>1931 <\/strong>und dito mit Nachdruck 1937.<\/span><\/p>\n<p style=\"text-align: justify;\"><span style=\"font-family: arial, helvetica, sans-serif; font-size: 12pt;\">Diese Aufnahme macht deutlich, dass es sich um ein wundersch\u00f6nes Schiff gehandelt hat. Holzdecke, vermutlich Kupferlampen und dem damaligen Geschmack entsprechend mit runden Marmortischen mit Bistrost\u00fchlen.<\/span><\/p>\n<p><img loading=\"lazy\" decoding=\"async\" class=\"alignnone wp-image-11476 size-full\" src=\"https:\/\/berliner-dampfer.de\/wp-content\/uploads\/2025\/01\/1937-BEROLINA-Reederei-Bauer-klein.jpg\" alt=\"\" width=\"1200\" height=\"846\" srcset=\"https:\/\/berliner-dampfer.de\/wp-content\/uploads\/2025\/01\/1937-BEROLINA-Reederei-Bauer-klein.jpg 1200w, https:\/\/berliner-dampfer.de\/wp-content\/uploads\/2025\/01\/1937-BEROLINA-Reederei-Bauer-klein-300x212.jpg 300w, https:\/\/berliner-dampfer.de\/wp-content\/uploads\/2025\/01\/1937-BEROLINA-Reederei-Bauer-klein-1024x722.jpg 1024w, https:\/\/berliner-dampfer.de\/wp-content\/uploads\/2025\/01\/1937-BEROLINA-Reederei-Bauer-klein-768x541.jpg 768w\" sizes=\"auto, (max-width: 1200px) 100vw, 1200px\" \/><\/p>\n<p><span style=\"font-family: arial, helvetica, sans-serif; font-size: 12pt;\">1931: <\/span><\/p>\n<blockquote>\n<p style=\"text-align: justify;\"><span style=\"font-family: arial, helvetica, sans-serif; font-size: 12pt;\">Reederei Paul Bauer, Berlin-Friedrichshagen. Dampfer und Motorbootvermietung. Spezialit\u00e4t: Winterfahrten mit geschlossenen u. gutbeheizten Schiffen zu den kul. Bedingungen. Anlegestellen der Vereins- und t\u00e4gl. Tourendampfer Schillingsbr\u00fccke und Bahnhof Frichrichsstra\u00dfe.<\/span><\/p>\n<\/blockquote>\n<\/td>\n<\/tr>\n<\/tbody>\n<\/table>\n<p>&nbsp;<\/p>\n<p>&nbsp;<\/p>\n<p>&nbsp;<\/p>\n<p>&nbsp;<\/p>\n<p><img loading=\"lazy\" decoding=\"async\" class=\"alignnone wp-image-1285 size-full\" src=\"https:\/\/berliner-dampfer.de\/wp-content\/uploads\/2024\/02\/1936-ca-Berolina-RSoA-klein.jpg\" alt=\"\" width=\"1200\" height=\"814\" srcset=\"https:\/\/berliner-dampfer.de\/wp-content\/uploads\/2024\/02\/1936-ca-Berolina-RSoA-klein.jpg 1200w, https:\/\/berliner-dampfer.de\/wp-content\/uploads\/2024\/02\/1936-ca-Berolina-RSoA-klein-300x204.jpg 300w, https:\/\/berliner-dampfer.de\/wp-content\/uploads\/2024\/02\/1936-ca-Berolina-RSoA-klein-1024x695.jpg 1024w, https:\/\/berliner-dampfer.de\/wp-content\/uploads\/2024\/02\/1936-ca-Berolina-RSoA-klein-768x521.jpg 768w\" sizes=\"auto, (max-width: 1200px) 100vw, 1200px\" \/><\/p>\n<p>&nbsp;<\/p>\n<p>&nbsp;<\/p>\n<p>&nbsp;<\/p>\n<p><span style=\"text-decoration: underline;\"><span style=\"font-family: arial, helvetica, sans-serif; font-size: 12pt;\">Zuletzt bearbeitet 09.06.2025<br \/>\n<\/span><\/span><\/p>\n","protected":false},"excerpt":{"rendered":"<p>1926 Berolina } Nach 1945 bis 1970 Sowjetunion Name ? Reederei Alfred Bauer, Friedrichshagen zu Berolina (1926): Verbleib: Das Schiff wurde von der Sowjetunion als&hellip;<\/p>\n","protected":false},"author":1,"featured_media":0,"parent":121,"menu_order":0,"comment_status":"closed","ping_status":"closed","template":"","meta":{"ngg_post_thumbnail":0,"iawp_total_views":29,"footnotes":""},"class_list":["post-1277","page","type-page","status-publish","hentry"],"_links":{"self":[{"href":"https:\/\/berliner-dampfer.de\/index.php?rest_route=\/wp\/v2\/pages\/1277","targetHints":{"allow":["GET"]}}],"collection":[{"href":"https:\/\/berliner-dampfer.de\/index.php?rest_route=\/wp\/v2\/pages"}],"about":[{"href":"https:\/\/berliner-dampfer.de\/index.php?rest_route=\/wp\/v2\/types\/page"}],"author":[{"embeddable":true,"href":"https:\/\/berliner-dampfer.de\/index.php?rest_route=\/wp\/v2\/users\/1"}],"replies":[{"embeddable":true,"href":"https:\/\/berliner-dampfer.de\/index.php?rest_route=%2Fwp%2Fv2%2Fcomments&post=1277"}],"version-history":[{"count":36,"href":"https:\/\/berliner-dampfer.de\/index.php?rest_route=\/wp\/v2\/pages\/1277\/revisions"}],"predecessor-version":[{"id":16339,"href":"https:\/\/berliner-dampfer.de\/index.php?rest_route=\/wp\/v2\/pages\/1277\/revisions\/16339"}],"up":[{"embeddable":true,"href":"https:\/\/berliner-dampfer.de\/index.php?rest_route=\/wp\/v2\/pages\/121"}],"wp:attachment":[{"href":"https:\/\/berliner-dampfer.de\/index.php?rest_route=%2Fwp%2Fv2%2Fmedia&parent=1277"}],"curies":[{"name":"wp","href":"https:\/\/api.w.org\/{rel}","templated":true}]}}