{"id":137,"date":"2024-02-02T16:29:17","date_gmt":"2024-02-02T15:29:17","guid":{"rendered":"https:\/\/berliner-dampfer.de\/?page_id=137"},"modified":"2025-02-25T19:04:26","modified_gmt":"2025-02-25T18:04:26","slug":"baer-von-berlin","status":"publish","type":"page","link":"https:\/\/berliner-dampfer.de\/?page_id=137","title":{"rendered":"1928 &#8211; B\u00e4r von Berlin (Fahrgastschiff)"},"content":{"rendered":"<table style=\"border-collapse: collapse; width: 100%;\">\n<tbody>\n<tr style=\"background-color: #ede740;\">\n<td style=\"width: 100%; background-color: #ffff00;\"><span style=\"font-family: arial, helvetica, sans-serif; font-size: 12pt;\"><a href=\"https:\/\/berliner-dampfer.de\/?page_id=11557\" target=\"_blank\" rel=\"noopener\">Gross-Magdeburg } Porta Westfalica<\/a> } <strong>Feenlob 2<\/strong> } <strong>Erna<\/strong> } <strong>B\u00e4r von Berlin<\/strong><\/span><\/p>\n<p style=\"text-align: justify;\"><span style=\"font-family: arial, helvetica, sans-serif; font-size: 12pt;\">Soweit meine Einsch\u00e4tzung anhand von Bildvergleichen. Kann ich mich irren? Na klar. Aber ersteinmal erscheint es mir am plausibelsten. Es geht hier IMHO darum auszuschlie\u00dfen, dass Fotos mit plausiblen Zeitangaben die &#8222;Erna&#8220; in Berlin zeigen, w\u00e4hrend andere Fotos sie mit ebensolchen plausiblen Zeitangaben zeitgleich noch als&nbsp; <a href=\"https:\/\/berliner-dampfer.de\/?page_id=11557\" target=\"_blank\" rel=\"noopener\">&#8222;Porta Westfalica&#8220;<\/a> in Minden zeigen. Die Zeitgrenze ist nach den mir vorliegenden Bildern eng und liegt bei 1932 (<a href=\"https:\/\/berliner-dampfer.de\/wp-content\/uploads\/2025\/01\/1932-Porta-Westfalica-01-klein.jpg\" target=\"_blank\" rel=\"noopener\">Bild als PW<\/a>).\ud83d\ude42<\/span><\/p>\n<p><span style=\"font-family: arial, helvetica, sans-serif; font-size: 12pt;\">Binnenschifferforum, Diskussion unter: <a href=\"https:\/\/www.binnenschifferforum.de\/showthread.php?33873-Frohsinn-FGS-P-705\" target=\"_blank\" rel=\"noopener\">Frohsinn<\/a><br \/>\n<\/span><\/p>\n<p><span style=\"font-family: arial, helvetica, sans-serif; font-size: 12pt;\">Wikipedia: <a href=\"https:\/\/de.wikipedia.org\/wiki\/B%C3%A4r_von_Berlin_(Schiff)\" target=\"_blank\" rel=\"noopener\">B\u00e4r von Berlin (Schiff)<\/a><\/span><\/p>\n<p><span style=\"font-family: arial, helvetica, sans-serif; font-size: 12pt;\"><a href=\"https:\/\/www.ddr-binnenschifffahrt.de\/db_verlauf.php?schiffId=4003043\" target=\"_blank\" rel=\"noopener\">Schiffshistorie<\/a> in der Datenbank von Uwe Giesler \/ www.ddr-binnenschifffahrt.de<\/span><\/td>\n<\/tr>\n<\/tbody>\n<\/table>\n<p>&nbsp;<\/p>\n<table style=\"border-collapse: collapse; width: 100%;\">\n<tbody>\n<tr>\n<td style=\"width: 100%; background-color: #fe0000; text-align: left; vertical-align: top;\"><span style=\"font-family: arial, helvetica, sans-serif; font-size: 12pt;\">Eine weitere &#8222;Feenlob&#8220; siehe: <a href=\"https:\/\/berliner-dampfer.de\/?page_id=3261\" target=\"_blank\" rel=\"noopener\">Feenlob } Dorothee II } Frohsinn<\/a><\/span><\/td>\n<\/tr>\n<\/tbody>\n<\/table>\n<p>&nbsp;<\/p>\n<table style=\"border-collapse: collapse; width: 100%;\">\n<tbody>\n<tr>\n<td style=\"width: 100%; background-color: #ffd700; text-align: left;\">\n<p style=\"text-align: justify;\"><span style=\"font-family: arial, helvetica, sans-serif; font-size: 12pt;\"><a href=\"https:\/\/berliner-dampfer.de\/?page_id=194\" target=\"_blank\" rel=\"noopener\">Groggert 1988<\/a>, Seite 218-219:<br \/>\n<\/span><span style=\"font-family: arial, helvetica, sans-serif; font-size: 12pt;\">Die Reederei Tempelhof betrieb urspr\u00fcnglich die Frachtschiffahrt mit Schleppk\u00e4hnen und den Schleppern &#8222;Paul&#8220; (Paul Tempelhof), &#8222;Wilhelm&#8220; (ex &#8222;Ottilie&#8220;, Karl Tempelhof), &#8222;Franz&#8220; (Franz Tempelhof).&nbsp; <\/span><\/p>\n<p style=\"text-align: justify;\"><span style=\"font-family: arial, helvetica, sans-serif; font-size: 12pt;\">Paul Tempelhof nahm die Personenschiffahrt von Pl\u00f6tzensee, dem Sitz der Reederei, aus, mit dem Dampfer &#8222;Vaterland&#8220; (ex &#8222;Freia&#8220; der Spree-Havel-Dampfschiffahrts-Gesellschaft Stern) auf. Karl Tempelhof setzte von der Mitte der zwanziger Jahre an den Dampfer <a href=\"https:\/\/berliner-dampfer.de\/?page_id=3710\" target=\"_blank\" rel=\"noopener\">&#8222;Frauenlob&#8220;<\/a> (ex &#8222;Herta&#8220; der Reederei List) ein. &#8230;.<br \/>\n<\/span><\/p>\n<p style=\"text-align: justify;\"><span style=\"font-family: arial, helvetica, sans-serif; font-size: 12pt;\">\u201c<b>Feenlob<\/b>\u201d und \u201c<b>Feenlob 2<\/b>\u201d waren holl\u00e4ndische Motorschiffe. Aus der \u201c<b>Feenlob<\/b>\u201d wurde nach dem Kriege zun\u00e4chst \u201c<b>Erna<\/b>\u201d sp\u00e4ter \u201c<b>B\u00e4r von Berlin<\/b>\u201d, die \u201c<b>Feenlob 2<\/b>\u201d (ex \u201c<b>Porta Westfalica<\/b>\u201d) erwarb 1950 Albert Krenz und baute sie um zur \u201c<b>Barbara<\/b>\u201d, aus der nach einem weiteren Umbau das letzte <a href=\"https:\/\/berliner-dampfer.de\/?page_id=3386\" target=\"_blank\" rel=\"noopener\"><strong>\u201cPik As\u201d (III)<\/strong><\/a> der Reederei Otto Schmidt wurde. <a href=\"https:\/\/berliner-dampfer.de\/?page_id=3261\" target=\"_blank\" rel=\"noopener\">\u201c<b>Feenlob<\/b> (I)<\/a> hat ihre urspr\u00fcngliche Form behalten.\u201d<\/span><\/p>\n<p style=\"text-align: justify;\"><span style=\"font-family: arial, helvetica, sans-serif; font-size: 12pt;\">Groggert 1988, Seite 309:<br \/>\n<\/span><span style=\"font-family: arial, helvetica, sans-serif; font-size: 12pt;\">B\u00e4r von Berlin (ex Erna, ex Feenlob), <strong>Baujahr 1930<\/strong> in Groningen<\/span><\/p>\n<p style=\"text-align: justify;\"><span style=\"font-family: arial, helvetica, sans-serif; font-size: 12pt;\"><u>Ergebnisse Groggert:<\/u><\/span><\/p>\n<ul>\n<li style=\"text-align: justify;\"><span style=\"font-family: arial, helvetica, sans-serif; font-size: 12pt;\">Feenlob } Erna } B\u00e4r von Berlin<\/span><\/li>\n<li style=\"text-align: justify;\"><span style=\"font-family: arial, helvetica, sans-serif; font-size: 12pt;\">Porta Westfalica } Feenlob 2 } Barbara } <a href=\"https:\/\/berliner-dampfer.de\/?page_id=3386\" target=\"_blank\" rel=\"noopener\">Pik As (III)<\/a><\/span><\/li>\n<\/ul>\n<p><span style=\"font-family: arial, helvetica, sans-serif; font-size: 12pt;\">Problem:<\/span><br \/>\n<span style=\"font-family: arial, helvetica, sans-serif; font-size: 12pt;\">Die Feenlob (hier 1935) und die Erna (hier 1933) haben unterschiedliche Aufbauten und stimmen die Datumsangaben, so scheint in diesem Fall bei Groggert ein m.W. einzigartiger Verlaufsirrtum vorzuliegen:<\/span><\/p>\n<p><img loading=\"lazy\" decoding=\"async\" class=\"alignnone wp-image-3300\" src=\"https:\/\/berliner-dampfer.de\/wp-content\/uploads\/2024\/08\/1935-ca-Feenlob-Beleg.jpg\" alt=\"\" width=\"400\" height=\"252\" srcset=\"https:\/\/berliner-dampfer.de\/wp-content\/uploads\/2024\/08\/1935-ca-Feenlob-Beleg.jpg 1200w, https:\/\/berliner-dampfer.de\/wp-content\/uploads\/2024\/08\/1935-ca-Feenlob-Beleg-300x189.jpg 300w, https:\/\/berliner-dampfer.de\/wp-content\/uploads\/2024\/08\/1935-ca-Feenlob-Beleg-1024x646.jpg 1024w, https:\/\/berliner-dampfer.de\/wp-content\/uploads\/2024\/08\/1935-ca-Feenlob-Beleg-768x484.jpg 768w\" sizes=\"auto, (max-width: 400px) 100vw, 400px\" \/><img loading=\"lazy\" decoding=\"async\" class=\"alignnone wp-image-3301\" src=\"https:\/\/berliner-dampfer.de\/wp-content\/uploads\/2024\/08\/1933-06-20-Erna-klein-a.jpg\" alt=\"\" width=\"400\" height=\"231\"><\/td>\n<\/tr>\n<\/tbody>\n<\/table>\n<p>&nbsp;<\/p>\n<table style=\"border-collapse: collapse; width: 100%;\">\n<tbody>\n<tr>\n<td style=\"width: 100%; background-color: #cdcd00; text-align: left; vertical-align: top;\">\n<p style=\"text-align: justify;\"><span style=\"font-family: arial, helvetica, sans-serif; font-size: 12pt;\"><a href=\"https:\/\/berliner-dampfer.de\/?page_id=194\" target=\"_blank\" rel=\"noopener\">Trost 1978<\/a>, Seite 123:<br \/>\n<\/span><span style=\"font-family: arial, helvetica, sans-serif; font-size: 12pt;\">Im Jahr 1961 etablierte sich in Berlin eine neue Reederei: <i>Alfred Triebler<\/i>. Als erste Einheit verwandelte man die \u201c<i>Erna<\/i>\u201d der Reederei M\u00fcller im Eigenheimbau in das Motorschiff \u201c<i>B\u00e4r von Berlin<\/i>\u201d. Das zun\u00e4chst f\u00fcr 380 Personen zugelassene Schiff ist 34,25 m lang und 5,00 m breit. Der \u201c<i>B\u00e4r von Berlin<\/i>\u201d kam am 30. April 1963 in Fahrt.<\/span><\/p>\n<p style=\"text-align: justify;\"><span style=\"text-decoration: underline;\"><span style=\"font-family: arial, helvetica, sans-serif; font-size: 12pt;\">Ergebnis Trost:<\/span><\/span><\/p>\n<ul>\n<li style=\"text-align: justify;\"><span style=\"font-family: arial, helvetica, sans-serif; font-size: 12pt;\">Erna } B\u00e4r von Berlin<\/span><\/li>\n<\/ul>\n<\/td>\n<\/tr>\n<\/tbody>\n<\/table>\n<p>&nbsp;<\/p>\n<table style=\"border-collapse: collapse; width: 100%;\">\n<tbody>\n<tr>\n<td style=\"width: 100%; background-color: #d3d3d3; text-align: left;\">\n<p style=\"text-align: justify;\"><span style=\"font-family: arial, helvetica, sans-serif; font-size: 12pt;\"><a href=\"https:\/\/berliner-dampfer.de\/?page_id=194\" target=\"_blank\" rel=\"noopener\">Schubert 2007<\/a>, Seite 37:<\/span><br \/>\n<span style=\"font-family: arial, helvetica, sans-serif; font-size: 12pt;\">Die B\u00e4r von Berlin entstand in Holland. Als FEENLOB geh\u00f6rte sie bis 1945 der Reederei Tempelhof. Dann fuhr sie als ERNA f\u00fcr die Reederei M\u00fcller in Spandau. 1961 erhielt sie ihren jetzigen Namen. &#8230; Baujahr <strong>1929<\/strong>&#8230; <\/span><\/p>\n<p><span style=\"text-decoration: underline;\"><span style=\"font-family: arial, helvetica, sans-serif; font-size: 12pt;\">Ergebniss Schubert:<\/span><\/span><\/p>\n<ul>\n<li><span style=\"font-family: arial, helvetica, sans-serif; font-size: 12pt;\">Feenlob } Erna } B\u00e4r von Berlin<\/span><span style=\"font-family: arial, helvetica, sans-serif; font-size: 12pt;\"><br \/>\n<\/span><\/li>\n<\/ul>\n<\/td>\n<\/tr>\n<\/tbody>\n<\/table>\n<p>&nbsp;<\/p>\n<p>&nbsp;<\/p>\n<table style=\"border-collapse: collapse; width: 100%;\">\n<tbody>\n<tr>\n<td style=\"width: 100%; background-color: #d3d3d3; text-align: left; vertical-align: top;\">\n<p style=\"text-align: justify;\"><span style=\"font-size: 12pt; font-family: arial, helvetica, sans-serif;\">Fotosequenz mit angegebenen Aufnahmejahr <strong>1932<\/strong>. Stimmt die Angabe, so wechselte die &#8222;Porta Westfalica&#8220; dann kurz danach nach Berlin und wurde dort zur &#8222;Feenlob 2&#8220;, muss dann aber auch sehr schnell zur &#8222;Erna&#8220; (<a href=\"https:\/\/berliner-dampfer.de\/wp-content\/uploads\/2024\/08\/1933-06-20-Erna-klein-a.jpg\" target=\"_blank\" rel=\"noopener\">siehe Foto 20.06.1933<\/a>) geworden sein. <strong>Oder aber es sind alles verschiedene Schiffe<\/strong>, denn die zeitlichen Abst\u00e4nde sind doch sehr, sehr kurz!?<br \/>\nHelfen wird es schlichtweg zu versuchen noch mehr historische Aufnahmen zu finden.<\/span><\/p>\n<p><span style=\"font-family: arial, helvetica, sans-serif; font-size: 12pt;\">Zumal es noch zwei kleine <strong><span style=\"color: #ff0000;\">Probleme<\/span><\/strong> gibt, und das ist die <span style=\"text-decoration: underline;\"><strong>Taukl\u00fcse am Bug<\/strong><\/span>:<\/span><br \/>\n<span style=\"font-family: arial, helvetica, sans-serif; font-size: 12pt;\">&#8222;Porta Westfalica&#8220; und &#8222;Feenlob 2&#8220; haben eine.<\/span><br \/>\n<span style=\"font-family: arial, helvetica, sans-serif; font-size: 12pt;\">&#8222;Erna&#8220; nicht.<\/span><\/p>\n<p><span style=\"font-family: arial, helvetica, sans-serif; font-size: 12pt;\">Au\u00dferdem gibt es auf dem <span style=\"text-decoration: underline;\"><strong>Vorschiff<\/strong><\/span> eine Abweichung bei den <span style=\"text-decoration: underline;\"><strong>ersten senkrechten Relingstangen<\/strong><\/span>:<\/span><br \/>\n<span style=\"font-family: arial, helvetica, sans-serif; font-size: 12pt;\">&#8222;Porta Westfalica&#8220; und &#8222;Feenlob 2&#8220; = weiter hinten<\/span><br \/>\n<span style=\"font-family: arial, helvetica, sans-serif; font-size: 12pt;\">&#8222;Erna&#8220; = weiter vorne<\/span><\/p>\n<p><a href=\"https:\/\/berliner-dampfer.de\/wp-content\/uploads\/2024\/08\/Vergleich-PORTAWESRFALICA-FEENLOB2-ERNA.jpg\" target=\"_blank\" rel=\"noopener\"><img loading=\"lazy\" decoding=\"async\" class=\"alignnone wp-image-3510 size-full\" src=\"https:\/\/berliner-dampfer.de\/wp-content\/uploads\/2024\/08\/Vergleich-PORTAWESRFALICA-FEENLOB2-ERNA.jpg\" alt=\"\" width=\"1153\" height=\"300\" srcset=\"https:\/\/berliner-dampfer.de\/wp-content\/uploads\/2024\/08\/Vergleich-PORTAWESRFALICA-FEENLOB2-ERNA.jpg 1153w, https:\/\/berliner-dampfer.de\/wp-content\/uploads\/2024\/08\/Vergleich-PORTAWESRFALICA-FEENLOB2-ERNA-300x78.jpg 300w, https:\/\/berliner-dampfer.de\/wp-content\/uploads\/2024\/08\/Vergleich-PORTAWESRFALICA-FEENLOB2-ERNA-1024x266.jpg 1024w, https:\/\/berliner-dampfer.de\/wp-content\/uploads\/2024\/08\/Vergleich-PORTAWESRFALICA-FEENLOB2-ERNA-768x200.jpg 768w\" sizes=\"auto, (max-width: 1153px) 100vw, 1153px\" \/><\/a><\/td>\n<\/tr>\n<\/tbody>\n<\/table>\n<p>&nbsp;<\/p>\n<p><span style=\"font-family: arial, helvetica, sans-serif; font-size: 10pt;\">&nbsp;<\/span><\/p>\n<p>&nbsp;<\/p>\n<table style=\"border-collapse: collapse; width: 100%;\">\n<tbody>\n<tr>\n<td style=\"width: 100%; background-color: #ffff00; text-align: left; vertical-align: top;\"><strong><span style=\"font-family: arial, helvetica, sans-serif; font-size: 12pt;\">FEENLOB 2<\/span><\/strong><\/td>\n<\/tr>\n<\/tbody>\n<\/table>\n<p><span style=\"font-family: arial, helvetica, sans-serif; font-size: 10pt;\">Aufnahmedatum unbekannt:<\/span><\/p>\n<p><span style=\"font-family: arial, helvetica, sans-serif;\"><a href=\"https:\/\/berliner-dampfer.de\/wp-content\/uploads\/2024\/02\/1929-ca-FEENLOB-2-Slg.Dieter-Schubert.jpg\"><img loading=\"lazy\" decoding=\"async\" class=\"alignnone size-full wp-image-155\" src=\"https:\/\/berliner-dampfer.de\/wp-content\/uploads\/2024\/02\/1929-ca-FEENLOB-2-Slg.Dieter-Schubert.jpg\" alt=\"\" width=\"1200\" height=\"771\" srcset=\"https:\/\/berliner-dampfer.de\/wp-content\/uploads\/2024\/02\/1929-ca-FEENLOB-2-Slg.Dieter-Schubert.jpg 1200w, https:\/\/berliner-dampfer.de\/wp-content\/uploads\/2024\/02\/1929-ca-FEENLOB-2-Slg.Dieter-Schubert-300x193.jpg 300w, https:\/\/berliner-dampfer.de\/wp-content\/uploads\/2024\/02\/1929-ca-FEENLOB-2-Slg.Dieter-Schubert-1024x658.jpg 1024w, https:\/\/berliner-dampfer.de\/wp-content\/uploads\/2024\/02\/1929-ca-FEENLOB-2-Slg.Dieter-Schubert-768x493.jpg 768w\" sizes=\"auto, (max-width: 1200px) 100vw, 1200px\" \/><\/a><\/span><\/p>\n<p><span style=\"font-family: arial, helvetica, sans-serif; font-size: 10pt;\">Aufnahmedatum unbekannt:<\/span><\/p>\n<p><a href=\"https:\/\/berliner-dampfer.de\/wp-content\/uploads\/2024\/02\/1929-ca-FEENLOB-2-Reederei-Paul-Tempelhof-Slg.Dieter-Schubert.jpg\"><img loading=\"lazy\" decoding=\"async\" class=\"alignnone size-full wp-image-156\" src=\"https:\/\/berliner-dampfer.de\/wp-content\/uploads\/2024\/02\/1929-ca-FEENLOB-2-Reederei-Paul-Tempelhof-Slg.Dieter-Schubert.jpg\" alt=\"\" width=\"1200\" height=\"752\" srcset=\"https:\/\/berliner-dampfer.de\/wp-content\/uploads\/2024\/02\/1929-ca-FEENLOB-2-Reederei-Paul-Tempelhof-Slg.Dieter-Schubert.jpg 1200w, https:\/\/berliner-dampfer.de\/wp-content\/uploads\/2024\/02\/1929-ca-FEENLOB-2-Reederei-Paul-Tempelhof-Slg.Dieter-Schubert-300x188.jpg 300w, https:\/\/berliner-dampfer.de\/wp-content\/uploads\/2024\/02\/1929-ca-FEENLOB-2-Reederei-Paul-Tempelhof-Slg.Dieter-Schubert-1024x642.jpg 1024w, https:\/\/berliner-dampfer.de\/wp-content\/uploads\/2024\/02\/1929-ca-FEENLOB-2-Reederei-Paul-Tempelhof-Slg.Dieter-Schubert-768x481.jpg 768w\" sizes=\"auto, (max-width: 1200px) 100vw, 1200px\" \/><\/a><\/p>\n<p>&nbsp;<\/p>\n<p>&nbsp;<\/p>\n<p>&nbsp;<\/p>\n<table style=\"border-collapse: collapse; width: 100%;\">\n<tbody>\n<tr>\n<td style=\"width: 100%; background-color: #ffff00; text-align: left; vertical-align: top;\"><strong><span style=\"font-family: arial, helvetica, sans-serif; font-size: 12pt;\">ERNA<\/span><\/strong><\/td>\n<\/tr>\n<\/tbody>\n<\/table>\n<p><span style=\"font-family: arial, helvetica, sans-serif; font-size: 10pt;\">Aufnahmedatum 20.06.1933, das Schiff f\u00fchrt am Bug einen Hakenkreuzwimpel.:<\/span><\/p>\n<p><a href=\"https:\/\/berliner-dampfer.de\/wp-content\/uploads\/2024\/08\/1933-06-20-Erna-klein-a.jpg\" target=\"_blank\" rel=\"noopener\"><img loading=\"lazy\" decoding=\"async\" class=\"alignnone wp-image-3368 size-full\" src=\"https:\/\/berliner-dampfer.de\/wp-content\/uploads\/2024\/08\/1933-06-20-Erna-klein-a.jpg\" alt=\"\" width=\"1200\" height=\"847\" srcset=\"https:\/\/berliner-dampfer.de\/wp-content\/uploads\/2024\/08\/1933-06-20-Erna-klein-a.jpg 1200w, https:\/\/berliner-dampfer.de\/wp-content\/uploads\/2024\/08\/1933-06-20-Erna-klein-a-300x212.jpg 300w, https:\/\/berliner-dampfer.de\/wp-content\/uploads\/2024\/08\/1933-06-20-Erna-klein-a-1024x723.jpg 1024w, https:\/\/berliner-dampfer.de\/wp-content\/uploads\/2024\/08\/1933-06-20-Erna-klein-a-768x542.jpg 768w\" sizes=\"auto, (max-width: 1200px) 100vw, 1200px\" \/><\/a><\/p>\n<p><span style=\"font-family: arial, helvetica, sans-serif; font-size: 10pt;\">Aufnahmejahr unbekannt:<\/span><\/p>\n<p><span style=\"font-family: arial, helvetica, sans-serif;\"><a href=\"https:\/\/berliner-dampfer.de\/wp-content\/uploads\/2024\/02\/1931-ca-Erna-keine-HJ-HKRZ-Wimpel-klein.jpg\"><img loading=\"lazy\" decoding=\"async\" class=\"alignnone size-full wp-image-160\" src=\"https:\/\/berliner-dampfer.de\/wp-content\/uploads\/2024\/02\/1931-ca-Erna-keine-HJ-HKRZ-Wimpel-klein.jpg\" alt=\"\" width=\"1200\" height=\"745\" srcset=\"https:\/\/berliner-dampfer.de\/wp-content\/uploads\/2024\/02\/1931-ca-Erna-keine-HJ-HKRZ-Wimpel-klein.jpg 1200w, https:\/\/berliner-dampfer.de\/wp-content\/uploads\/2024\/02\/1931-ca-Erna-keine-HJ-HKRZ-Wimpel-klein-300x186.jpg 300w, https:\/\/berliner-dampfer.de\/wp-content\/uploads\/2024\/02\/1931-ca-Erna-keine-HJ-HKRZ-Wimpel-klein-1024x636.jpg 1024w, https:\/\/berliner-dampfer.de\/wp-content\/uploads\/2024\/02\/1931-ca-Erna-keine-HJ-HKRZ-Wimpel-klein-768x477.jpg 768w\" sizes=\"auto, (max-width: 1200px) 100vw, 1200px\" \/><\/a><\/span><\/p>\n<p><span style=\"font-family: arial, helvetica, sans-serif; font-size: 10pt;\">Aufnahmejahr unbekannt:<\/span><\/p>\n<p><a href=\"https:\/\/berliner-dampfer.de\/wp-content\/uploads\/2024\/08\/1933-06-14-ca-Erna-klein.jpg\"><img loading=\"lazy\" decoding=\"async\" class=\"alignnone size-full wp-image-3365\" src=\"https:\/\/berliner-dampfer.de\/wp-content\/uploads\/2024\/08\/1933-06-14-ca-Erna-klein.jpg\" alt=\"\" width=\"786\" height=\"1200\" srcset=\"https:\/\/berliner-dampfer.de\/wp-content\/uploads\/2024\/08\/1933-06-14-ca-Erna-klein.jpg 786w, https:\/\/berliner-dampfer.de\/wp-content\/uploads\/2024\/08\/1933-06-14-ca-Erna-klein-197x300.jpg 197w, https:\/\/berliner-dampfer.de\/wp-content\/uploads\/2024\/08\/1933-06-14-ca-Erna-klein-671x1024.jpg 671w, https:\/\/berliner-dampfer.de\/wp-content\/uploads\/2024\/08\/1933-06-14-ca-Erna-klein-768x1173.jpg 768w\" sizes=\"auto, (max-width: 786px) 100vw, 786px\" \/><\/a><\/p>\n<p>&nbsp;<\/p>\n<p><span style=\"font-family: arial, helvetica, sans-serif; font-size: 10pt;\">Aufnahmejahr unbekannt, aber vor 1945, vermutlich 1933-40:<\/span><\/p>\n<p><a href=\"https:\/\/berliner-dampfer.de\/wp-content\/uploads\/2024\/02\/1938-ca-Erna-klein-a-1.jpg\"><img loading=\"lazy\" decoding=\"async\" class=\"alignnone size-full wp-image-166\" src=\"https:\/\/berliner-dampfer.de\/wp-content\/uploads\/2024\/02\/1938-ca-Erna-klein-a-1.jpg\" alt=\"\" width=\"1200\" height=\"675\" srcset=\"https:\/\/berliner-dampfer.de\/wp-content\/uploads\/2024\/02\/1938-ca-Erna-klein-a-1.jpg 1200w, https:\/\/berliner-dampfer.de\/wp-content\/uploads\/2024\/02\/1938-ca-Erna-klein-a-1-300x169.jpg 300w, https:\/\/berliner-dampfer.de\/wp-content\/uploads\/2024\/02\/1938-ca-Erna-klein-a-1-1024x576.jpg 1024w, https:\/\/berliner-dampfer.de\/wp-content\/uploads\/2024\/02\/1938-ca-Erna-klein-a-1-768x432.jpg 768w\" sizes=\"auto, (max-width: 1200px) 100vw, 1200px\" \/><\/a><\/p>\n<p>&nbsp;<\/p>\n<p><span style=\"font-family: arial, helvetica, sans-serif; font-size: 10pt;\">AK, Aufnahmejahr unbekannt, gelaufen am 18.06.1940:<\/span><\/p>\n<p><a href=\"https:\/\/berliner-dampfer.de\/wp-content\/uploads\/2024\/08\/1940-06-18-Erna-Lindenufer-Dampfer-klein.jpg\"><img loading=\"lazy\" decoding=\"async\" class=\"size-full wp-image-3475 alignnone\" src=\"https:\/\/berliner-dampfer.de\/wp-content\/uploads\/2024\/08\/1940-06-18-Erna-Lindenufer-Dampfer-klein.jpg\" alt=\"\" width=\"1200\" height=\"1033\" srcset=\"https:\/\/berliner-dampfer.de\/wp-content\/uploads\/2024\/08\/1940-06-18-Erna-Lindenufer-Dampfer-klein.jpg 1200w, https:\/\/berliner-dampfer.de\/wp-content\/uploads\/2024\/08\/1940-06-18-Erna-Lindenufer-Dampfer-klein-300x258.jpg 300w, https:\/\/berliner-dampfer.de\/wp-content\/uploads\/2024\/08\/1940-06-18-Erna-Lindenufer-Dampfer-klein-1024x881.jpg 1024w, https:\/\/berliner-dampfer.de\/wp-content\/uploads\/2024\/08\/1940-06-18-Erna-Lindenufer-Dampfer-klein-768x661.jpg 768w\" sizes=\"auto, (max-width: 1200px) 100vw, 1200px\" \/><\/a><\/p>\n<p>&nbsp;<\/p>\n<p><span style=\"font-family: arial, helvetica, sans-serif; font-size: 10pt;\">Zeitungsartikel <a href=\"https:\/\/de.wikipedia.org\/wiki\/Spandauer_Volksblatt\" target=\"_blank\" rel=\"noopener\">Spandauer Volksblatt<\/a> vom 05.03.1946:<\/span><\/p>\n<p><a href=\"https:\/\/berliner-dampfer.de\/wp-content\/uploads\/2024\/02\/1946-03-05-Motorschiff-Erna-Spandauer-Volksblatt-1200.jpg\"><img loading=\"lazy\" decoding=\"async\" class=\"alignnone size-full wp-image-168\" src=\"https:\/\/berliner-dampfer.de\/wp-content\/uploads\/2024\/02\/1946-03-05-Motorschiff-Erna-Spandauer-Volksblatt-1200.jpg\" alt=\"\" width=\"1200\" height=\"816\" srcset=\"https:\/\/berliner-dampfer.de\/wp-content\/uploads\/2024\/02\/1946-03-05-Motorschiff-Erna-Spandauer-Volksblatt-1200.jpg 1200w, https:\/\/berliner-dampfer.de\/wp-content\/uploads\/2024\/02\/1946-03-05-Motorschiff-Erna-Spandauer-Volksblatt-1200-300x204.jpg 300w, https:\/\/berliner-dampfer.de\/wp-content\/uploads\/2024\/02\/1946-03-05-Motorschiff-Erna-Spandauer-Volksblatt-1200-1024x696.jpg 1024w, https:\/\/berliner-dampfer.de\/wp-content\/uploads\/2024\/02\/1946-03-05-Motorschiff-Erna-Spandauer-Volksblatt-1200-768x522.jpg 768w\" sizes=\"auto, (max-width: 1200px) 100vw, 1200px\" \/><\/a><\/p>\n<p>&nbsp;<\/p>\n<p><a href=\"https:\/\/berliner-dampfer.de\/wp-content\/uploads\/2024\/02\/1958-08-19-Erna-klein.jpg\"><img loading=\"lazy\" decoding=\"async\" class=\"alignnone size-full wp-image-169\" src=\"https:\/\/berliner-dampfer.de\/wp-content\/uploads\/2024\/02\/1958-08-19-Erna-klein.jpg\" alt=\"\" width=\"1200\" height=\"1041\" srcset=\"https:\/\/berliner-dampfer.de\/wp-content\/uploads\/2024\/02\/1958-08-19-Erna-klein.jpg 1200w, https:\/\/berliner-dampfer.de\/wp-content\/uploads\/2024\/02\/1958-08-19-Erna-klein-300x260.jpg 300w, https:\/\/berliner-dampfer.de\/wp-content\/uploads\/2024\/02\/1958-08-19-Erna-klein-1024x888.jpg 1024w, https:\/\/berliner-dampfer.de\/wp-content\/uploads\/2024\/02\/1958-08-19-Erna-klein-768x666.jpg 768w\" sizes=\"auto, (max-width: 1200px) 100vw, 1200px\" \/><\/a><\/p>\n<p>&nbsp;<\/p>\n<p><a href=\"https:\/\/berliner-dampfer.de\/wp-content\/uploads\/2024\/02\/1961-ca-Erna-am-Lindenufer-klein-a.jpg\"><img loading=\"lazy\" decoding=\"async\" class=\"alignnone size-full wp-image-170\" src=\"https:\/\/berliner-dampfer.de\/wp-content\/uploads\/2024\/02\/1961-ca-Erna-am-Lindenufer-klein-a.jpg\" alt=\"\" width=\"900\" height=\"506\" srcset=\"https:\/\/berliner-dampfer.de\/wp-content\/uploads\/2024\/02\/1961-ca-Erna-am-Lindenufer-klein-a.jpg 900w, https:\/\/berliner-dampfer.de\/wp-content\/uploads\/2024\/02\/1961-ca-Erna-am-Lindenufer-klein-a-300x169.jpg 300w, https:\/\/berliner-dampfer.de\/wp-content\/uploads\/2024\/02\/1961-ca-Erna-am-Lindenufer-klein-a-768x432.jpg 768w\" sizes=\"auto, (max-width: 900px) 100vw, 900px\" \/><\/a><\/p>\n<p>&nbsp;<\/p>\n<p><span style=\"font-family: arial, helvetica, sans-serif; font-size: 10pt;\">AK, Aufnahmedatum unbekannt, gelaufen 25.05.1961:<\/span><\/p>\n<p><a href=\"https:\/\/berliner-dampfer.de\/wp-content\/uploads\/2024\/08\/1961-05-25-Spandauer-Schleuse-mit-ERNA-klein-a.jpg\"><img loading=\"lazy\" decoding=\"async\" class=\"alignnone size-full wp-image-3417\" src=\"https:\/\/berliner-dampfer.de\/wp-content\/uploads\/2024\/08\/1961-05-25-Spandauer-Schleuse-mit-ERNA-klein-a.jpg\" alt=\"\" width=\"1200\" height=\"869\" srcset=\"https:\/\/berliner-dampfer.de\/wp-content\/uploads\/2024\/08\/1961-05-25-Spandauer-Schleuse-mit-ERNA-klein-a.jpg 1200w, https:\/\/berliner-dampfer.de\/wp-content\/uploads\/2024\/08\/1961-05-25-Spandauer-Schleuse-mit-ERNA-klein-a-300x217.jpg 300w, https:\/\/berliner-dampfer.de\/wp-content\/uploads\/2024\/08\/1961-05-25-Spandauer-Schleuse-mit-ERNA-klein-a-1024x742.jpg 1024w, https:\/\/berliner-dampfer.de\/wp-content\/uploads\/2024\/08\/1961-05-25-Spandauer-Schleuse-mit-ERNA-klein-a-768x556.jpg 768w\" sizes=\"auto, (max-width: 1200px) 100vw, 1200px\" \/><\/a><\/p>\n<p>&nbsp;<\/p>\n<p><span style=\"font-family: arial, helvetica, sans-serif; font-size: 10pt;\">AK, Aufnahmedatum unbekannt, gelaufen 10.08.1961:<\/span><\/p>\n<p><a href=\"https:\/\/berliner-dampfer.de\/wp-content\/uploads\/2024\/02\/1961-08-09-MS-ERNA-klein.jpg\"><img loading=\"lazy\" decoding=\"async\" class=\"alignnone size-full wp-image-171\" src=\"https:\/\/berliner-dampfer.de\/wp-content\/uploads\/2024\/02\/1961-08-09-MS-ERNA-klein.jpg\" alt=\"\" width=\"1200\" height=\"1012\" srcset=\"https:\/\/berliner-dampfer.de\/wp-content\/uploads\/2024\/02\/1961-08-09-MS-ERNA-klein.jpg 1200w, https:\/\/berliner-dampfer.de\/wp-content\/uploads\/2024\/02\/1961-08-09-MS-ERNA-klein-300x253.jpg 300w, https:\/\/berliner-dampfer.de\/wp-content\/uploads\/2024\/02\/1961-08-09-MS-ERNA-klein-1024x864.jpg 1024w, https:\/\/berliner-dampfer.de\/wp-content\/uploads\/2024\/02\/1961-08-09-MS-ERNA-klein-768x648.jpg 768w\" sizes=\"auto, (max-width: 1200px) 100vw, 1200px\" \/><\/a><\/p>\n<p>&nbsp;<\/p>\n<p>&nbsp;<\/p>\n<p>&nbsp;<\/p>\n<p>&nbsp;<\/p>\n<p>&nbsp;<\/p>\n<table style=\"border-collapse: collapse; width: 100%;\">\n<tbody>\n<tr>\n<td style=\"width: 100%; background-color: #ffff00; text-align: left; vertical-align: top;\"><strong><span style=\"font-family: arial, helvetica, sans-serif; font-size: 12pt;\">B\u00c4R von BERLIN<\/span><\/strong><\/td>\n<\/tr>\n<\/tbody>\n<\/table>\n<p><span style=\"font-family: arial, helvetica, sans-serif;\"><a href=\"https:\/\/berliner-dampfer.de\/wp-content\/uploads\/2024\/02\/1970-10-07-Baer-von-Berlin-klein.jpg\"><img loading=\"lazy\" decoding=\"async\" class=\"alignnone size-full wp-image-172\" src=\"https:\/\/berliner-dampfer.de\/wp-content\/uploads\/2024\/02\/1970-10-07-Baer-von-Berlin-klein.jpg\" alt=\"\" width=\"1200\" height=\"858\" srcset=\"https:\/\/berliner-dampfer.de\/wp-content\/uploads\/2024\/02\/1970-10-07-Baer-von-Berlin-klein.jpg 1200w, https:\/\/berliner-dampfer.de\/wp-content\/uploads\/2024\/02\/1970-10-07-Baer-von-Berlin-klein-300x215.jpg 300w, https:\/\/berliner-dampfer.de\/wp-content\/uploads\/2024\/02\/1970-10-07-Baer-von-Berlin-klein-1024x732.jpg 1024w, https:\/\/berliner-dampfer.de\/wp-content\/uploads\/2024\/02\/1970-10-07-Baer-von-Berlin-klein-768x549.jpg 768w\" sizes=\"auto, (max-width: 1200px) 100vw, 1200px\" \/><\/a><\/span><\/p>\n<p><a href=\"https:\/\/berliner-dampfer.de\/wp-content\/uploads\/2024\/02\/1975-06-25-Baer-von-Berlin-a-klein.jpg\"><img loading=\"lazy\" decoding=\"async\" class=\"alignnone size-full wp-image-173\" src=\"https:\/\/berliner-dampfer.de\/wp-content\/uploads\/2024\/02\/1975-06-25-Baer-von-Berlin-a-klein.jpg\" alt=\"\" width=\"1000\" height=\"717\" srcset=\"https:\/\/berliner-dampfer.de\/wp-content\/uploads\/2024\/02\/1975-06-25-Baer-von-Berlin-a-klein.jpg 1000w, https:\/\/berliner-dampfer.de\/wp-content\/uploads\/2024\/02\/1975-06-25-Baer-von-Berlin-a-klein-300x215.jpg 300w, https:\/\/berliner-dampfer.de\/wp-content\/uploads\/2024\/02\/1975-06-25-Baer-von-Berlin-a-klein-768x551.jpg 768w\" sizes=\"auto, (max-width: 1000px) 100vw, 1000px\" \/><\/a><\/p>\n<p><a href=\"https:\/\/berliner-dampfer.de\/wp-content\/uploads\/2024\/02\/2006-05-21-CIMG8228-klein.jpg\"><img loading=\"lazy\" decoding=\"async\" class=\"alignnone size-full wp-image-174\" src=\"https:\/\/berliner-dampfer.de\/wp-content\/uploads\/2024\/02\/2006-05-21-CIMG8228-klein.jpg\" alt=\"\" width=\"900\" height=\"506\" srcset=\"https:\/\/berliner-dampfer.de\/wp-content\/uploads\/2024\/02\/2006-05-21-CIMG8228-klein.jpg 900w, https:\/\/berliner-dampfer.de\/wp-content\/uploads\/2024\/02\/2006-05-21-CIMG8228-klein-300x169.jpg 300w, https:\/\/berliner-dampfer.de\/wp-content\/uploads\/2024\/02\/2006-05-21-CIMG8228-klein-768x432.jpg 768w\" sizes=\"auto, (max-width: 900px) 100vw, 900px\" \/><\/a><\/p>\n<p><a href=\"https:\/\/berliner-dampfer.de\/wp-content\/uploads\/2024\/02\/2009-06-19-023-klein.jpg\"><img loading=\"lazy\" decoding=\"async\" class=\"alignnone size-full wp-image-176\" src=\"https:\/\/berliner-dampfer.de\/wp-content\/uploads\/2024\/02\/2009-06-19-023-klein.jpg\" alt=\"\" width=\"900\" height=\"506\" srcset=\"https:\/\/berliner-dampfer.de\/wp-content\/uploads\/2024\/02\/2009-06-19-023-klein.jpg 900w, https:\/\/berliner-dampfer.de\/wp-content\/uploads\/2024\/02\/2009-06-19-023-klein-300x169.jpg 300w, https:\/\/berliner-dampfer.de\/wp-content\/uploads\/2024\/02\/2009-06-19-023-klein-768x432.jpg 768w\" sizes=\"auto, (max-width: 900px) 100vw, 900px\" \/><\/a><\/p>\n<p><a href=\"https:\/\/berliner-dampfer.de\/wp-content\/uploads\/2024\/02\/2009-06-19-122-klein.jpg\"><img loading=\"lazy\" decoding=\"async\" class=\"alignnone size-full wp-image-177\" src=\"https:\/\/berliner-dampfer.de\/wp-content\/uploads\/2024\/02\/2009-06-19-122-klein.jpg\" alt=\"\" width=\"900\" height=\"506\" srcset=\"https:\/\/berliner-dampfer.de\/wp-content\/uploads\/2024\/02\/2009-06-19-122-klein.jpg 900w, https:\/\/berliner-dampfer.de\/wp-content\/uploads\/2024\/02\/2009-06-19-122-klein-300x169.jpg 300w, https:\/\/berliner-dampfer.de\/wp-content\/uploads\/2024\/02\/2009-06-19-122-klein-768x432.jpg 768w\" sizes=\"auto, (max-width: 900px) 100vw, 900px\" \/><\/a><\/p>\n<p><a href=\"https:\/\/berliner-dampfer.de\/wp-content\/uploads\/2024\/02\/2009-09-19-BvB-Schiffbauerdamm-CIMG4159-klein.jpg\"><img loading=\"lazy\" decoding=\"async\" class=\"alignnone size-full wp-image-178\" src=\"https:\/\/berliner-dampfer.de\/wp-content\/uploads\/2024\/02\/2009-09-19-BvB-Schiffbauerdamm-CIMG4159-klein.jpg\" alt=\"\" width=\"900\" height=\"506\" srcset=\"https:\/\/berliner-dampfer.de\/wp-content\/uploads\/2024\/02\/2009-09-19-BvB-Schiffbauerdamm-CIMG4159-klein.jpg 900w, https:\/\/berliner-dampfer.de\/wp-content\/uploads\/2024\/02\/2009-09-19-BvB-Schiffbauerdamm-CIMG4159-klein-300x169.jpg 300w, https:\/\/berliner-dampfer.de\/wp-content\/uploads\/2024\/02\/2009-09-19-BvB-Schiffbauerdamm-CIMG4159-klein-768x432.jpg 768w\" sizes=\"auto, (max-width: 900px) 100vw, 900px\" \/><\/a><\/p>\n<p><a href=\"https:\/\/berliner-dampfer.de\/wp-content\/uploads\/2024\/02\/2011-06-26-Baer-von-Berlin-DSC00519-klein.jpg\"><img loading=\"lazy\" decoding=\"async\" class=\"alignnone size-full wp-image-179\" src=\"https:\/\/berliner-dampfer.de\/wp-content\/uploads\/2024\/02\/2011-06-26-Baer-von-Berlin-DSC00519-klein.jpg\" alt=\"\" width=\"900\" height=\"506\" srcset=\"https:\/\/berliner-dampfer.de\/wp-content\/uploads\/2024\/02\/2011-06-26-Baer-von-Berlin-DSC00519-klein.jpg 900w, https:\/\/berliner-dampfer.de\/wp-content\/uploads\/2024\/02\/2011-06-26-Baer-von-Berlin-DSC00519-klein-300x169.jpg 300w, https:\/\/berliner-dampfer.de\/wp-content\/uploads\/2024\/02\/2011-06-26-Baer-von-Berlin-DSC00519-klein-768x432.jpg 768w\" sizes=\"auto, (max-width: 900px) 100vw, 900px\" \/><\/a><\/p>\n<p><a href=\"https:\/\/berliner-dampfer.de\/wp-content\/uploads\/2024\/02\/2012-09-02-Park-Klein-Glienicke-und-Moorlake-091-klein.jpg\"><img loading=\"lazy\" decoding=\"async\" class=\"alignnone size-full wp-image-180\" src=\"https:\/\/berliner-dampfer.de\/wp-content\/uploads\/2024\/02\/2012-09-02-Park-Klein-Glienicke-und-Moorlake-091-klein.jpg\" alt=\"\" width=\"900\" height=\"506\" srcset=\"https:\/\/berliner-dampfer.de\/wp-content\/uploads\/2024\/02\/2012-09-02-Park-Klein-Glienicke-und-Moorlake-091-klein.jpg 900w, https:\/\/berliner-dampfer.de\/wp-content\/uploads\/2024\/02\/2012-09-02-Park-Klein-Glienicke-und-Moorlake-091-klein-300x169.jpg 300w, https:\/\/berliner-dampfer.de\/wp-content\/uploads\/2024\/02\/2012-09-02-Park-Klein-Glienicke-und-Moorlake-091-klein-768x432.jpg 768w\" sizes=\"auto, (max-width: 900px) 100vw, 900px\" \/><\/a><\/p>\n<p><a href=\"https:\/\/berliner-dampfer.de\/wp-content\/uploads\/2024\/02\/2013-07-21-DSC07458-klein.jpg\"><img loading=\"lazy\" decoding=\"async\" class=\"alignnone size-full wp-image-181\" src=\"https:\/\/berliner-dampfer.de\/wp-content\/uploads\/2024\/02\/2013-07-21-DSC07458-klein.jpg\" alt=\"\" width=\"900\" height=\"506\" srcset=\"https:\/\/berliner-dampfer.de\/wp-content\/uploads\/2024\/02\/2013-07-21-DSC07458-klein.jpg 900w, https:\/\/berliner-dampfer.de\/wp-content\/uploads\/2024\/02\/2013-07-21-DSC07458-klein-300x169.jpg 300w, https:\/\/berliner-dampfer.de\/wp-content\/uploads\/2024\/02\/2013-07-21-DSC07458-klein-768x432.jpg 768w\" sizes=\"auto, (max-width: 900px) 100vw, 900px\" \/><\/a><\/p>\n<p><a href=\"https:\/\/berliner-dampfer.de\/wp-content\/uploads\/2024\/02\/2013-07-21-DSC07461-klein.jpg\"><img loading=\"lazy\" decoding=\"async\" class=\"alignnone size-full wp-image-182\" src=\"https:\/\/berliner-dampfer.de\/wp-content\/uploads\/2024\/02\/2013-07-21-DSC07461-klein.jpg\" alt=\"\" width=\"900\" height=\"506\" srcset=\"https:\/\/berliner-dampfer.de\/wp-content\/uploads\/2024\/02\/2013-07-21-DSC07461-klein.jpg 900w, https:\/\/berliner-dampfer.de\/wp-content\/uploads\/2024\/02\/2013-07-21-DSC07461-klein-300x169.jpg 300w, https:\/\/berliner-dampfer.de\/wp-content\/uploads\/2024\/02\/2013-07-21-DSC07461-klein-768x432.jpg 768w\" sizes=\"auto, (max-width: 900px) 100vw, 900px\" \/><\/a><\/p>\n<p><a href=\"https:\/\/berliner-dampfer.de\/wp-content\/uploads\/2024\/02\/2013-07-28-DSC07640-klein.jpg\"><img loading=\"lazy\" decoding=\"async\" class=\"size-full wp-image-183 alignright\" src=\"https:\/\/berliner-dampfer.de\/wp-content\/uploads\/2024\/02\/2013-07-28-DSC07640-klein.jpg\" alt=\"\" width=\"900\" height=\"506\" srcset=\"https:\/\/berliner-dampfer.de\/wp-content\/uploads\/2024\/02\/2013-07-28-DSC07640-klein.jpg 900w, https:\/\/berliner-dampfer.de\/wp-content\/uploads\/2024\/02\/2013-07-28-DSC07640-klein-300x169.jpg 300w, https:\/\/berliner-dampfer.de\/wp-content\/uploads\/2024\/02\/2013-07-28-DSC07640-klein-768x432.jpg 768w\" sizes=\"auto, (max-width: 900px) 100vw, 900px\" \/><\/a><a href=\"https:\/\/berliner-dampfer.de\/wp-content\/uploads\/2024\/02\/2013-07-28-DSC07641-klein.jpg\"><img loading=\"lazy\" decoding=\"async\" class=\"size-full wp-image-184 aligncenter\" src=\"https:\/\/berliner-dampfer.de\/wp-content\/uploads\/2024\/02\/2013-07-28-DSC07641-klein.jpg\" alt=\"\" width=\"900\" height=\"506\" srcset=\"https:\/\/berliner-dampfer.de\/wp-content\/uploads\/2024\/02\/2013-07-28-DSC07641-klein.jpg 900w, https:\/\/berliner-dampfer.de\/wp-content\/uploads\/2024\/02\/2013-07-28-DSC07641-klein-300x169.jpg 300w, https:\/\/berliner-dampfer.de\/wp-content\/uploads\/2024\/02\/2013-07-28-DSC07641-klein-768x432.jpg 768w\" sizes=\"auto, (max-width: 900px) 100vw, 900px\" \/><\/a><\/p>\n<p><a href=\"https:\/\/berliner-dampfer.de\/wp-content\/uploads\/2024\/02\/2013-07-28-DSC07642-klein.jpg\"><img loading=\"lazy\" decoding=\"async\" class=\"size-full wp-image-185 alignright\" src=\"https:\/\/berliner-dampfer.de\/wp-content\/uploads\/2024\/02\/2013-07-28-DSC07642-klein.jpg\" alt=\"\" width=\"900\" height=\"506\" srcset=\"https:\/\/berliner-dampfer.de\/wp-content\/uploads\/2024\/02\/2013-07-28-DSC07642-klein.jpg 900w, https:\/\/berliner-dampfer.de\/wp-content\/uploads\/2024\/02\/2013-07-28-DSC07642-klein-300x169.jpg 300w, https:\/\/berliner-dampfer.de\/wp-content\/uploads\/2024\/02\/2013-07-28-DSC07642-klein-768x432.jpg 768w\" sizes=\"auto, (max-width: 900px) 100vw, 900px\" \/><\/a><\/p>\n<p><a href=\"https:\/\/berliner-dampfer.de\/wp-content\/uploads\/2024\/02\/2013-08-17-DSC08305-a-klein.jpg\"><img loading=\"lazy\" decoding=\"async\" class=\"alignnone size-full wp-image-186\" src=\"https:\/\/berliner-dampfer.de\/wp-content\/uploads\/2024\/02\/2013-08-17-DSC08305-a-klein.jpg\" alt=\"\" width=\"1000\" height=\"562\" srcset=\"https:\/\/berliner-dampfer.de\/wp-content\/uploads\/2024\/02\/2013-08-17-DSC08305-a-klein.jpg 1000w, https:\/\/berliner-dampfer.de\/wp-content\/uploads\/2024\/02\/2013-08-17-DSC08305-a-klein-300x169.jpg 300w, https:\/\/berliner-dampfer.de\/wp-content\/uploads\/2024\/02\/2013-08-17-DSC08305-a-klein-768x432.jpg 768w\" sizes=\"auto, (max-width: 1000px) 100vw, 1000px\" \/><\/a><\/p>\n<p>&nbsp;<\/p>\n<p>&nbsp;<\/p>\n<p>&nbsp;<\/p>\n<p>&nbsp;<\/p>\n<p><span style=\"text-decoration: underline;\"><span style=\"font-family: arial, helvetica, sans-serif; font-size: 12pt;\">Zuletzt bearbeitet 25.01.2025<\/span><\/span><\/p>\n","protected":false},"excerpt":{"rendered":"<p>Gross-Magdeburg } Porta Westfalica } Feenlob 2 } Erna } B\u00e4r von Berlin Soweit meine Einsch\u00e4tzung anhand von Bildvergleichen. Kann ich mich irren? Na klar.&hellip;<\/p>\n","protected":false},"author":1,"featured_media":0,"parent":121,"menu_order":1,"comment_status":"closed","ping_status":"closed","template":"","meta":{"ngg_post_thumbnail":0,"iawp_total_views":39,"footnotes":""},"class_list":["post-137","page","type-page","status-publish","hentry"],"_links":{"self":[{"href":"https:\/\/berliner-dampfer.de\/index.php?rest_route=\/wp\/v2\/pages\/137","targetHints":{"allow":["GET"]}}],"collection":[{"href":"https:\/\/berliner-dampfer.de\/index.php?rest_route=\/wp\/v2\/pages"}],"about":[{"href":"https:\/\/berliner-dampfer.de\/index.php?rest_route=\/wp\/v2\/types\/page"}],"author":[{"embeddable":true,"href":"https:\/\/berliner-dampfer.de\/index.php?rest_route=\/wp\/v2\/users\/1"}],"replies":[{"embeddable":true,"href":"https:\/\/berliner-dampfer.de\/index.php?rest_route=%2Fwp%2Fv2%2Fcomments&post=137"}],"version-history":[{"count":125,"href":"https:\/\/berliner-dampfer.de\/index.php?rest_route=\/wp\/v2\/pages\/137\/revisions"}],"predecessor-version":[{"id":144,"href":"https:\/\/berliner-dampfer.de\/index.php?rest_route=\/wp\/v2\/pages\/137\/revisions\/144"}],"up":[{"embeddable":true,"href":"https:\/\/berliner-dampfer.de\/index.php?rest_route=\/wp\/v2\/pages\/121"}],"wp:attachment":[{"href":"https:\/\/berliner-dampfer.de\/index.php?rest_route=%2Fwp%2Fv2%2Fmedia&parent=137"}],"curies":[{"name":"wp","href":"https:\/\/api.w.org\/{rel}","templated":true}]}}