{"id":14120,"date":"2025-03-23T20:09:10","date_gmt":"2025-03-23T19:09:10","guid":{"rendered":"https:\/\/berliner-dampfer.de\/?page_id=14120"},"modified":"2025-03-24T07:42:51","modified_gmt":"2025-03-24T06:42:51","slug":"seima","status":"publish","type":"page","link":"https:\/\/berliner-dampfer.de\/?page_id=14120","title":{"rendered":"Seima"},"content":{"rendered":"<table style=\"border-collapse: collapse; width: 100%;\">\n<tbody>\n<tr>\n<td style=\"width: 100%; background-color: #ffff00;\"><span style=\"font-family: arial, helvetica, sans-serif; font-size: 12pt;\"><span style=\"font-size: 10pt;\">1908<\/span> <strong>Erwin<\/strong> <strong>} <\/strong><span style=\"font-size: 10pt;\">1928<\/span> <strong>Martha Frieda } <\/strong><span style=\"font-size: 10pt;\">1930<\/span><strong> Freiheit } <\/strong><span style=\"font-size: 10pt;\">1946<\/span> <strong>?-15-?? } <\/strong><span style=\"font-size: 10pt;\">1947<\/span> <strong>Sejma<\/strong> <span style=\"font-size: 10pt;\"><a href=\"https:\/\/www.binnenschifferforum.de\/attachment.php?attachmentid=563017&amp;d=1442756498\" target=\"_blank\" rel=\"noopener\">(in kyrillisch &#8211; \u0421\u0395\u0419\u039c\u0391)<\/a><\/span> } <span style=\"font-size: 10pt;\">1952<\/span> <strong><span style=\"font-family: arial, helvetica, sans-serif;\">Seima<\/span> <\/strong><\/span><\/p>\n<p><span style=\"font-family: arial, helvetica, sans-serif; font-size: 12pt;\">Binnenschifferforum: <a href=\"https:\/\/www.binnenschifferforum.de\/showthread.php?29833-Seima-DS-05609170\" target=\"_blank\" rel=\"noopener\">Seima<\/a> <\/span><\/p>\n<p><span style=\"font-family: arial, helvetica, sans-serif; font-size: 12pt;\"><a href=\"https:\/\/www.ddr-binnenschifffahrt.de\/db_verlauf.php?schiffId=1300723\" target=\"_blank\" rel=\"noopener\">Schiffshistorie<\/a> in der Datenbank von Uwe Giesler \/ www.ddr-binnenschifffahrt.de.<\/span><\/p>\n<p>_________<\/p>\n<p><span style=\"font-family: arial, helvetica, sans-serif; font-size: 12pt;\">Namensgebung: <a href=\"https:\/\/www.babyvornamen.at\/details?vorname=Sejma\" target=\"_blank\" rel=\"noopener\">Sejma ist ein weiblicher Vorname<\/a><\/span><\/td>\n<\/tr>\n<\/tbody>\n<\/table>\n<p>&nbsp;<\/p>\n<table style=\"border-collapse: collapse; width: 100%;\">\n<tbody>\n<tr>\n<td style=\"width: 100%; background-color: #ffff00;\">\n<p style=\"text-align: justify;\"><span style=\"font-family: arial, helvetica, sans-serif; font-size: 12pt;\"><strong>&#8222;Seima&#8220;<\/strong>, Eigner bis 2011\/12 war die <a href=\"https:\/\/de.wikipedia.org\/wiki\/Deutsche_Binnenreederei\" target=\"_blank\" rel=\"noopener\">Deutsche Binnenreederei<\/a>.<\/span><\/p>\n<p style=\"text-align: justify;\"><span style=\"font-family: arial, helvetica, sans-serif; font-size: 12pt;\"><img loading=\"lazy\" decoding=\"async\" class=\"alignright size-full wp-image-14150\" src=\"https:\/\/berliner-dampfer.de\/wp-content\/uploads\/2025\/03\/2025-03-24-DBR-Reedereizeichen-zu-SEIMA.jpg\" alt=\"\" width=\"231\" height=\"60\">Die Werbekarte sch\u00e4tze ich auf <strong>1995<\/strong>, da sie keine Angaben \u00fcber Webseite und eMail enth\u00e4lt, als Kontaktm\u00f6glichkeit f\u00fcr eine damalige Charterung nur eine Telefonnummer. Auf der Informationstafel am Steuerhaus scheint sich auch das Reedereiabzeichen der <a href=\"https:\/\/www.rhenus.group\/binnenreederei\/deutsche-binnenreederei-gmbh\/ueber-uns\/\" target=\"_blank\" rel=\"noopener\">Deutschen Binnenreederei<\/a> zu befinden, eine rote Flagge mit einem Anker darin.<\/span><\/p>\n<p><img loading=\"lazy\" decoding=\"async\" class=\"alignright size-full wp-image-14144\" src=\"https:\/\/berliner-dampfer.de\/wp-content\/uploads\/2025\/03\/1995-ca-SEIMA-klein.jpg\" alt=\"\" width=\"1200\" height=\"1024\" srcset=\"https:\/\/berliner-dampfer.de\/wp-content\/uploads\/2025\/03\/1995-ca-SEIMA-klein.jpg 1200w, https:\/\/berliner-dampfer.de\/wp-content\/uploads\/2025\/03\/1995-ca-SEIMA-klein-300x256.jpg 300w, https:\/\/berliner-dampfer.de\/wp-content\/uploads\/2025\/03\/1995-ca-SEIMA-klein-1024x874.jpg 1024w, https:\/\/berliner-dampfer.de\/wp-content\/uploads\/2025\/03\/1995-ca-SEIMA-klein-768x655.jpg 768w\" sizes=\"auto, (max-width: 1200px) 100vw, 1200px\" \/><\/p>\n<p>&nbsp;<\/td>\n<\/tr>\n<\/tbody>\n<\/table>\n<p>&nbsp;<\/p>\n<p>&nbsp;<\/p>\n<table style=\"border-collapse: collapse; width: 100%; height: 1670px;\">\n<tbody>\n<tr style=\"height: 1670px;\">\n<td style=\"width: 100%; background-color: #d3d3d3; height: 1670px;\"><span style=\"font-family: arial, helvetica, sans-serif; font-size: 12pt;\"><strong>Youtube &#8211; <a href=\"https:\/\/www.youtube.com\/@85maddin\" target=\"_blank\" rel=\"noopener\">Kanal<\/a><\/strong>: <\/span><\/p>\n<blockquote><p><span style=\"font-family: arial, helvetica, sans-serif; font-size: 12pt;\">&#8222;Probefahrt Dampfschlepper Seima <strong>Oktober 2018&#8243;<\/strong><br \/>\nI, II und III, dort mit dem Hinweis, dass das Schiff damals zum Verkauf stand.<\/span><\/p><\/blockquote>\n<p><iframe loading=\"lazy\" title=\"Probefahrt Dampfschlepper Seima Oktober 2018 I\" width=\"843\" height=\"474\" src=\"https:\/\/www.youtube.com\/embed\/WMDSmyeYh54?start=66&#038;feature=oembed\" frameborder=\"0\" allow=\"accelerometer; autoplay; clipboard-write; encrypted-media; gyroscope; picture-in-picture; web-share\" referrerpolicy=\"strict-origin-when-cross-origin\" allowfullscreen><\/iframe><\/p>\n<p>&nbsp;<\/p>\n<p><iframe loading=\"lazy\" title=\"Probefahrt Dampfschlepper Seima Oktober 2018 II\" width=\"843\" height=\"474\" src=\"https:\/\/www.youtube.com\/embed\/BRaQ3hjmoNw?feature=oembed\" frameborder=\"0\" allow=\"accelerometer; autoplay; clipboard-write; encrypted-media; gyroscope; picture-in-picture; web-share\" referrerpolicy=\"strict-origin-when-cross-origin\" allowfullscreen><\/iframe><\/p>\n<p>&nbsp;<\/p>\n<p><iframe loading=\"lazy\" title=\"Probefahrt Dampfschlepper Seima Oktober 2018 III\" width=\"843\" height=\"474\" src=\"https:\/\/www.youtube.com\/embed\/iJr38pL5iQU?feature=oembed\" frameborder=\"0\" allow=\"accelerometer; autoplay; clipboard-write; encrypted-media; gyroscope; picture-in-picture; web-share\" referrerpolicy=\"strict-origin-when-cross-origin\" allowfullscreen><\/iframe><\/p>\n<p>&nbsp;<\/td>\n<\/tr>\n<\/tbody>\n<\/table>\n<p>&nbsp;<\/p>\n<p>&nbsp;<\/p>\n<p><span style=\"text-decoration: underline;\"><span style=\"font-family: arial, helvetica, sans-serif; font-size: 12pt;\">Zuletzt bearbeitet 24.03.2025<\/span><\/span><\/p>\n","protected":false},"excerpt":{"rendered":"<p>1908 Erwin } 1928 Martha Frieda } 1930 Freiheit } 1946 ?-15-?? } 1947 Sejma (in kyrillisch &#8211; \u0421\u0395\u0419\u039c\u0391) } 1952 Seima Binnenschifferforum: Seima Schiffshistorie&hellip;<\/p>\n","protected":false},"author":1,"featured_media":0,"parent":0,"menu_order":0,"comment_status":"closed","ping_status":"closed","template":"","meta":{"ngg_post_thumbnail":0,"iawp_total_views":26,"footnotes":""},"class_list":["post-14120","page","type-page","status-publish","hentry"],"_links":{"self":[{"href":"https:\/\/berliner-dampfer.de\/index.php?rest_route=\/wp\/v2\/pages\/14120","targetHints":{"allow":["GET"]}}],"collection":[{"href":"https:\/\/berliner-dampfer.de\/index.php?rest_route=\/wp\/v2\/pages"}],"about":[{"href":"https:\/\/berliner-dampfer.de\/index.php?rest_route=\/wp\/v2\/types\/page"}],"author":[{"embeddable":true,"href":"https:\/\/berliner-dampfer.de\/index.php?rest_route=\/wp\/v2\/users\/1"}],"replies":[{"embeddable":true,"href":"https:\/\/berliner-dampfer.de\/index.php?rest_route=%2Fwp%2Fv2%2Fcomments&post=14120"}],"version-history":[{"count":22,"href":"https:\/\/berliner-dampfer.de\/index.php?rest_route=\/wp\/v2\/pages\/14120\/revisions"}],"predecessor-version":[{"id":14160,"href":"https:\/\/berliner-dampfer.de\/index.php?rest_route=\/wp\/v2\/pages\/14120\/revisions\/14160"}],"wp:attachment":[{"href":"https:\/\/berliner-dampfer.de\/index.php?rest_route=%2Fwp%2Fv2%2Fmedia&parent=14120"}],"curies":[{"name":"wp","href":"https:\/\/api.w.org\/{rel}","templated":true}]}}