{"id":15326,"date":"2025-05-07T18:05:01","date_gmt":"2025-05-07T16:05:01","guid":{"rendered":"https:\/\/berliner-dampfer.de\/?page_id=15326"},"modified":"2026-03-30T10:31:49","modified_gmt":"2026-03-30T08:31:49","slug":"royal-louise-mini-fregatte-1832-1947","status":"publish","type":"page","link":"https:\/\/berliner-dampfer.de\/?page_id=15326","title":{"rendered":"Royal Louise (1831 &#8211; Fregatte)"},"content":{"rendered":"<table style=\"border-collapse: collapse; width: 100%;\">\n<tbody>\n<tr>\n<td style=\"width: 100%; background-color: #ffff00;\"><span style=\"font-family: arial, helvetica, sans-serif;\"><span style=\"font-size: 10pt;\">1831 &#8211; 1947<\/span> <span style=\"font-size: 12pt;\"><strong>Royal Louise<\/strong><\/span><\/span><\/p>\n<p><span style=\"font-family: arial, helvetica, sans-serif;\"><a href=\"https:\/\/berliner-dampfer.de\/?page_id=15660\" target=\"_blank\" rel=\"noopener\">\u2190<\/a> <span style=\"font-size: 10pt;\">1814<\/span> <span style=\"font-size: 12pt;\"><strong>Royal Louise<\/strong> (Segelyacht mit 3 Masten)<\/span><\/span><br \/>\n<span style=\"font-family: arial, helvetica, sans-serif;\"><a href=\"https:\/\/berliner-dampfer.de\/?page_id=15328\" target=\"_blank\" rel=\"noopener\">\u2192<\/a> <span style=\"font-size: 10pt;\">1998<\/span> <span style=\"font-size: 12pt;\"><strong>Royal Louise<\/strong> (Nachbau)<\/span><\/span><\/p>\n<p><span style=\"font-family: arial, helvetica, sans-serif;\"><span style=\"font-size: 12pt;\">Wikipedia: <a href=\"https:\/\/de.wikipedia.org\/wiki\/Royal_Louise_(Schiff)\" target=\"_blank\" rel=\"noopener\">Royal Louise<\/a><\/span> <span style=\"font-size: 10pt;\">(1831-1947 und seit 1998)<\/span><\/span><\/p>\n<blockquote><p><span style=\"font-family: arial, helvetica, sans-serif; font-size: 12pt;\">&#8222;&#8230;. im Ma\u00dfstab 1:3 verkleinerter Nachbau der dreimastigen Fregatte Thetis.&#8220;<\/span><\/p><\/blockquote>\n<\/td>\n<\/tr>\n<\/tbody>\n<\/table>\n<p>&nbsp;<\/p>\n<p>&nbsp;<\/p>\n<p><span style=\"text-decoration: underline; font-size: 14pt;\"><strong><span style=\"font-family: arial, helvetica, sans-serif;\">Bauvorlage:<\/span><\/strong><\/span><\/p>\n<table style=\"border-collapse: collapse; width: 100%;\">\n<tbody>\n<tr>\n<td style=\"width: 100%; background-color: #d3d3d3;\"><span style=\"font-family: arial, helvetica, sans-serif; font-size: 12pt;\">Wikipedia: <a href=\"https:\/\/de.wikipedia.org\/wiki\/Royal_Louise_(Schiff)\" target=\"_blank\" rel=\"noopener\">Royal Louise<\/a> (1831-1947 und seit 1998) <\/span><\/p>\n<blockquote><p><span style=\"font-family: arial, helvetica, sans-serif; font-size: 12pt;\"><em>&#8222;&#8230;. im Ma\u00dfstab 1:3 verkleinerter Nachbau der dreimastigen Fregatte Thetis.&#8220;<\/em><\/span><\/p><\/blockquote>\n<\/td>\n<\/tr>\n<\/tbody>\n<\/table>\n<table style=\"border-collapse: collapse; width: 100%;\">\n<tbody>\n<tr>\n<td style=\"width: 100%; background-color: #ffff00;\"><span style=\"font-family: arial, helvetica, sans-serif; font-size: 12pt;\">Bisher trugen zw\u00f6lf Schiffe der Royal Navy den Namen HMS Thetis<\/span><\/p>\n<p><span style=\"font-family: arial, helvetica, sans-serif; font-size: 12pt;\">\u2192 <a href=\"https:\/\/de.wikipedia.org\/wiki\/HMS_Thetis\" target=\"_blank\" rel=\"noopener\">Wikipedia.de<\/a><\/span><br \/>\n<span style=\"font-family: arial, helvetica, sans-serif; font-size: 12pt;\">\u2192 <a href=\"https:\/\/en.wikipedia.org\/wiki\/HMS_Thetis\" target=\"_blank\" rel=\"noopener\">Wikipedia.en<\/a><\/span><\/p>\n<p style=\"text-align: justify;\"><span style=\"font-family: arial, helvetica, sans-serif; font-size: 12pt;\">Bei der &#8222;Royal Louise&#8220; <span style=\"text-decoration: underline;\"><em>k\u00f6nnte<\/em><\/span> es sich dann wohl um den <strong>Nachbau der achten <i>HMS Thetis<\/i><\/strong> handeln. Sie war eine Fregatte mit 46 Kanonen, die 1817 vom Stapel lief und 1830 im S\u00fcdatlantik vor <a class=\"mw-redirect\" title=\"Kap Frio\" href=\"https:\/\/de.wikipedia.org\/wiki\/Kap_Frio\" target=\"_blank\" rel=\"noopener\">Kap Frio<\/a> bei Rio de Janeiro durch Schiffbruch verloren ging.<\/span><\/p>\n<p style=\"text-align: justify;\"><span style=\"font-family: arial, helvetica, sans-serif; font-size: 12pt;\">\u2192 <a href=\"https:\/\/www.sciencedirect.com\/science\/article\/abs\/pii\/S0305748805001593\" target=\"_blank\" rel=\"noopener\">Lesenswert<\/a>: Zeitschrift f\u00fcr Historische Geographie (en), 2006: Schiffbruch und Bergung in den Tropen: der Fall der HMS Thetis, 1830\u20131854<\/span><\/p>\n<p><span style=\"font-family: arial, helvetica, sans-serif; font-size: 12pt;\">Wikipedia: <a href=\"https:\/\/en.wikipedia.org\/wiki\/HMS_Thetis_(1817)\" target=\"_blank\" rel=\"noopener\">HMS Thetis (1817)<\/a><\/span><br \/>\n<span style=\"font-family: arial, helvetica, sans-serif; font-size: 12pt;\">Eine Fregatte der <a href=\"https:\/\/en.wikipedia.org\/wiki\/Leda-class_frigate\" target=\"_blank\" rel=\"noopener\">Leda -Klasse<\/a><\/span><br \/>\n<span style=\"font-family: arial, helvetica, sans-serif; font-size: 12pt;\">Zwei Schiffe von ehemals 47 Schiffe dieser Klasse existieren noch: <a href=\"https:\/\/en.wikipedia.org\/wiki\/HMS_Trincomalee\" target=\"_blank\" rel=\"noopener\">HMS Trincomalee<\/a> (<a href=\"https:\/\/www.nmrn.org.uk\/visit-us\/hartlepool\/hms-trincomalee\" target=\"_blank\" rel=\"noopener\">Museum<\/a>) und <a href=\"https:\/\/en.wikipedia.org\/wiki\/HMS_Unicorn_(1824)\" target=\"_blank\" rel=\"noopener\">HMS Unicorn (1824)<\/a> (<a href=\"https:\/\/www.hmsunicorn.org.uk\/\" target=\"_blank\" rel=\"noopener\">Museum<\/a>)<\/span><\/td>\n<\/tr>\n<\/tbody>\n<\/table>\n<p><span style=\"font-family: arial, helvetica, sans-serif; font-size: 12pt;\">Aber:<\/span><\/p>\n<table style=\"border-collapse: collapse; width: 100%;\">\n<tbody>\n<tr>\n<td style=\"width: 100%; background-color: #eee9e9;\">\n<p style=\"text-align: justify;\"><span style=\"font-family: arial, helvetica, sans-serif; font-size: 12pt;\">Mitteilungen des <a href=\"https:\/\/de.wikipedia.org\/wiki\/Verein_f\u00fcr_die_Geschichte_Berlins\" target=\"_blank\" rel=\"noopener\">Vereins f\u00fcr die Geschichte Berlins<\/a><\/span><br \/>\n<span style=\"font-family: arial, helvetica, sans-serif; font-size: 12pt;\"><strong>1928<\/strong>, <a href=\"https:\/\/www.deutsche-digitale-bibliothek.de\/item\/NFVO6LGDDZ5RBDPBAR3JCBG7MG7KVR4L\" target=\"_blank\" rel=\"noopener\">45 Jahrgang<\/a>, Heft 3, <strong>Seite<\/strong>n <strong>123<\/strong> \u2013 126<\/span><br \/>\n<span style=\"font-family: arial, helvetica, sans-serif; font-size: 12pt;\">\u201eDie Fregatte Royal Louise \u2026. \u201c von Chr. Voigt<br \/>\n<span style=\"font-size: 10pt;\">[<a href=\"https:\/\/www.diegeschichteberlins.de\/verein\/geschichte\/663-ehrenmitglieder-des-vereins.html\" target=\"_blank\" rel=\"noopener\">Christoph Voigt<\/a> (1863 &#8211; 1946), Marine-Oberzahlmeister und Marine-Schriftsteller]<\/span><\/span><\/p>\n<p style=\"text-align: justify; padding-left: 40px;\"><span style=\"font-family: arial, helvetica, sans-serif; font-size: 12pt;\">Seite 125:<\/span><br \/>\n<em><span style=\"font-family: arial, helvetica, sans-serif; font-size: 12pt;\">&#8222;Bei einer L\u00e4nge von 45 (Fu\u00df?) &#8211; eine seegehende Fregatte ma\u00df das Dreifache &#8211; hatte die &#8222;Royal Louise&#8220; 12 (Fu\u00df?) Breite und 4 (Fu\u00df?) Tiefgang. <strong>Im Entwurf glich sie unserer gleichfalls aus England stammenden Fregatte &#8222;Thetis&#8220;<\/strong>.&#8220;<\/span><\/em><\/p>\n<p style=\"text-align: justify;\"><span style=\"font-family: arial, helvetica, sans-serif; font-size: 12pt;\">Demnach w\u00e4re es die nach der <a href=\"https:\/\/de.wikipedia.org\/wiki\/HMS_Thetis\" target=\"_blank\" rel=\"noopener\">Wikipedia-Auflistung (de)<\/a> die neunte Thetis, eine Fregatte mit 36 Kanonen. Dazu ist allerdings anzumerken, dass diese neunte HMS Thetis erst <em>&#8222;1846 vom Stapel lief&#8220;. <\/em>Und somit rund 15 Jahre Jahre nach der &#8222;Royal Louise&#8220; gebaut wurde. <em><br \/>\n<\/em><\/span><\/p>\n<p><span style=\"font-family: arial, helvetica, sans-serif; font-size: 12pt;\">Wikipedia (en): <a href=\"https:\/\/en.wikipedia.org\/wiki\/HMS_Thetis_(1846)\" target=\"_blank\" rel=\"noopener\">HMS Thetis (1846)<\/a><br \/>\nWikipedia (de): <a href=\"https:\/\/de.wikipedia.org\/wiki\/Thetis_(Schiff,_1846)\" target=\"_blank\" rel=\"noopener\">Thetis (Schiff, 1846)<\/a><br \/>\n<\/span><\/p>\n<p style=\"text-align: justify;\"><span style=\"font-family: arial, helvetica, sans-serif; font-size: 12pt;\">Gleichwohl hat dieses Schiff eine interessante und Geschichte. Denn (auch) sie wurde 1855 an Preu\u00dfen abgegeben und hat dann unter anderem an der Preu\u00dfischen Ostasienexpedition teilgenommen.<\/span><\/p>\n<p style=\"text-align: justify;\"><span style=\"font-family: arial, helvetica, sans-serif; font-size: 12pt;\"><a href=\"https:\/\/de.wikipedia.org\/wiki\/Preu%C3%9Fische_Ostasienexpedition\" target=\"_blank\" rel=\"noopener\">Wikipedia:<\/a> <strong>Preu\u00dfische Ostasienexpedition<\/strong><\/span><\/p>\n<p style=\"padding-left: 40px; text-align: justify;\"><span style=\"font-family: arial, helvetica, sans-serif; font-size: 12pt;\"><em>Die preu\u00dfische Ostasienexpedition, nach ihrem Leiter, dem Grafen <a href=\"https:\/\/de.wikipedia.org\/wiki\/Friedrich_zu_Eulenburg\" target=\"_blank\" rel=\"noopener\">Friedrich zu Eulenburg<\/a>, auch als Eulenburg-Expedition bezeichnet, wurde von der Preu\u00dfischen Marine von 1859 bis 1862 in Ostasien durchgef\u00fchrt. \u2026..<br \/>\n<\/em><\/span><span style=\"font-family: arial, helvetica, sans-serif; font-size: 12pt;\"><em>Die preu\u00dfische Marine stellte 1859 unter der milit\u00e4rischen F\u00fchrung von Kapit\u00e4n zur See <a href=\"https:\/\/de.wikipedia.org\/wiki\/Henrik_Ludvig_Sundevall\" target=\"_blank\" rel=\"noopener\">Henrik Ludvig Sundevall<\/a> ein Geschwader aus der Korvette <strong>Arcona<\/strong>, der Fregatte <strong>Thetis<\/strong>, dem Schoner <strong>Frauenlob<\/strong> und dem Transportschiff <strong>Elbe<\/strong> in Danzig auf.<\/em><\/span><\/p>\n<p><span style=\"font-family: arial, helvetica, sans-serif; font-size: 12pt;\">1859 in Danzig mit einem der <a href=\"https:\/\/de.wikipedia.org\/wiki\/Leuchtturm_Gda%C5%84sk_Nowy_Port\" target=\"_blank\" rel=\"noopener\">Leuchtt\u00fcrme<\/a>:<\/span><\/p>\n<p style=\"text-align: center;\"><span style=\"font-family: arial, helvetica, sans-serif; font-size: 12pt;\"> <em>\u201e<a href=\"https:\/\/de.wikipedia.org\/wiki\/Arcona_(Schiff,_1859)\" target=\"_blank\" rel=\"noopener\">Arkona<\/a>, Thetis und <\/em><em><a href=\"https:\/\/en.wikipedia.org\/wiki\/SMS_Frauenlob_(1855)\" target=\"_blank\" rel=\"noopener\">Frauenlob<\/a>, die Schiffe der preu\u00dfisch ostasiatischen Expedition.\u201c<\/em><\/span><\/p>\n<p><img loading=\"lazy\" decoding=\"async\" class=\"aligncenter size-full wp-image-16009\" src=\"https:\/\/berliner-dampfer.de\/wp-content\/uploads\/2025\/05\/1860-ca-A-T-F-in-D-HIN-800.jpg\" alt=\"\" width=\"800\" height=\"501\" srcset=\"https:\/\/berliner-dampfer.de\/wp-content\/uploads\/2025\/05\/1860-ca-A-T-F-in-D-HIN-800.jpg 800w, https:\/\/berliner-dampfer.de\/wp-content\/uploads\/2025\/05\/1860-ca-A-T-F-in-D-HIN-800-300x188.jpg 300w, https:\/\/berliner-dampfer.de\/wp-content\/uploads\/2025\/05\/1860-ca-A-T-F-in-D-HIN-800-768x481.jpg 768w\" sizes=\"auto, (max-width: 800px) 100vw, 800px\" \/><\/p>\n<p>&nbsp;<\/p>\n<p style=\"text-align: center;\">__________<\/p>\n<p><span style=\"text-decoration: underline;\"><span style=\"font-family: arial, helvetica, sans-serif; font-size: 12pt;\">Die neunte Thetis:<\/span><\/span><\/p>\n<table style=\"border-collapse: collapse; width: 100%;\">\n<tbody>\n<tr>\n<td style=\"width: 100%;\"><img loading=\"lazy\" decoding=\"async\" class=\"alignnone size-full wp-image-16298\" src=\"https:\/\/berliner-dampfer.de\/wp-content\/uploads\/2025\/06\/1847-02-20-H.-M.-NEW-FRIGATE-THETIS-klein.jpg\" alt=\"\" width=\"1600\" height=\"1016\" srcset=\"https:\/\/berliner-dampfer.de\/wp-content\/uploads\/2025\/06\/1847-02-20-H.-M.-NEW-FRIGATE-THETIS-klein.jpg 1600w, https:\/\/berliner-dampfer.de\/wp-content\/uploads\/2025\/06\/1847-02-20-H.-M.-NEW-FRIGATE-THETIS-klein-300x191.jpg 300w, https:\/\/berliner-dampfer.de\/wp-content\/uploads\/2025\/06\/1847-02-20-H.-M.-NEW-FRIGATE-THETIS-klein-1024x650.jpg 1024w, https:\/\/berliner-dampfer.de\/wp-content\/uploads\/2025\/06\/1847-02-20-H.-M.-NEW-FRIGATE-THETIS-klein-768x488.jpg 768w, https:\/\/berliner-dampfer.de\/wp-content\/uploads\/2025\/06\/1847-02-20-H.-M.-NEW-FRIGATE-THETIS-klein-1536x975.jpg 1536w\" sizes=\"auto, (max-width: 1600px) 100vw, 1600px\" \/><\/p>\n<p style=\"text-align: justify;\"><span style=\"font-family: arial, helvetica, sans-serif; font-size: 12pt;\"><strong>20.02.1847<\/strong> Mitteilung in <a href=\"https:\/\/de.wikipedia.org\/wiki\/The_Illustrated_London_News\" target=\"_blank\" rel=\"noopener\">&#8222;The Illustrated London News&#8220;<\/a><\/span><\/p>\n<p style=\"text-align: justify;\"><span style=\"font-family: arial, helvetica, sans-serif; font-size: 12pt;\"><strong>&#8222;H. M. NEW FRIGATE THETIS&#8220;<\/strong><\/span><\/p>\n<p style=\"text-align: justify;\"><span style=\"font-family: arial, helvetica, sans-serif; font-size: 10pt;\"><div class=\"spoiler-wrap\">\n\t\t\t\t<div class=\"spoiler-head folded\">Spoiler<\/div>\n\t\t\t\t<div class=\"spoiler-body\"> <strong>The &#8222;Thetis&#8220; Frigate, Thirty-Six Guns<\/strong><\/span><\/p>\n<p style=\"text-align: justify\"><span style=\"font-family: arial, helvetica, sans-serif;font-size: 10pt\">This very fine ship was built on the design of Messrs. Read, Chatfield, and Creuze &#8211; three gentlemen educated in the late School of Naval Architecture at Portsmouth, who were ordered by the Admiralty, in 1842, to send in designs for a Line-of-battle Ship, a Frigate, and a Brig, with a view of determining whether a regular course of education in the science of Naval Architecture, had been practically usefull or not.<\/span><\/p>\n<p style=\"text-align: justify\"><span style=\"font-family: arial, helvetica, sans-serif;font-size: 10pt\">By a most extraordinary fatality, the Board of Admiralty of the year 1832 had arrived at the conclusion, that such a course of education was not requisite for the Government service &#8211; that the construction of our ships would be best provided for in the hands of practical seaman, assisted by the ordinary and superior class of ship carpenters &#8211; that a knowledge of the mathematical and physical sciences had little to do with the matter &#8211; and that a course of education embracing a cultivation of these sciences, would be more likely to produce theoretical than practical shipwrights. Accordingly, the First Lord of the Admiralty abolished, in 1832, the School of Naval Architecture, and the contruction of the navy was placed under a very different dominion.<\/span><\/p>\n<p style=\"text-align: justify\"><span style=\"font-family: arial, helvetica, sans-serif;font-size: 10pt\">Fifteen years&#8216; experience, however, of this kind of ship-building, has clearly shown that after all there is no Royal road to learning. The repeated failures in calculations, and other data, depending on a sound knowledge of mechanics and mathematics, together with failures in qualities essential to ships of war, have at last convinced the Government of the superiority of men educated as scientific naval architects.<\/span><\/p>\n<p style=\"text-align: justify\"><span style=\"font-family: arial, helvetica, sans-serif;font-size: 10pt\">This Ship, the Thetis, ist the second production by the Members of the <a href=\"https:\/\/en.wikipedia.org\/wiki\/School_of_Mathematics_and_Naval_Construction\" target=\"_blank\" rel=\"noopener\">School of Naval Architecture<\/a>; and it is but justice to state that she has realised, in a most remarkable wav, the views and calculations of her constructors. <\/div>\n\t\t\t<\/div><\/span><\/p>\n<p style=\"text-align: justify;\"><span style=\"font-family: arial, helvetica, sans-serif; font-size: 12pt;\">Google Translate:<\/span><\/p>\n<p><strong><span class=\"HwtZe\" lang=\"de\" style=\"font-family: arial, helvetica, sans-serif; font-size: 12pt;\"><span class=\"jCAhz ChMk0b\"><span class=\"ryNqvb\">Die Fregatte \u201eThetis\u201c, 36 Kanonen<\/span><\/span><\/span><\/strong><\/p>\n<p style=\"text-align: justify;\"><span class=\"HwtZe\" lang=\"de\" style=\"font-family: arial, helvetica, sans-serif; font-size: 12pt;\"><span class=\"jCAhz ChMk0b\"><span class=\"ryNqvb\">Dieses sehr sch\u00f6ne Schiff wurde nach den Entw\u00fcrfen der Herren Read, Chatfield und Creuze gebaut \u2013 dreier Herren, die an der ehemaligen Marinearchitekturschule in Portsmouth ausgebildet worden waren. Sie wurden 1842 von der Admiralit\u00e4t beauftragt, Entw\u00fcrfe f\u00fcr ein Linienschiff, eine Fregatte und eine Brigg einzureichen, um festzustellen, ob eine regul\u00e4re Ausbildung in Schiffsbauwissenschaften praktisch n\u00fctzlich war oder nicht.<\/span><\/span> <\/span><\/p>\n<p style=\"text-align: justify;\"><span class=\"HwtZe\" lang=\"de\" style=\"font-family: arial, helvetica, sans-serif; font-size: 12pt;\"><span class=\"jCAhz ChMk0b\"><span class=\"ryNqvb\">Durch einen h\u00f6chst au\u00dfergew\u00f6hnlichen Zufall gelangte das Admiralit\u00e4tskollegium im Jahr 1832 zu dem Schluss, dass eine solche Ausbildung f\u00fcr den Staatsdienst nicht erforderlich sei \u2013 dass der Bau unserer Schiffe am besten in den H\u00e4nden praktischer Seeleute liege, unterst\u00fctzt von einfachen und h\u00f6heren Schiffszimmerleuten \u2013 dass Kenntnisse in Mathematik und Physik wenig damit zu tun h\u00e4tten \u2013 und dass eine Ausbildung, die die Vertiefung dieser Wissenschaften einschlie\u00dfe, eher theoretische als praktische Schiffbauer hervorbringen w\u00fcrde.<\/span><\/span> <span class=\"jCAhz\"><span class=\"ryNqvb\">Infolgedessen l\u00f6ste der Erste Lord der Admiralit\u00e4t 1832 die Schule f\u00fcr Schiffbau auf, und der Marinebau wurde einer ganz anderen Herrschaft unterstellt.<\/span><\/span> <\/span><\/p>\n<p style=\"text-align: justify;\"><span class=\"HwtZe\" lang=\"de\" style=\"font-family: arial, helvetica, sans-serif; font-size: 12pt;\"><span class=\"jCAhz ChMk0b\"><span class=\"ryNqvb\">F\u00fcnfzehn Jahre Erfahrung mit dieser Art des Schiffbaus haben jedoch deutlich gezeigt, dass es letztlich keinen K\u00f6nigsweg zum Lernen gibt.<\/span><\/span> <span class=\"jCAhz ChMk0b\"><span class=\"ryNqvb\">Die wiederholten Misserfolge bei Berechnungen und anderen Daten, die auf fundierten Kenntnissen in Mechanik und Mathematik beruhen, sowie das Versagen bei f\u00fcr Kriegsschiffe wesentlichen Eigenschaften \u00fcberzeugten die Regierung schlie\u00dflich von der \u00dcberlegenheit von M\u00e4nnern, die als wissenschaftliche Schiffsarchitekten ausgebildet wurden.<\/span><\/span> <\/span><\/p>\n<p style=\"text-align: justify;\"><span class=\"HwtZe\" lang=\"de\" style=\"font-family: arial, helvetica, sans-serif; font-size: 12pt;\"><span class=\"jCAhz ChMk0b\"><span class=\"ryNqvb\">Dieses Schiff, die Thetis, ist das zweite Werk der Mitglieder der <a href=\"https:\/\/en.wikipedia.org\/wiki\/School_of_Mathematics_and_Naval_Construction\" target=\"_blank\" rel=\"noopener\">Schule f\u00fcr Marinebau<\/a> <span style=\"font-size: 10pt;\">[ &#8222;<a href=\"https:\/\/en.wikipedia.org\/wiki\/School_of_Mathematics_and_Naval_Construction\" target=\"_blank\" rel=\"noopener\">School of Naval Architecture<\/a>&#8220; weiterf\u00fchrend: &#8222;<a href=\"https:\/\/en.wikipedia.org\/wiki\/Royal_School_of_Naval_Architecture\" target=\"_blank\" rel=\"noopener\">Royal School of Naval Architecture<\/a>&#8220; ]<\/span>;<\/span><\/span> <span class=\"jCAhz ChMk0b\"><span class=\"ryNqvb\">und es ist nur fair festzustellen, dass sie die Ansichten und Berechnungen ihrer Konstrukteure in bemerkenswertem Ma\u00dfe umgesetzt hat.<\/span><\/span><\/span><\/p>\n<\/td>\n<\/tr>\n<\/tbody>\n<\/table>\n<p>&nbsp;<\/p>\n<p>__________<\/p>\n<table style=\"border-collapse: collapse; width: 100%;\">\n<tbody>\n<tr>\n<td style=\"width: 50%; text-align: left; vertical-align: top;\"><img loading=\"lazy\" decoding=\"async\" class=\"alignnone size-full wp-image-16222\" src=\"https:\/\/berliner-dampfer.de\/wp-content\/uploads\/2025\/06\/1846-ca-T-01-klein-REPRO.jpg\" alt=\"\" width=\"1200\" height=\"761\" srcset=\"https:\/\/berliner-dampfer.de\/wp-content\/uploads\/2025\/06\/1846-ca-T-01-klein-REPRO.jpg 1200w, https:\/\/berliner-dampfer.de\/wp-content\/uploads\/2025\/06\/1846-ca-T-01-klein-REPRO-300x190.jpg 300w, https:\/\/berliner-dampfer.de\/wp-content\/uploads\/2025\/06\/1846-ca-T-01-klein-REPRO-1024x649.jpg 1024w, https:\/\/berliner-dampfer.de\/wp-content\/uploads\/2025\/06\/1846-ca-T-01-klein-REPRO-768x487.jpg 768w\" sizes=\"auto, (max-width: 1200px) 100vw, 1200px\" \/><\/p>\n<p><span style=\"font-family: arial, helvetica, sans-serif; font-size: 10pt;\">&#8222;Thetis&#8220; (1846) ?<\/span><\/td>\n<td style=\"width: 50%; text-align: left; vertical-align: top;\"><img loading=\"lazy\" decoding=\"async\" class=\"alignnone size-full wp-image-16223\" src=\"https:\/\/berliner-dampfer.de\/wp-content\/uploads\/2025\/06\/1846-ca-T-02-klein-REPRO.jpg\" alt=\"\" width=\"1200\" height=\"761\" srcset=\"https:\/\/berliner-dampfer.de\/wp-content\/uploads\/2025\/06\/1846-ca-T-02-klein-REPRO.jpg 1200w, https:\/\/berliner-dampfer.de\/wp-content\/uploads\/2025\/06\/1846-ca-T-02-klein-REPRO-300x190.jpg 300w, https:\/\/berliner-dampfer.de\/wp-content\/uploads\/2025\/06\/1846-ca-T-02-klein-REPRO-1024x649.jpg 1024w, https:\/\/berliner-dampfer.de\/wp-content\/uploads\/2025\/06\/1846-ca-T-02-klein-REPRO-768x487.jpg 768w\" sizes=\"auto, (max-width: 1200px) 100vw, 1200px\" \/><\/p>\n<p><span style=\"font-family: arial, helvetica, sans-serif; font-size: 10pt;\">&#8222;Thetis&#8220; (1846) ?<\/span><\/td>\n<\/tr>\n<\/tbody>\n<\/table>\n<p style=\"text-align: justify;\">&nbsp;<\/p>\n<p>__________<\/p>\n<p><span style=\"font-family: arial, helvetica, sans-serif; font-size: 12pt;\">Im Gegensatz zur achten Thetis war die neunte Thetis das einzige Schiff ihrer Klasse, die am 16. M\u00e4rz 1843 zugelassen wurde (<a href=\"https:\/\/en.wikipedia.org\/wiki\/HMS_Thetis_(1846)\" target=\"_blank\" rel=\"noopener\">Wikipedia (en)<\/a>: <em>&#8222;Thetis was designed by Read, Chatfield and Creuze and she was the only ship of her class, which was approved on 16 March 1843.&#8220;<\/em>).<\/span><\/td>\n<\/tr>\n<\/tbody>\n<\/table>\n<p>&nbsp;<\/p>\n<table style=\"border-collapse: collapse; width: 100%;\">\n<tbody>\n<tr>\n<td style=\"width: 100%; background-color: #ffff00;\"><span style=\"text-decoration: underline;\"><span style=\"font-family: arial, helvetica, sans-serif; font-size: 12pt;\">Ansichtsvergleiche<\/span><\/span><\/p>\n<table style=\"border-collapse: collapse; width: 100%;\">\n<tbody>\n<tr>\n<td style=\"width: 49.7853%; text-align: left; vertical-align: top;\"><span style=\"font-family: arial, helvetica, sans-serif; font-size: 12pt;\">&#8222;Thetis&#8220; (1846) und &#8222;Royal Louise&#8220; (1831)<\/span><\/td>\n<td style=\"width: 0.99108%;\">&nbsp;<\/td>\n<td style=\"width: 49.6861%; text-align: left; vertical-align: top;\"><span style=\"font-family: arial, helvetica, sans-serif; font-size: 12pt;\">&#8222;Royal Louise&#8220; (1831) und &#8222;Royal Louise&#8220; (1998)<\/span><\/td>\n<\/tr>\n<tr>\n<td style=\"width: 49.7853%; text-align: left; vertical-align: top;\"><a href=\"https:\/\/berliner-dampfer.de\/wp-content\/uploads\/2025\/06\/Thetis-Royal-Louise-1200.jpg\" target=\"_blank\" rel=\"noopener\"><img loading=\"lazy\" decoding=\"async\" class=\"alignnone wp-image-16307 size-full\" src=\"https:\/\/berliner-dampfer.de\/wp-content\/uploads\/2025\/06\/Thetis-Royal-Louise-1200.jpg\" alt=\"\" width=\"1200\" height=\"1094\" srcset=\"https:\/\/berliner-dampfer.de\/wp-content\/uploads\/2025\/06\/Thetis-Royal-Louise-1200.jpg 1200w, https:\/\/berliner-dampfer.de\/wp-content\/uploads\/2025\/06\/Thetis-Royal-Louise-1200-300x274.jpg 300w, https:\/\/berliner-dampfer.de\/wp-content\/uploads\/2025\/06\/Thetis-Royal-Louise-1200-1024x934.jpg 1024w, https:\/\/berliner-dampfer.de\/wp-content\/uploads\/2025\/06\/Thetis-Royal-Louise-1200-768x700.jpg 768w\" sizes=\"auto, (max-width: 1200px) 100vw, 1200px\" \/><\/a><\/td>\n<td style=\"width: 0.99108%;\">&nbsp;<\/td>\n<td style=\"width: 49.6861%; text-align: left; vertical-align: top;\"><a href=\"https:\/\/berliner-dampfer.de\/wp-content\/uploads\/2025\/06\/Royal-Louise-Royal-Louise-1200.jpg\" target=\"_blank\" rel=\"noopener\"><img loading=\"lazy\" decoding=\"async\" class=\"alignnone wp-image-16308 size-full\" src=\"https:\/\/berliner-dampfer.de\/wp-content\/uploads\/2025\/06\/Royal-Louise-Royal-Louise-1200.jpg\" alt=\"\" width=\"1200\" height=\"983\" srcset=\"https:\/\/berliner-dampfer.de\/wp-content\/uploads\/2025\/06\/Royal-Louise-Royal-Louise-1200.jpg 1200w, https:\/\/berliner-dampfer.de\/wp-content\/uploads\/2025\/06\/Royal-Louise-Royal-Louise-1200-300x246.jpg 300w, https:\/\/berliner-dampfer.de\/wp-content\/uploads\/2025\/06\/Royal-Louise-Royal-Louise-1200-1024x839.jpg 1024w, https:\/\/berliner-dampfer.de\/wp-content\/uploads\/2025\/06\/Royal-Louise-Royal-Louise-1200-768x629.jpg 768w\" sizes=\"auto, (max-width: 1200px) 100vw, 1200px\" \/><\/a><\/td>\n<\/tr>\n<\/tbody>\n<\/table>\n<p style=\"text-align: justify;\"><span style=\"text-decoration: underline;\"><span style=\"font-size: 12pt;\"><strong><span style=\"font-family: arial, helvetica, sans-serif;\">Mein (Zwischen)Ergebnis:<\/span><\/strong><\/span><\/span><\/p>\n<p style=\"text-align: justify;\"><span style=\"font-family: arial, helvetica, sans-serif; font-size: 12pt;\">Der Entwurf dieser neunten Thetis wurde erst rund zehn Jahre nach der &#8222;Royal Louise&#8220; beauftragt. Es mag vielleicht eine \u00c4hnlichkeit zwischen den beiden Schiffen geben &#8211; und die Vergleiche der Silhouette legen dies nahe &#8211; aber es sind zwei verschiedene Schiffe und IMHO keine gegenseitigen &#8222;Nachbauten&#8220;.&nbsp;<\/span><\/p>\n<p style=\"text-align: justify;\"><span style=\"font-family: arial, helvetica, sans-serif; font-size: 12pt;\">Sehr sch\u00f6n bildet diese neunte Thetis jedoch den damaligen &#8222;Zeitenwechsel&#8220; ab. Nicht nur den Beginn der langsamen Verdr\u00e4ngung der Segelschiffe durch Dampfschiffe (der vollst\u00e4ndig abgebildete Artikel unten aus dem Jahr 1928 von <a href=\"https:\/\/www.diegeschichteberlins.de\/verein\/geschichte\/663-ehrenmitglieder-des-vereins.html\" target=\"_blank\" rel=\"noopener\">Christop Voigt vom Verein f\u00fcr die Geschichte Berlins<\/a> weist in Bezug auf die &#8222;Royal Louise&#8220; darauf hin), sondern auch die Frage, wer k\u00fcnftig Schiffe entwerfen wird: Praktiker oder Akademiker?<\/span><\/p>\n<\/td>\n<\/tr>\n<\/tbody>\n<\/table>\n<p>&nbsp;<\/p>\n<p>&nbsp;<\/p>\n<p>&nbsp;<\/p>\n<p><strong><span style=\"text-decoration: underline;\"><span style=\"font-family: arial, helvetica, sans-serif; font-size: 14pt;\">Geschichte:<\/span><\/span><\/strong><\/p>\n<p>&nbsp;<\/p>\n<table style=\"border-collapse: collapse; width: 100%;\">\n<tbody>\n<tr>\n<td style=\"width: 100%; background-color: #ffff00;\">\n<p style=\"text-align: justify;\"><span style=\"font-family: arial, helvetica, sans-serif; font-size: 12pt;\"><strong>1836<\/strong> ca., <strong>\u201eRoyal Louise<\/strong> (1831)\u201c an der Pfaueninsel (der <a href=\"https:\/\/de.wikipedia.org\/wiki\/Pfaueninsel\" target=\"_blank\" rel=\"noopener\">\u201eFregattenschuppen\u201c<\/a> &#8211; <a href=\"https:\/\/berliner-dampfer.de\/wp-content\/uploads\/2024\/06\/2009-12-02-Fregattenschuppen-Pfaueneinsel-klein-zu-Yacht-EMMA-II.jpg\" target=\"_blank\" rel=\"noopener\">Bild<\/a> &#8211; ist bereits errichtet), au\u00dferdem schwach zu erkennen <a href=\"https:\/\/berliner-dampfer.de\/wp-content\/uploads\/2025\/06\/1836-ca-Pfaueninsel-mit-Royal-Louise-von-Moellendorf-AUSZUG-zwei-Schiffe.jpg\" target=\"_blank\" rel=\"noopener\">hinter ihr ein weiteres Schiff<\/a> mit drei nach hinten geneigten Masten, oder aber, wohl eher, mit drei Masten mit je einem <a href=\"https:\/\/de.wikipedia.org\/wiki\/Rahsegel\" target=\"_blank\" rel=\"noopener\">Rahsegel<\/a>? Vielleicht die (<a href=\"https:\/\/de.wikipedia.org\/wiki\/Hulk_(Schiffstyp)\" target=\"_blank\" rel=\"noopener\">Hulk<\/a>?) der \u201evorhergehende\u201c <a href=\"https:\/\/berliner-dampfer.de\/?page_id=15660\" target=\"_blank\" rel=\"noopener\">\u201eRoyal Louise\u201c<\/a> (1814)? Vielleicht aber auch ein anderes Schiff wie etwa die <a href=\"https:\/\/berliner-dampfer.de\/?page_id=15337\" target=\"_blank\" rel=\"noopener\">\u201eNavarin\u201c oder \u201eStralsund\u201c<\/a> (<a href=\"https:\/\/berliner-dampfer.de\/wp-content\/uploads\/2025\/05\/1830-Bleuler-Die-Masten-0102-1600.jpg\" target=\"_blank\" rel=\"noopener\">Bild + Text<\/a>) oder, oder, oder \u2026.. &nbsp;\ud83d\ude09&nbsp;<\/span><\/p>\n<p><span style=\"font-family: arial, helvetica, sans-serif; font-size: 10pt;\">\u2013 Bildnisauszug \u2013 :<\/span><\/p>\n<p><img loading=\"lazy\" decoding=\"async\" class=\"alignnone size-full wp-image-15823\" src=\"https:\/\/berliner-dampfer.de\/wp-content\/uploads\/2025\/05\/1836-ca-Pfaueninsel-mit-Royal-Louise-von-Moellendorf-AUSZUG-scaled.jpg\" alt=\"\" width=\"2560\" height=\"1585\" srcset=\"https:\/\/berliner-dampfer.de\/wp-content\/uploads\/2025\/05\/1836-ca-Pfaueninsel-mit-Royal-Louise-von-Moellendorf-AUSZUG-scaled.jpg 2560w, https:\/\/berliner-dampfer.de\/wp-content\/uploads\/2025\/05\/1836-ca-Pfaueninsel-mit-Royal-Louise-von-Moellendorf-AUSZUG-300x186.jpg 300w, https:\/\/berliner-dampfer.de\/wp-content\/uploads\/2025\/05\/1836-ca-Pfaueninsel-mit-Royal-Louise-von-Moellendorf-AUSZUG-1024x634.jpg 1024w, https:\/\/berliner-dampfer.de\/wp-content\/uploads\/2025\/05\/1836-ca-Pfaueninsel-mit-Royal-Louise-von-Moellendorf-AUSZUG-768x476.jpg 768w, https:\/\/berliner-dampfer.de\/wp-content\/uploads\/2025\/05\/1836-ca-Pfaueninsel-mit-Royal-Louise-von-Moellendorf-AUSZUG-1536x951.jpg 1536w, https:\/\/berliner-dampfer.de\/wp-content\/uploads\/2025\/05\/1836-ca-Pfaueninsel-mit-Royal-Louise-von-Moellendorf-AUSZUG-2048x1268.jpg 2048w\" sizes=\"auto, (max-width: 2560px) 100vw, 2560px\" \/><\/td>\n<\/tr>\n<\/tbody>\n<\/table>\n<p>&nbsp;<\/p>\n<p>&nbsp;<\/p>\n<table style=\"border-collapse: collapse; width: 100%;\">\n<tbody>\n<tr>\n<td style=\"width: 100%; background-color: #ffff00;\"><span style=\"font-family: arial, helvetica, sans-serif; font-size: 12pt;\">Um <strong>1860<\/strong>, hinten links die <a href=\"https:\/\/berliner-dampfer.de\/?page_id=15337\" target=\"_blank\" rel=\"noopener\">Fregattenatrappe \u201eDie Masten\u201c<\/a>. Vorne links vermutlich die 1832 erbaute und bemannte Miniatur-Fregatte <strong>\u201eRoyal Louise\u201c<\/strong>:<\/span><\/p>\n<p><img loading=\"lazy\" decoding=\"async\" class=\"alignnone size-full wp-image-16027\" src=\"https:\/\/berliner-dampfer.de\/wp-content\/uploads\/2025\/05\/1860-ca-J-D-M-und-RL-L-HIN-1200-1.jpg\" alt=\"\" width=\"1200\" height=\"543\" srcset=\"https:\/\/berliner-dampfer.de\/wp-content\/uploads\/2025\/05\/1860-ca-J-D-M-und-RL-L-HIN-1200-1.jpg 1200w, https:\/\/berliner-dampfer.de\/wp-content\/uploads\/2025\/05\/1860-ca-J-D-M-und-RL-L-HIN-1200-1-300x136.jpg 300w, https:\/\/berliner-dampfer.de\/wp-content\/uploads\/2025\/05\/1860-ca-J-D-M-und-RL-L-HIN-1200-1-1024x463.jpg 1024w, https:\/\/berliner-dampfer.de\/wp-content\/uploads\/2025\/05\/1860-ca-J-D-M-und-RL-L-HIN-1200-1-768x348.jpg 768w\" sizes=\"auto, (max-width: 1200px) 100vw, 1200px\" \/><\/td>\n<\/tr>\n<\/tbody>\n<\/table>\n<p>&nbsp;<\/p>\n<p>&nbsp;<\/p>\n<table style=\"border-collapse: collapse; width: 100%;\">\n<tbody>\n<tr>\n<td style=\"width: 100%; background-color: #ffff00;\"><span style=\"font-family: arial, helvetica, sans-serif; font-size: 12pt;\"><strong>1887<\/strong>: <\/span><span style=\"font-family: arial, helvetica, sans-serif; font-size: 12pt;\">AK, postalisch gelaufen 15.12.<strong>1902<\/strong> mit <a href=\"https:\/\/de.wikipedia.org\/wiki\/Glienicker_Br%C3%BCcke\" target=\"_blank\" rel=\"noopener\">Glienicker Br\u00fccke<\/a> nach <a href=\"https:\/\/de.wikipedia.org\/wiki\/Karl_Friedrich_Schinkel\" target=\"_blank\" rel=\"noopener\">Schinkel<\/a>. Mit vermutlich der hineinskizzierten \u201eRoyal Louise\u201c.<\/span><\/p>\n<p style=\"text-align: justify;\"><span style=\"font-family: arial, helvetica, sans-serif; font-size: 12pt;\">Das Motiv geht m\u00f6glicherweise auf ein Foto (aus dem Jahr 1887?) von <a href=\"https:\/\/de.wikipedia.org\/wiki\/Sophus_Williams\" target=\"_blank\" rel=\"noopener\">Sophus Wiliams<\/a> in Berlin zur\u00fcck. Dieses Foto zeigt m\u00f6glicherweise vor der B\u00fccke noch einen Kaffenkahn, welcher hier fehlt. Von daher ist es m\u00f6glich, dass auf dem Original-Foto auch die Royal Louise enthalten ist.<\/span><\/p>\n<p><img loading=\"lazy\" decoding=\"async\" class=\"alignnone size-full wp-image-15722\" src=\"https:\/\/berliner-dampfer.de\/wp-content\/uploads\/2025\/05\/1902-12-15-Glienicker-Bruecke-mit-Royal-Louise-klein.jpg\" alt=\"\" width=\"1200\" height=\"787\" srcset=\"https:\/\/berliner-dampfer.de\/wp-content\/uploads\/2025\/05\/1902-12-15-Glienicker-Bruecke-mit-Royal-Louise-klein.jpg 1200w, https:\/\/berliner-dampfer.de\/wp-content\/uploads\/2025\/05\/1902-12-15-Glienicker-Bruecke-mit-Royal-Louise-klein-300x197.jpg 300w, https:\/\/berliner-dampfer.de\/wp-content\/uploads\/2025\/05\/1902-12-15-Glienicker-Bruecke-mit-Royal-Louise-klein-1024x672.jpg 1024w, https:\/\/berliner-dampfer.de\/wp-content\/uploads\/2025\/05\/1902-12-15-Glienicker-Bruecke-mit-Royal-Louise-klein-768x504.jpg 768w\" sizes=\"auto, (max-width: 1200px) 100vw, 1200px\" \/><\/p>\n<p style=\"text-align: justify;\"><span style=\"font-family: arial, helvetica, sans-serif; font-size: 12pt;\">Ja, ist offenbar der Fall, hier ist eine weitere bereits am 07.10.<strong>1899<\/strong> postalisch gekaufene Ansichtskarte als Foto, und scheinbar mit der \u201eRoyal Louise\u201c hinter der Br\u00fccke, also <em>keine Bildmontage<\/em>!<\/span><\/p>\n<p><img loading=\"lazy\" decoding=\"async\" class=\"alignnone size-full wp-image-15861\" src=\"https:\/\/berliner-dampfer.de\/wp-content\/uploads\/2025\/05\/1899-10-07-Glienicker-Bruecke-mit-ROYAL-LOUISE-klein.jpg\" alt=\"\" width=\"1600\" height=\"1040\" srcset=\"https:\/\/berliner-dampfer.de\/wp-content\/uploads\/2025\/05\/1899-10-07-Glienicker-Bruecke-mit-ROYAL-LOUISE-klein.jpg 1600w, https:\/\/berliner-dampfer.de\/wp-content\/uploads\/2025\/05\/1899-10-07-Glienicker-Bruecke-mit-ROYAL-LOUISE-klein-300x195.jpg 300w, https:\/\/berliner-dampfer.de\/wp-content\/uploads\/2025\/05\/1899-10-07-Glienicker-Bruecke-mit-ROYAL-LOUISE-klein-1024x666.jpg 1024w, https:\/\/berliner-dampfer.de\/wp-content\/uploads\/2025\/05\/1899-10-07-Glienicker-Bruecke-mit-ROYAL-LOUISE-klein-768x499.jpg 768w, https:\/\/berliner-dampfer.de\/wp-content\/uploads\/2025\/05\/1899-10-07-Glienicker-Bruecke-mit-ROYAL-LOUISE-klein-1536x998.jpg 1536w\" sizes=\"auto, (max-width: 1600px) 100vw, 1600px\" \/><\/td>\n<\/tr>\n<\/tbody>\n<\/table>\n<p>&nbsp;<\/p>\n<p>&nbsp;<\/p>\n<p>&nbsp;<\/p>\n<table style=\"border-collapse: collapse; width: 100%;\">\n<tbody>\n<tr>\n<td style=\"width: 100%; background-color: #ffff00;\">\n<p style=\"text-align: justify;\"><span style=\"font-family: arial, helvetica, sans-serif; font-size: 12pt;\"><strong>1895: &#8222;Royal Louise&#8220;<\/strong> in Potsdam an der damaligen <a href=\"https:\/\/de.wikipedia.org\/wiki\/Matrosenstation_Kongsn%C3%A6s\" target=\"_blank\" rel=\"noopener\">Matrosenstation Kongsn\u00e6s<\/a>, Zeichnung des Marinemalers <a href=\"https:\/\/de.wikipedia.org\/wiki\/Willy_St%C3%B6wer\" target=\"_blank\" rel=\"noopener\">Willy St\u00f6wer<\/a> (1864-1931).<\/span><\/p>\n<p><img loading=\"lazy\" decoding=\"async\" class=\"alignnone size-full wp-image-15719\" src=\"https:\/\/berliner-dampfer.de\/wp-content\/uploads\/2025\/05\/1895-SMS-Royal-Louise-Willy-Stoewer-klein-1600.jpg\" alt=\"\" width=\"1600\" height=\"1029\" srcset=\"https:\/\/berliner-dampfer.de\/wp-content\/uploads\/2025\/05\/1895-SMS-Royal-Louise-Willy-Stoewer-klein-1600.jpg 1600w, https:\/\/berliner-dampfer.de\/wp-content\/uploads\/2025\/05\/1895-SMS-Royal-Louise-Willy-Stoewer-klein-1600-300x193.jpg 300w, https:\/\/berliner-dampfer.de\/wp-content\/uploads\/2025\/05\/1895-SMS-Royal-Louise-Willy-Stoewer-klein-1600-1024x659.jpg 1024w, https:\/\/berliner-dampfer.de\/wp-content\/uploads\/2025\/05\/1895-SMS-Royal-Louise-Willy-Stoewer-klein-1600-768x494.jpg 768w, https:\/\/berliner-dampfer.de\/wp-content\/uploads\/2025\/05\/1895-SMS-Royal-Louise-Willy-Stoewer-klein-1600-1536x988.jpg 1536w\" sizes=\"auto, (max-width: 1600px) 100vw, 1600px\" \/><\/td>\n<\/tr>\n<\/tbody>\n<\/table>\n<p>&nbsp;<\/p>\n<p>&nbsp;<\/p>\n<p>&nbsp;<\/p>\n<table style=\"border-collapse: collapse; width: 100%;\">\n<tbody>\n<tr>\n<td style=\"width: 100%; background-color: #ffff00;\">\n<p style=\"text-align: justify;\"><span style=\"font-family: arial, helvetica, sans-serif; font-size: 12pt;\"><strong>1904<\/strong> (07?), Zeichnung des Marinemalers <a href=\"https:\/\/de.wikipedia.org\/wiki\/Willy_St%C3%B6wer\" target=\"_blank\" rel=\"noopener\">Willy St\u00f6wer<\/a> (1864-1931). AK gelaufen 25.09.1913.<\/span><br \/>\n<span style=\"font-family: arial, helvetica, sans-serif; font-size: 12pt;\"><strong>&#8222;Royal Louise&#8220;<\/strong> auf der Havel, im Hintergrund der <a href=\"https:\/\/forst-grunewald.de\/?page_id=1749\" target=\"_blank\" rel=\"noopener\">Kaiser-Wilhelm-Turm<\/a>, dieser wurde am 05. Juni 1899 eingeweiht.<\/span><br \/>\n<span style=\"font-family: arial, helvetica, sans-serif; font-size: 12pt;\">AK-Verlag: Deutschland-Fahrrad-Werke <a href=\"https:\/\/de.wikipedia.org\/wiki\/Stukenbrok\" target=\"_blank\" rel=\"noopener\">August Stukenbrok<\/a> in Einbeck.<\/span><\/p>\n<p><img loading=\"lazy\" decoding=\"async\" class=\"alignnone size-full wp-image-15727\" src=\"https:\/\/berliner-dampfer.de\/wp-content\/uploads\/2025\/05\/1904-ca-1913-09-25-ROYAL-LOUISE-STOeWER-Grunewaldturm-klein.jpg\" alt=\"\" width=\"1200\" height=\"1005\" srcset=\"https:\/\/berliner-dampfer.de\/wp-content\/uploads\/2025\/05\/1904-ca-1913-09-25-ROYAL-LOUISE-STOeWER-Grunewaldturm-klein.jpg 1200w, https:\/\/berliner-dampfer.de\/wp-content\/uploads\/2025\/05\/1904-ca-1913-09-25-ROYAL-LOUISE-STOeWER-Grunewaldturm-klein-300x251.jpg 300w, https:\/\/berliner-dampfer.de\/wp-content\/uploads\/2025\/05\/1904-ca-1913-09-25-ROYAL-LOUISE-STOeWER-Grunewaldturm-klein-1024x858.jpg 1024w, https:\/\/berliner-dampfer.de\/wp-content\/uploads\/2025\/05\/1904-ca-1913-09-25-ROYAL-LOUISE-STOeWER-Grunewaldturm-klein-768x643.jpg 768w\" sizes=\"auto, (max-width: 1200px) 100vw, 1200px\" \/><\/td>\n<\/tr>\n<\/tbody>\n<\/table>\n<p>&nbsp;<\/p>\n<p>&nbsp;<\/p>\n<p>&nbsp;<\/p>\n<table style=\"border-collapse: collapse; width: 100%;\">\n<tbody>\n<tr>\n<td style=\"width: 100%; background-color: #ffff00;\"><span style=\"font-family: arial, helvetica, sans-serif; font-size: 12pt;\">Um <strong>1910<\/strong>, nach einer Originalaufnahme von R. Koehler, Berlin. Das Motiv wurde als AK des Verlages J. Goldinger, Berlin verwendet:<\/span><\/p>\n<p><a href=\"https:\/\/berliner-dampfer.de\/wp-content\/uploads\/2025\/06\/1910-ca-R-L-AR.-K-B-klein-a-1200.jpg\"><img loading=\"lazy\" decoding=\"async\" class=\"aligncenter size-full wp-image-16283\" src=\"https:\/\/berliner-dampfer.de\/wp-content\/uploads\/2025\/06\/1910-ca-R-L-AR.-K-B-klein-a-1200.jpg\" alt=\"\" width=\"1200\" height=\"770\" srcset=\"https:\/\/berliner-dampfer.de\/wp-content\/uploads\/2025\/06\/1910-ca-R-L-AR.-K-B-klein-a-1200.jpg 1200w, https:\/\/berliner-dampfer.de\/wp-content\/uploads\/2025\/06\/1910-ca-R-L-AR.-K-B-klein-a-1200-300x193.jpg 300w, https:\/\/berliner-dampfer.de\/wp-content\/uploads\/2025\/06\/1910-ca-R-L-AR.-K-B-klein-a-1200-1024x657.jpg 1024w, https:\/\/berliner-dampfer.de\/wp-content\/uploads\/2025\/06\/1910-ca-R-L-AR.-K-B-klein-a-1200-768x493.jpg 768w\" sizes=\"auto, (max-width: 1200px) 100vw, 1200px\" \/><\/a><\/td>\n<\/tr>\n<\/tbody>\n<\/table>\n<p>&nbsp;<\/p>\n<p>&nbsp;<\/p>\n<table style=\"border-collapse: collapse; width: 100%;\">\n<tbody>\n<tr>\n<td style=\"width: 100%; background-color: #ffff00;\">\n<p style=\"text-align: justify;\"><span style=\"font-family: arial, helvetica, sans-serif; font-size: 12pt;\">AK postalisch gelaufen 01.09.<strong>1915<\/strong> von <a href=\"https:\/\/de.wikipedia.org\/wiki\/Berlin-K%C3%B6penick\" target=\"_blank\" rel=\"noopener\">C\u00f6penick<\/a> nach <a href=\"https:\/\/de.wikipedia.org\/wiki\/Boles%C5%82awiec\" target=\"_blank\" rel=\"noopener\">Bunzlau<\/a>.<\/span><\/p>\n<p><img loading=\"lazy\" decoding=\"async\" class=\"alignnone size-full wp-image-15741\" src=\"https:\/\/berliner-dampfer.de\/wp-content\/uploads\/2025\/05\/1915-07-01-Royal-Louise-klein-a.jpg\" alt=\"\" width=\"1200\" height=\"1229\" srcset=\"https:\/\/berliner-dampfer.de\/wp-content\/uploads\/2025\/05\/1915-07-01-Royal-Louise-klein-a.jpg 1200w, https:\/\/berliner-dampfer.de\/wp-content\/uploads\/2025\/05\/1915-07-01-Royal-Louise-klein-a-293x300.jpg 293w, https:\/\/berliner-dampfer.de\/wp-content\/uploads\/2025\/05\/1915-07-01-Royal-Louise-klein-a-1000x1024.jpg 1000w, https:\/\/berliner-dampfer.de\/wp-content\/uploads\/2025\/05\/1915-07-01-Royal-Louise-klein-a-768x787.jpg 768w\" sizes=\"auto, (max-width: 1200px) 100vw, 1200px\" \/><\/td>\n<\/tr>\n<\/tbody>\n<\/table>\n<p>&nbsp;<\/p>\n<p>&nbsp;<\/p>\n<p>&nbsp;<\/p>\n<table style=\"border-collapse: collapse; width: 100%;\">\n<tbody>\n<tr>\n<td style=\"width: 100%; background-color: #ffff00;\">\n<blockquote><p><span style=\"font-family: arial, helvetica, sans-serif; font-size: 12pt;\"><em><strong>&#8222;Segeltouren des Prinzen Wilhelm mit der Fregatte &#8222;Royal Louise&#8220; auf der Havel.&#8220;<\/strong><\/em><\/span><\/p><\/blockquote>\n<p><span style=\"font-family: arial, helvetica, sans-serif; font-size: 12pt;\">erschienen in:&nbsp;<\/span><\/p>\n<ul>\n<li><span style=\"font-family: arial, helvetica, sans-serif; font-size: 12pt;\">1912 &#8211; <a href=\"https:\/\/de.wikipedia.org\/wiki\/Willy_St%C3%B6wer\" target=\"_blank\" rel=\"noopener\">Willy St\u00f6wer<\/a> &#8211; <a href=\"https:\/\/de.wikipedia.org\/wiki\/Wilhelm_II._(Deutsches_Reich)\" target=\"_blank\" rel=\"noopener\">Kaiser Wilhelm II.<\/a> und die Marine&nbsp;<\/span><\/li>\n<\/ul>\n<p><img loading=\"lazy\" decoding=\"async\" class=\"alignnone size-full wp-image-15734\" src=\"https:\/\/berliner-dampfer.de\/wp-content\/uploads\/2025\/05\/1912-Willy-Stoewer-klein-1200.jpg\" alt=\"\" width=\"1200\" height=\"769\" srcset=\"https:\/\/berliner-dampfer.de\/wp-content\/uploads\/2025\/05\/1912-Willy-Stoewer-klein-1200.jpg 1200w, https:\/\/berliner-dampfer.de\/wp-content\/uploads\/2025\/05\/1912-Willy-Stoewer-klein-1200-300x192.jpg 300w, https:\/\/berliner-dampfer.de\/wp-content\/uploads\/2025\/05\/1912-Willy-Stoewer-klein-1200-1024x656.jpg 1024w, https:\/\/berliner-dampfer.de\/wp-content\/uploads\/2025\/05\/1912-Willy-Stoewer-klein-1200-768x492.jpg 768w\" sizes=\"auto, (max-width: 1200px) 100vw, 1200px\" \/><\/td>\n<\/tr>\n<\/tbody>\n<\/table>\n<p>&nbsp;<\/p>\n<p>&nbsp;<\/p>\n<p>&nbsp;<\/p>\n<table style=\"border-collapse: collapse; width: 100%;\">\n<tbody>\n<tr>\n<td style=\"width: 100%; background-color: #ffff00;\">\n<p style=\"text-align: justify;\"><span style=\"font-family: arial, helvetica, sans-serif; font-size: 12pt;\"><strong>\u201eRoyal Louise\u201c<\/strong> in Potsdam auf Reede vor der damaligen <a href=\"https:\/\/de.wikipedia.org\/wiki\/Matrosenstation_Kongsn%C3%A6s\" target=\"_blank\" rel=\"noopener\">Matrosenstation Kongsn\u00e6s<\/a>. AK postalisch gelaufen 27.03.<strong>1915<\/strong><\/span><\/p>\n<p><img loading=\"lazy\" decoding=\"async\" class=\"alignnone size-full wp-image-15738\" src=\"https:\/\/berliner-dampfer.de\/wp-content\/uploads\/2025\/05\/1915-03-27-Royal-Louise-Matrosenstation-klein.jpg\" alt=\"\" width=\"1200\" height=\"994\" srcset=\"https:\/\/berliner-dampfer.de\/wp-content\/uploads\/2025\/05\/1915-03-27-Royal-Louise-Matrosenstation-klein.jpg 1200w, https:\/\/berliner-dampfer.de\/wp-content\/uploads\/2025\/05\/1915-03-27-Royal-Louise-Matrosenstation-klein-300x249.jpg 300w, https:\/\/berliner-dampfer.de\/wp-content\/uploads\/2025\/05\/1915-03-27-Royal-Louise-Matrosenstation-klein-1024x848.jpg 1024w, https:\/\/berliner-dampfer.de\/wp-content\/uploads\/2025\/05\/1915-03-27-Royal-Louise-Matrosenstation-klein-768x636.jpg 768w\" sizes=\"auto, (max-width: 1200px) 100vw, 1200px\" \/><\/td>\n<\/tr>\n<\/tbody>\n<\/table>\n<p>&nbsp;<\/p>\n<p>&nbsp;<\/p>\n<p>&nbsp;<\/p>\n<table style=\"border-collapse: collapse; width: 100%;\">\n<tbody>\n<tr>\n<td style=\"width: 100%; background-color: #ffff00;\"><span style=\"font-family: arial, helvetica, sans-serif; font-size: 12pt;\">AK postalisch gelaufen am 15.01.<strong>1916<\/strong> als <a href=\"https:\/\/de.wikipedia.org\/wiki\/Deutsche_Feldpost_bis_1918\" target=\"_blank\" rel=\"noopener\">Feldpost<\/a> (<a href=\"https:\/\/de.wikipedia.org\/wiki\/Erster_Weltkrieg\" target=\"_blank\" rel=\"noopener\">1. Weltkrieg<\/a>) von <a href=\"https:\/\/de.wikipedia.org\/wiki\/Northeim\" target=\"_blank\" rel=\"noopener\">Northeim<\/a> nach <a href=\"https:\/\/de.wikipedia.org\/wiki\/Nienburg\/Weser\">Nienburg\/Weser<\/a>.<\/span><\/p>\n<p><img loading=\"lazy\" decoding=\"async\" class=\"alignnone size-full wp-image-15743\" src=\"https:\/\/berliner-dampfer.de\/wp-content\/uploads\/2025\/05\/1916-01-15-Royal-Louise-klein.jpg\" alt=\"\" width=\"1200\" height=\"759\" srcset=\"https:\/\/berliner-dampfer.de\/wp-content\/uploads\/2025\/05\/1916-01-15-Royal-Louise-klein.jpg 1200w, https:\/\/berliner-dampfer.de\/wp-content\/uploads\/2025\/05\/1916-01-15-Royal-Louise-klein-300x190.jpg 300w, https:\/\/berliner-dampfer.de\/wp-content\/uploads\/2025\/05\/1916-01-15-Royal-Louise-klein-1024x648.jpg 1024w, https:\/\/berliner-dampfer.de\/wp-content\/uploads\/2025\/05\/1916-01-15-Royal-Louise-klein-768x486.jpg 768w\" sizes=\"auto, (max-width: 1200px) 100vw, 1200px\" \/><\/td>\n<\/tr>\n<\/tbody>\n<\/table>\n<p>&nbsp;<\/p>\n<p>&nbsp;<\/p>\n<table style=\"border-collapse: collapse; width: 100%;\">\n<tbody>\n<tr>\n<td style=\"width: 100%; background-color: #ffff00;\"><span style=\"font-family: arial, helvetica, sans-serif; font-size: 12pt;\">AK mit Herstellungsangabe <strong>1917<\/strong>, postalisch gelaufen von Potsdam nach <a href=\"https:\/\/de.wikipedia.org\/wiki\/Posen\" target=\"_blank\" rel=\"noopener\">Posen<\/a>.<\/span><\/p>\n<p><img loading=\"lazy\" decoding=\"async\" class=\"alignnone size-full wp-image-15748\" src=\"https:\/\/berliner-dampfer.de\/wp-content\/uploads\/2025\/05\/1917-Royal-Louise-klein.jpg\" alt=\"\" width=\"1200\" height=\"752\" srcset=\"https:\/\/berliner-dampfer.de\/wp-content\/uploads\/2025\/05\/1917-Royal-Louise-klein.jpg 1200w, https:\/\/berliner-dampfer.de\/wp-content\/uploads\/2025\/05\/1917-Royal-Louise-klein-300x188.jpg 300w, https:\/\/berliner-dampfer.de\/wp-content\/uploads\/2025\/05\/1917-Royal-Louise-klein-1024x642.jpg 1024w, https:\/\/berliner-dampfer.de\/wp-content\/uploads\/2025\/05\/1917-Royal-Louise-klein-768x481.jpg 768w\" sizes=\"auto, (max-width: 1200px) 100vw, 1200px\" \/><\/td>\n<\/tr>\n<\/tbody>\n<\/table>\n<p>&nbsp;<\/p>\n<p>&nbsp;<\/p>\n<p>&nbsp;<\/p>\n<p><img loading=\"lazy\" decoding=\"async\" class=\"alignnone size-full wp-image-17891\" src=\"https:\/\/berliner-dampfer.de\/wp-content\/uploads\/2025\/12\/1918-ca-Die-Matrosenstation-und-Royal-Louise-Gebrueder-Grunert-klein.jpg\" alt=\"\" width=\"1200\" height=\"805\" srcset=\"https:\/\/berliner-dampfer.de\/wp-content\/uploads\/2025\/12\/1918-ca-Die-Matrosenstation-und-Royal-Louise-Gebrueder-Grunert-klein.jpg 1200w, https:\/\/berliner-dampfer.de\/wp-content\/uploads\/2025\/12\/1918-ca-Die-Matrosenstation-und-Royal-Louise-Gebrueder-Grunert-klein-300x201.jpg 300w, https:\/\/berliner-dampfer.de\/wp-content\/uploads\/2025\/12\/1918-ca-Die-Matrosenstation-und-Royal-Louise-Gebrueder-Grunert-klein-1024x687.jpg 1024w, https:\/\/berliner-dampfer.de\/wp-content\/uploads\/2025\/12\/1918-ca-Die-Matrosenstation-und-Royal-Louise-Gebrueder-Grunert-klein-768x515.jpg 768w\" sizes=\"auto, (max-width: 1200px) 100vw, 1200px\" \/><\/p>\n<p>&nbsp;<\/p>\n<p>&nbsp;<\/p>\n<p>&nbsp;<\/p>\n<table style=\"border-collapse: collapse; width: 100%;\">\n<tbody>\n<tr>\n<td style=\"width: 100%; background-color: #eee9e9;\"><span style=\"font-family: arial, helvetica, sans-serif; font-size: 12pt;\">Mitteilungen des <a href=\"https:\/\/de.wikipedia.org\/wiki\/Verein_f\u00fcr_die_Geschichte_Berlins\" target=\"_blank\" rel=\"noopener\">Vereins f\u00fcr die Geschichte Berlins<\/a><\/span><br \/>\n<span style=\"font-family: arial, helvetica, sans-serif; font-size: 12pt;\"><strong>1928<\/strong>, <a href=\"https:\/\/www.deutsche-digitale-bibliothek.de\/item\/NFVO6LGDDZ5RBDPBAR3JCBG7MG7KVR4L\" target=\"_blank\" rel=\"noopener\">45 Jahrgang<\/a>, Heft 3, Seiten 124 \u2013 126<\/span><br \/>\n<span style=\"font-family: arial, helvetica, sans-serif; font-size: 12pt;\"><strong>\u201eDie Fregatte Royal Louise \u2026. \u201c<\/strong> von Chr. Voigt<br \/>\n<span style=\"font-size: 10pt;\">[<a href=\"https:\/\/www.diegeschichteberlins.de\/verein\/geschichte\/663-ehrenmitglieder-des-vereins.html\" target=\"_blank\" rel=\"noopener\">Christoph Voigt<\/a> (1863 &#8211; 1946), Marine-Oberzahlmeister und Marine-Schriftsteller]<\/span><br \/>\n<\/span><\/p>\n<p style=\"text-align: justify;\"><span style=\"font-family: arial, helvetica, sans-serif; font-size: 12pt;\">Der Wunsch nach Ersatz [nach der vorhergehenden Segelyacht (<a href=\"https:\/\/berliner-dampfer.de\/?page_id=15660\" target=\"_blank\" rel=\"noopener\">\u201eRoyal Louise 1814\u201c<\/a>)] war um so verst\u00e4ndlicher, als die Yacht der damals noch in ihren Anf\u00e4ngen steckenden seglerischen Ausnutzung der reizvollen Havelgew\u00e4sser gedient hatte und mit ihr ein einzigartiges Schmuckst\u00fcck ihres Liegeplatzes, der Pfaueninsel, fortgefallen war. Eine gl\u00fcckliche L\u00f6sung der Ersatzfrage ergab sich, als die <a href=\"https:\/\/de.wikipedia.org\/wiki\/Victoria_(Vereinigtes_K\u00f6nigreich))\" target=\"_blank\" rel=\"noopener\">K\u00f6nigin von England<\/a> \u2013 es war im Jahre 1830 \u2013 dem preu\u00dfischen Gesandten <a href=\"https:\/\/de.wikipedia.org\/wiki\/Heinrich_von_B\u00fclow\" target=\"_blank\" rel=\"noopener\">v. B\u00fclow<\/a> unter Hinweis auf eine der vor dem <a href=\"https:\/\/de.wikipedia.org\/wiki\/Windsor_Castle\" target=\"_blank\" rel=\"noopener\">Schlo\u00df von Windsor<\/a> verankerte Fregatte&nbsp; anvertraute, der K\u00f6nig,<a href=\"https:\/\/de.wikipedia.org\/wiki\/Wilhelm_IV._(Vereinigtes_K\u00f6nigreich)\" target=\"_blank\" rel=\"noopener\"> Wilhelm IV.<\/a>, habe dem preu\u00dfischen Monarchen ein gleiches Schiff als Geschenk zugedacht eine Er\u00f6ffnung, die dem Gesandten sp\u00e4ter vom K\u00f6nig best\u00e4tigt ward.&nbsp;<\/span><\/p>\n<p style=\"text-align: justify;\"><span style=\"font-family: arial, helvetica, sans-serif; font-size: 12pt;\">Die Verhandlungen mit Berlin \u00fcber den durch die Wasserverh\u00e4ltnisse der Havel bedingten Tiefgang und die den bestehenden Schleusen anzupassenden Abmessungen des Schiffes beanspruchten l\u00e4ngere Zeit.<\/span><\/p>\n<p style=\"text-align: justify;\"><span style=\"font-family: arial, helvetica, sans-serif; font-size: 12pt;\">Nach der Erledigung wurde dem Schiffbaumeister Long [<a href=\"https:\/\/en.wikipedia.org\/wiki\/Woolwich_Dockyard\" target=\"_blank\" rel=\"noopener\">33. Oliver Long, 1826\u20131853<\/a>], von dem auch die Linienschiffe stammten, 1931 der Bau \u00fcbertragen. Dieser ging auf der <a href=\"https:\/\/en.wikipedia.org\/wiki\/Woolwich_Dockyard\" target=\"_blank\" rel=\"noopener\">K\u00f6niglichen Werft von Woolwich<\/a> von statten und wurde dank dem Betreiben des hohen Stifters so gef\u00f6rdert, da\u00df die aus <a href=\"https:\/\/de.wikipedia.org\/wiki\/Amerikanisches_Mahagoni\" target=\"_blank\" rel=\"noopener\">Mahagoniholz<\/a> elegant und komfortabel erbaute Fregatte bereits im Mai 1832 im Schlepp eines englischen Regierungsdampfers nach Hamburg \u00fcberf\u00fchrt werden konnte, wo sie am 01. Juni anlangte.<\/span><\/p>\n<p style=\"text-align: justify;\"><span style=\"font-family: arial, helvetica, sans-serif; font-size: 12pt;\">Der niedrige Wasserstand auf Elbe und Havel erlaubte ihr jedoch nicht, wie urspr\u00fcnglich beabsichtigt, im Schlepp eines Dampfers der <a href=\"https:\/\/de.wikipedia.org\/wiki\/Seehandlungsgesellschaft\" target=\"_blank\" rel=\"noopener\">K\u00f6nigl. Preu\u00dfischen Seehandlungsgesellschaft<\/a> ihr Ziel zu erreichen. es ward deshalb eine Zille verankert, die Fregatte fuhr dar\u00fcber hin, und dann wurde die Zille nach Art eines Schwimmdocks lenzgepumpt. So ging die Fahrt mit Treideln auf der Havel vor sich. Gar manche Arbeit und Beschwerde verursachten das seichte Wasser und die Str\u00f6mung der Havel, zum Gl\u00fcck ohne dem Schiff den geringsten Schaden zuzuf\u00fcgen.<\/span><\/p>\n<p style=\"text-align: justify;\"><span style=\"font-family: arial, helvetica, sans-serif; font-size: 12pt;\">Mitte Juni traf die <strong>\u201eRoyal Louise\u201c<\/strong> \u2013 diesem Namen hatte sie, eine Aufmerksamkeit f\u00fcr den <a href=\"https:\/\/de.wikipedia.org\/wiki\/Friedrich_Wilhelm_III._(Preu\u00dfen)\" target=\"_blank\" rel=\"noopener\">K\u00f6nig<\/a> zu Ehren der unvergessenen <a href=\"https:\/\/de.wikipedia.org\/wiki\/Luise_von_Mecklenburg-Strelitz\" target=\"_blank\" rel=\"noopener\">K\u00f6nigin Luise<\/a> erhalten \u2013 vor der Pfauensinsel, ihrem k\u00fcnftigen Liegeplatz, ein, um dort am 18. Juni ausgedockt und sodann aufgetakelt zu werden. Am 22. Juni fand durch Lord <a href=\"https:\/\/de.wikipedia.org\/wiki\/Adolphus_FitzClarence\" target=\"_blank\" rel=\"noopener\">Adolphus FitzClarence<\/a>, einen nat\u00fcrlichen Sohn des britischen Herrschers und Kapit\u00e4n in der englischen Marine, in Anwesenheit mehrerer englischer Seeoffiziere die feierliche \u00dcbergabe statt.<\/span><\/p>\n<p style=\"text-align: justify;\"><span style=\"font-family: arial, helvetica, sans-serif; font-size: 12pt;\">Der K\u00f6nig wurde von zwei englischen Kapit\u00e4nen an Bord gerudert, wobei Lord <a href=\"https:\/\/de.wikipedia.org\/wiki\/Adolphus_FitzClarence\" target=\"_blank\" rel=\"noopener\">Adolphus<\/a> das Boot steuerte. Nachdem dieses um die Fregatte herumgefahren war, betrat der Monarch das Schiff, wo ihn zwei andere englische Kapit\u00e4ne feierlich empfingen. In diesem Augenblick sank auf der Fregatte die englische Flagge und die preu\u00dfische Kriegsflagge stieg empor.&nbsp;<\/span><\/p>\n<p style=\"text-align: justify;\"><span style=\"font-family: arial, helvetica, sans-serif; font-size: 12pt;\">Nun begaben sich die Mitglieder der K\u00f6nigl. Familie und ihr Gefolge an Bord. Alle Anwesenden, zumal der eifrige Wassersportler Prinz Carl, waren von der Sch\u00f6nheit des Geschenkes entz\u00fcckt. ( &#8211; Und da mancher darunter war, der noch nie ein Seeschiff gesehen, war das Staunen um so gr\u00f6\u00dfer &#8211; ) . Darauf ging die Fregatte unter Segel, von allen Booten gefolgt; jedoch erlaubte die schwache Brise kein ausgedehntes Man\u00f6vrieren.<\/span><\/p>\n<p style=\"text-align: justify;\"><span style=\"font-family: arial, helvetica, sans-serif; font-size: 12pt;\">Bei der nachfolgenden Festtafel auf der Pfaueninsel brachte der K\u00f6nig einen Trinkspruch aus auf das Wohl des Britenherrschers, auf die britische Marine und die Erinnerung an 1815, wo Preu\u00dfen und Engl\u00e4nder Schulter an Schulter f\u00fcr die Befreiung gefochten. Die Musik spielte \u201e<a href=\"https:\/\/www.youtube.com\/watch?v=jApkW4X4Z5U\" target=\"_blank\" rel=\"noopener\">God save the King\u201c<\/a> <span style=\"font-size: 10pt;\"><a href=\"https:\/\/www.youtube.com\/watch?v=jApkW4X4Z5U\" target=\"_blank\" rel=\"noopener\">[<\/a>Version: King Charles Canadian War Memorial 2025<a href=\"https:\/\/www.youtube.com\/watch?v=jApkW4X4Z5U\" target=\"_blank\" rel=\"noopener\">]<\/a> <span style=\"font-size: 12pt;\">und <a href=\"https:\/\/www.youtube.com\/watch?v=NV28VcvDNL8\" target=\"_blank\" rel=\"noopener\">\u201eRule Britania\u201c<\/a><\/span> [<a href=\"https:\/\/de.wikipedia.org\/wiki\/Cilla_Black\" target=\"_blank\" rel=\"noopener\"><span class=\"yt-core-attributed-string yt-core-attributed-string--white-space-pre-wrap\" dir=\"auto\" role=\"text\"><span class=\"yt-core-attributed-string--link-inherit-color\" dir=\"auto\">Cilla Black <\/span><\/span><\/a><span class=\"yt-core-attributed-string yt-core-attributed-string--white-space-pre-wrap\" dir=\"auto\" role=\"text\"><span class=\"yt-core-attributed-string--link-inherit-color\" dir=\"auto\">Producer: <a href=\"https:\/\/de.wikipedia.org\/wiki\/George_Martin\" target=\"_blank\" rel=\"noopener\">George Martin<\/a><\/span><\/span>]<\/span>.<\/span><\/p>\n<p style=\"text-align: justify;\"><span style=\"font-family: arial, helvetica, sans-serif; font-size: 12pt;\">Beim Abschied \u00e4u\u00dferte der <a href=\"https:\/\/de.wikipedia.org\/wiki\/Friedrich_Wilhelm_III._(Preu\u00dfen)\" target=\"_blank\" rel=\"noopener\">K\u00f6nig<\/a> zu <a href=\"https:\/\/de.wikipedia.org\/wiki\/Adolphus_FitzClarence\" target=\"_blank\" rel=\"noopener\">Lord Adolphus<\/a>, er bedauere nur, nicht genug englisch sprechen zu k\u00f6nnen, um ihn und seinen Begleitern, wie er es gerne gew\u00fcnscht, f\u00fcr alle M\u00fche und Arbeit zu danken, die sie mit der \u00dcberf\u00fchrung des Schiffes gehabt.<\/span><\/p>\n<p style=\"text-align: justify;\"><span style=\"font-family: arial, helvetica, sans-serif; font-size: 12pt;\">Zur \u00dcberwinterung des Schiffes lie\u00df der K\u00f6nig alsbald nach den Vorschl\u00e4gen des Lords am S\u00fcdufer der Insel einen \u00fcberdachten Schiffsschuppen errichten, in welchem die Fregatte mit stehenden Untermasten regelm\u00e4\u00dfig ihr Winterlager bezogen hat. Solcher F\u00fcrsorge im Verein mit den nach Bedarf vorgenommenen Erneuerungsarbeiten ist es zu danken, da\u00df die Fregatte sich bis in unsere Tage so vortrefflich hat erhalten k\u00f6nnen. Bei einer L\u00e4nge von 45 (Fu\u00df?) \u2013 eine seegehende Fregatte ma\u00df das Dreifache \u2013 hatte die \u201eRoyal Louise\u201c 12 (Fu\u00df?) Breite und 4 (Fu\u00df?) Tiefgang. <strong>Im Entwurf glich sie unserer gleichfalls aus England stammenden Fregatte \u201eThetis\u201c<\/strong>. Unter dem Oberdeck befand sich ein Raum mit einer Tafel f\u00fcr 12 bis 16 Personen, davor ein <a href=\"https:\/\/de.wikipedia.org\/wiki\/Kabelgatt\" target=\"_blank\" rel=\"noopener\">Kabelgat<\/a> (f\u00fcr Tauwerk und Schiffsger\u00e4t) und achtern ein Schlafraum. Die H\u00f6he des Gro\u00dfmastes \u00fcber Wasser betrug 40 (Fu\u00df?). Unter Wasser war der <a href=\"https:\/\/www.modelerscentral.com\/de\/warum-wurden-holzschiffe-verkupfert\/\" target=\"_blank\" rel=\"noopener\">Rumpf gekupfert<\/a>, \u00fcber Wasser hatte er den Anstrich der alten Fregatten, schwarz mit wei\u00dfem Pfortengang. Die Batteriegesch\u00fctze waren durch hervorstehende h\u00f6lzerne K\u00f6pfe angedeutet; aber auf dem Achterdeck gab es zwei messingene Salutgesch\u00fctze, mit denen nach altem Seebrauch bei Sonnenuntergang unter Niederholen der Flagge der Abendschu\u00df abgefeuert wurde, w\u00e4hrend das Hissen der Flagge bei Sonnenaufgang ohne Salut erfolgte. Das Heck zeigte einschlie\u00dflich der in den seitlichen Ausbauten, den sogen. Taschen, angebrachte Fenster hinten 8 und an den Seiten je 3. Das <a href=\"https:\/\/de.wikipedia.org\/wiki\/Galion\" target=\"_blank\" rel=\"noopener\">Gallion<\/a> schm\u00fcckte ein holzgeschnitzter Adler, der in den F\u00e4ngen das preu\u00dfische Wappenschild hielt.&nbsp;<\/span><\/p>\n<p style=\"text-align: justify;\"><span style=\"font-family: arial, helvetica, sans-serif; font-size: 12pt;\">Die mit der Fregatte her\u00fcbergekommenen beiden englischen Seeleute versahen zun\u00e4chst die Bedienung; hinzu traten ein Unteroffizier und zwei Gemeine von der <a href=\"https:\/\/de.wikipedia.org\/wiki\/Garde-Pionier-Bataillon\" target=\"_blank\" rel=\"noopener\">Garde-Pionierabteilung<\/a>, bei der damals auch Seeleute eingestellt wurden. Diese Leute geh\u00f6rten zur Besatzung des bei Berlin stationierten Flu\u00dfkanonenbootes \u201eThorn\u201c und wurden von den Engl\u00e4ndern in der Behandlung der Fregatte, im Ab- und Auftakeln unterwiesen. Sie trugen Marineuniform mit Jacken, roten Westen, wei\u00dfen Hosen und H\u00fcten und waren in einem Raum des <a href=\"https:\/\/berliner-dampfer.de\/wp-content\/uploads\/2024\/06\/2009-12-02-Fregattenschuppen-Pfaueneinsel-klein-zu-Yacht-EMMA-II.jpg\" target=\"_blank\" rel=\"noopener\">Fregattenschuppens<\/a> untergebracht, in dem Wandkojen eingebaut waren.<\/span><\/p>\n<p style=\"text-align: justify;\"><span style=\"font-family: arial, helvetica, sans-serif; font-size: 12pt;\">Die beiden Engl\u00e4nder kehrten nach Ablauf des Unterrichts im August 1832 mit ansehnlichen Geschenken belohnt auf k\u00f6niglichen Kosten nach ihrer Heimat zur\u00fcck.<\/span><\/p>\n<p style=\"text-align: justify;\"><span style=\"font-family: arial, helvetica, sans-serif; font-size: 12pt;\">Das Kommando wurde sp\u00e4ter auf 1 Unteroffizier und 8 Mann verst\u00e4rkt, welche die Bezeichnung \u201eMariniers\u201c erhielten. Sie \u00fcbernahmen fortan die Bedienung der k\u00f6niglichen Luftwasserfahrzeuge. Bis 1849 blieben sie der Garde-Pionierabteilung zugeteilt; dann trat Personal der neugebildeten Marine an ihre Stelle. Seitdem \u00fcbernahm die Stammdivision der Flotte der Ostsee zu Stettin den Dienst auf der 1843 eingerichteten Station, dem fr\u00fcheren Kraatzschen M\u00fchlengrundst\u00fcck bei Potsdam an der Schwanenallee, Allm\u00e4hlich b\u00fcrgerte sich die Bezeichnung <a href=\"https:\/\/de.wikipedia.org\/wiki\/Matrosenstation_Kongsn%C3%A6s\" target=\"_blank\" rel=\"noopener\">\u201eMatrosenstation\u201c<\/a> ein. Dahin verlegte nun auch die Fregatte ihren Ankerplatz, und in den mitangekauften Geb\u00e4uden wurden die Mannschaften nebst dem K\u00f6nigl. Schiffsf\u00fchrer als Leiter untergebracht.<\/span><\/p>\n<p style=\"text-align: justify;\"><span style=\"font-family: arial, helvetica, sans-serif; font-size: 12pt;\">Verm\u00f6ge seiner der \u00d6rtlichkeit wegen klein gehaltenen Abmessungen pa\u00dfte sich unser Schiff dem Wesen der Landschaft am Jungfernsee vortrefflich an.<\/span><\/p>\n<p style=\"text-align: justify;\"><span style=\"font-family: arial, helvetica, sans-serif; font-size: 12pt;\">In gl\u00fccklicher Erg\u00e4nzung f\u00fcgte geschickte K\u00fcnstlerhand dem Landschaftsbilde der Havel auch weiterhin malerische Motive ein. Unweit der fr\u00fcheren backsteinernen <a href=\"https:\/\/de.wikipedia.org\/wiki\/Glienicker_Br\u00fccke\" target=\"_blank\" rel=\"noopener\">Glienicker Br\u00fccke<\/a> (von <a href=\"https:\/\/de.wikipedia.org\/wiki\/Karl_Friedrich_Schinkel\" target=\"_blank\" rel=\"noopener\">Schinkel<\/a> entworfen) zeigte sich am Maschinenhause des <a href=\"https:\/\/de.wikipedia.org\/wiki\/Park_Klein-Glienicke\" target=\"_blank\" rel=\"noopener\">Schlo\u00dfparks von Glienicke<\/a> eine <a href=\"https:\/\/berliner-dampfer.de\/?page_id=15337\" target=\"_blank\" rel=\"noopener\">Atrappe in den stattlichen Formen eines Fregattschiffes<\/a>, das mit seiner hohen Takelung sich von den hochgewipfelten B\u00e4umen am Ufersaum wirksam abhob. In nat\u00fcrlichen Abmessungen gehalten, diente der Rumpf als Gela\u00df f\u00fcr allerlei Ger\u00e4t und Material der Schlo\u00dfverwaltung. Zwei invaliden Seeleuten, die im <a href=\"https:\/\/www.gazette-berlin.de\/artikel\/1112-vom-weinmeister-zum-matrosenhaus.html\" target=\"_blank\" rel=\"noopener\">Matrosenhaus<\/a> im Park wohnten, lag die F\u00fcrsorge f\u00fcr dieses Scheinwesens Wohl und Wehe ob. Seinem Dasein bereitete eine Feuersbrunst um 1880 ein vorzeitiges, der Romantik allerdings nicht ermangelndes Ende.<\/span><\/p>\n<p style=\"text-align: justify;\"><span style=\"font-family: arial, helvetica, sans-serif; font-size: 12pt;\">Dieses Schiffsgebilde vereinigte sich mit dem italienischen Charakter des <a href=\"https:\/\/wikimapia.org\/35484799\/de\/Hofg%C3%A4rtnerhaus-mit-Wasserturm\" target=\"_blank\" rel=\"noopener\">Maschinenhauses<\/a> und des <a href=\"https:\/\/www.spsg.de\/schloesser-gaerten\/objekt\/casino-glienicke\/\" target=\"_blank\" rel=\"noopener\">Kasinos<\/a>, mit dem atrischen <a href=\"https:\/\/de.wikipedia.org\/wiki\/Lysikratesmonument\" target=\"_blank\" rel=\"noopener\">Tempel des Lysikrates<\/a> zu einem eindrucksvollen Zusammenklang, dem sich in dem waldums\u00e4umten Wasserbilde die <a href=\"https:\/\/de.wikipedia.org\/wiki\/Heilandskirche_am_Port_von_Sacrow\" target=\"_blank\" rel=\"noopener\">Sakrower Kirche<\/a> und unsere Fregatte harmonisch zugesellen.<\/span><\/p>\n<p style=\"text-align: justify;\"><span style=\"font-family: arial, helvetica, sans-serif; font-size: 12pt;\">Aber w\u00e4hrend drau\u00dfen auf dem gro\u00dfen Wasser das Holzschiff vom Eisenschiff, der Segler vom Dampfer verdr\u00e4ngt wurde, w\u00e4hrend mit dem Fortschreiten Technik das Panzerschiff und der Riesendampfer sich zu ungeahnter M\u00e4chtigkeit auswuchsen, blieb unsere Fregatte in ihrem S\u00fc\u00dfwasserbereich unber\u00fchrt von der Entwicklung des Schiffswesens und bildete sich allgemach mit dem Aussterben ihrer Schiffsgattung zu einer Reliquie um, die mit ihrem ber\u00fcckendem \u00c4u\u00dferem die Erinnerung an die entschwundenen Tage einstiger Segelschiffsherrlichkeit, an die Romantik der hochbeschwingten Segler wahrte.<\/span><\/p>\n<p style=\"text-align: justify;\"><span style=\"font-family: arial, helvetica, sans-serif; font-size: 12pt;\">Zu reichem Ma\u00dfe hat unsere Fregatte, die einen heute lange ausgestorbenen Typ darstellt, unter fachgem\u00e4\u00dfer seem\u00e4nnischer Leitung und Bedienung sich seglerisch best\u00e4tigt. Stolz wehte an der Gaffel die alte preu\u00dfische Kriegsflagge mit Adler und eisernem Kreuz im gezackten wei\u00dfen Felde.&nbsp;<\/span><\/p>\n<p style=\"text-align: justify;\"><span style=\"font-family: arial, helvetica, sans-serif; font-size: 12pt;\">Von Angeh\u00f6rigen des K\u00f6nigshauses, besonders aber von Kaiser <a href=\"https:\/\/de.wikipedia.org\/wiki\/Wilhelm_II._(Deutsches_Reich)\" target=\"_blank\" rel=\"noopener\">Kaiser Wilhelm II.<\/a> ist die Fregatte zu Segelfahrten oft benutzt worden, wozu leitende Herren aus der Marine eingeladen wurden. Der hohe Gastgeber f\u00fchrte dabei selber das Ruder. Auch die <a href=\"https:\/\/de.wikipedia.org\/wiki\/Auguste_Viktoria_von_Schleswig-Holstein-Sonderburg-Augustenburg\" target=\"_blank\" rel=\"noopener\">Kaiserin Auguste Victoria<\/a> hat wiederholt an solchen Fahrten teilgenommen. Ein st\u00e4ndiger Gast auf der Matrosenstation war auch die seekundige <a href=\"https:\/\/de.wikipedia.org\/wiki\/Victoria_von_Gro%C3%9Fbritannien_und_Irland_(1840%E2%80%931901)\" target=\"_blank\" rel=\"noopener\">Kaiserin Friedrich<\/a>; sie benutzte vorzugsweise die dortigen Ruderboote, aber auch die Dampfyacht <a href=\"https:\/\/berliner-dampfer.de\/?page_id=16110\" target=\"_blank\" rel=\"noopener\">\u201eAlexandria\u201c<\/a>, die im Jahre 1849 von der <a href=\"https:\/\/de.wikipedia.org\/wiki\/Seehandlungsgesellschaft\" target=\"_blank\" rel=\"noopener\">K\u00f6nigl. Seehandlung<\/a> \u00fcbernommen war.<\/span><\/p>\n<p style=\"text-align: justify;\"><span style=\"font-family: arial, helvetica, sans-serif; font-size: 12pt;\">Unter dem Bootsmaterial der Station befand sich auch das sog. <em><strong>Stettiner Boot<\/strong><\/em>, das wohl keinen besonderen Namen gef\u00fchrt hat. Von ihm fand ich in einem alten Aktenst\u00fcck in einer Kostenaufstellung der K\u00f6nigl. Wasserfahrzeuge vom Jahre 1850: \u201e<em>F\u00fcr das vergolden eines Steinbutts zum Stettiner Boot . . . 3 Th.<\/em>\u201c Gemeint ist dabei der Gallionsschmuck des Bootes, der das bekannte scherzhafte Abzeichen des <a href=\"https:\/\/de.wikipedia.org\/wiki\/Friedrich_Wilhelm_IV.\" target=\"_blank\" rel=\"noopener\">K\u00f6nigs Friedrich Wilhelms IV.<\/a>, den <a href=\"https:\/\/de.wikipedia.org\/wiki\/Steinbutt\" target=\"_blank\" rel=\"noopener\">Butt<\/a> <span style=\"font-size: 10pt;\">[<a href=\"https:\/\/de.wikipedia.org\/wiki\/Buttbrunnen\" target=\"_blank\" rel=\"noopener\">Buttbrunnen<\/a>]<\/span>, aufwies.<\/span><\/p>\n<p style=\"text-align: justify;\"><span style=\"font-family: arial, helvetica, sans-serif; font-size: 12pt;\">Eine letzte Ehrung nach Seegebrauch erwies die Fregatte dem toten <a href=\"https:\/\/de.wikipedia.org\/wiki\/Friedrich_III._(Deutsches_Reich)\" target=\"_blank\" rel=\"noopener\">Kaiser Friedrich<\/a>. Als der edle Dulder am 15. Juni 1888 die Augen f\u00fcr immer Schlo\u00df, da kaite und toppete die \u201eRoyal Louise\u201c ihre Rahen in Kreuz bis zur Beisetzung am 18. Juni. Dann gab sie einen Ehrensalut von 33 Schu\u00df ab und toppte die Rahen wieder vierkant.<\/span><\/p>\n<p style=\"text-align: justify;\"><span style=\"font-family: arial, helvetica, sans-serif; font-size: 12pt;\">Bedauerlicherweise ist von unserer Fregatte ein fachlich genaues Modell \u2013 das beste Mittel, von seiner Erscheinung die richtige Vorstellung zu erhalten \u2013 nicht vorhanden. Das lag sicher nicht in der Absicht ihres F\u00fchrers, des K\u00f6nigl. Yachtkapit\u00e4ns <a href=\"https:\/\/www.potsdam-wiki.de\/Carl_Velten\" target=\"_blank\" rel=\"noopener\"><strong>Karl V e l t e n<\/strong><\/a> <span style=\"font-size: 10pt;\">[<a href=\"https:\/\/www.tagesspiegel.de\/potsdam\/landeshauptstadt\/als-kapitan-velten-starb-7660039.html\" target=\"_blank\" rel=\"noopener\">TSP<\/a>: Potsdamer Yacht- und Schifffahrtsverein \u201eRoyal Louise\u201c erwarb historisches Kondolenzbuch]<\/span>, der das seiner Obhut anvertraute Schiff auf den Fahrten leitete und ihm eine gewissenhafte Pflege angedeihen lie\u00df, weil es ihm, dem Seemann, mehr zu bedeuten hatte als blo\u00dfe Tradition. Ihm blieb es auch erspart, das Ende des geliebten Schiffes zu erleben, denn der Tod berief ihn vorher (ab 1925). Auch die Linienschiffe besitzen wir nicht mehr, sie wurden vom Gesandten <a href=\"https:\/\/de.wikipedia.org\/wiki\/Heinrich_von_B\u00fclow\" target=\"_blank\" rel=\"noopener\">v. B\u00fclow<\/a> am 16. November 1830 an das Ministerium des K\u00f6nigl. Hauses gesandt. \u00dcber ihren Verbleib konnte ich nichts ermitteln.<\/span><\/p>\n<p style=\"text-align: justify;\"><span style=\"font-family: arial, helvetica, sans-serif; font-size: 12pt;\">Die <a href=\"https:\/\/de.wikipedia.org\/wiki\/Erster_Weltkrieg\" target=\"_blank\" rel=\"noopener\">Mobilmachung vom August 1914<\/a> berief auch die Mannschaften der Station zu ihren Marineteilen zur\u00fcck; doch blieb gerade noch Zeit, die Fregatte abzutakeln und in ihren Winterschuppen auf der Pfaueninsel zu bringen, wo sie bis 1920 lag.<\/span><\/p>\n<p style=\"text-align: justify;\"><span style=\"font-family: arial, helvetica, sans-serif; font-size: 12pt;\"><a href=\"https:\/\/berliner-dampfer.de\/wp-content\/uploads\/2025\/06\/1928-Mitteilungen-des-Vereins-fuer-die-Geschichte-Berlins-Die-Fregatte-Royal-Louise-Seite-125.jpg\" target=\"_blank\" rel=\"noopener\"><img loading=\"lazy\" decoding=\"async\" class=\"alignright wp-image-16171\" src=\"https:\/\/berliner-dampfer.de\/wp-content\/uploads\/2025\/06\/1928-Mitteilungen-des-Vereins-fuer-die-Geschichte-Berlins-Die-Fregatte-Royal-Louise-Seite-125.jpg\" alt=\"\" width=\"350\" height=\"272\" srcset=\"https:\/\/berliner-dampfer.de\/wp-content\/uploads\/2025\/06\/1928-Mitteilungen-des-Vereins-fuer-die-Geschichte-Berlins-Die-Fregatte-Royal-Louise-Seite-125.jpg 813w, https:\/\/berliner-dampfer.de\/wp-content\/uploads\/2025\/06\/1928-Mitteilungen-des-Vereins-fuer-die-Geschichte-Berlins-Die-Fregatte-Royal-Louise-Seite-125-300x233.jpg 300w, https:\/\/berliner-dampfer.de\/wp-content\/uploads\/2025\/06\/1928-Mitteilungen-des-Vereins-fuer-die-Geschichte-Berlins-Die-Fregatte-Royal-Louise-Seite-125-768x597.jpg 768w\" sizes=\"auto, (max-width: 350px) 100vw, 350px\" \/><\/a>Nach Beendigung des Weltkrieges wurde die Matrosenstation aufgel\u00f6st und das Schiffsmaterial ver\u00e4u\u00dfert. Da es geboten schien, die Fregatte vor solchem Schicksal zu bewahren, wurde sie dem Verein \u201eSeglerhaus am Wannsee\u201c, der sich erbot, sie zur Erhaltung zu \u00fcbernehmen, zu treuen H\u00e4nden anvertraut. Es war nun beabsichtigt, sie f\u00fcr die Jugendabteilung des Kaiserlichen Jachtclubs zu verwenden, als Lehrmittel zur Aneignung der Anfangsgr\u00fcnde der Seemannschaft und zur Unterbringung der Lernbeflissenen. Doch sollte das Schiffchen den alten Ankerplatz am <a href=\"https:\/\/de.wikipedia.org\/wiki\/Jungfernsee\" target=\"_blank\" rel=\"noopener\">Jungfernsee<\/a> nicht wieder aufsuchen. Mehrere Jahre lag es auf dem Wannsee abgetakelt. Mit Pracht und Glanz aber war es vorbei. Dem Einflu\u00df des Wetters und den Eingriffen der Menschen konnte die Fregatte nicht mehr standhalten. Und dann kam jener graue Tag, wo sie dem Gebot ihres kaiserlichen Herrn gehorsam ihre letzte Fahrt im Dampfschlepp zur Sacrower Werft <span style=\"font-size: 10pt;\">[<a href=\"https:\/\/www.qwant.com\/?client=plgn-firefox-sb&amp;q=Schiffbaumeister+Ernst+Kluge+zu+Sacrow&amp;t=web\" target=\"_blank\" rel=\"noopener\">Schiffbaumeister Ernst Kluge zu Sacrow<\/a>]<\/span> antrat, um nie wiederzukehren.<\/span><\/p>\n<p style=\"text-align: justify;\"><span style=\"font-family: arial, helvetica, sans-serif; font-size: 12pt;\">Dort sollte sie abgebrochen werden, nachdem ihre Takelung und Inneneinrichtung entfernt worden war. Leider suchte kurz nach dem Abwracken ein schweres Schadenfeuer die Werft heim und vernichtete von <a href=\"https:\/\/de.wikipedia.org\/wiki\/Spiere\" target=\"_blank\" rel=\"noopener\">Spieren<\/a> und Inventar der Fregatte, was sich noch dort befand. Zum Gl\u00fcck war ein Teil vom Verein \u201eSeglerhaus am Wannsee\u201c \u00fcbernommen und dadurch der Vernichtung entzogen, darunter das Gallionsbild der Fregatte, der fliegende preu\u00dfische Adler. Er ist am Schuppen des genannten Vereins an einer allerdings wenig ins Auge fallenden angebracht.<\/span><\/p>\n<p style=\"text-align: justify;\"><span style=\"font-family: arial, helvetica, sans-serif; font-size: 12pt;\">Aber der Abdruck des Schiffes ist nicht durchgef\u00fchrt worden. Der Rumpf, zu schade zum Abwracken, ward nach der Staatlichen Lehranstalt f\u00fcr Fischerei am <a href=\"https:\/\/de.wikipedia.org\/wiki\/Sacrower_See\" target=\"_blank\" rel=\"noopener\">Sacrower See<\/a> (beim J\u00e4gerhof) \u00fcberf\u00fchrt und tristet dort als unscheinbarer <a href=\"https:\/\/de.wikipedia.org\/wiki\/Hulk_(Schiffstyp)\" target=\"_blank\" rel=\"noopener\">Hulk<\/a>, der Masten und Schwingen beraubt, am Ufer sein Dasein.&nbsp;<\/span><\/p>\n<p style=\"text-align: justify;\"><span style=\"font-family: arial, helvetica, sans-serif; font-size: 12pt;\">Wie werden uns da die Worte <a href=\"https:\/\/de.wikipedia.org\/wiki\/Moritz_von_Strachwitz\" target=\"_blank\" rel=\"noopener\">Strachwitz<\/a> <span style=\"font-size: 10pt;\">[<a href=\"https:\/\/reimsuche.de\/lyrik\/von\/moritz-von-strachwitz\/werk\/der-dreidecker-in-see\" target=\"_blank\" rel=\"noopener\">Der Dreidecker in See<\/a>]<\/span> gegenw\u00e4rtig, die ihm der Anblick so eines Veteranen der See entlockt:<\/span><\/p>\n<blockquote>\n<p style=\"text-align: justify;\"><span style=\"font-family: arial, helvetica, sans-serif; font-size: 12pt;\"><em>Er lag, ein schwarzer Sarkophag,<\/em><\/span><br \/>\n<span style=\"font-family: arial, helvetica, sans-serif; font-size: 12pt;\"><em>Weit, weit von Wind- und Wellenku\u00df.<\/em><\/span><br \/>\n<span style=\"font-family: arial, helvetica, sans-serif; font-size: 12pt;\"><em>Ich aber sagte: Fluch dem Tag,<\/em><\/span><br \/>\n<span style=\"font-family: arial, helvetica, sans-serif; font-size: 12pt;\"><em>Wo solch ein Schiff verfaulen mu\u00df.<\/em><\/span><\/p>\n<\/blockquote>\n<p style=\"text-align: justify;\"><span style=\"font-family: arial, helvetica, sans-serif; font-size: 12pt;\">Immer wenn unser Kurs uns zum Jungfernsee f\u00fchrt und der Blick hinschweift zu der Stelle, wo einst die regelm\u00e4\u00dfigen Spieren und das feine Netzwerk der vollen Takelung sich am Himmel abhoben, wo ihre zierliche Erscheinung pl\u00f6tzlich auftauchte hinter den hochwipfligen <a href=\"https:\/\/de.wikipedia.org\/wiki\/Silber-Pappel\" target=\"_blank\" rel=\"noopener\">Silberpappeln<\/a>, dann fand sich unsere Phantasie zu den romantischen Zeiten der Segelschiffahrt zur\u00fcck, wie sie <a href=\"https:\/\/de.wikipedia.org\/wiki\/Heinrich_Smidt\" target=\"_blank\" rel=\"noopener\">Heinrich Smidt<\/a>, <a href=\"https:\/\/de.wikipedia.org\/wiki\/Reinhold_Werner\" target=\"_blank\" rel=\"noopener\">Reinhold Werner<\/a>, wie sie Marryat <span style=\"font-size: 10pt;\">[<a href=\"https:\/\/de.wikipedia.org\/wiki\/Frederick_Marryat\" target=\"_blank\" rel=\"noopener\">?<\/a>]<\/span> und Tooper <span style=\"font-size: 10pt;\">[<a href=\"https:\/\/www.google.com\/search?q=Tooper&amp;sca_esv=b42e03ff43b61ad3&amp;sxsrf=AE3TifOZX5wPyYbMexySOuga5kdvyqqmBg%3A1748985784576&amp;ei=uGc_aNLyIoCQ9u8P5qvsyAc&amp;ved=0ahUKEwjSrqDjl9aNAxUAiP0HHeYVG3kQ4dUDCBA&amp;oq=Tooper+Wikipedia&amp;gs_lp=Egxnd3Mtd2l6LXNlcnAiEFRvb3BlciBXaWtpcGVkaWFIAFAAWABwAHgAkAEAmAEAoAEAqgEAuAEMyAEAmAIAoAIAmAMAkgcAoAcAsgcAuAcAwgcAyAcA&amp;sclient=gws-wiz-serp\" target=\"_blank\" rel=\"noopener\">?<\/a>]<\/span> und nahegebracht haben.&nbsp;<\/span><\/p>\n<p style=\"text-align: justify;\"><span style=\"font-family: arial, helvetica, sans-serif; font-size: 12pt;\">Nun fehlte die \u201eRoyal Luise\u201c im Bilde der blauen Havelwasser, und alle, die ihre Freude an der stolzen Erscheinung des sch\u00f6nen Schiffes hatten, werden an diesem Verlust nicht ohne ein Gef\u00fchl des Bedauerns vor\u00fcbergehen.<\/span><\/p>\n<p style=\"text-align: justify;\"><span style=\"font-family: arial, helvetica, sans-serif; font-size: 12pt;\">F\u00fcr uns aber liegt die Bedeutung des kleinen Seeschiffes noch in einem anderen Gebiete als dem \u00e4sthetischen. In jenen Tagen, als die Fregatte vom fernen <a href=\"https:\/\/de.wikipedia.org\/wiki\/Albion\" target=\"_blank\" rel=\"noopener\">Albion<\/a> ihrem Untergrunde auf der Havel zugef\u00fchrt wurde, besa\u00df unser Vaterland so gut wie keine Marine; au\u00dfer einigen Kanonenbooten, Lotsenfahrzeugen und Zollkuttern gab es keine wirklichen Kriegsschiffe bei uns. Dem Binnenl\u00e4nder war der Anblick eines solchen \u00fcberhaupt etwas Seltenes, kaum Bekanntes. Da wirkte das sch\u00f6ne Schiff auf der weiten Wasserfl\u00e4che wie eine Offenbarung. Bot sich hier doch endlich einmal ein stilechtes leibhaftiges Segelkriegsschiff dem Auge dar, so da\u00df man eine Vorstellung gewinnen konnte von den Schiffen, auf denen die Kriege der gro\u00dfen Seem\u00e4chte zu Beginn des 19. Jahrhunderts unter der Gloriole eines <a href=\"https:\/\/de.wikipedia.org\/wiki\/Horatio_Nelson,_1._Viscount_Nelson\" target=\"_blank\" rel=\"noopener\">Nelson<\/a> ausgefochten waren. Da konnte wohl in manchen jungen Herzen der Wunsch erwachsen, auf solch einem Schiff die Wunder ferner Weltteile kennenzulernen, da konnte der Gedanke des Besitzes einer heimischen Flotte Wurzel fassen. F\u00fcr den Seegedanken und seine Ausbreitung war daher unsere Fregatte von nicht zu untersch\u00e4tzender Bedeutung, und manchen Freund des Seewesens hat sie als Vorbild f\u00fcr seine schiffbautechnischen Studien gedient, das zum Versenken in nautische Probleme anregte. In ihrem nahezu hundertj\u00e4hrigen Dasein hat sei ein St\u00fcck Marinegeschichte verk\u00f6rpert. <span style=\"font-size: 14pt;\"><strong>*<\/strong><\/span><\/span><\/p>\n<\/td>\n<\/tr>\n<\/tbody>\n<\/table>\n<p>&nbsp;<\/p>\n<table style=\"border-collapse: collapse; width: 100%;\">\n<tbody>\n<tr>\n<td style=\"width: 100%; background-color: #ffff00;\"><span style=\"font-family: arial, helvetica, sans-serif; font-size: 12pt;\"><span style=\"font-size: 14pt;\"><strong><a href=\"https:\/\/berliner-dampfer.de\/wp-content\/uploads\/2025\/06\/1861-Kaiser-Wilhelm-II-klein.jpg\" target=\"_blank\" rel=\"noopener\"><img loading=\"lazy\" decoding=\"async\" class=\"alignright wp-image-16173\" src=\"https:\/\/berliner-dampfer.de\/wp-content\/uploads\/2025\/06\/1861-Kaiser-Wilhelm-II-klein.jpg\" alt=\"\" width=\"150\" height=\"216\" srcset=\"https:\/\/berliner-dampfer.de\/wp-content\/uploads\/2025\/06\/1861-Kaiser-Wilhelm-II-klein.jpg 700w, https:\/\/berliner-dampfer.de\/wp-content\/uploads\/2025\/06\/1861-Kaiser-Wilhelm-II-klein-208x300.jpg 208w\" sizes=\"auto, (max-width: 150px) 100vw, 150px\" \/><\/a>*<\/strong><\/span> In den ersten Versionen dieser meiner seit dem Jahr 2005 aufgebauten Webseite merkte ich zu der &#8222;Royal Louise&#8220; an:<\/span><\/p>\n<blockquote><p><span style=\"font-family: arial, helvetica, sans-serif; font-size: 12pt;\">Hier noch eine inzwischen gel\u00f6schte Quelle aus dem Internet, m\u00f6glicherweise ein Zitat aus einem Buch \u201eChronik des 20. Jahrhunderts (<a href=\"https:\/\/www.amazon.de\/Chronik-20-Jahrhunderts-Brigitte-Beier\/dp\/3860471309\" target=\"_blank\" rel=\"noopener noreferrer\">?<\/a>)\u201c:<\/span><\/p>\n<p style=\"text-align: justify; padding-left: 40px;\"><em><span style=\"font-family: arial, helvetica, sans-serif; font-size: 12pt;\">Am 3. August 1914 brach der 1. Weltkrieg aus. Von 1898-1914 fand in Deutschland eine gro\u00dfe Flottenaufr\u00fcstung statt. Diese Flottenaufr\u00fcstung wurde von Kaiser Wilhelm II nach der Devise \u201eUnsere Zukunft liegt auf dem Wasser\u201c gef\u00f6rdert. Dies ist die Zeit, wo die Kinder in Matrosenanz\u00fcge gekleidet werden. Zur Marinebegeisterung der Jugend tragen auch Attrappen von Schiffen bei, die auf Kinderspielpl\u00e4tzen aufgestellt werden. So wird im Berliner Grunewald zum \u201eKinderexerzieren\u201c eine Nachbildung des Holzschulschiffs \u201eIltis\u201c aufgestellt, die gro\u00dfen Anklang findet.<\/span><\/em><\/p>\n<p><span style=\"font-family: arial, helvetica, sans-serif; font-size: 12pt;\">Weiterf\u00fchrend:<\/span><\/p>\n<p><span style=\"font-family: arial, helvetica, sans-serif; font-size: 12pt;\"><a href=\"https:\/\/forst-grunewald.de\/?page_id=5406\" target=\"_blank\" rel=\"noopener noreferrer\"><b>Marine-Jugendwehr im Grunewald<\/b><\/a><\/span><\/p>\n<p><span style=\"font-family: arial, helvetica, sans-serif; font-size: 12pt;\">Eine <strong>naheliegende<\/strong> Frage lautet nun, ob und inwieweit die Royal Louise einen Anteil an der Mariniebegeiserung des am 27. Januar 1859 geborenen und sp\u00e4teren <a href=\"https:\/\/de.wikipedia.org\/wiki\/Wilhelm_II._(Deutsches_Reich)\" target=\"_blank\" rel=\"noopener noreferrer\">Kaiser Wilhelm II.<\/a> hatte?<\/span><\/p><\/blockquote>\n<p><span style=\"font-family: arial, helvetica, sans-serif; font-size: 12pt;\">Bei der kompletten Neuaufsetzen meiner Webseite fiel mir dann im Juni 2025 der Artikel oben aus dem Jahr <a href=\"https:\/\/www.deutsche-digitale-bibliothek.de\/item\/NFVO6LGDDZ5RBDPBAR3JCBG7MG7KVR4L\" target=\"_blank\" rel=\"noopener\"><strong>1928<\/strong><\/a> in die H\u00e4nde. Der letzte Absatz beantwortet dies indirekt, nennt nur leider nicht explizit den Namen &#8222;Kaiser Wilhelm II.&#8220; <\/span><\/p>\n<blockquote><p><span style=\"font-family: arial, helvetica, sans-serif; font-size: 12pt;\">Da konnte wohl in manchen jungen Herzen der Wunsch erwachsen, auf solch einem Schiff die Wunder ferner Weltteile kennenzulernen, da konnte der Gedanke des Besitzes einer heimischen Flotte Wurzel fassen.<\/span><\/p><\/blockquote>\n<p><span style=\"font-family: arial, helvetica, sans-serif; font-size: 12pt;\">Gar erhebt sie der letzte Absatz im Schlu\u00dfsatz faktisch als Denkmal:<\/span><\/p>\n<blockquote><p><span style=\"font-family: arial, helvetica, sans-serif; font-size: 12pt;\">In ihrem nahezu hundertj\u00e4hrigen Dasein hat sei ein St\u00fcck Marinegeschichte verk\u00f6rpert.<\/span>&nbsp;<\/p><\/blockquote>\n<p>__________<\/p>\n<table style=\"border-collapse: collapse; width: 100%;\">\n<tbody>\n<tr>\n<td style=\"width: 50%; text-align: left; vertical-align: top;\"><img loading=\"lazy\" decoding=\"async\" class=\"alignnone size-full wp-image-16175\" src=\"https:\/\/berliner-dampfer.de\/wp-content\/uploads\/2025\/06\/1907-05-04-Wannsee-Kronprinz-klein.jpg\" alt=\"\" width=\"1600\" height=\"984\" srcset=\"https:\/\/berliner-dampfer.de\/wp-content\/uploads\/2025\/06\/1907-05-04-Wannsee-Kronprinz-klein.jpg 1600w, https:\/\/berliner-dampfer.de\/wp-content\/uploads\/2025\/06\/1907-05-04-Wannsee-Kronprinz-klein-300x185.jpg 300w, https:\/\/berliner-dampfer.de\/wp-content\/uploads\/2025\/06\/1907-05-04-Wannsee-Kronprinz-klein-1024x630.jpg 1024w, https:\/\/berliner-dampfer.de\/wp-content\/uploads\/2025\/06\/1907-05-04-Wannsee-Kronprinz-klein-768x472.jpg 768w, https:\/\/berliner-dampfer.de\/wp-content\/uploads\/2025\/06\/1907-05-04-Wannsee-Kronprinz-klein-1536x945.jpg 1536w\" sizes=\"auto, (max-width: 1600px) 100vw, 1600px\" \/><\/p>\n<p><span style=\"font-family: arial, helvetica, sans-serif; font-size: 10pt;\">Oben:<\/span><em><span style=\"font-family: arial, helvetica, sans-serif; font-size: 10pt;\"> Unser Kronprinz beim Segel-Yacht-Rennen \/ Wannsee, 4. Mai 1907<\/span><\/em><\/p>\n<p><span style=\"font-family: arial, helvetica, sans-serif; font-size: 10pt;\">Rechts: <em><a href=\"https:\/\/de.wikipedia.org\/wiki\/Wilhelm_II._(Deutsches_Reich)\" target=\"_blank\" rel=\"noopener\">Der Kaiser<\/a>, Prinz Adalbert, Prinzessin Viktoria Luise und die Kronprinzessin mit den Prinzen Wilhelm, Louis Ferdinand und Hubertus.<br \/>\n<\/em>Wikipedia: <\/span><a href=\"https:\/\/de.wikipedia.org\/wiki\/Hohenzollern_(Schiff,_1893)\" target=\"_blank\" rel=\"noopener\"><span style=\"font-family: arial, helvetica, sans-serif; font-size: 10pt;\">Hohenzollern (Schiff, 1893)<\/span><\/a><\/td>\n<td style=\"width: 50%; text-align: left; vertical-align: top;\"><img loading=\"lazy\" decoding=\"async\" class=\"alignnone size-full wp-image-16176\" src=\"https:\/\/berliner-dampfer.de\/wp-content\/uploads\/2025\/06\/1912-09-13-Kaiserfamilie-Staatsyacht-Hohenzollern-klein.jpg\" alt=\"\" width=\"1600\" height=\"1335\" srcset=\"https:\/\/berliner-dampfer.de\/wp-content\/uploads\/2025\/06\/1912-09-13-Kaiserfamilie-Staatsyacht-Hohenzollern-klein.jpg 1600w, https:\/\/berliner-dampfer.de\/wp-content\/uploads\/2025\/06\/1912-09-13-Kaiserfamilie-Staatsyacht-Hohenzollern-klein-300x250.jpg 300w, https:\/\/berliner-dampfer.de\/wp-content\/uploads\/2025\/06\/1912-09-13-Kaiserfamilie-Staatsyacht-Hohenzollern-klein-1024x854.jpg 1024w, https:\/\/berliner-dampfer.de\/wp-content\/uploads\/2025\/06\/1912-09-13-Kaiserfamilie-Staatsyacht-Hohenzollern-klein-768x641.jpg 768w, https:\/\/berliner-dampfer.de\/wp-content\/uploads\/2025\/06\/1912-09-13-Kaiserfamilie-Staatsyacht-Hohenzollern-klein-1536x1282.jpg 1536w\" sizes=\"auto, (max-width: 1600px) 100vw, 1600px\" \/><\/td>\n<\/tr>\n<\/tbody>\n<\/table>\n<p>&nbsp;<\/td>\n<\/tr>\n<\/tbody>\n<\/table>\n<p>&nbsp;<\/p>\n<p>&nbsp;<\/p>\n<table style=\"border-collapse: collapse; width: 100%; height: 352px;\">\n<tbody>\n<tr style=\"height: 352px;\">\n<td style=\"width: 100%; background-color: #deb887; height: 352px;\">\n<p style=\"text-align: justify;\"><span style=\"font-family: arial, helvetica, sans-serif; font-size: 12pt;\">Die optisch von zwei Br\u00fcdern aus Glienicke\/Potsdam (der eine F\u00e4hrmann, der andere Gastwirt) zum Zwecke der gastwirtschaftlichen Nutzung wiederhergestellte Hulk wurde <a href=\"https:\/\/www.was-war-wann.de\/1900\/1930\/juni-1935.html\" target=\"_blank\" rel=\"noopener\">1935<\/a> von den Nationalsozialisten rechtzeitig zum Beginn der Marine-Volkswoche (11. &#8211; 16. Juni) in Kiel als Denkmal an Land aufgelegt und ihr Name &#8222;Royal Louise&#8220; wurde in &#8222;K\u00f6nigin Louise&#8220; eingedeutscht.&nbsp;<\/span><\/p>\n<p><span style=\"font-family: arial, helvetica, sans-serif; font-size: 12pt;\">Das Schiff sollte dort offiziell als <em>&#8222;Ehrenmal f\u00fcr die preu\u00dfische Marine<\/em>&#8220; dienen.<\/span><\/p>\n<p><span style=\"font-family: arial, helvetica, sans-serif; font-size: 12pt;\"><a href=\"https:\/\/berliner-dampfer.de\/wp-content\/uploads\/2025\/06\/2016-BUCH-Stoffregen-Nueller-Auf-blauen-Havelfluten-Royal-Louise-640.jpg\" target=\"_blank\" rel=\"noopener\">Stoffregen-B\u00fcller 2016<\/a>, Seite 126 und 127:<\/span><\/p>\n<blockquote>\n<p style=\"text-align: justify;\"><em><span style=\"font-family: arial, helvetica, sans-serif; font-size: 12pt;\">Damit soll f\u00fcr die Seestreitkr\u00e4fte des neuen Deutschland die Traditionslinie zu Preu\u00dfen deutlich werden, zumal 1935 auch der 70. Jahrestag der Verlegung der Marinestation Ostsee von Danzig nach Kiel zu feiern ist. [&#8230;..] Aus der britischen Freundschaftsabgabe ist ein nationalsozialistisches Propaganda-Schaust\u00fcck geworden.<\/span><\/em><\/p>\n<\/blockquote>\n<p style=\"text-align: justify;\"><span style=\"font-family: arial, helvetica, sans-serif; font-size: 12pt;\">Am 18. Juni 1935 wurde au\u00dferdem das <a href=\"https:\/\/de.wikipedia.org\/wiki\/Deutsch-britisches_Flottenabkommen\" target=\"_blank\" rel=\"noopener\">deutsch-britische<\/a> Flottenabkommen geschlossen.<\/span><\/p>\n<p><span style=\"font-family: arial, helvetica, sans-serif; font-size: 12pt;\">Fortan diente das Schiff scheinbar auch als Hintergrundmotiv von Schiffsbesatzungen der bisherigen <a href=\"https:\/\/de.wikipedia.org\/wiki\/Reichsmarine\" target=\"_blank\" rel=\"noopener\">Reichsmarine<\/a>, welche am 01. Juni 1935 in <a href=\"https:\/\/de.wikipedia.org\/wiki\/Kriegsmarine\" target=\"_blank\" rel=\"noopener\">Kriegsmarine<\/a> umbenannt wurde.<\/span><\/td>\n<\/tr>\n<\/tbody>\n<\/table>\n<p>&nbsp;<\/p>\n<p>&nbsp;<\/p>\n<table style=\"border-collapse: collapse; width: 100%;\">\n<tbody>\n<tr>\n<td style=\"width: 100%; background-color: #ffff00;\">\n<p style=\"text-align: justify;\"><span style=\"font-family: arial, helvetica, sans-serif; font-size: 12pt;\"><a href=\"https:\/\/de.wikipedia.org\/wiki\/Kiel-Wik\" target=\"_blank\" rel=\"noopener\">Kiel-Wik<\/a>, <a href=\"https:\/\/de.wikipedia.org\/wiki\/Kiellinie_(Kiel)\" target=\"_blank\" rel=\"noopener noreferrer\">Hindenburgufer<\/a>. Die Aufnahme (Originalabzug mit Verzeichnisnummer 06730, keine Reproduktion) stammt aus dem Nachlass eines Besatzungsmitglieds des <a href=\"https:\/\/de.wikipedia.org\/wiki\/SMS_Schleswig-Holstein\" target=\"_blank\" rel=\"noopener noreferrer\">Linienschiffs Schleswig-Holstein<\/a>. Ein weiteres Foto aus dem Nachlass (<a href=\"https:\/\/forst-grunewald.de\/?p=11927\" target=\"_blank\" rel=\"noopener noreferrer\">06744<\/a>) zeigt, ebenfalls in Kiel, die Gorch Fock, sowie den Leichten Kreuzer K\u00f6nigsberg und das Panzerschiff Admiral Scheer. Aufnahmejahr vermutlich jeweils <strong>1935<\/strong> oder Kieler Woche im <strong>August 1936<\/strong>.<\/span><\/p>\n<p><img loading=\"lazy\" decoding=\"async\" class=\"alignnone size-full wp-image-15750\" src=\"https:\/\/berliner-dampfer.de\/wp-content\/uploads\/2025\/05\/1935-ca-Royal-Louise-in-Kiel-aufgestellt-April-Mai-klein.jpg\" alt=\"\" width=\"1600\" height=\"1220\" srcset=\"https:\/\/berliner-dampfer.de\/wp-content\/uploads\/2025\/05\/1935-ca-Royal-Louise-in-Kiel-aufgestellt-April-Mai-klein.jpg 1600w, https:\/\/berliner-dampfer.de\/wp-content\/uploads\/2025\/05\/1935-ca-Royal-Louise-in-Kiel-aufgestellt-April-Mai-klein-300x229.jpg 300w, https:\/\/berliner-dampfer.de\/wp-content\/uploads\/2025\/05\/1935-ca-Royal-Louise-in-Kiel-aufgestellt-April-Mai-klein-1024x781.jpg 1024w, https:\/\/berliner-dampfer.de\/wp-content\/uploads\/2025\/05\/1935-ca-Royal-Louise-in-Kiel-aufgestellt-April-Mai-klein-768x586.jpg 768w, https:\/\/berliner-dampfer.de\/wp-content\/uploads\/2025\/05\/1935-ca-Royal-Louise-in-Kiel-aufgestellt-April-Mai-klein-1536x1171.jpg 1536w\" sizes=\"auto, (max-width: 1600px) 100vw, 1600px\" \/><\/td>\n<\/tr>\n<\/tbody>\n<\/table>\n<p>&nbsp;<\/p>\n<p>&nbsp;<\/p>\n<p>&nbsp;<\/p>\n<table style=\"border-collapse: collapse; width: 100%;\">\n<tbody>\n<tr>\n<td style=\"width: 100%; background-color: #ffff00;\">\n<p style=\"text-align: justify;\"><span style=\"font-family: arial, helvetica, sans-serif; font-size: 12pt;\"><strong>08. Juni 1938<\/strong>. Aus dem Nachlass eines Besatzungsmitglieds des Zerst\u00f6rers <a href=\"https:\/\/de.wikipedia.org\/wiki\/Z_15_Erich_Steinbrinck\" target=\"_blank\" rel=\"noopener\">&#8222;Erich Steinbrink&#8220;<\/a> (Originalabzug, keine Reproduktion). Die Indienststellung des Zerst\u00f6rers erfolgte am 08. Juni 1938 in Kiel, hierbei entstand das Foto seiner Besatzung vor der als Denkmal aufgelegten <strong>&#8222;Royal Louise&#8220;<\/strong>.<\/span><\/p>\n<p><img loading=\"lazy\" decoding=\"async\" class=\"alignnone size-full wp-image-15753\" src=\"https:\/\/berliner-dampfer.de\/wp-content\/uploads\/2025\/05\/1938-06-08-Zerstoererbesatzung-vor-Royal-Louise-in-Kiel-klein.jpg\" alt=\"\" width=\"1200\" height=\"785\" srcset=\"https:\/\/berliner-dampfer.de\/wp-content\/uploads\/2025\/05\/1938-06-08-Zerstoererbesatzung-vor-Royal-Louise-in-Kiel-klein.jpg 1200w, https:\/\/berliner-dampfer.de\/wp-content\/uploads\/2025\/05\/1938-06-08-Zerstoererbesatzung-vor-Royal-Louise-in-Kiel-klein-300x196.jpg 300w, https:\/\/berliner-dampfer.de\/wp-content\/uploads\/2025\/05\/1938-06-08-Zerstoererbesatzung-vor-Royal-Louise-in-Kiel-klein-1024x670.jpg 1024w, https:\/\/berliner-dampfer.de\/wp-content\/uploads\/2025\/05\/1938-06-08-Zerstoererbesatzung-vor-Royal-Louise-in-Kiel-klein-768x502.jpg 768w\" sizes=\"auto, (max-width: 1200px) 100vw, 1200px\" \/><\/td>\n<\/tr>\n<\/tbody>\n<\/table>\n<p>&nbsp;<\/p>\n<p>&nbsp;<\/p>\n<p>&nbsp;<\/p>\n<table style=\"border-collapse: collapse; width: 100%;\">\n<tbody>\n<tr>\n<td style=\"width: 100%; background-color: #ffd700;\">\n<p style=\"text-align: justify;\"><span style=\"font-family: arial, helvetica, sans-serif; font-size: 12pt;\">Auch <a href=\"https:\/\/berliner-dampfer.de\/?page_id=194\" target=\"_blank\" rel=\"noopener\">Groggert 1988<\/a> erw\u00e4hnte in seinem Hauptwerk die Royal Louise (1831) und gab es, dass es bereits das zweite Schiff mit diesem Namen war, Seite 61:<\/span><\/p>\n<p style=\"text-align: justify; padding-left: 40px;\"><em><span style=\"font-family: arial, helvetica, sans-serif; font-size: 12pt;\">Am 28. M\u00e4rz 1832 teilte die <a href=\"https:\/\/de.wikipedia.org\/wiki\/Seehandlungsgesellschaft\" target=\"_blank\" rel=\"noopener\">Seehandlung<\/a> der Zollbeh\u00f6rde in Wittenau mit, sie habe das Dampfschiff &#8222;Berlin&#8220; k\u00e4uflich \u00fcbernommen. Mit Benutzung des Dampfschiffs &#8222;Henriette&#8220; werde die Dampfschiffahrt zwischen Berlin und Hamburg fortgesetzt. Gleich im ersten Sommer des Betriebes durch die Seehandlung war die &#8222;Berlin&#8220; an einem ungew\u00f6hnlichen Spezialtransport beteiligt:&nbsp;<\/span><\/em><\/p>\n<p style=\"text-align: justify; padding-left: 40px;\"><em><span style=\"font-family: arial, helvetica, sans-serif; font-size: 12pt;\">Der englische Hof \u00fcbersandte eine 1831 von den <a href=\"https:\/\/en.wikipedia.org\/wiki\/Woolwich_Dockyard\" target=\"_blank\" rel=\"noopener\">Dockyards in Woolwich<\/a> erbaute 45 Fu\u00df lange, 12 Fu\u00df breite Segelyacht aus Mahagoni, die nach der \u00dcberf\u00fchrung mit einem englischen Dampfer am 1. Juni 1832 in Hamburg angekommen war. Begleitet wurde sie von <a href=\"https:\/\/de.wikipedia.org\/wiki\/Adolphus_FitzClarence\" target=\"_blank\" rel=\"noopener\">Lord Adolphus Fitzclarence<\/a>. Leider mu\u00dfte der Hamburger Agent der Seehandlung der Zentrale einige Tage sp\u00e4ter mitteilen, die f\u00fcr den K\u00f6nig bestimmte kleine Fregatte sei auf Ansuchen der sie begleitenden Herren des englischen Hofs durch das Dampfschiff &#8222;Berlin&#8220; ins Schlepptau genommen worden, der Wasserstand der Elbe sei aber so niedrig, da\u00df sie wahrscheinlich \u00fcber <a href=\"https:\/\/de.wikipedia.org\/wiki\/Bleckede\" target=\"_blank\" rel=\"noopener\">Bleckede<\/a> nicht hinauskommen werde. Schlie\u00dflich wurde eine Zille unter die Segelyacht gebracht, wieder abgedichtet und ausgepumpt. Sie trug dann die <strong>&#8222;Royal Louise&#8220;<\/strong> &#8211; <strong>\u00fcbrigens schon die zweite Yacht dieses Namens<\/strong> &#8211; bis zur Pfaueninsel. Erst nach Kriegsende 1945 ist der Mahagonirumpf in Kiel zerst\u00f6rt worden.<\/span><\/em><\/p>\n<\/td>\n<\/tr>\n<\/tbody>\n<\/table>\n<p>&nbsp;<\/p>\n<p>&nbsp;<\/p>\n<table style=\"border-collapse: collapse; width: 100%;\">\n<tbody>\n<tr>\n<td style=\"width: 100%; background-color: #ffff00;\">\n<p style=\"text-align: justify;\"><span style=\"font-family: arial, helvetica, sans-serif; font-size: 12pt;\">Die nachfolgenden Informationen hat mir freundlicherweise <strong>Herr Lothar Vo\u00df<\/strong>, Schiffsf\u00fchrer der Royal Louise am <strong>20.11.2006<\/strong> \u00fcbermittelt:<\/span><\/p>\n<blockquote>\n<p style=\"text-align: justify;\"><span style=\"font-family: arial, helvetica, sans-serif; font-size: 12pt;\"><strong>Die Fregatte Royal Louise<\/strong><\/span><\/p>\n<p style=\"text-align: justify;\"><span style=\"font-family: arial, helvetica, sans-serif; font-size: 12pt;\">Auf der Havel ist manchmal ein Dreimast-Rahsegelschiff mit Kanonen zu sehen.<\/span><\/p>\n<p style=\"text-align: justify;\"><span style=\"font-family: arial, helvetica, sans-serif; font-size: 12pt;\">Es ist die Royal Louise, ein vorbildgetreuer Nachbau eines Schiffes, dass von 1832 bis 1914 auf der Havel und dem Jungfernsee segelte. Als Geschenk des britischen K\u00f6nigs <a href=\"https:\/\/de.wikipedia.org\/wiki\/Wilhelm_IV._(Vereinigtes_K%C3%B6nigreich)\" target=\"_blank\" rel=\"noopener noreferrer\">William IV.<\/a>, kam die Yacht, mit dem \u00e4u\u00dferen Erscheinungsbild einer Fregatte, nach Preu\u00dfen. Die Royal Louise diente K\u00f6nig <a href=\"https:\/\/de.wikipedia.org\/wiki\/Friedrich_Wilhelm_III._(Preu%C3%9Fen)\" target=\"_blank\" rel=\"noopener noreferrer\">Friedrich Wilhelm III.<\/a> (1770-1840). und den nachfolgenden K\u00f6nigen und Kaisern zu \u201eLustfahrten\u201c.<\/span><\/p>\n<p style=\"text-align: justify;\"><span style=\"font-family: arial, helvetica, sans-serif; font-size: 12pt;\">Der Liegeplatz der Royal Louise und der anderen k\u00f6niglichen Wasserfahrzeuge, war ab 1841 die \u201eMatrosenstation\u201c am Jungfernsee nahe der Glienicker Br\u00fccke. <a href=\"https:\/\/de.wikipedia.org\/wiki\/Wilhelm_II._(Deutsches_Reich)\" target=\"_blank\" rel=\"noopener noreferrer\">Kaiser Wilhelm II.<\/a> [1859-1941 und von 1888-1918 letzter Deutscher Kaser und K\u00f6nig von Preu\u00dfen] lie\u00df ab 1895 neue Geb\u00e4ude im norwegischen Blockhausstil errichten, und die Station hie\u00df nun \u201e<a href=\"https:\/\/de.wikipedia.org\/wiki\/Matrosenstation_Kongsn%C3%A6s\" target=\"_blank\" rel=\"noopener noreferrer\">Kongsn\u00e6s<\/a>\u201c. Ab 1935 lag das Schiff als Denkmal in Kiel an Land. Im Rahmen der&nbsp; Entmilitarisierung und der Aufr\u00e4umung der schwer zerst\u00f6rten Stadt wurde die&nbsp; Royal Louise [1947] abgewrackt.<\/span><\/p>\n<p style=\"text-align: justify;\"><span style=\"font-family: arial, helvetica, sans-serif; font-size: 12pt;\">1996-1998 entstand im Rahmen einer arbeitsmarktpolitischen Ma\u00dfnahme der vorbildgetreue Nachbau in Berlin-K\u00f6penick. Schiffseigner ist seit 2004 der Yacht- und Schifffahrtsverein zu Potsdam e.V. Der gemeinn\u00fctzige Verein unterh\u00e4lt das Schiff durch ehrenamtliche Arbeit, setzt es als Wahrzeichen, Schulschiff und zur F\u00f6rderung des Segelsports ein. F\u00fcr besondere Anl\u00e4sse steht die Royal Louise ebenfalls zur Verf\u00fcgung. Segelfreunde, F\u00f6rderer, Mitglieder und G\u00e4ste sind an Bord herzlich willkommen.<\/span><\/p>\n<p style=\"text-align: justify;\"><span style=\"font-family: arial, helvetica, sans-serif; font-size: 12pt;\">Kontakt: <\/span><a href=\"http:\/\/www.royal-louise.de\/\" target=\"_blank\" rel=\"noopener noreferrer\"><span style=\"font-family: arial, helvetica, sans-serif; font-size: 12pt;\">www.royal-louise.de<\/span><\/a><\/p>\n<\/blockquote>\n<\/td>\n<\/tr>\n<\/tbody>\n<\/table>\n<p>&nbsp;<\/p>\n<p>&nbsp;<\/p>\n<table style=\"border-collapse: collapse; width: 100%;\">\n<tbody>\n<tr>\n<td style=\"width: 100%; background-color: #ffff00;\"><strong><span style=\"font-family: arial, helvetica, sans-serif; font-size: 12pt;\">1993<\/span><\/strong><\/p>\n<p style=\"text-align: justify;\"><span style=\"font-family: arial, helvetica, sans-serif; font-size: 12pt;\">Hier noch eine nette Kuriosit\u00e4t, die &#8222;Royal Louise&#8220; auf einer Telefonkarte mit dem Werbetext:<\/span><\/p>\n<blockquote>\n<p style=\"text-align: justify;\"><span style=\"font-family: arial, helvetica, sans-serif; font-size: 12pt;\">&#8222;Telefonkarten sind nach Expertenmeinung das Sammelgebiet der Zukunft ! Viele Telefonkarten sind bereits heute im Wert um 1000 Prozent gestiegen ! Auch diese Karte k\u00f6nnte morgen schon unbezahlbar sein.&#8220;<\/span><\/p>\n<\/blockquote>\n<p style=\"text-align: justify;\"><span style=\"font-family: arial, helvetica, sans-serif; font-size: 12pt;\">Heute &#8211; 2025 &#8211; muss man wohl fragen: &#8222;Was ist eine <a href=\"https:\/\/de.wikipedia.org\/wiki\/Telefonkarte_(Deutschland)\" target=\"_blank\" rel=\"noopener\">Telefonkarte<\/a>?&#8220; \u00dcber die Thematik &#8222;1000 Jahre Potsdam 993 &#8211; 1993&#8220; gab es wohl einen umfangreichen Motivsatz an Karten.&nbsp;<\/span><\/p>\n<p><img loading=\"lazy\" decoding=\"async\" class=\"alignnone size-full wp-image-17793\" src=\"https:\/\/berliner-dampfer.de\/wp-content\/uploads\/2025\/11\/1993-Telefonkarte-ROYAL-LUISE-klein-horizontal.jpg\" alt=\"\" width=\"1200\" height=\"382\" srcset=\"https:\/\/berliner-dampfer.de\/wp-content\/uploads\/2025\/11\/1993-Telefonkarte-ROYAL-LUISE-klein-horizontal.jpg 1200w, https:\/\/berliner-dampfer.de\/wp-content\/uploads\/2025\/11\/1993-Telefonkarte-ROYAL-LUISE-klein-horizontal-300x96.jpg 300w, https:\/\/berliner-dampfer.de\/wp-content\/uploads\/2025\/11\/1993-Telefonkarte-ROYAL-LUISE-klein-horizontal-1024x326.jpg 1024w, https:\/\/berliner-dampfer.de\/wp-content\/uploads\/2025\/11\/1993-Telefonkarte-ROYAL-LUISE-klein-horizontal-768x244.jpg 768w\" sizes=\"auto, (max-width: 1200px) 100vw, 1200px\" \/><\/td>\n<\/tr>\n<\/tbody>\n<\/table>\n<p>&nbsp;<\/p>\n<p>&nbsp;<\/p>\n<p>&nbsp;<\/p>\n<p>&nbsp;<\/p>\n<p>&nbsp;<\/p>\n<p>&nbsp;<\/p>\n<p><span style=\"text-decoration: underline;\"><span style=\"font-family: arial, helvetica, sans-serif; font-size: 12pt;\">Zuletzt bearbeitet 30.03.2026<\/span><\/span><\/p>\n","protected":false},"excerpt":{"rendered":"<p>1831 &#8211; 1947 Royal Louise \u2190 1814 Royal Louise (Segelyacht mit 3 Masten) \u2192 1998 Royal Louise (Nachbau) Wikipedia: Royal Louise (1831-1947 und seit 1998)&hellip;<\/p>\n","protected":false},"author":1,"featured_media":0,"parent":0,"menu_order":0,"comment_status":"closed","ping_status":"closed","template":"","meta":{"ngg_post_thumbnail":0,"iawp_total_views":24,"footnotes":""},"class_list":["post-15326","page","type-page","status-publish","hentry"],"_links":{"self":[{"href":"https:\/\/berliner-dampfer.de\/index.php?rest_route=\/wp\/v2\/pages\/15326","targetHints":{"allow":["GET"]}}],"collection":[{"href":"https:\/\/berliner-dampfer.de\/index.php?rest_route=\/wp\/v2\/pages"}],"about":[{"href":"https:\/\/berliner-dampfer.de\/index.php?rest_route=\/wp\/v2\/types\/page"}],"author":[{"embeddable":true,"href":"https:\/\/berliner-dampfer.de\/index.php?rest_route=\/wp\/v2\/users\/1"}],"replies":[{"embeddable":true,"href":"https:\/\/berliner-dampfer.de\/index.php?rest_route=%2Fwp%2Fv2%2Fcomments&post=15326"}],"version-history":[{"count":312,"href":"https:\/\/berliner-dampfer.de\/index.php?rest_route=\/wp\/v2\/pages\/15326\/revisions"}],"predecessor-version":[{"id":18351,"href":"https:\/\/berliner-dampfer.de\/index.php?rest_route=\/wp\/v2\/pages\/15326\/revisions\/18351"}],"wp:attachment":[{"href":"https:\/\/berliner-dampfer.de\/index.php?rest_route=%2Fwp%2Fv2%2Fmedia&parent=15326"}],"curies":[{"name":"wp","href":"https:\/\/api.w.org\/{rel}","templated":true}]}}