{"id":2240,"date":"2024-05-18T12:40:41","date_gmt":"2024-05-18T10:40:41","guid":{"rendered":"https:\/\/berliner-dampfer.de\/?page_id=2240"},"modified":"2026-04-26T19:09:04","modified_gmt":"2026-04-26T17:09:04","slug":"deutschland-1943","status":"publish","type":"page","link":"https:\/\/berliner-dampfer.de\/?page_id=2240","title":{"rendered":"Deutschland (1942)"},"content":{"rendered":"<table style=\"border-collapse: collapse; width: 100%;\">\n<tbody>\n<tr>\n<td style=\"width: 100%; background-color: #ffff00; text-align: left; vertical-align: top;\">\n<p style=\"text-align: justify;\"><span style=\"font-family: arial, helvetica, sans-serif; font-size: 12pt;\"><a href=\"https:\/\/berliner-dampfer.de\/wp-content\/uploads\/2024\/05\/2007-05-17-CIMG3702-Deutschland-klein.jpg\" target=\"_blank\" rel=\"noopener\"><img loading=\"lazy\" decoding=\"async\" class=\"alignright wp-image-2249\" src=\"https:\/\/berliner-dampfer.de\/wp-content\/uploads\/2024\/05\/2007-05-17-CIMG3702-Deutschland-klein.jpg\" alt=\"\" width=\"150\" height=\"200\" srcset=\"https:\/\/berliner-dampfer.de\/wp-content\/uploads\/2024\/05\/2007-05-17-CIMG3702-Deutschland-klein.jpg 700w, https:\/\/berliner-dampfer.de\/wp-content\/uploads\/2024\/05\/2007-05-17-CIMG3702-Deutschland-klein-225x300.jpg 225w\" sizes=\"auto, (max-width: 150px) 100vw, 150px\" \/><\/a><span style=\"font-size: 10pt;\">1942 &#8211; 2022<\/span> <strong>Deutschland<\/strong><\/span><\/p>\n<p style=\"text-align: justify;\"><span style=\"font-family: arial, helvetica, sans-serif; font-size: 12pt;\">Die \u201cDeutschland\u201d war ein sch\u00f6nes Schiff mit klaren Linien und einem kr\u00e4ftigen Bug. Ich kenne Sie auch aus meiner Kindheit, sie befuhr wohl immer die Linie Tegel &#8211; Wannsee \/ Glienicker Br\u00fccke.<\/span><\/p>\n<p style=\"text-align: justify;\"><span style=\"font-family: arial, helvetica, sans-serif; font-size: 12pt;\">Das Schiff lag lange Zeit abgestellt im Nordhafen und wurde leider <strong>2022<\/strong> von zwei Kr\u00e4nen aus dem Wasser gehoben, zerlegt und <strong>verschrottet<\/strong><\/span>.<\/p>\n<p style=\"text-align: justify;\">&nbsp;<\/p>\n<\/td>\n<\/tr>\n<\/tbody>\n<\/table>\n<p>&nbsp;<\/p>\n<table style=\"border-collapse: collapse; width: 100%;\">\n<tbody>\n<tr>\n<td style=\"width: 100%; background-color: #ffd700;\">\n<p style=\"text-align: justify;\"><span style=\"font-family: arial, helvetica, sans-serif; font-size: 12pt;\"><a href=\"https:\/\/berliner-dampfer.de\/?page_id=194\" target=\"_blank\" rel=\"noopener\">Groggert 1988<\/a>, Seite 248:<\/span><br \/>\n<span style=\"font-family: arial, helvetica, sans-serif; font-size: 12pt;\">\u201cKriegsjahre\u201d:<\/span><br \/>\n<span style=\"font-family: arial, helvetica, sans-serif; font-size: 12pt;\">\u201cDie Motorschiffe \u201cWillkommen\u201d (Reederei Paul Tempelhof), \u201cSchlesien\u201d (Reederei David), \u201cDeutschland\u201d (Reederei Gebr. Winkler) kamen zur <a href=\"https:\/\/de.wikipedia.org\/wiki\/Transportkorps_Speer\" target=\"_blank\" rel=\"noopener\">Transportflotte Speer<\/a>. \u201cSchlesien\u201d und \u201cDeutschland\u201d sind beim R\u00fcckzug von deutschen Truppen auf dem Dnjepr gesprengt worden, \u201cWillkommen\u201d blieb verschwunden.<\/span><\/p>\n<p style=\"text-align: justify;\"><span style=\"font-family: arial, helvetica, sans-serif; font-size: 12pt;\"><strong>Die Schiffswerft Gebr. Winkler erhielt die Genehmigung, als Ersatz f\u00fcr das verlorene Schiff im Winter 1941\/42 einen Schlepper f\u00fcr den Einsatz auf Oder und Warthe zu bauen<\/strong>, der, da kein Dieselmotor zu beschaffen war, die ausgebaute 270-PS-Dreifach-Expansions Dampfmaschine des 1925 von Gebr. Wiemann gebauten Schleppers \u201cOskar Wanckel III\u201d erhielt. <strong>Aus diesem Schiff, das nie als Schlepper zum Einsatz gekommen ist und nach dem Kriege im Westhafen lag, wurde sp\u00e4ter der Personendampfer \u201cDeutschland\u201d.<\/strong><\/span><\/p>\n<p style=\"text-align: justify;\"><span style=\"font-family: arial, helvetica, sans-serif; font-size: 12pt;\">Groggert 1988, Seite 276:<\/span><br \/>\n<span style=\"font-family: arial, helvetica, sans-serif; font-size: 12pt;\">\u201cSchon die Inbetriebnahme der \u201cMerkur\u201d hatte bei den eingesessenen Unternehmen Widerst\u00e4nde hervorgerufen, die noch anhielten, als die Reederei Gebr. Winkler im Fr\u00fchjahr 1953 mit ihrem Dampfer \u201cDeutschland\u201d nach Berlin (West) \u00fcbersiedelte, so da\u00df der Senator f\u00fcr Verkehr und Betriebe intervenieren mu\u00dfte. Die \u201cDeutschland\u201d fuhr von Pfingsten 1953 an von der Lessingbr\u00fccke in Moabit nach Tegel. Der Dampfer, der urspr\u00fcnglich dazu bestimmt war, auf Oder und Warthe zu schleppen, kam w\u00e4hrend des Krieges nicht mehr in Fahrt und lag nach 1945 als Wohnschiff im Westhafen. Von hier mu\u00dfte er auf Anordnung ostzonaler Beh\u00f6rden in den Ostsektor gebracht werden. Nach dem Umbau in Kalkberge fuhr das Schiff 1950 zum ersten Mal als Personendampfer von der Jannowitzbr\u00fccke nach Zielen an der Oberspree und der Dahme. Von 1953 bis 1957 war die \u201cDeutschland\u201d bei einer L\u00e4nge von 37,54 m, einer Breite von 6,68 m und einem Fassungsverm\u00f6gen von 500 Personen gr\u00f6\u00dftes Fahrgastschiff in den Westsektoren.<\/span><\/p>\n<p style=\"text-align: justify;\"><span style=\"font-family: arial, helvetica, sans-serif; font-size: 12pt;\">Groggert 1988, Seite 294:<\/span><br \/>\n<span style=\"font-family: arial, helvetica, sans-serif; font-size: 12pt;\">\u201cDie \u201cDeutschland\u201d der Reederei Winkler ist 1962 auf Dieselantrieb umgestellt worden.<\/span><\/p>\n<\/td>\n<\/tr>\n<\/tbody>\n<\/table>\n<p>&nbsp;<\/p>\n<p>&nbsp;<\/p>\n<p>&nbsp;<\/p>\n<p>&nbsp;<\/p>\n<table style=\"border-collapse: collapse; width: 100%;\">\n<tbody>\n<tr>\n<td style=\"width: 100%; background-color: #ffff00; text-align: justify;\"><span style=\"font-family: arial, helvetica, sans-serif; font-size: 12pt;\">AK, Aufnahmejahr unbekannt, die Deutschland an der Dampferstation bei der <a href=\"https:\/\/de.wikipedia.org\/wiki\/Pfaueninsel\" target=\"_blank\" rel=\"noopener\">Pfaueninsel<\/a>.<br \/>\nPostalisch gelaufen 02.09.1957 und m<\/span><span style=\"font-family: arial, helvetica, sans-serif; font-size: 12pt;\">it Werbestempel &#8222;Olympiade der Kameradschaft Weltfrontk\u00e4mpferkongress 24.10. &#8211; 01.11.1957 in Berlin&#8220;. &#8211; <a href=\"https:\/\/de.m.wikipedia.org\/wiki\/Datei:DBPB_1957_177_Welt-Frontk\u00e4mpfer-Kongre\u00df.jpg\" target=\"_blank\" rel=\"noopener\">1957 (Michelnummer 177<\/a>) gab es von der Deutschen Bundespost Berlin auch eine 20 Pfennig-Briefmarke: &#8222;Welt-Frontk\u00e4mpfer-Kongre\u00df Berlin 1957&#8220; mit dem Emblem des Internationalen Welt-Frontk\u00e4mpfer-Verbandes (<a href=\"https:\/\/www.google.com\/search?q=Welt-Frontk%C3%A4mpfer-Verband&amp;client=firefox-b-d&amp;sca_esv=3837dfeb0f430c76&amp;biw=1536&amp;bih=675&amp;sxsrf=ADLYWIIgow2hjfjzsusNUwUMlTG9CVHXkQ%3A1732962474028&amp;ei=quhKZ5erAZjV7M8PiPuqiAw&amp;ved=0ahUKEwiXqLGl7IOKAxWYKvsDHYi9CsE4PBDh1QMIDw&amp;oq=Welt-Frontk%C3%A4mpfer-Verband&amp;gs_lp=Egxnd3Mtd2l6LXNlcnAiGldlbHQtRnJvbnRrw6RtcGZlci1WZXJiYW5kSABQAFgAcAB4AZABAJgBAKABAKoBALgBDMgBAJgCAKACAJgDAJIHAKAHAA&amp;sclient=gws-wiz-serp\" target=\"_blank\" rel=\"noopener\">?<\/a>).<br \/>\n<\/span><\/p>\n<dl><\/dl>\n<p><img loading=\"lazy\" decoding=\"async\" class=\"alignnone size-full wp-image-8909\" src=\"https:\/\/berliner-dampfer.de\/wp-content\/uploads\/2024\/11\/1957-09-02-Pfaueninsel-Dampfer-Deutschland-klein-1200.jpg\" alt=\"\" width=\"1200\" height=\"1138\" srcset=\"https:\/\/berliner-dampfer.de\/wp-content\/uploads\/2024\/11\/1957-09-02-Pfaueninsel-Dampfer-Deutschland-klein-1200.jpg 1200w, https:\/\/berliner-dampfer.de\/wp-content\/uploads\/2024\/11\/1957-09-02-Pfaueninsel-Dampfer-Deutschland-klein-1200-300x285.jpg 300w, https:\/\/berliner-dampfer.de\/wp-content\/uploads\/2024\/11\/1957-09-02-Pfaueninsel-Dampfer-Deutschland-klein-1200-1024x971.jpg 1024w, https:\/\/berliner-dampfer.de\/wp-content\/uploads\/2024\/11\/1957-09-02-Pfaueninsel-Dampfer-Deutschland-klein-1200-768x728.jpg 768w\" sizes=\"auto, (max-width: 1200px) 100vw, 1200px\" \/><\/td>\n<\/tr>\n<\/tbody>\n<\/table>\n<p>&nbsp;<\/p>\n<p>&nbsp;<\/p>\n<p>&nbsp;<\/p>\n<p><img loading=\"lazy\" decoding=\"async\" class=\"alignnone size-full wp-image-18447\" src=\"https:\/\/berliner-dampfer.de\/wp-content\/uploads\/2026\/04\/1963-ca-einen-Gruss-vom-Salondampfer-DEUTSCHLAND-klein.jpg\" alt=\"\" width=\"1200\" height=\"808\" srcset=\"https:\/\/berliner-dampfer.de\/wp-content\/uploads\/2026\/04\/1963-ca-einen-Gruss-vom-Salondampfer-DEUTSCHLAND-klein.jpg 1200w, https:\/\/berliner-dampfer.de\/wp-content\/uploads\/2026\/04\/1963-ca-einen-Gruss-vom-Salondampfer-DEUTSCHLAND-klein-300x202.jpg 300w, https:\/\/berliner-dampfer.de\/wp-content\/uploads\/2026\/04\/1963-ca-einen-Gruss-vom-Salondampfer-DEUTSCHLAND-klein-1024x689.jpg 1024w, https:\/\/berliner-dampfer.de\/wp-content\/uploads\/2026\/04\/1963-ca-einen-Gruss-vom-Salondampfer-DEUTSCHLAND-klein-768x517.jpg 768w\" sizes=\"auto, (max-width: 1200px) 100vw, 1200px\" \/><\/p>\n<p>&nbsp;<\/p>\n<p>&nbsp;<\/p>\n<p>&nbsp;<\/p>\n<p><img loading=\"lazy\" decoding=\"async\" class=\"alignnone size-full wp-image-8906\" src=\"https:\/\/berliner-dampfer.de\/wp-content\/uploads\/2024\/11\/1958-ca-1959-06-07-Moorlake-Dampfer-Deutschland-klein.jpg\" alt=\"\" width=\"1200\" height=\"997\" srcset=\"https:\/\/berliner-dampfer.de\/wp-content\/uploads\/2024\/11\/1958-ca-1959-06-07-Moorlake-Dampfer-Deutschland-klein.jpg 1200w, https:\/\/berliner-dampfer.de\/wp-content\/uploads\/2024\/11\/1958-ca-1959-06-07-Moorlake-Dampfer-Deutschland-klein-300x249.jpg 300w, https:\/\/berliner-dampfer.de\/wp-content\/uploads\/2024\/11\/1958-ca-1959-06-07-Moorlake-Dampfer-Deutschland-klein-1024x851.jpg 1024w, https:\/\/berliner-dampfer.de\/wp-content\/uploads\/2024\/11\/1958-ca-1959-06-07-Moorlake-Dampfer-Deutschland-klein-768x638.jpg 768w\" sizes=\"auto, (max-width: 1200px) 100vw, 1200px\" \/><\/p>\n<p>&nbsp;<\/p>\n<p>&nbsp;<\/p>\n<p>&nbsp;<\/p>\n<p><img loading=\"lazy\" decoding=\"async\" class=\"size-full wp-image-2289 alignnone\" src=\"https:\/\/berliner-dampfer.de\/wp-content\/uploads\/2024\/05\/1958-ca.-Deutschland-klein.jpg\" alt=\"\" width=\"1200\" height=\"730\" srcset=\"https:\/\/berliner-dampfer.de\/wp-content\/uploads\/2024\/05\/1958-ca.-Deutschland-klein.jpg 1200w, https:\/\/berliner-dampfer.de\/wp-content\/uploads\/2024\/05\/1958-ca.-Deutschland-klein-300x183.jpg 300w, https:\/\/berliner-dampfer.de\/wp-content\/uploads\/2024\/05\/1958-ca.-Deutschland-klein-1024x623.jpg 1024w, https:\/\/berliner-dampfer.de\/wp-content\/uploads\/2024\/05\/1958-ca.-Deutschland-klein-768x467.jpg 768w\" sizes=\"auto, (max-width: 1200px) 100vw, 1200px\" \/><\/p>\n<p>&nbsp;<\/p>\n<p>&nbsp;<\/p>\n<p>&nbsp;<\/p>\n<p><img loading=\"lazy\" decoding=\"async\" class=\"size-full wp-image-2290 alignnone\" src=\"https:\/\/berliner-dampfer.de\/wp-content\/uploads\/2024\/05\/1959-07-29-Deutschland-klein.jpg\" alt=\"\" width=\"1200\" height=\"833\" srcset=\"https:\/\/berliner-dampfer.de\/wp-content\/uploads\/2024\/05\/1959-07-29-Deutschland-klein.jpg 1200w, https:\/\/berliner-dampfer.de\/wp-content\/uploads\/2024\/05\/1959-07-29-Deutschland-klein-300x208.jpg 300w, https:\/\/berliner-dampfer.de\/wp-content\/uploads\/2024\/05\/1959-07-29-Deutschland-klein-1024x711.jpg 1024w, https:\/\/berliner-dampfer.de\/wp-content\/uploads\/2024\/05\/1959-07-29-Deutschland-klein-768x533.jpg 768w\" sizes=\"auto, (max-width: 1200px) 100vw, 1200px\" \/><\/p>\n<p>&nbsp;<\/p>\n<p>&nbsp;<\/p>\n<p>&nbsp;<\/p>\n<p><img loading=\"lazy\" decoding=\"async\" class=\"size-full wp-image-2291 alignnone\" src=\"https:\/\/berliner-dampfer.de\/wp-content\/uploads\/2024\/05\/1963-ca-Deutschland-klein.jpg\" alt=\"\" width=\"1200\" height=\"675\" srcset=\"https:\/\/berliner-dampfer.de\/wp-content\/uploads\/2024\/05\/1963-ca-Deutschland-klein.jpg 1200w, https:\/\/berliner-dampfer.de\/wp-content\/uploads\/2024\/05\/1963-ca-Deutschland-klein-300x169.jpg 300w, https:\/\/berliner-dampfer.de\/wp-content\/uploads\/2024\/05\/1963-ca-Deutschland-klein-1024x576.jpg 1024w, https:\/\/berliner-dampfer.de\/wp-content\/uploads\/2024\/05\/1963-ca-Deutschland-klein-768x432.jpg 768w\" sizes=\"auto, (max-width: 1200px) 100vw, 1200px\" \/><\/p>\n<p>&nbsp;<\/p>\n<p>&nbsp;<\/p>\n<p>&nbsp;<\/p>\n<p><img loading=\"lazy\" decoding=\"async\" class=\"size-full wp-image-2292 alignnone\" src=\"https:\/\/berliner-dampfer.de\/wp-content\/uploads\/2024\/05\/1964-ca-Deutschland-Motorschiff-klein.jpg\" alt=\"\" width=\"1200\" height=\"675\" srcset=\"https:\/\/berliner-dampfer.de\/wp-content\/uploads\/2024\/05\/1964-ca-Deutschland-Motorschiff-klein.jpg 1200w, https:\/\/berliner-dampfer.de\/wp-content\/uploads\/2024\/05\/1964-ca-Deutschland-Motorschiff-klein-300x169.jpg 300w, https:\/\/berliner-dampfer.de\/wp-content\/uploads\/2024\/05\/1964-ca-Deutschland-Motorschiff-klein-1024x576.jpg 1024w, https:\/\/berliner-dampfer.de\/wp-content\/uploads\/2024\/05\/1964-ca-Deutschland-Motorschiff-klein-768x432.jpg 768w\" sizes=\"auto, (max-width: 1200px) 100vw, 1200px\" \/><\/p>\n<p>&nbsp;<\/p>\n<p>&nbsp;<\/p>\n<p>&nbsp;<\/p>\n<p><img loading=\"lazy\" decoding=\"async\" class=\"size-full wp-image-2293 alignnone\" src=\"https:\/\/berliner-dampfer.de\/wp-content\/uploads\/2024\/05\/1965-ca-Deutschland-und-Danzig-Spdau-klein.jpg\" alt=\"\" width=\"1200\" height=\"789\" srcset=\"https:\/\/berliner-dampfer.de\/wp-content\/uploads\/2024\/05\/1965-ca-Deutschland-und-Danzig-Spdau-klein.jpg 1200w, https:\/\/berliner-dampfer.de\/wp-content\/uploads\/2024\/05\/1965-ca-Deutschland-und-Danzig-Spdau-klein-300x197.jpg 300w, https:\/\/berliner-dampfer.de\/wp-content\/uploads\/2024\/05\/1965-ca-Deutschland-und-Danzig-Spdau-klein-1024x673.jpg 1024w, https:\/\/berliner-dampfer.de\/wp-content\/uploads\/2024\/05\/1965-ca-Deutschland-und-Danzig-Spdau-klein-768x505.jpg 768w\" sizes=\"auto, (max-width: 1200px) 100vw, 1200px\" \/><\/p>\n<p>&nbsp;<\/p>\n<p>&nbsp;<\/p>\n<p>&nbsp;<\/p>\n<p><img loading=\"lazy\" decoding=\"async\" class=\"size-full wp-image-2294 alignnone\" src=\"https:\/\/berliner-dampfer.de\/wp-content\/uploads\/2024\/05\/1966-09-21-Deutschland-Poseidon-Vaterland-klein.jpg\" alt=\"\" width=\"1200\" height=\"1106\" srcset=\"https:\/\/berliner-dampfer.de\/wp-content\/uploads\/2024\/05\/1966-09-21-Deutschland-Poseidon-Vaterland-klein.jpg 1200w, https:\/\/berliner-dampfer.de\/wp-content\/uploads\/2024\/05\/1966-09-21-Deutschland-Poseidon-Vaterland-klein-300x277.jpg 300w, https:\/\/berliner-dampfer.de\/wp-content\/uploads\/2024\/05\/1966-09-21-Deutschland-Poseidon-Vaterland-klein-1024x944.jpg 1024w, https:\/\/berliner-dampfer.de\/wp-content\/uploads\/2024\/05\/1966-09-21-Deutschland-Poseidon-Vaterland-klein-768x708.jpg 768w\" sizes=\"auto, (max-width: 1200px) 100vw, 1200px\" \/><\/p>\n<p>&nbsp;<\/p>\n<p>&nbsp;<\/p>\n<p>&nbsp;<\/p>\n<p><img loading=\"lazy\" decoding=\"async\" class=\"size-full wp-image-2295 alignnone\" src=\"https:\/\/berliner-dampfer.de\/wp-content\/uploads\/2024\/05\/1967-ca-MS-Deutschland-in-Tegel-klein.jpg\" alt=\"\" width=\"1200\" height=\"599\" srcset=\"https:\/\/berliner-dampfer.de\/wp-content\/uploads\/2024\/05\/1967-ca-MS-Deutschland-in-Tegel-klein.jpg 1200w, https:\/\/berliner-dampfer.de\/wp-content\/uploads\/2024\/05\/1967-ca-MS-Deutschland-in-Tegel-klein-300x150.jpg 300w, https:\/\/berliner-dampfer.de\/wp-content\/uploads\/2024\/05\/1967-ca-MS-Deutschland-in-Tegel-klein-1024x511.jpg 1024w, https:\/\/berliner-dampfer.de\/wp-content\/uploads\/2024\/05\/1967-ca-MS-Deutschland-in-Tegel-klein-768x383.jpg 768w\" sizes=\"auto, (max-width: 1200px) 100vw, 1200px\" \/><\/p>\n<p>&nbsp;<\/p>\n<p>&nbsp;<\/p>\n<p>&nbsp;<\/p>\n<p><img loading=\"lazy\" decoding=\"async\" class=\"size-full wp-image-2296 alignnone\" src=\"https:\/\/berliner-dampfer.de\/wp-content\/uploads\/2024\/05\/1969-ca-Deutschland-klein.jpg\" alt=\"\" width=\"1200\" height=\"830\" srcset=\"https:\/\/berliner-dampfer.de\/wp-content\/uploads\/2024\/05\/1969-ca-Deutschland-klein.jpg 1200w, https:\/\/berliner-dampfer.de\/wp-content\/uploads\/2024\/05\/1969-ca-Deutschland-klein-300x208.jpg 300w, https:\/\/berliner-dampfer.de\/wp-content\/uploads\/2024\/05\/1969-ca-Deutschland-klein-1024x708.jpg 1024w, https:\/\/berliner-dampfer.de\/wp-content\/uploads\/2024\/05\/1969-ca-Deutschland-klein-768x531.jpg 768w\" sizes=\"auto, (max-width: 1200px) 100vw, 1200px\" \/><\/p>\n<p>&nbsp;<\/p>\n<p>&nbsp;<\/p>\n<p>&nbsp;<\/p>\n<p><img loading=\"lazy\" decoding=\"async\" class=\"alignnone size-full wp-image-6380\" src=\"https:\/\/berliner-dampfer.de\/wp-content\/uploads\/2024\/10\/1979-06-08-Deutschland-Kreuz-As-Schleuse-Spandau-klein-a-1.jpg\" alt=\"\" width=\"1200\" height=\"955\" srcset=\"https:\/\/berliner-dampfer.de\/wp-content\/uploads\/2024\/10\/1979-06-08-Deutschland-Kreuz-As-Schleuse-Spandau-klein-a-1.jpg 1200w, https:\/\/berliner-dampfer.de\/wp-content\/uploads\/2024\/10\/1979-06-08-Deutschland-Kreuz-As-Schleuse-Spandau-klein-a-1-300x239.jpg 300w, https:\/\/berliner-dampfer.de\/wp-content\/uploads\/2024\/10\/1979-06-08-Deutschland-Kreuz-As-Schleuse-Spandau-klein-a-1-1024x815.jpg 1024w, https:\/\/berliner-dampfer.de\/wp-content\/uploads\/2024\/10\/1979-06-08-Deutschland-Kreuz-As-Schleuse-Spandau-klein-a-1-768x611.jpg 768w\" sizes=\"auto, (max-width: 1200px) 100vw, 1200px\" \/><\/p>\n<p>&nbsp;<\/p>\n<p>&nbsp;<\/p>\n<p>&nbsp;<\/p>\n<p><img loading=\"lazy\" decoding=\"async\" class=\"size-full wp-image-2298 alignnone\" src=\"https:\/\/berliner-dampfer.de\/wp-content\/uploads\/2024\/05\/2005-04-06-Deutschland2-Roskowetz-klein.jpg\" alt=\"\" width=\"1200\" height=\"675\" srcset=\"https:\/\/berliner-dampfer.de\/wp-content\/uploads\/2024\/05\/2005-04-06-Deutschland2-Roskowetz-klein.jpg 1200w, https:\/\/berliner-dampfer.de\/wp-content\/uploads\/2024\/05\/2005-04-06-Deutschland2-Roskowetz-klein-300x169.jpg 300w, https:\/\/berliner-dampfer.de\/wp-content\/uploads\/2024\/05\/2005-04-06-Deutschland2-Roskowetz-klein-1024x576.jpg 1024w, https:\/\/berliner-dampfer.de\/wp-content\/uploads\/2024\/05\/2005-04-06-Deutschland2-Roskowetz-klein-768x432.jpg 768w\" sizes=\"auto, (max-width: 1200px) 100vw, 1200px\" \/><\/p>\n<p>&nbsp;<\/p>\n<p>&nbsp;<\/p>\n<p>&nbsp;<\/p>\n<p><img loading=\"lazy\" decoding=\"async\" class=\"size-full wp-image-2299 alignnone\" src=\"https:\/\/berliner-dampfer.de\/wp-content\/uploads\/2024\/05\/2007-03-11-CIMG3013-a-klein.jpg\" alt=\"\" width=\"1200\" height=\"675\" srcset=\"https:\/\/berliner-dampfer.de\/wp-content\/uploads\/2024\/05\/2007-03-11-CIMG3013-a-klein.jpg 1200w, https:\/\/berliner-dampfer.de\/wp-content\/uploads\/2024\/05\/2007-03-11-CIMG3013-a-klein-300x169.jpg 300w, https:\/\/berliner-dampfer.de\/wp-content\/uploads\/2024\/05\/2007-03-11-CIMG3013-a-klein-1024x576.jpg 1024w, https:\/\/berliner-dampfer.de\/wp-content\/uploads\/2024\/05\/2007-03-11-CIMG3013-a-klein-768x432.jpg 768w\" sizes=\"auto, (max-width: 1200px) 100vw, 1200px\" \/><\/p>\n<p>&nbsp;<\/p>\n<p>&nbsp;<\/p>\n<p>&nbsp;<\/p>\n<p><img loading=\"lazy\" decoding=\"async\" class=\"size-full wp-image-2300 alignnone\" src=\"https:\/\/berliner-dampfer.de\/wp-content\/uploads\/2024\/05\/2007-03-11-CIMG3015-a-klein.jpg\" alt=\"\" width=\"1200\" height=\"675\" srcset=\"https:\/\/berliner-dampfer.de\/wp-content\/uploads\/2024\/05\/2007-03-11-CIMG3015-a-klein.jpg 1200w, https:\/\/berliner-dampfer.de\/wp-content\/uploads\/2024\/05\/2007-03-11-CIMG3015-a-klein-300x169.jpg 300w, https:\/\/berliner-dampfer.de\/wp-content\/uploads\/2024\/05\/2007-03-11-CIMG3015-a-klein-1024x576.jpg 1024w, https:\/\/berliner-dampfer.de\/wp-content\/uploads\/2024\/05\/2007-03-11-CIMG3015-a-klein-768x432.jpg 768w\" sizes=\"auto, (max-width: 1200px) 100vw, 1200px\" \/><\/p>\n<p>&nbsp;<\/p>\n<p>&nbsp;<\/p>\n<p>&nbsp;<\/p>\n<p><img loading=\"lazy\" decoding=\"async\" class=\"size-full wp-image-2301 alignnone\" src=\"https:\/\/berliner-dampfer.de\/wp-content\/uploads\/2024\/05\/2007-05-17-CIMG3694-a-klein.jpg\" alt=\"\" width=\"1200\" height=\"675\" srcset=\"https:\/\/berliner-dampfer.de\/wp-content\/uploads\/2024\/05\/2007-05-17-CIMG3694-a-klein.jpg 1200w, https:\/\/berliner-dampfer.de\/wp-content\/uploads\/2024\/05\/2007-05-17-CIMG3694-a-klein-300x169.jpg 300w, https:\/\/berliner-dampfer.de\/wp-content\/uploads\/2024\/05\/2007-05-17-CIMG3694-a-klein-1024x576.jpg 1024w, https:\/\/berliner-dampfer.de\/wp-content\/uploads\/2024\/05\/2007-05-17-CIMG3694-a-klein-768x432.jpg 768w\" sizes=\"auto, (max-width: 1200px) 100vw, 1200px\" \/><\/p>\n<p>&nbsp;<\/p>\n<p>&nbsp;<\/p>\n<p>&nbsp;<\/p>\n<p><img loading=\"lazy\" decoding=\"async\" class=\"size-full wp-image-2302 alignnone\" src=\"https:\/\/berliner-dampfer.de\/wp-content\/uploads\/2024\/05\/2007-05-17-CIMG3698-a-klein.jpg\" alt=\"\" width=\"1200\" height=\"675\" srcset=\"https:\/\/berliner-dampfer.de\/wp-content\/uploads\/2024\/05\/2007-05-17-CIMG3698-a-klein.jpg 1200w, https:\/\/berliner-dampfer.de\/wp-content\/uploads\/2024\/05\/2007-05-17-CIMG3698-a-klein-300x169.jpg 300w, https:\/\/berliner-dampfer.de\/wp-content\/uploads\/2024\/05\/2007-05-17-CIMG3698-a-klein-1024x576.jpg 1024w, https:\/\/berliner-dampfer.de\/wp-content\/uploads\/2024\/05\/2007-05-17-CIMG3698-a-klein-768x432.jpg 768w\" sizes=\"auto, (max-width: 1200px) 100vw, 1200px\" \/><\/p>\n<p>&nbsp;<\/p>\n<p>&nbsp;<\/p>\n<p>&nbsp;<\/p>\n<p><img loading=\"lazy\" decoding=\"async\" class=\"wp-image-2303 size-full alignnone\" src=\"https:\/\/berliner-dampfer.de\/wp-content\/uploads\/2024\/05\/2007-05-17-CIMG3699-a-klein.jpg\" alt=\"\" width=\"1200\" height=\"675\" srcset=\"https:\/\/berliner-dampfer.de\/wp-content\/uploads\/2024\/05\/2007-05-17-CIMG3699-a-klein.jpg 1200w, https:\/\/berliner-dampfer.de\/wp-content\/uploads\/2024\/05\/2007-05-17-CIMG3699-a-klein-300x169.jpg 300w, https:\/\/berliner-dampfer.de\/wp-content\/uploads\/2024\/05\/2007-05-17-CIMG3699-a-klein-1024x576.jpg 1024w, https:\/\/berliner-dampfer.de\/wp-content\/uploads\/2024\/05\/2007-05-17-CIMG3699-a-klein-768x432.jpg 768w\" sizes=\"auto, (max-width: 1200px) 100vw, 1200px\" \/><\/p>\n<p>&nbsp;<\/p>\n<p>&nbsp;<\/p>\n<p>&nbsp;<\/p>\n<p><img loading=\"lazy\" decoding=\"async\" class=\"size-full wp-image-2304 alignnone\" src=\"https:\/\/berliner-dampfer.de\/wp-content\/uploads\/2024\/05\/2007-05-17-CIMG3703-a-klein.jpg\" alt=\"\" width=\"1200\" height=\"675\" srcset=\"https:\/\/berliner-dampfer.de\/wp-content\/uploads\/2024\/05\/2007-05-17-CIMG3703-a-klein.jpg 1200w, https:\/\/berliner-dampfer.de\/wp-content\/uploads\/2024\/05\/2007-05-17-CIMG3703-a-klein-300x169.jpg 300w, https:\/\/berliner-dampfer.de\/wp-content\/uploads\/2024\/05\/2007-05-17-CIMG3703-a-klein-1024x576.jpg 1024w, https:\/\/berliner-dampfer.de\/wp-content\/uploads\/2024\/05\/2007-05-17-CIMG3703-a-klein-768x432.jpg 768w\" sizes=\"auto, (max-width: 1200px) 100vw, 1200px\" \/><\/p>\n<p>&nbsp;<\/p>\n<p>&nbsp;<\/p>\n<p>&nbsp;<\/p>\n<p><img loading=\"lazy\" decoding=\"async\" class=\"size-full wp-image-2305 alignnone\" src=\"https:\/\/berliner-dampfer.de\/wp-content\/uploads\/2024\/05\/2010-05-02-Deutschland-Roskowetz-klein.jpg\" alt=\"\" width=\"1200\" height=\"675\" srcset=\"https:\/\/berliner-dampfer.de\/wp-content\/uploads\/2024\/05\/2010-05-02-Deutschland-Roskowetz-klein.jpg 1200w, https:\/\/berliner-dampfer.de\/wp-content\/uploads\/2024\/05\/2010-05-02-Deutschland-Roskowetz-klein-300x169.jpg 300w, https:\/\/berliner-dampfer.de\/wp-content\/uploads\/2024\/05\/2010-05-02-Deutschland-Roskowetz-klein-1024x576.jpg 1024w, https:\/\/berliner-dampfer.de\/wp-content\/uploads\/2024\/05\/2010-05-02-Deutschland-Roskowetz-klein-768x432.jpg 768w\" sizes=\"auto, (max-width: 1200px) 100vw, 1200px\" \/><\/p>\n<p>&nbsp;<\/p>\n<p>&nbsp;<\/p>\n<p>&nbsp;<\/p>\n<p><span style=\"font-family: arial, helvetica, sans-serif; font-size: 12pt;\"><span style=\"text-decoration: underline;\">Zuletzt bearbeitet 26.04.2026<\/span><\/span><\/p>\n","protected":false},"excerpt":{"rendered":"<p>1942 &#8211; 2022 Deutschland Die \u201cDeutschland\u201d war ein sch\u00f6nes Schiff mit klaren Linien und einem kr\u00e4ftigen Bug. Ich kenne Sie auch aus meiner Kindheit, sie&hellip;<\/p>\n","protected":false},"author":1,"featured_media":0,"parent":0,"menu_order":0,"comment_status":"closed","ping_status":"closed","template":"","meta":{"ngg_post_thumbnail":0,"iawp_total_views":39,"footnotes":""},"class_list":["post-2240","page","type-page","status-publish","hentry"],"_links":{"self":[{"href":"https:\/\/berliner-dampfer.de\/index.php?rest_route=\/wp\/v2\/pages\/2240","targetHints":{"allow":["GET"]}}],"collection":[{"href":"https:\/\/berliner-dampfer.de\/index.php?rest_route=\/wp\/v2\/pages"}],"about":[{"href":"https:\/\/berliner-dampfer.de\/index.php?rest_route=\/wp\/v2\/types\/page"}],"author":[{"embeddable":true,"href":"https:\/\/berliner-dampfer.de\/index.php?rest_route=\/wp\/v2\/users\/1"}],"replies":[{"embeddable":true,"href":"https:\/\/berliner-dampfer.de\/index.php?rest_route=%2Fwp%2Fv2%2Fcomments&post=2240"}],"version-history":[{"count":41,"href":"https:\/\/berliner-dampfer.de\/index.php?rest_route=\/wp\/v2\/pages\/2240\/revisions"}],"predecessor-version":[{"id":18448,"href":"https:\/\/berliner-dampfer.de\/index.php?rest_route=\/wp\/v2\/pages\/2240\/revisions\/18448"}],"wp:attachment":[{"href":"https:\/\/berliner-dampfer.de\/index.php?rest_route=%2Fwp%2Fv2%2Fmedia&parent=2240"}],"curies":[{"name":"wp","href":"https:\/\/api.w.org\/{rel}","templated":true}]}}