{"id":3929,"date":"2024-09-01T16:29:55","date_gmt":"2024-09-01T14:29:55","guid":{"rendered":"https:\/\/berliner-dampfer.de\/?page_id=3929"},"modified":"2025-03-17T05:57:17","modified_gmt":"2025-03-17T04:57:17","slug":"karo-as-ii","status":"publish","type":"page","link":"https:\/\/berliner-dampfer.de\/?page_id=3929","title":{"rendered":"Vaasa"},"content":{"rendered":"<table style=\"border-collapse: collapse; width: 100%; height: 24px;\">\n<tbody>\n<tr style=\"height: 24px;\">\n<td style=\"width: 100%; background-color: #ffff00; text-align: left; height: 24px;\"><span style=\"font-family: arial, helvetica, sans-serif; font-size: 12pt;\"><span style=\"font-size: 10pt;\">1925<\/span> <strong>Jageteufel<\/strong> } <span style=\"font-size: 10pt;\">1936<\/span> <strong>Olympia<\/strong> } <span style=\"font-size: 10pt;\">1937<\/span> <strong>Karo As<\/strong> } <span style=\"font-size: 10pt;\">1939<\/span> <strong>Scharnhorst<\/strong> } <span style=\"font-size: 10pt;\">1946<\/span> <strong>Freiheit 1<\/strong> } <span style=\"font-size: 10pt;\">1952<\/span> <strong>Freiheit<\/strong> } <span style=\"font-size: 10pt;\">1958<\/span> <strong>Saalefee<\/strong> } <span style=\"font-size: 10pt;\">1965<\/span> <strong>Vaasa<\/strong><\/span><\/p>\n<p><span style=\"font-family: arial, helvetica, sans-serif; font-size: 12pt;\">Wikipedia: <a href=\"https:\/\/de.wikipedia.org\/wiki\/Vaasa_(Schiff,_1925)\" target=\"_blank\" rel=\"noopener\">Vaasa (Schiff, 1925)<\/a><\/span><\/p>\n<p><span style=\"font-family: arial, helvetica, sans-serif;\"><span style=\"font-size: 12pt;\">Heimatkunde &#8222;Schiffahrt Schwerin&#8220; von Sven Dobratz: <\/span><a href=\"http:\/\/schifffahrt-schwerin.de\/flotte\/02-ms-vaasa.html\" target=\"_blank\" rel=\"noopener\"><span style=\"font-size: 12pt; font-family: arial, helvetica, sans-serif;\">MS Vaasa<\/span><\/a><span style=\"font-size: 12pt; font-family: arial, helvetica, sans-serif;\"> \/ <a href=\"http:\/\/schifffahrt-schwerin.de\/bildergalerie\/02-ms-vaasa.html\" target=\"_blank\" rel=\"noopener\">Bildergalerie<\/a><\/span><\/span><\/p>\n<p><span style=\"font-family: arial, helvetica, sans-serif; font-size: 12pt;\"><a href=\"https:\/\/www.ddr-binnenschifffahrt.de\/db_verlauf.php?schiffId=4003147\" target=\"_blank\" rel=\"noopener\">Schiffshistorie<\/a> in der Datenbank von Uwe Giesler \/ www.ddr-binnenschifffahrt.de.<\/span><\/p>\n<p>__________<\/p>\n<p><span style=\"font-family: arial, helvetica, sans-serif; font-size: 12pt;\">Landeshauptstadt Schwerin, St\u00e4dtpartnerschaft: <a href=\"https:\/\/www.schwerin.de\/kultur-tourismus\/Information\/stadtportrait\/staedtepartnerschaften\/vaasa\/\" target=\"_blank\" rel=\"noopener\">Vaasa<\/a><\/span><\/p>\n<blockquote><p><span style=\"font-family: arial, helvetica, sans-serif; font-size: 12pt;\">Seit 1965 bestehen bereits Kontakte zwischen <a href=\"https:\/\/www.vaasa.fi\/\" target=\"_blank\" rel=\"noopener\">Vaasa<\/a> und <a href=\"https:\/\/www.schwerin.de\/\" target=\"_blank\" rel=\"noopener\">Schwerin<\/a>. Die offizielle Partnerschaft der beiden St\u00e4dte wurde 1970 beschlossen.<\/span><\/p><\/blockquote>\n<\/td>\n<\/tr>\n<\/tbody>\n<\/table>\n<p>&nbsp;<\/p>\n<table style=\"border-collapse: collapse; width: 100%;\">\n<tbody>\n<tr>\n<td style=\"width: 100%; background-color: #ffd700; text-align: left;\">\n<p style=\"text-align: justify;\"><span style=\"font-family: arial, helvetica, sans-serif; font-size: 12pt;\">Groggert 1988, Seite 176:<\/span><br \/>\n<span style=\"font-size: 12pt;\"><span style=\"font-family: arial, helvetica, sans-serif;\"><strong>Zu den bedeutensten Motorschiffsunternehmen geh\u00f6rte die Reederei Otto Schmidt, die ihren Betrieb 1921<\/strong> mit dem Motorschiff \u201cForelle\u201d <\/span><strong><span style=\"font-family: arial, helvetica, sans-serif;\">aufgenommen hatte.<\/span> <\/strong><\/span><\/p>\n<p style=\"text-align: justify;\"><span style=\"font-family: arial, helvetica, sans-serif; font-size: 12pt;\">Groggert 1988, Seite 216:<\/span><br \/>\n<span style=\"font-family: arial, helvetica, sans-serif; font-size: 12pt;\">1938 lie\u00df Otto Schmidt von der Schiffswerft Gebr. Winkler in Kalkberge ein neues, 33,72 m langes, 4,61 m breites breites Motorschiff <a href=\"https:\/\/berliner-dampfer.de\/?page_id=3961\" target=\"_blank\" rel=\"noopener\">\u201cPik As\u201d<\/a> bauen, das neben dem 1929 von der Werft Gebr. Wiemann abgelieferten 35 m langen, 5,25 m breiten Motorschiff <a href=\"https:\/\/berliner-dampfer.de\/?page_id=6268\" target=\"_blank\" rel=\"noopener\">\u201cKreuz As\u201d<\/a> auch f\u00fcr Fernfahrten geeignet war. Vor der Fertigstellung des neuen Motorschiffs \u201cPik As\u201d hatte Otto Schmidt die <a href=\"https:\/\/berliner-dampfer.de\/?page_id=3899\" target=\"_blank\" rel=\"noopener\">\u201cKaro As\u201d<\/a> verkauft und durch <a href=\"https:\/\/berliner-dampfer.de\/?page_id=3929\" target=\"_blank\" rel=\"noopener\">ein Schiff gleichen Namens<\/a> ersetzt. <strong>Das 193<span style=\"text-decoration: underline;\">7<\/span> in Dienst gestellte Motorschiff \u201cKaro As\u201d (II) ist durch Umbau des Motorschiffs \u201cOlympia\u201d (ex \u201cJageteufel\u201d) auf der Werft Gebr. Winkler entstanden.<\/strong> Das bisherige Motorschiff <a href=\"https:\/\/berliner-dampfer.de\/?page_id=3899\" target=\"_blank\" rel=\"noopener\">\u201cKaro As\u201d<\/a> war nach Stettin gegangen und hie\u00df dort bei der Reederei Carl M\u00fcller <a href=\"https:\/\/berliner-dampfer.de\/?page_id=3899\" target=\"_blank\" rel=\"noopener\">\u201cv. Schill\u201d<\/a>.<\/span><\/p>\n<p style=\"text-align: justify;\"><span style=\"font-family: arial, helvetica, sans-serif; font-size: 12pt;\">Groggert 1988, Seite 227\/230:<\/span><br \/>\n<span style=\"font-family: arial, helvetica, sans-serif; font-size: 12pt;\">Viele Betriebe erweiterten und modernisierten ihren Schiffspark zum Olympiajahr und auch noch in der Zeit danach durch eine Reihe von Neu- und Umbauten. Dabei bevorzugten sie gro\u00dfe Dieselmotorschiffe des sog. Berliner Typs mit einer Back und einer Restauration in der darunterliegenden Kaj\u00fcte. <strong>F\u00fcr die Reederei Otto Schmidt<\/strong>, die 1936 au\u00dfer ihren Schiffen der As-Klasse das Motorschiff \u201cOlympia\u201d und das Motorboot \u201cHerbert\u201d einsetzte, <strong>stellte die Schiffswerft Gebr. Winkler in Kalkberge im Winter 1937\/38 durch Umbau der 1925 in Rummelsburg gebauten \u201cOlympia\u201d (ex \u201cJageteufel\u201d) ein 19,94 m langes, 4,62 m breites neues Motorschiff \u201cKaro As\u201d her.<\/strong> Die Inneneinrichtung des f\u00fcr 175 Personen vermessenen Schiffs entsprach derjenigen des ersten, inzwischen verkauften Motorschiffs <a href=\"https:\/\/berliner-dampfer.de\/?page_id=13141\" target=\"_blank\" rel=\"noopener\">\u201cPik As\u201d<\/a>: Mahagoniet\u00e4felung, Ledersofas, Marmortische. <strong>Dieses MS \u201cKaro AS\u201d (II) ist 1939 an Herbert Grundmann verkauft worden, der damals in Wei\u00dfenfels an der Saale die Personenschiffahrt betrieb und \u201cKaro As\u201d zun\u00e4chst in \u201cScharnhorst\u201d umtaufte. Nach dem Krieg wurde daraus das Motorschiff \u201cFreiheit\u201d, das die Reederei Heinz Riedel 1958 \u00fcbernahm und \u201cSaalefee\u201d nannte. Zwei Jahre sp\u00e4ter kam es in den Besitz des Bernburger Reiseverkehrs und wurde 1965 an den VEB Verkehrsbetrieb Schwerin verkauft. Nach einem weiteren Umbau und einer Verl\u00e4ngerung auf 26 m ist es als Motorschiff \u201cVaasa\u201d unter dem Namen der finnischen Patenstadt Schwerins im Betrieb. Bei seiner Indienststellung 193<span style=\"text-decoration: underline;\">8<\/span> konnte niemand das wechselvolle Schicksal der \u201cKaro As\u201d erahnen.<\/strong><\/span><\/p>\n<\/td>\n<\/tr>\n<\/tbody>\n<\/table>\n<p>&nbsp;<\/p>\n<table style=\"border-collapse: collapse; width: 100%;\">\n<tbody>\n<tr>\n<td style=\"width: 16.9299%; text-align: left; vertical-align: top;\"><strong><span style=\"font-family: arial, helvetica, sans-serif; font-size: 12pt;\">1939 &#8211; 1960<\/span><\/strong><br \/>\n<a href=\"https:\/\/de.wikipedia.org\/wiki\/Vaasa_(Schiff,_1925)\" target=\"_blank\" rel=\"noopener\"><span style=\"font-family: arial, helvetica, sans-serif; font-size: 12pt;\">Wikipedia \/ Vaasa<\/span><\/a><br \/>\n<span style=\"font-family: arial, helvetica, sans-serif; font-size: 10pt;\">(Funddatum 06.03.2025)<\/span><\/td>\n<td style=\"width: 83.0701%; background-color: #d3d3d3; text-align: left; vertical-align: top;\">\n<p style=\"text-align: justify;\"><span style=\"font-family: arial, helvetica, sans-serif; font-size: 12pt;\">Nachdem es <strong>1939<\/strong> nach Wei\u00dfenfels an Herbert Grundmann verkauft worden war, erhielt das Schiff den Namen <i>Scharnhorst<\/i>. Grundmann nutzte die <i>Scharnhorst<\/i> haupts\u00e4chlich auf der Saale im Bereich Wei\u00dfenfels, Naumburg und Freyburg (Unstrut). Nach dem Ende des Zweiten Weltkrieges benannte er das Schiff erneut um. Aus der <i>Scharnhorst<\/i> wurde die <i>Freiheit I<\/i>. Nachdem die <i>Freiheit II<\/i> verkauft worden war, entfiel die Notwendigkeit der Nummerierung und das Schiff hie\u00df ab 1950 nur noch <i>Freiheit<\/i>.<\/span><\/p>\n<p style=\"text-align: justify;\"><span style=\"font-family: arial, helvetica, sans-serif; font-size: 12pt;\"><strong>Herbert Grundmann gelang 1956 die Flucht aus der DDR.<\/strong> Das Schiff wurde danach vom Rat des Kreises Wei\u00dfenfels verwaltet und 1957 verkauft. Der neue Eigner, Heinz Riedel, taufte die <i>Freiheit<\/i> in <i>Saalefee<\/i> um, lie\u00df sie in der Saison 1957 noch im Raum Wei\u00dfenfels im Einsatz und holte sie im Herbst desselben Jahres nach Bernburg. Bernburg blieb der Heimathafen des Schiffes, <strong>bis auch Riedel 1960 aus der DDR floh<\/strong>. Danach wurde das Schiff vom Bernburger Reiseverkehr \u00fcbernommen und verstaatlicht.<\/span><\/p>\n<\/td>\n<\/tr>\n<tr>\n<td style=\"width: 16.9299%; text-align: left; vertical-align: top;\"><strong><span style=\"font-family: arial, helvetica, sans-serif; font-size: 12pt;\">?<\/span><\/strong><\/td>\n<td style=\"width: 83.0701%; text-align: left; vertical-align: top;\">\n<p style=\"text-align: justify;\"><span style=\"font-family: arial, helvetica, sans-serif; font-size: 12pt;\">Hier ist noch eine weitere <a href=\"https:\/\/berliner-dampfer.de\/?page_id=13237\" target=\"_blank\" rel=\"noopener\">Freiheit<\/a> (<a href=\"https:\/\/berliner-dampfer.de\/wp-content\/uploads\/2025\/03\/1951-ca-FREIHEIT-klein.jpg\" target=\"_blank\" rel=\"noopener\">Bild<\/a>), ebenfalls vor der &#8222;Burgruine <a href=\"https:\/\/de.wikipedia.org\/wiki\/Burg_Sch\u00f6nburg_(Sch\u00f6nburg)\" target=\"_blank\" rel=\"noopener\">Sch\u00f6nburg<\/a> b. <a href=\"https:\/\/de.wikipedia.org\/wiki\/Naumburg_(Saale)\" target=\"_blank\" rel=\"noopener\">Naumburg \/Saale<\/a>&#8220;<br \/>\n<\/span><\/p>\n<\/td>\n<\/tr>\n<\/tbody>\n<\/table>\n<p>&nbsp;<\/p>\n<p>&nbsp;<\/p>\n<p>&nbsp;<\/p>\n<p>&nbsp;<\/p>\n<table style=\"border-collapse: collapse; width: 100%;\">\n<tbody>\n<tr>\n<td style=\"width: 100%; background-color: #ffff00;\"><span style=\"font-family: arial, helvetica, sans-serif; font-size: 12pt;\"><strong>&#8222;Freiheit&#8220;<\/strong>, Schiffskennung <a href=\"https:\/\/www.ddr-binnenschifffahrt.de\/db_detail.php?id=403937\" target=\"_blank\" rel=\"noopener\">&#8222;3-147&#8220;<\/a>. AK <strong>1956<\/strong> ca., postalisch gelaufen 22.10.1961.<\/span><\/p>\n<blockquote>\n<p style=\"text-align: justify;\"><span style=\"font-family: arial, helvetica, sans-serif; font-size: 12pt;\"><a href=\"https:\/\/de.wikipedia.org\/wiki\/Burg_Sch%C3%B6nburg_(Sch%C3%B6nburg)\" target=\"_blank\" rel=\"noopener\">Sch\u00f6nburg<\/a> mit Motorschiff &#8222;Freiheit&#8220;<\/span><\/p>\n<\/blockquote>\n<p><span style=\"font-family: arial, helvetica, sans-serif; font-size: 12pt;\">Diese Karte stammte vor mir offenbar aus einem Sammlerbesitz, was sich auf der Auflistung der Schiffshistorie auf der Karte ergibt. &nbsp;\ud83d\ude42&nbsp;<br \/>\n<\/span><\/p>\n<p><img loading=\"lazy\" decoding=\"async\" class=\"alignnone size-full wp-image-13641\" src=\"https:\/\/berliner-dampfer.de\/wp-content\/uploads\/2025\/03\/1956-ca-1961-10-22-FREIHEIT-3-147-klein.jpg\" alt=\"\" width=\"1215\" height=\"963\" srcset=\"https:\/\/berliner-dampfer.de\/wp-content\/uploads\/2025\/03\/1956-ca-1961-10-22-FREIHEIT-3-147-klein.jpg 1215w, https:\/\/berliner-dampfer.de\/wp-content\/uploads\/2025\/03\/1956-ca-1961-10-22-FREIHEIT-3-147-klein-300x238.jpg 300w, https:\/\/berliner-dampfer.de\/wp-content\/uploads\/2025\/03\/1956-ca-1961-10-22-FREIHEIT-3-147-klein-1024x812.jpg 1024w, https:\/\/berliner-dampfer.de\/wp-content\/uploads\/2025\/03\/1956-ca-1961-10-22-FREIHEIT-3-147-klein-768x609.jpg 768w\" sizes=\"auto, (max-width: 1215px) 100vw, 1215px\" \/><\/p>\n<p><span style=\"text-decoration: underline;\"><span style=\"font-family: arial, helvetica, sans-serif; font-size: 12pt;\">Vergr\u00f6\u00dfert:<\/span><\/span><\/p>\n<p><img loading=\"lazy\" decoding=\"async\" class=\"alignnone size-full wp-image-13642\" src=\"https:\/\/berliner-dampfer.de\/wp-content\/uploads\/2025\/03\/1956-ca-1961-10-22-FREIHEIT-3-147-klein-a.jpg\" alt=\"\" width=\"1200\" height=\"496\" srcset=\"https:\/\/berliner-dampfer.de\/wp-content\/uploads\/2025\/03\/1956-ca-1961-10-22-FREIHEIT-3-147-klein-a.jpg 1200w, https:\/\/berliner-dampfer.de\/wp-content\/uploads\/2025\/03\/1956-ca-1961-10-22-FREIHEIT-3-147-klein-a-300x124.jpg 300w, https:\/\/berliner-dampfer.de\/wp-content\/uploads\/2025\/03\/1956-ca-1961-10-22-FREIHEIT-3-147-klein-a-1024x423.jpg 1024w, https:\/\/berliner-dampfer.de\/wp-content\/uploads\/2025\/03\/1956-ca-1961-10-22-FREIHEIT-3-147-klein-a-768x317.jpg 768w\" sizes=\"auto, (max-width: 1200px) 100vw, 1200px\" \/><\/td>\n<\/tr>\n<\/tbody>\n<\/table>\n<p>&nbsp;<\/p>\n<p>&nbsp;<\/p>\n<p>&nbsp;<\/p>\n<table style=\"border-collapse: collapse; width: 100%;\">\n<tbody>\n<tr>\n<td style=\"width: 100%; background-color: #ffff00;\"><span style=\"font-family: arial, helvetica, sans-serif; font-size: 12pt;\">Hier ein wunderbarer Beleg, der auch alles hat, was zu einem &#8222;reellen, echten&#8220; Schiffsbeleg dazugeh\u00f6rt:<\/span><\/p>\n<p><span style=\"font-family: arial, helvetica, sans-serif; font-size: 12pt;\">Mit Reedereistempel &#8222;Heinz Riedel&#8220;, mit Poststempel der Abfahrsstelle in <a href=\"https:\/\/de.wikipedia.org\/wiki\/Bernburg_(Saale)\" target=\"_blank\" rel=\"noopener\">Bernburg<\/a> und mit einem kleinem Reisebericht: <\/span><br \/>\n<span style=\"font-family: arial, helvetica, sans-serif; font-size: 12pt;\">&#8222;<em>&#8230; Mit diesem kleinen Dampfer habe ich bei herrlichem Sonnenschein eine Saalefahrt bei Eisfeld gemacht. &#8230;<\/em>&#8222;<\/span><br \/>\n<span style=\"font-family: arial, helvetica, sans-serif; font-size: 12pt;\">Die Fahrt war dann wohl ziemlich lang, denn <a href=\"https:\/\/www.viamichelin.de\/routenplaner\/ergebnisse\/eisfeld-98673-hildburghausen-thuringen-bundesrepublik_deutschland-to-saalfeld_an_der_saale-07318-saalfeld_rudolstadt-thuringen-bundesrepublik_deutschland\" target=\"_blank\" rel=\"noopener\">Eisfeld ist von Bernburg etwa 50 Kilometer entfernt<\/a>.<\/span><\/p>\n<p><span style=\"font-family: arial, helvetica, sans-serif; font-size: 12pt;\">AK, Aufnahmejahr vermutlich 1960, gelaufen am 30.08.1960, Schiffskennung <a href=\"https:\/\/www.ddr-binnenschifffahrt.de\/db_detail.php?id=403938\" target=\"_blank\" rel=\"noopener\">P-702<\/a>:<\/span><\/p>\n<p><img loading=\"lazy\" decoding=\"async\" class=\"alignnone size-full wp-image-4126\" src=\"https:\/\/berliner-dampfer.de\/wp-content\/uploads\/2024\/09\/1960-ca-1960-08-30-Saalefee-Reederei-Riedel-klein.jpg\" alt=\"\" width=\"1200\" height=\"1020\" srcset=\"https:\/\/berliner-dampfer.de\/wp-content\/uploads\/2024\/09\/1960-ca-1960-08-30-Saalefee-Reederei-Riedel-klein.jpg 1200w, https:\/\/berliner-dampfer.de\/wp-content\/uploads\/2024\/09\/1960-ca-1960-08-30-Saalefee-Reederei-Riedel-klein-300x255.jpg 300w, https:\/\/berliner-dampfer.de\/wp-content\/uploads\/2024\/09\/1960-ca-1960-08-30-Saalefee-Reederei-Riedel-klein-1024x870.jpg 1024w, https:\/\/berliner-dampfer.de\/wp-content\/uploads\/2024\/09\/1960-ca-1960-08-30-Saalefee-Reederei-Riedel-klein-768x653.jpg 768w\" sizes=\"auto, (max-width: 1200px) 100vw, 1200px\" \/><\/td>\n<\/tr>\n<\/tbody>\n<\/table>\n<p>&nbsp;<\/p>\n<p>&nbsp;<\/p>\n<p>&nbsp;<\/p>\n<table style=\"border-collapse: collapse; width: 100%;\">\n<tbody>\n<tr>\n<td style=\"width: 100%; background-color: #ffff00;\"><span style=\"font-family: arial, helvetica, sans-serif; font-size: 12pt;\"><strong>&#8222;Saalefee&#8220;<\/strong> vor <a href=\"https:\/\/de.wikipedia.org\/wiki\/Schloss_Bernburg\" target=\"_blank\" rel=\"noopener\">Schloss Bernburg<\/a>. AK Aufnahmejahr unbekannat, <strong>1964<\/strong> ca., postalisch gelaufen am 12.01.1965 von <a href=\"https:\/\/de.wikipedia.org\/wiki\/Immenstadt_im_Allg\u00e4u\" target=\"_blank\" rel=\"noopener\">Immenstadt im Allg\u00e4u<\/a> nach <a href=\"https:\/\/de.wikipedia.org\/wiki\/Rechberghausen\" target=\"_blank\" rel=\"noopener\">Rechberghausen<\/a>. Frankiert mit <a href=\"https:\/\/de.wikipedia.org\/wiki\/Bedeutende_Deutsche_(Briefmarkenserie)\" target=\"_blank\" rel=\"noopener\">Deutsche Bundespost, 1961 \/ Michelnummer 351<\/a>.<\/span><br \/>\n<span style=\"font-family: arial, helvetica, sans-serif; font-size: 12pt;\">Zus\u00e4tzlich zur <a href=\"https:\/\/de.wikipedia.org\/wiki\/Innerdeutsche_Grenze\" target=\"_blank\" rel=\"noopener\">&#8222;Innerdeutschen Grenze&#8220;<\/a> wurde die <a href=\"https:\/\/de.wikipedia.org\/wiki\/Berliner_Mauer\" target=\"_blank\" rel=\"noopener\">&#8222;Berliner Mauer&#8220;<\/a> wurde am 13.08.1961 errichtet.<br \/>\n<\/span><img loading=\"lazy\" decoding=\"async\" class=\"alignnone size-full wp-image-13881\" src=\"https:\/\/berliner-dampfer.de\/wp-content\/uploads\/2025\/03\/1964-ca-1965-01-12-SAALEFEE-klein.jpg\" alt=\"\" width=\"1200\" height=\"1085\" srcset=\"https:\/\/berliner-dampfer.de\/wp-content\/uploads\/2025\/03\/1964-ca-1965-01-12-SAALEFEE-klein.jpg 1200w, https:\/\/berliner-dampfer.de\/wp-content\/uploads\/2025\/03\/1964-ca-1965-01-12-SAALEFEE-klein-300x271.jpg 300w, https:\/\/berliner-dampfer.de\/wp-content\/uploads\/2025\/03\/1964-ca-1965-01-12-SAALEFEE-klein-1024x926.jpg 1024w, https:\/\/berliner-dampfer.de\/wp-content\/uploads\/2025\/03\/1964-ca-1965-01-12-SAALEFEE-klein-768x694.jpg 768w\" sizes=\"auto, (max-width: 1200px) 100vw, 1200px\" \/><\/td>\n<\/tr>\n<\/tbody>\n<\/table>\n<p>&nbsp;<\/p>\n<p>&nbsp;<\/p>\n<p>&nbsp;<\/p>\n<table style=\"border-collapse: collapse; width: 100%;\">\n<tbody>\n<tr>\n<td style=\"width: 100%; background-color: #ffff00;\"><span style=\"font-family: arial, helvetica, sans-serif; font-size: 12pt;\"><strong>&#8222;Vaasa&#8220;<\/strong>, Schiffskennung <a href=\"https:\/\/www.ddr-binnenschifffahrt.de\/db_detail.php?id=4039310\" target=\"_blank\" rel=\"noopener\">&#8222;P-087&#8220;<\/a>. Die &#8222;Vaasa&#8220; in Schwerin im Hintergrund der <a href=\"https:\/\/de.wikipedia.org\/wiki\/Schweriner_Dom\" target=\"_blank\" rel=\"noopener\">Schweriner Dom<\/a>.<\/span><br \/>\n<span style=\"font-family: arial, helvetica, sans-serif; font-size: 12pt;\"><span style=\"font-family: arial, helvetica, sans-serif; font-size: 12pt;\"><span style=\"font-family: arial, helvetica, sans-serif; font-size: 12pt;\">Ak, Aufnahmejahr 1968 ca, postalisch gelaufen 15.07.1986. Frankiert mit 10 Pfennig <a href=\"https:\/\/de.wikipedia.org\/wiki\/Briefmarken-Jahrgang_1968_der_Deutschen_Post_der_DDR\" target=\"_blank\" rel=\"noopener\">DDR \/ 1968, Michelnummer 1375<\/a>, <a href=\"https:\/\/de.wikipedia.org\/wiki\/Kinder-_und_Jugendspartakiade\" target=\"_blank\" rel=\"noopener\">Kinder- und Jugendspartakiade, Berlin<\/a>, Brennende Fackel, <a href=\"https:\/\/de.wikipedia.org\/wiki\/Brandenburger_Tor\" target=\"_blank\" rel=\"noopener\">Brandenburger Tor<\/a>, Berlin:<\/span><\/span><\/span>&nbsp;<img loading=\"lazy\" decoding=\"async\" class=\"alignnone size-full wp-image-8496\" src=\"https:\/\/berliner-dampfer.de\/wp-content\/uploads\/2024\/11\/1968-ca-1968-07-15-Vaasa-P087-klein-scaled.jpg\" alt=\"\" width=\"2560\" height=\"2265\" srcset=\"https:\/\/berliner-dampfer.de\/wp-content\/uploads\/2024\/11\/1968-ca-1968-07-15-Vaasa-P087-klein-scaled.jpg 2560w, https:\/\/berliner-dampfer.de\/wp-content\/uploads\/2024\/11\/1968-ca-1968-07-15-Vaasa-P087-klein-300x265.jpg 300w, https:\/\/berliner-dampfer.de\/wp-content\/uploads\/2024\/11\/1968-ca-1968-07-15-Vaasa-P087-klein-1024x906.jpg 1024w, https:\/\/berliner-dampfer.de\/wp-content\/uploads\/2024\/11\/1968-ca-1968-07-15-Vaasa-P087-klein-768x680.jpg 768w, https:\/\/berliner-dampfer.de\/wp-content\/uploads\/2024\/11\/1968-ca-1968-07-15-Vaasa-P087-klein-1536x1359.jpg 1536w, https:\/\/berliner-dampfer.de\/wp-content\/uploads\/2024\/11\/1968-ca-1968-07-15-Vaasa-P087-klein-2048x1812.jpg 2048w\" sizes=\"auto, (max-width: 2560px) 100vw, 2560px\" \/><\/td>\n<\/tr>\n<\/tbody>\n<\/table>\n<p>&nbsp;<\/p>\n<p>&nbsp;<\/p>\n<p>&nbsp;<\/p>\n<p>&nbsp;<\/p>\n<p>&nbsp;<\/p>\n<p><span style=\"text-decoration: underline; font-family: arial, helvetica, sans-serif; font-size: 12pt;\">Zuletzt bearbeitet 16.03.2025<\/span><\/p>\n","protected":false},"excerpt":{"rendered":"<p>1925 Jageteufel } 1936 Olympia } 1937 Karo As } 1939 Scharnhorst } 1946 Freiheit 1 } 1952 Freiheit } 1958 Saalefee } 1965 Vaasa&hellip;<\/p>\n","protected":false},"author":1,"featured_media":0,"parent":0,"menu_order":0,"comment_status":"closed","ping_status":"closed","template":"","meta":{"ngg_post_thumbnail":0,"iawp_total_views":12,"footnotes":""},"class_list":["post-3929","page","type-page","status-publish","hentry"],"_links":{"self":[{"href":"https:\/\/berliner-dampfer.de\/index.php?rest_route=\/wp\/v2\/pages\/3929","targetHints":{"allow":["GET"]}}],"collection":[{"href":"https:\/\/berliner-dampfer.de\/index.php?rest_route=\/wp\/v2\/pages"}],"about":[{"href":"https:\/\/berliner-dampfer.de\/index.php?rest_route=\/wp\/v2\/types\/page"}],"author":[{"embeddable":true,"href":"https:\/\/berliner-dampfer.de\/index.php?rest_route=\/wp\/v2\/users\/1"}],"replies":[{"embeddable":true,"href":"https:\/\/berliner-dampfer.de\/index.php?rest_route=%2Fwp%2Fv2%2Fcomments&post=3929"}],"version-history":[{"count":55,"href":"https:\/\/berliner-dampfer.de\/index.php?rest_route=\/wp\/v2\/pages\/3929\/revisions"}],"predecessor-version":[{"id":13902,"href":"https:\/\/berliner-dampfer.de\/index.php?rest_route=\/wp\/v2\/pages\/3929\/revisions\/13902"}],"wp:attachment":[{"href":"https:\/\/berliner-dampfer.de\/index.php?rest_route=%2Fwp%2Fv2%2Fmedia&parent=3929"}],"curies":[{"name":"wp","href":"https:\/\/api.w.org\/{rel}","templated":true}]}}