{"id":4005,"date":"2024-09-02T19:38:20","date_gmt":"2024-09-02T17:38:20","guid":{"rendered":"https:\/\/berliner-dampfer.de\/?page_id=4005"},"modified":"2026-02-09T09:27:09","modified_gmt":"2026-02-09T08:27:09","slug":"mops-kanadier","status":"publish","type":"page","link":"https:\/\/berliner-dampfer.de\/?page_id=4005","title":{"rendered":"Mops (Kanadier der Familie Gerber)"},"content":{"rendered":"<table style=\"border-collapse: collapse; width: 100%;\">\n<tbody>\n<tr>\n<td style=\"width: 100%; background-color: #ffff00;\"><span style=\"font-family: arial, helvetica, sans-serif; font-size: 12pt;\">1953 <strong>Mops<\/strong> <\/span><\/p>\n<p><span style=\"font-family: arial, helvetica, sans-serif; font-size: 12pt;\">2003 \u00fcberstellt ins <a href=\"https:\/\/de.wikipedia.org\/wiki\/Deutsches_Technikmuseum\" target=\"_blank\" rel=\"noopener\">Musum f\u00fcr Verkehr und Technik<\/a>, heute: <a href=\"https:\/\/technikmuseum.berlin\/\" target=\"_blank\" rel=\"noopener\">Deutsches Technikmuseum<\/a> \/ <a href=\"https:\/\/technikmuseum.berlin\/ausstellungen\/dauerausstellungen\/schifffahrt\/\" target=\"_blank\" rel=\"noopener\">Daueraustelllung Schifffahrt\/Binnenschifffahrt<\/a><\/span><\/td>\n<\/tr>\n<\/tbody>\n<\/table>\n<p>&nbsp;<\/p>\n<p><a href=\"https:\/\/berliner-dampfer.de\/wp-content\/uploads\/2026\/01\/1989-06-MOPS-mit-Mama-und-Papa-Ausfahrt-Scharfe-Lanke-Breite-See-klein.jpg\" target=\"_blank\" rel=\"noopener\"><img loading=\"lazy\" decoding=\"async\" class=\"aligncenter wp-image-18023 size-full\" src=\"https:\/\/berliner-dampfer.de\/wp-content\/uploads\/2026\/01\/1989-06-MOPS-mit-Mama-und-Papa-Ausfahrt-Scharfe-Lanke-Breite-See-klein.jpg\" alt=\"\" width=\"1200\" height=\"799\" srcset=\"https:\/\/berliner-dampfer.de\/wp-content\/uploads\/2026\/01\/1989-06-MOPS-mit-Mama-und-Papa-Ausfahrt-Scharfe-Lanke-Breite-See-klein.jpg 1200w, https:\/\/berliner-dampfer.de\/wp-content\/uploads\/2026\/01\/1989-06-MOPS-mit-Mama-und-Papa-Ausfahrt-Scharfe-Lanke-Breite-See-klein-300x200.jpg 300w, https:\/\/berliner-dampfer.de\/wp-content\/uploads\/2026\/01\/1989-06-MOPS-mit-Mama-und-Papa-Ausfahrt-Scharfe-Lanke-Breite-See-klein-1024x682.jpg 1024w, https:\/\/berliner-dampfer.de\/wp-content\/uploads\/2026\/01\/1989-06-MOPS-mit-Mama-und-Papa-Ausfahrt-Scharfe-Lanke-Breite-See-klein-768x511.jpg 768w\" sizes=\"auto, (max-width: 1200px) 100vw, 1200px\" \/><\/a><span style=\"font-family: arial, helvetica, sans-serif; font-size: 10pt;\">&#8222;Mops&#8220; und meine Eltern: 1989 an der Scharfen Lanke\/<a href=\"https:\/\/forst-grunewald.de\/?page_id=257\" target=\"_blank\" rel=\"noopener\">Breite See<\/a>\/<a href=\"https:\/\/forst-grunewald.de\/?page_id=4233\" target=\"_blank\" rel=\"noopener\">&#8222;Der Sack&#8220;<\/a>\/<a href=\"https:\/\/forst-grunewald.de\/?page_id=4328\" target=\"_blank\" rel=\"noopener\">Gem\u00fcnde.<\/a><\/span><\/p>\n<p>&nbsp;<\/p>\n<table style=\"border-collapse: collapse; width: 100%;\">\n<tbody>\n<tr>\n<td style=\"width: 100%; background-color: #ffff00; text-align: left; vertical-align: top;\">\n<p style=\"text-align: justify;\"><span style=\"font-family: arial, helvetica, sans-serif; font-size: 12pt;\">Meine Eltern, <b>Gerhard und Gertraud Gerber<\/b>, befuhren 50 Jahre lang die Gew\u00e4sser rund um die Unterhavel in Spandau, <a href=\"http:\/\/forst-grunewald.de\/sitemap\/schildhorn\/\" target=\"_blank\" rel=\"noopener\">Schildhorn<\/a>, Kleine und Gro\u00dfe Badewiese, manchmal auch bis runter zum <a href=\"https:\/\/forst-grunewald.de\/?page_id=664\" target=\"_blank\" rel=\"noopener\">Gro\u00dfen Fenster<\/a>, nach <a href=\"https:\/\/forst-grunewald.de\/?page_id=42256\" target=\"_blank\" rel=\"noopener\">Schwanenwerder<\/a> und manchmal sogar auch bis zur Pfaueninsel.<\/span><\/p>\n<p style=\"text-align: justify;\"><span style=\"font-family: arial, helvetica, sans-serif; font-size: 12pt;\">Ihr Boot, ein Kanadier mit dem Namen \u201c<b>Mops<\/b>\u201d, wurde 1953 von der S\u00f6hnel Werft gebaut und 2003 ins damalige Museum f\u00fcr Verkehr und Technik in Berlin <\/span><span style=\"font-family: arial, helvetica, sans-serif; font-size: 12pt;\">\u00fcberf\u00fchrt. Dort steht es noch heute in der <strong>Dauerausstellung<\/strong> Binnenschifffahrt (Wassersport als Freizeitgestaltung) und <strong>kann<\/strong> von allen Menschen <strong>besichtigt werden<\/strong>.<\/span><\/p>\n<p style=\"text-align: justify;\"><span style=\"font-family: arial, helvetica, sans-serif; font-size: 12pt;\">Meine eigene Kindheit war an den Wochenenden im Sommer insofern vom Wassersport und vom Strandleben mitgepr\u00e4gt. Insofern erkl\u00e4rt sich vielleicht auch meine kleine Vorliebe zur Berliner Unter-Havel, zwischen Spandau und den Pfauensinsel, und zum <a href=\"https:\/\/forst-grunewald.de\/\" target=\"_blank\" rel=\"noopener\">GruneWald<\/a>.<\/span><\/p>\n<p style=\"text-align: justify;\"><span style=\"font-family: arial, helvetica, sans-serif; font-size: 12pt;\">Mein Vater lernte meine Mutter am Strand der Halbinsel <a href=\"http:\/\/www.forst-grunewald.de\/html\/schildhorn.html\" target=\"_blank\" rel=\"noopener\">Schildhorn<\/a> kennen, als er, mit seinem &#8222;Mops&#8220;, vom Bootshaus Hempler (fr\u00fcher &#8222;Haus Pichelssee&#8220;) von der Scharfe Lanke aus kommend, dort angelegt hatte.<\/span><\/p>\n<p style=\"text-align: justify;\"><span style=\"font-family: arial, helvetica, sans-serif; font-size: 12pt;\">Eine erw\u00e4hnenswerte Besonderheit ist, dass meine Eltern ihrem &#8222;Mops&#8220; treu geblieben sind und sich wassersportm\u00e4\u00dfig nicht &#8222;vergr\u00f6\u00dfert&#8220; hatten. In den ersten Jahren gab es \u00fcber das Bootshaus noch eine &#8222;Kanadier-Gemeinde&#8220;, aber nach und nach wechselten die Interessen und auch die finanziellen M\u00f6glichkeiten wuchsen, einige wechselten auf gr\u00f6\u00dfere Segelboote, andere auf Motorboote. Aber meine Eltern eben nicht, sie blieben bis ins Alter beim Kanadier &#8211; und auch bei ihren Fahrr\u00e4dern, denn beide machten nicht einmal einen Autof\u00fchrerschein, hatten also auch niemals ein Auto. Eine Ver\u00e4nderung gab es nur dahingehend, dass im damaligen West-Berlin sp\u00e4ter eine Motorbootf\u00fchrerscheinpflicht eingef\u00fchrt wurde und da &#8222;Mops&#8220; auch einen kleinen Motor besa\u00df, musste mein Vater f\u00fcr seinen Betrieb also einen Motorbootf\u00fchrerschein machen. Nur mit Paddel durfte &#8222;Mops&#8220; die Havel auch ohne F\u00fchrerschein &#8222;befahren&#8220;. Im Alter hatte er sich mein Vater zwar ernsthaft \u00fcberlegt ein kleines Kaj\u00fctboot mit Rundheck, \u00e4hnlich einer <a href=\"https:\/\/www.youtube.com\/watch?v=naFDf-KD610\" target=\"_blank\" rel=\"noopener\">Saga24<\/a>, zu kaufen, aber letztendlich blieb er und meine Mutter doch ihrem &#8222;Mops&#8220; bis zu ihrer altersdedingten Wassersportaufgabe treu.<\/span><\/p>\n<\/td>\n<\/tr>\n<\/tbody>\n<\/table>\n<p>&nbsp;<\/p>\n<p>&nbsp;<\/p>\n<table style=\"border-collapse: collapse; width: 100%;\">\n<tbody>\n<tr>\n<td style=\"width: 100%; background-color: #ffff00;\"><span style=\"font-family: arial, helvetica, sans-serif; font-size: 12pt;\">01. &#8211; <\/span><strong><span style=\"font-family: arial, helvetica, sans-serif; font-size: 12pt;\">Technische Daten<\/span><\/strong><\/td>\n<\/tr>\n<\/tbody>\n<\/table>\n<p>&nbsp;<\/p>\n<table style=\"border-collapse: collapse; width: 100%;\">\n<tbody>\n<tr>\n<td style=\"width: 25%; text-align: left; vertical-align: top;\"><span style=\"font-family: arial, helvetica, sans-serif; font-size: 12pt;\">03. M\u00e4rz <strong>1953<\/strong> Kaufvertrag<br \/>\nS\u00f6hnelwerft:<\/span><br \/>\n.<br \/>\n.<a href=\"https:\/\/berliner-dampfer.de\/wp-content\/uploads\/2026\/01\/1953-03-03-Mops-Kaufvertrag-klein.jpg\" target=\"_blank\" rel=\"noopener\"><img loading=\"lazy\" decoding=\"async\" class=\"alignnone wp-image-17946 size-full\" src=\"https:\/\/berliner-dampfer.de\/wp-content\/uploads\/2026\/01\/1953-03-03-Mops-Kaufvertrag-klein.jpg\" alt=\"\" width=\"1200\" height=\"870\" srcset=\"https:\/\/berliner-dampfer.de\/wp-content\/uploads\/2026\/01\/1953-03-03-Mops-Kaufvertrag-klein.jpg 1200w, https:\/\/berliner-dampfer.de\/wp-content\/uploads\/2026\/01\/1953-03-03-Mops-Kaufvertrag-klein-300x218.jpg 300w, https:\/\/berliner-dampfer.de\/wp-content\/uploads\/2026\/01\/1953-03-03-Mops-Kaufvertrag-klein-1024x742.jpg 1024w, https:\/\/berliner-dampfer.de\/wp-content\/uploads\/2026\/01\/1953-03-03-Mops-Kaufvertrag-klein-768x557.jpg 768w\" sizes=\"auto, (max-width: 1200px) 100vw, 1200px\" \/><\/a>&nbsp;<\/td>\n<td style=\"width: 25%; text-align: left; vertical-align: top;\"><span style=\"font-family: arial, helvetica, sans-serif; font-size: 12pt;\"><strong>1954<\/strong> der erste Motor:<\/span><br \/>\n<span style=\"font-family: arial, helvetica, sans-serif; font-size: 12pt;\">K\u00f6nig Seitenbordmotor mit Radsteuerung<\/span>.<br \/>\n.<a href=\"https:\/\/berliner-dampfer.de\/wp-content\/uploads\/2026\/01\/1954-05-05-Kaufvertrag-erster-Motor-klein.jpg\" target=\"_blank\" rel=\"noopener\"><img loading=\"lazy\" decoding=\"async\" class=\"alignnone wp-image-17947 size-full\" src=\"https:\/\/berliner-dampfer.de\/wp-content\/uploads\/2026\/01\/1954-05-05-Kaufvertrag-erster-Motor-klein.jpg\" alt=\"\" width=\"1200\" height=\"860\" srcset=\"https:\/\/berliner-dampfer.de\/wp-content\/uploads\/2026\/01\/1954-05-05-Kaufvertrag-erster-Motor-klein.jpg 1200w, https:\/\/berliner-dampfer.de\/wp-content\/uploads\/2026\/01\/1954-05-05-Kaufvertrag-erster-Motor-klein-300x215.jpg 300w, https:\/\/berliner-dampfer.de\/wp-content\/uploads\/2026\/01\/1954-05-05-Kaufvertrag-erster-Motor-klein-1024x734.jpg 1024w, https:\/\/berliner-dampfer.de\/wp-content\/uploads\/2026\/01\/1954-05-05-Kaufvertrag-erster-Motor-klein-768x550.jpg 768w\" sizes=\"auto, (max-width: 1200px) 100vw, 1200px\" \/><\/a><\/td>\n<td style=\"width: 25%; text-align: left; vertical-align: top;\"><span style=\"font-family: arial, helvetica, sans-serif; font-size: 12pt;\"><strong>1972<\/strong> der zweite Motor:<\/span><br \/>\n<span style=\"font-family: arial, helvetica, sans-serif; font-size: 12pt;\">K\u00f6nig Au\u00dfenbordmotor, den ersten Motor \u00fcbernahm die Firma K\u00f6nig in ihr Firmenarchiv.<\/span><a href=\"https:\/\/berliner-dampfer.de\/wp-content\/uploads\/2026\/01\/1972-03-07-Kaufvertrag-zweiter-Motor-Koenig-klein.jpg\" target=\"_blank\" rel=\"noopener\"><img loading=\"lazy\" decoding=\"async\" class=\"alignnone wp-image-17948 size-full\" src=\"https:\/\/berliner-dampfer.de\/wp-content\/uploads\/2026\/01\/1972-03-07-Kaufvertrag-zweiter-Motor-Koenig-klein.jpg\" alt=\"\" width=\"1200\" height=\"1020\" srcset=\"https:\/\/berliner-dampfer.de\/wp-content\/uploads\/2026\/01\/1972-03-07-Kaufvertrag-zweiter-Motor-Koenig-klein.jpg 1200w, https:\/\/berliner-dampfer.de\/wp-content\/uploads\/2026\/01\/1972-03-07-Kaufvertrag-zweiter-Motor-Koenig-klein-300x255.jpg 300w, https:\/\/berliner-dampfer.de\/wp-content\/uploads\/2026\/01\/1972-03-07-Kaufvertrag-zweiter-Motor-Koenig-klein-1024x870.jpg 1024w, https:\/\/berliner-dampfer.de\/wp-content\/uploads\/2026\/01\/1972-03-07-Kaufvertrag-zweiter-Motor-Koenig-klein-768x653.jpg 768w\" sizes=\"auto, (max-width: 1200px) 100vw, 1200px\" \/><\/a><\/td>\n<td style=\"width: 25%; text-align: left; vertical-align: top;\"><span style=\"font-family: arial, helvetica, sans-serif; font-size: 12pt;\"><em><strong>Mops-B\u00fcrokratie<\/strong><\/em>:<\/span><br \/>\n<span style=\"font-family: arial, helvetica, sans-serif; font-size: 12pt;\"><strong>1989<\/strong> Registrierung<\/span><br \/>\n<span style=\"font-family: arial, helvetica, sans-serif; font-size: 12pt;\"><strong>1993<\/strong> Sportboot-F\u00fchrerschein<\/span><br \/>\n<span style=\"font-family: arial, helvetica, sans-serif; font-size: 12pt;\"><strong>1997<\/strong> Kleinfahrzeugausweis<\/span><br \/>\n<a href=\"https:\/\/berliner-dampfer.de\/wp-content\/uploads\/2026\/01\/1989-07-21-1993-04-07-1997-01-07-Buerokratie-fuer-Mops-klein.jpg\" target=\"_blank\" rel=\"noopener\"><img loading=\"lazy\" decoding=\"async\" class=\"alignnone wp-image-17956 size-full\" src=\"https:\/\/berliner-dampfer.de\/wp-content\/uploads\/2026\/01\/1989-07-21-1993-04-07-1997-01-07-Buerokratie-fuer-Mops-klein.jpg\" alt=\"\" width=\"1200\" height=\"556\" srcset=\"https:\/\/berliner-dampfer.de\/wp-content\/uploads\/2026\/01\/1989-07-21-1993-04-07-1997-01-07-Buerokratie-fuer-Mops-klein.jpg 1200w, https:\/\/berliner-dampfer.de\/wp-content\/uploads\/2026\/01\/1989-07-21-1993-04-07-1997-01-07-Buerokratie-fuer-Mops-klein-300x139.jpg 300w, https:\/\/berliner-dampfer.de\/wp-content\/uploads\/2026\/01\/1989-07-21-1993-04-07-1997-01-07-Buerokratie-fuer-Mops-klein-1024x474.jpg 1024w, https:\/\/berliner-dampfer.de\/wp-content\/uploads\/2026\/01\/1989-07-21-1993-04-07-1997-01-07-Buerokratie-fuer-Mops-klein-768x356.jpg 768w\" sizes=\"auto, (max-width: 1200px) 100vw, 1200px\" \/><\/a><span style=\"font-family: arial, helvetica, sans-serif; font-size: 12pt;\">&#8222;Mops&#8220;<\/span><br \/>\n<span style=\"font-family: arial, helvetica, sans-serif; font-size: 12pt;\">L\u00e4nge: 5 Meter<\/span><br \/>\n<span style=\"font-family: arial, helvetica, sans-serif; font-size: 12pt;\">Breite: 1 Meter<br \/>\nTiefgang: 15 Zentimeter<\/span><\/td>\n<\/tr>\n<\/tbody>\n<\/table>\n<p style=\"text-align: justify;\"><strong><span style=\"font-family: arial, helvetica, sans-serif; font-size: 12pt;\">&#8222;Mops&#8220; war nicht &#8222;billig&#8220;. Er kostete 1953 stolze 720 DM. Ein <a href=\"https:\/\/hessburg.de\/kaufkraftrechner\/\" target=\"_blank\" rel=\"noopener\">Kaufkraftrechner<\/a> weist daf\u00fcr heute einen Gegenwert von \u00fcber 9.000 \u20ac aus. F\u00fcr den ersten Motor ein Jahr sp\u00e4ter mit 395 DM heute rund 4.700 \u20ac. <\/span><\/strong><span style=\"font-family: arial, helvetica, sans-serif; font-size: 12pt;\">F\u00fcr meinen Vater, der damals als B\u00e4ckergeselle gearbeitet hatte, also eine Menge Geld und ich glaube so sehr hat er sich, als bodenst\u00e4ndiger Mann, verh\u00e4ltnism\u00e4\u00dfig nie wieder in &#8222;Unkosten gest\u00fcrzt&#8220;. Dieses Boot anzuschaffen war ihm also sehr wichtig. Mein Vater war nicht geizig, aber \u00fcber die hohen Spritkosten bei den gro\u00dfen Motorbooten hatte er immer gerne einen kleinen verschmitzten Kommentar \u00fcbrig.<\/span><\/p>\n<p style=\"text-align: justify;\"><span style=\"font-family: arial, helvetica, sans-serif; font-size: 12pt;\"><a href=\"https:\/\/www.welt.de\/welt_print\/article1243878\/Kunstmaezen-rettet-Landhaus-am-Teltowkanal.html\" target=\"_blank\" rel=\"noopener\">S\u00f6hnelwerft (Welt):<\/a> <\/span><\/p>\n<blockquote>\n<p style=\"text-align: justify;\"><span style=\"font-family: arial, helvetica, sans-serif; font-size: 12pt;\">Alfred S\u00f6hnel hatte das Gel\u00e4nde, das beim Bau des Teltowkanals \u00fcbrig geblieben ist, 1930 gepachtet. Der r\u00fchrige Gesch\u00e4ftsmann er\u00f6ffnete noch im selben Jahr eine Werft, in der er eigens entwickelte Holzkanadier bauen lie\u00df. Acht Jahre sp\u00e4ter kaufte er das Areal mit dem dazugeh\u00f6rigen &#8222;Rudererheim&#8220; &#8211; dem heutigen Landhaus. Bis Ende der 1960er-Jahre wurden in Kohlhasenbr\u00fcck die Paddelboote aus edlen H\u00f6lzern von zehn Bootsbauern in Handarbeit gefertigt. Dann kamen die Kunststoffboote auf den Markt. F\u00fcr Alfred S\u00f6hnel lohnte sich das Handwerk nicht mehr. Hauptgesch\u00e4ft der Werft war seit der Einstellung des Bootsbaus die Vermietung von Lagerpl\u00e4tzen in den drei Bootsh\u00e4usern. Das Restaurant hatte Alfred S\u00f6hnel verpachtet, am Ende stand es leer. Im Jahr 1990 starb der Werftgr\u00fcnder im Alter von 94 Jahren.<\/span><\/p>\n<\/blockquote>\n<p style=\"text-align: justify;\"><span style=\"font-family: arial, helvetica, sans-serif; font-size: 12pt;\"><a href=\"https:\/\/de.wikipedia.org\/wiki\/K%C3%B6nig_Motorenbau\" target=\"_blank\" rel=\"noopener\">K\u00f6nig Motorenbau (Wikipedia):<\/a> <\/span><\/p>\n<blockquote>\n<p style=\"text-align: justify;\"><span style=\"font-family: arial, helvetica, sans-serif; font-size: 12pt;\">Die vom Berliner Unternehmen K\u00f6nig Motorenbau hergestellten Au\u00dfenbordmotoren waren in der zweiten H\u00e4lfte des 20. Jahrhunderts die weltweit erfolgreichsten Rennmotoren in den Klassen bis 700 cm\u00b3 des Motorbootsports. Daneben wurden Au\u00dfenbordmotoren f\u00fcr den Freizeitbereich und zuletzt auch Motoren f\u00fcr Ultraleichtflugzeuge hergestellt.<\/span><br \/>\n<span style=\"font-family: arial, helvetica, sans-serif; font-size: 12pt;\">Das Unternehmen ging nicht in Konkurs, sondern wurde nach dem Tod des Inhabers 1991 geschlossen.<\/span><\/p>\n<\/blockquote>\n<p>&nbsp;<\/p>\n<table style=\"border-collapse: collapse; width: 100%;\">\n<tbody>\n<tr>\n<td style=\"width: 100%; background-color: #ffff00;\"><span style=\"font-family: arial, helvetica, sans-serif; font-size: 12pt;\">02. &#8211; <\/span><strong><span style=\"font-family: arial, helvetica, sans-serif; font-size: 12pt;\">Das Bootshaus Hempler in Pichelsdorf auf dem &#8222;Sack&#8220;:<\/span><\/strong><\/td>\n<\/tr>\n<\/tbody>\n<\/table>\n<p style=\"text-align: justify;\"><span style=\"font-family: arial, helvetica, sans-serif; font-size: 12pt;\">Am 15. M\u00e4rz 1953 wurde &#8222;Mops&#8220; an meinen Vater \u00fcbergeben. Von da an befand er sich bis zu seiner \u00dcberstellung in das Museum f\u00fcr Verkehr und Technik in Berlin am 21. Juli 2003 im Bootshaus Hempler in Berlin-Pichelsdorf &#8211; Am Pichelssee 22, wobei die Anschrift t\u00e4uscht, das Bootshausgel\u00e4nde befindet sich nicht am <a href=\"https:\/\/forst-grunewald.de\/?page_id=4645\" target=\"_blank\" rel=\"noopener\">Pichelssee<\/a>, sondern an der Scharfen Lanke &#8211; auf einer Halbinsel mit der, wegen seiner Form wie ein Sack auf die historische Bezeichnung: &#8222;Der Sack&#8220; tr\u00e4gt. An ihrem Ende befand sich einst eine Fabrikantenvilla, welche im Volksmund &#8222;<a href=\"https:\/\/forst-grunewald.de\/wp-content\/gallery\/pichelswerder-schloss-pichelsdorf\/1899-06-15-schloss-pichelsdorf-klein.jpg\" target=\"_blank\" rel=\"noopener\">Schlo\u00df Pichelsdorf<\/a>&#8220; genannt wurde. Au\u00dferdem soll der Sage nach von der Spitze der Halbinsel der Wendenf\u00fcrst Jaczo 1157 auf der Flucht mit seinem Pferd die Havel an der &#8222;Breite See&#8220; (allgemein bekannt als &#8222;Gatower See) zur Halbinsel <a href=\"https:\/\/forst-grunewald.de\/?page_id=10635\" target=\"_blank\" rel=\"noopener\">Schildhorn<\/a> geschwommen sein. Zu allen diesen Orten habe ich eigene Seiten angelegt:<\/span><\/p>\n<ul>\n<li><span style=\"font-family: arial, helvetica, sans-serif; font-size: 12pt;\"><a href=\"https:\/\/forst-grunewald.de\/?page_id=257\" target=\"_blank\" rel=\"noopener\">Breite See<\/a><\/span><\/li>\n<li style=\"text-align: justify;\"><span style=\"font-family: arial, helvetica, sans-serif; font-size: 12pt;\"><a href=\"https:\/\/forst-grunewald.de\/?page_id=4233\" target=\"_blank\" rel=\"noopener\">Schloss Pichelsdorf auf dem \u201eSack\u201c<\/a><\/span><\/li>\n<li style=\"text-align: justify;\"><span style=\"font-family: arial, helvetica, sans-serif; font-size: 12pt;\"><a href=\"https:\/\/forst-grunewald.de\/?page_id=10635\" target=\"_blank\" rel=\"noopener\">Schildhorn<\/a><\/span><\/li>\n<li><span style=\"font-family: arial, helvetica, sans-serif; font-size: 12pt;\">Weiterf\u00fchrend:<\/span><br \/>\n<span style=\"font-family: arial, helvetica, sans-serif; font-size: 12pt;\"><a href=\"https:\/\/forst-grunewald.de\/?page_id=5742\" target=\"_blank\" rel=\"noopener\">Jaczoturm und Jaczoschlucht<\/a> und: <a href=\"https:\/\/forst-grunewald.de\/?cat=301\" target=\"_blank\" rel=\"noopener\">Meine Forschungsergebnisse<\/a>.<\/span><\/li>\n<\/ul>\n<p style=\"text-align: justify;\"><span style=\"font-family: arial, helvetica, sans-serif; font-size: 12pt;\">Anzumerken ist au\u00dferdem noch, dass &#8222;irgendwo&#8220; in der N\u00e4he (evtl. sogar auf dem &#8222;Sack&#8220;) 1816 das erste deutsche Dampfschiff gebaut wurde, \u00fcber dieses Schiff habe ich ebenfalls eine eigene Seite angelegt:<\/span><\/p>\n<ul style=\"text-align: justify;\">\n<li style=\"text-align: justify;\"><a href=\"https:\/\/berliner-dampfer.de\/?page_id=14781\" target=\"_blank\" rel=\"noopener\"><span style=\"font-family: arial, helvetica, sans-serif; font-size: 12pt;\"> Prinzessin Charlotte von Preu\u00dfen (1816) \u2013 Das erste deutsche Dampfschiff<\/span><\/a><\/li>\n<\/ul>\n<p style=\"text-align: justify;\"><span style=\"font-family: arial, helvetica, sans-serif; font-size: 12pt;\">&#8222;Mops&#8220; bewegte sich also stets in eigentlich sehr geschichtstr\u00e4chtigen Gew\u00e4ssern \ud83d\ude00 , nimmt man auch noch den <a href=\"https:\/\/forst-grunewald.de\/?page_id=4060\" target=\"_blank\" rel=\"noopener\">Pichelswerder<\/a> und die Pfaueninsel als seine s\u00fcdlichste gelegene pers\u00f6nliche \u00e4u\u00dferste Ausflugsgrenze hinzu. N\u00f6rdlich \u00fcberquerte er die <a href=\"https:\/\/de.wikipedia.org\/wiki\/Schleuse_Spandau\" target=\"_blank\" rel=\"noopener\">Spandauer Schleuse<\/a> nur einige wenige Male um in den Tegeler See zu fahren. Besonders sch\u00f6ne Touren f\u00fchrten in aber noch weit vor der Schleuse auf dem <a href=\"https:\/\/forst-grunewald.de\/?page_id=5053\" target=\"_blank\" rel=\"noopener\">Tiefwerder<\/a> ins kleine Kanalsystem von &#8222;Klein Venedig&#8220;.<\/span><\/p>\n<p>&nbsp;<\/p>\n<table style=\"border-collapse: collapse; width: 100%;\">\n<tbody>\n<tr>\n<td style=\"width: 25%; text-align: left; vertical-align: top;\"><span style=\"font-family: arial, helvetica, sans-serif; font-size: 12pt;\">1930 ca.<\/span><br \/>\n<span style=\"font-family: arial, helvetica, sans-serif; font-size: 12pt;\">Haus Pichelssee<\/span><br \/>\n<a href=\"https:\/\/berliner-dampfer.de\/wp-content\/uploads\/2026\/01\/1930-10-21-Bootshaus-Am-Pichelssee-22-zu-Dampfbootbaustelle-klein-1600.jpg\" target=\"_blank\" rel=\"noopener\"><img loading=\"lazy\" decoding=\"async\" class=\"alignnone wp-image-17964 size-full\" src=\"https:\/\/berliner-dampfer.de\/wp-content\/uploads\/2026\/01\/1930-10-21-Bootshaus-Am-Pichelssee-22-zu-Dampfbootbaustelle-klein-1600.jpg\" alt=\"\" width=\"1600\" height=\"992\" srcset=\"https:\/\/berliner-dampfer.de\/wp-content\/uploads\/2026\/01\/1930-10-21-Bootshaus-Am-Pichelssee-22-zu-Dampfbootbaustelle-klein-1600.jpg 1600w, https:\/\/berliner-dampfer.de\/wp-content\/uploads\/2026\/01\/1930-10-21-Bootshaus-Am-Pichelssee-22-zu-Dampfbootbaustelle-klein-1600-300x186.jpg 300w, https:\/\/berliner-dampfer.de\/wp-content\/uploads\/2026\/01\/1930-10-21-Bootshaus-Am-Pichelssee-22-zu-Dampfbootbaustelle-klein-1600-1024x635.jpg 1024w, https:\/\/berliner-dampfer.de\/wp-content\/uploads\/2026\/01\/1930-10-21-Bootshaus-Am-Pichelssee-22-zu-Dampfbootbaustelle-klein-1600-768x476.jpg 768w, https:\/\/berliner-dampfer.de\/wp-content\/uploads\/2026\/01\/1930-10-21-Bootshaus-Am-Pichelssee-22-zu-Dampfbootbaustelle-klein-1600-1536x952.jpg 1536w\" sizes=\"auto, (max-width: 1600px) 100vw, 1600px\" \/><\/a>&nbsp;<\/td>\n<td style=\"width: 25%; text-align: left; vertical-align: top;\"><span style=\"font-family: arial, helvetica, sans-serif; font-size: 12pt;\">1933 ca., Luftbild<\/span><br \/>\n<span style=\"font-family: arial, helvetica, sans-serif; font-size: 12pt;\">&#8222;Scharfe Lanke&#8220; mit &#8222;Der Sack&#8220;<\/span><br \/>\n<a href=\"https:\/\/berliner-dampfer.de\/wp-content\/uploads\/2026\/01\/1933-ca-KernLB-3014-Pdorf-Pwerder-Sack-zu-Dampfbootbaustelle-a-1600.jpg\" target=\"_blank\" rel=\"noopener\"><img loading=\"lazy\" decoding=\"async\" class=\"alignnone wp-image-17965 size-full\" src=\"https:\/\/berliner-dampfer.de\/wp-content\/uploads\/2026\/01\/1933-ca-KernLB-3014-Pdorf-Pwerder-Sack-zu-Dampfbootbaustelle-a-1600.jpg\" alt=\"\" width=\"1600\" height=\"982\" srcset=\"https:\/\/berliner-dampfer.de\/wp-content\/uploads\/2026\/01\/1933-ca-KernLB-3014-Pdorf-Pwerder-Sack-zu-Dampfbootbaustelle-a-1600.jpg 1600w, https:\/\/berliner-dampfer.de\/wp-content\/uploads\/2026\/01\/1933-ca-KernLB-3014-Pdorf-Pwerder-Sack-zu-Dampfbootbaustelle-a-1600-300x184.jpg 300w, https:\/\/berliner-dampfer.de\/wp-content\/uploads\/2026\/01\/1933-ca-KernLB-3014-Pdorf-Pwerder-Sack-zu-Dampfbootbaustelle-a-1600-1024x628.jpg 1024w, https:\/\/berliner-dampfer.de\/wp-content\/uploads\/2026\/01\/1933-ca-KernLB-3014-Pdorf-Pwerder-Sack-zu-Dampfbootbaustelle-a-1600-768x471.jpg 768w, https:\/\/berliner-dampfer.de\/wp-content\/uploads\/2026\/01\/1933-ca-KernLB-3014-Pdorf-Pwerder-Sack-zu-Dampfbootbaustelle-a-1600-1536x943.jpg 1536w\" sizes=\"auto, (max-width: 1600px) 100vw, 1600px\" \/><\/a>&nbsp;<\/td>\n<td style=\"width: 25%; text-align: left; vertical-align: top;\"><span style=\"font-family: arial, helvetica, sans-serif; font-size: 12pt;\">1949 ca. Wiederaufbau<\/span><br \/>\n<span style=\"font-family: arial, helvetica, sans-serif; font-size: 12pt;\">&#8222;Bootsst\u00e4nde Hempler&#8220;<\/span><br \/>\n<a href=\"https:\/\/berliner-dampfer.de\/wp-content\/uploads\/2026\/01\/1949-ca-Werbung-Neubau-Bootsstaende-Hempler-klein.jpg\" target=\"_blank\" rel=\"noopener\"><img loading=\"lazy\" decoding=\"async\" class=\"alignnone wp-image-17967 size-full\" src=\"https:\/\/berliner-dampfer.de\/wp-content\/uploads\/2026\/01\/1949-ca-Werbung-Neubau-Bootsstaende-Hempler-klein.jpg\" alt=\"\" width=\"1201\" height=\"1433\" srcset=\"https:\/\/berliner-dampfer.de\/wp-content\/uploads\/2026\/01\/1949-ca-Werbung-Neubau-Bootsstaende-Hempler-klein.jpg 1201w, https:\/\/berliner-dampfer.de\/wp-content\/uploads\/2026\/01\/1949-ca-Werbung-Neubau-Bootsstaende-Hempler-klein-251x300.jpg 251w, https:\/\/berliner-dampfer.de\/wp-content\/uploads\/2026\/01\/1949-ca-Werbung-Neubau-Bootsstaende-Hempler-klein-858x1024.jpg 858w, https:\/\/berliner-dampfer.de\/wp-content\/uploads\/2026\/01\/1949-ca-Werbung-Neubau-Bootsstaende-Hempler-klein-768x916.jpg 768w\" sizes=\"auto, (max-width: 1201px) 100vw, 1201px\" \/><\/a><\/td>\n<td style=\"width: 25%; text-align: left; vertical-align: top;\"><span style=\"font-family: arial, helvetica, sans-serif; font-size: 12pt;\">15. M\u00e4rz 1953 &#8211; 2003<\/span><br \/>\n<span style=\"font-family: arial, helvetica, sans-serif; font-size: 12pt;\">Erster Mietvertrag f\u00fcr &#8222;Mops&#8220;<\/span><br \/>\n<a href=\"https:\/\/berliner-dampfer.de\/wp-content\/uploads\/2026\/01\/1953-03-15-Bootsaus-Hempler-Mietvertrag-klein-Auszug.jpg\" target=\"_blank\" rel=\"noopener\"><img loading=\"lazy\" decoding=\"async\" class=\"alignnone wp-image-17968 size-full\" src=\"https:\/\/berliner-dampfer.de\/wp-content\/uploads\/2026\/01\/1953-03-15-Bootsaus-Hempler-Mietvertrag-klein-Auszug.jpg\" alt=\"\" width=\"1200\" height=\"1242\" srcset=\"https:\/\/berliner-dampfer.de\/wp-content\/uploads\/2026\/01\/1953-03-15-Bootsaus-Hempler-Mietvertrag-klein-Auszug.jpg 1200w, https:\/\/berliner-dampfer.de\/wp-content\/uploads\/2026\/01\/1953-03-15-Bootsaus-Hempler-Mietvertrag-klein-Auszug-290x300.jpg 290w, https:\/\/berliner-dampfer.de\/wp-content\/uploads\/2026\/01\/1953-03-15-Bootsaus-Hempler-Mietvertrag-klein-Auszug-989x1024.jpg 989w, https:\/\/berliner-dampfer.de\/wp-content\/uploads\/2026\/01\/1953-03-15-Bootsaus-Hempler-Mietvertrag-klein-Auszug-768x795.jpg 768w\" sizes=\"auto, (max-width: 1200px) 100vw, 1200px\" \/><\/a>&nbsp;<\/td>\n<\/tr>\n<\/tbody>\n<\/table>\n<p>&nbsp;<\/p>\n<table style=\"border-collapse: collapse; width: 100%;\">\n<tbody>\n<tr>\n<td style=\"width: 100%; background-color: #ffff00;\"><span style=\"font-family: arial, helvetica, sans-serif; font-size: 12pt;\">03. &#8211; <\/span><strong><span style=\"font-family: arial, helvetica, sans-serif; font-size: 12pt;\">&#8222;Mops&#8220; im Einsatz in den 50er Jahren:<\/span><\/strong><\/td>\n<\/tr>\n<\/tbody>\n<\/table>\n<p>&nbsp;<\/p>\n<table style=\"border-collapse: collapse; width: 100%; height: 120px;\">\n<tbody>\n<tr style=\"height: 48px;\">\n<td style=\"width: 24.9753%; text-align: left; vertical-align: top; height: 48px;\"><strong><span style=\"font-family: arial, helvetica, sans-serif; font-size: 12pt;\">1953<\/span><\/strong><br \/>\n<span style=\"font-family: arial, helvetica, sans-serif; font-size: 12pt;\">Zum rechten Bild:<\/span><br \/>\n<span style=\"font-family: arial, helvetica, sans-serif; font-size: 12pt;\">Mops noch im Holz-Auslieferungszustand.<\/span><br \/>\n<span style=\"font-family: arial, helvetica, sans-serif; font-size: 12pt;\">Keine Rumpfbespannung,<br \/>\nkein Wasserspritzschutz und<br \/>\nkein Motor.<br \/>\nOben am Bug das Emblem der &#8222;S\u00f6hnel-Werft&#8220;.<\/span><\/td>\n<td style=\"width: 24.9753%; text-align: left; vertical-align: top; height: 48px;\"><a href=\"https:\/\/berliner-dampfer.de\/wp-content\/uploads\/2026\/01\/1953-Kuhhorn-Mops-noch-unbespannt-Papa-klein.jpg\" target=\"_blank\" rel=\"noopener\"><img loading=\"lazy\" decoding=\"async\" class=\"alignnone wp-image-17985 size-full\" src=\"https:\/\/berliner-dampfer.de\/wp-content\/uploads\/2026\/01\/1953-Kuhhorn-Mops-noch-unbespannt-Papa-klein.jpg\" alt=\"\" width=\"1200\" height=\"1707\" srcset=\"https:\/\/berliner-dampfer.de\/wp-content\/uploads\/2026\/01\/1953-Kuhhorn-Mops-noch-unbespannt-Papa-klein.jpg 1200w, https:\/\/berliner-dampfer.de\/wp-content\/uploads\/2026\/01\/1953-Kuhhorn-Mops-noch-unbespannt-Papa-klein-211x300.jpg 211w, https:\/\/berliner-dampfer.de\/wp-content\/uploads\/2026\/01\/1953-Kuhhorn-Mops-noch-unbespannt-Papa-klein-720x1024.jpg 720w, https:\/\/berliner-dampfer.de\/wp-content\/uploads\/2026\/01\/1953-Kuhhorn-Mops-noch-unbespannt-Papa-klein-768x1092.jpg 768w, https:\/\/berliner-dampfer.de\/wp-content\/uploads\/2026\/01\/1953-Kuhhorn-Mops-noch-unbespannt-Papa-klein-1080x1536.jpg 1080w\" sizes=\"auto, (max-width: 1200px) 100vw, 1200px\" \/><\/a><\/td>\n<td style=\"width: 24.9753%; text-align: left; vertical-align: top; height: 48px;\"><a href=\"https:\/\/berliner-dampfer.de\/wp-content\/uploads\/2026\/01\/1953-Kuhhorn-klein.jpg\" target=\"_blank\" rel=\"noopener\"><img loading=\"lazy\" decoding=\"async\" class=\"alignnone wp-image-17986 size-full\" src=\"https:\/\/berliner-dampfer.de\/wp-content\/uploads\/2026\/01\/1953-Kuhhorn-klein.jpg\" alt=\"\" width=\"1200\" height=\"1687\" srcset=\"https:\/\/berliner-dampfer.de\/wp-content\/uploads\/2026\/01\/1953-Kuhhorn-klein.jpg 1200w, https:\/\/berliner-dampfer.de\/wp-content\/uploads\/2026\/01\/1953-Kuhhorn-klein-213x300.jpg 213w, https:\/\/berliner-dampfer.de\/wp-content\/uploads\/2026\/01\/1953-Kuhhorn-klein-728x1024.jpg 728w, https:\/\/berliner-dampfer.de\/wp-content\/uploads\/2026\/01\/1953-Kuhhorn-klein-768x1080.jpg 768w, https:\/\/berliner-dampfer.de\/wp-content\/uploads\/2026\/01\/1953-Kuhhorn-klein-1093x1536.jpg 1093w\" sizes=\"auto, (max-width: 1200px) 100vw, 1200px\" \/><\/a><\/td>\n<td style=\"width: 24.9753%; text-align: left; vertical-align: top; height: 48px;\"><strong><span style=\"font-family: arial, helvetica, sans-serif; font-size: 12pt;\">1953<\/span><\/strong><br \/>\n<span style=\"font-family: arial, helvetica, sans-serif; font-size: 12pt;\">Zum linken Bild:<\/span><br \/>\n<span style=\"font-family: arial, helvetica, sans-serif; font-size: 12pt;\">Am <a href=\"https:\/\/forst-grunewald.de\/index.php\/nggallery\/album\/036-dachsberge-galerie-10-kuhhorn?page_id=291\" target=\"_blank\" rel=\"noopener\">Kuhhorn<\/a>. Mein Vater schleckt ein Eis am Stil, hier genannt<br \/>\n&#8222;Berliner-Stange&#8220;.<br \/>\n<a href=\"https:\/\/berliner-dampfer.de\/wp-content\/uploads\/2026\/01\/1953-Kuhhorn-Eis-Berliner-Stange.jpg\" target=\"_blank\" rel=\"noopener\"><img loading=\"lazy\" decoding=\"async\" class=\"aligncenter wp-image-17989\" src=\"https:\/\/berliner-dampfer.de\/wp-content\/uploads\/2026\/01\/1953-Kuhhorn-Eis-Berliner-Stange.jpg\" alt=\"\" width=\"155\" height=\"88\" srcset=\"https:\/\/berliner-dampfer.de\/wp-content\/uploads\/2026\/01\/1953-Kuhhorn-Eis-Berliner-Stange.jpg 676w, https:\/\/berliner-dampfer.de\/wp-content\/uploads\/2026\/01\/1953-Kuhhorn-Eis-Berliner-Stange-300x170.jpg 300w\" sizes=\"auto, (max-width: 155px) 100vw, 155px\" \/><\/a><\/span><br \/>\n<span style=\"font-family: arial, helvetica, sans-serif; font-size: 12pt;\">Das Besondere: An der Stelle des Eisstandes wurde sp\u00e4ter die <a href=\"https:\/\/forst-grunewald.de\/wp-content\/gallery\/kuhhorn\/2011-dsc00628-klein.jpg\" target=\"_blank\" rel=\"noopener\">Wasserrettungsstation &#8222;Kuhhorn&#8220;<\/a> errichtet.<\/span><\/td>\n<\/tr>\n<tr style=\"height: 48px;\">\n<td style=\"width: 24.9753%; text-align: left; vertical-align: top; height: 48px;\"><strong><span style=\"font-family: arial, helvetica, sans-serif; font-size: 12pt;\">1954<\/span><\/strong><br \/>\n<span style=\"font-family: arial, helvetica, sans-serif; font-size: 12pt;\">Meine Mutter<\/span><br \/>\n<span style=\"font-family: arial, helvetica, sans-serif; font-size: 12pt;\"><a href=\"https:\/\/berliner-dampfer.de\/wp-content\/uploads\/2026\/01\/1954-MOPS-Mama-am-Steuer-klein.jpg\" target=\"_blank\" rel=\"noopener\"><img loading=\"lazy\" decoding=\"async\" class=\"alignnone wp-image-17976 size-full\" src=\"https:\/\/berliner-dampfer.de\/wp-content\/uploads\/2026\/01\/1954-MOPS-Mama-am-Steuer-klein.jpg\" alt=\"\" width=\"1200\" height=\"819\" srcset=\"https:\/\/berliner-dampfer.de\/wp-content\/uploads\/2026\/01\/1954-MOPS-Mama-am-Steuer-klein.jpg 1200w, https:\/\/berliner-dampfer.de\/wp-content\/uploads\/2026\/01\/1954-MOPS-Mama-am-Steuer-klein-300x205.jpg 300w, https:\/\/berliner-dampfer.de\/wp-content\/uploads\/2026\/01\/1954-MOPS-Mama-am-Steuer-klein-1024x699.jpg 1024w, https:\/\/berliner-dampfer.de\/wp-content\/uploads\/2026\/01\/1954-MOPS-Mama-am-Steuer-klein-768x524.jpg 768w\" sizes=\"auto, (max-width: 1200px) 100vw, 1200px\" \/><\/a><\/span><\/td>\n<td style=\"width: 24.9753%; text-align: left; vertical-align: top; height: 48px;\"><strong><span style=\"font-family: arial, helvetica, sans-serif; font-size: 12pt;\">1954<\/span><\/strong><br \/>\n<span style=\"font-family: arial, helvetica, sans-serif; font-size: 12pt;\">Im Bootshaus<\/span><br \/>\n<span style=\"font-family: arial, helvetica, sans-serif; font-size: 12pt;\"><a href=\"https:\/\/berliner-dampfer.de\/wp-content\/uploads\/2026\/01\/1954-MOPS-am-Steg-Bootshaus-Hempler-klein.jpg\" target=\"_blank\" rel=\"noopener\"><img loading=\"lazy\" decoding=\"async\" class=\"alignnone wp-image-17978 size-full\" src=\"https:\/\/berliner-dampfer.de\/wp-content\/uploads\/2026\/01\/1954-MOPS-am-Steg-Bootshaus-Hempler-klein.jpg\" alt=\"\" width=\"1200\" height=\"773\" srcset=\"https:\/\/berliner-dampfer.de\/wp-content\/uploads\/2026\/01\/1954-MOPS-am-Steg-Bootshaus-Hempler-klein.jpg 1200w, https:\/\/berliner-dampfer.de\/wp-content\/uploads\/2026\/01\/1954-MOPS-am-Steg-Bootshaus-Hempler-klein-300x193.jpg 300w, https:\/\/berliner-dampfer.de\/wp-content\/uploads\/2026\/01\/1954-MOPS-am-Steg-Bootshaus-Hempler-klein-1024x660.jpg 1024w, https:\/\/berliner-dampfer.de\/wp-content\/uploads\/2026\/01\/1954-MOPS-am-Steg-Bootshaus-Hempler-klein-768x495.jpg 768w\" sizes=\"auto, (max-width: 1200px) 100vw, 1200px\" \/><\/a><\/span><\/td>\n<td style=\"width: 24.9753%; text-align: left; vertical-align: top; height: 48px;\"><span style=\"font-family: arial, helvetica, sans-serif; font-size: 12pt;\"><strong>1954<\/strong> Am <a href=\"https:\/\/forst-grunewald.de\/?page_id=291\" target=\"_blank\" rel=\"noopener\">Kuhhorn<\/a><\/span><br \/>\n<span style=\"font-family: arial, helvetica, sans-serif; font-size: 12pt;\">&#8222;Kanadierfamile&#8220; a.d. Bootshaus<\/span><br \/>\n<span style=\"font-family: arial, helvetica, sans-serif; font-size: 12pt;\"><a href=\"https:\/\/berliner-dampfer.de\/wp-content\/uploads\/2026\/01\/1955-63-Unsere-Kanadierfamilie-aus-dem-Bootshaus-klein.jpg\" target=\"_blank\" rel=\"noopener\"><img loading=\"lazy\" decoding=\"async\" class=\"alignnone wp-image-17979 size-full\" src=\"https:\/\/berliner-dampfer.de\/wp-content\/uploads\/2026\/01\/1955-63-Unsere-Kanadierfamilie-aus-dem-Bootshaus-klein.jpg\" alt=\"\" width=\"1200\" height=\"824\" srcset=\"https:\/\/berliner-dampfer.de\/wp-content\/uploads\/2026\/01\/1955-63-Unsere-Kanadierfamilie-aus-dem-Bootshaus-klein.jpg 1200w, https:\/\/berliner-dampfer.de\/wp-content\/uploads\/2026\/01\/1955-63-Unsere-Kanadierfamilie-aus-dem-Bootshaus-klein-300x206.jpg 300w, https:\/\/berliner-dampfer.de\/wp-content\/uploads\/2026\/01\/1955-63-Unsere-Kanadierfamilie-aus-dem-Bootshaus-klein-1024x703.jpg 1024w, https:\/\/berliner-dampfer.de\/wp-content\/uploads\/2026\/01\/1955-63-Unsere-Kanadierfamilie-aus-dem-Bootshaus-klein-768x527.jpg 768w\" sizes=\"auto, (max-width: 1200px) 100vw, 1200px\" \/><\/a><\/span><\/td>\n<td style=\"width: 24.9753%; text-align: left; vertical-align: top; height: 48px;\"><strong><span style=\"font-family: arial, helvetica, sans-serif; font-size: 12pt;\">1954<\/span><\/strong><br \/>\n<span style=\"font-family: arial, helvetica, sans-serif; font-size: 12pt;\">Mein Vater<\/span><br \/>\n<span style=\"font-family: arial, helvetica, sans-serif; font-size: 12pt;\"><a href=\"https:\/\/berliner-dampfer.de\/wp-content\/uploads\/2026\/01\/1953-MOPS-Papa-am-Steuer-klein.jpg\" target=\"_blank\" rel=\"noopener\"><img loading=\"lazy\" decoding=\"async\" class=\"alignnone wp-image-17977 size-full\" src=\"https:\/\/berliner-dampfer.de\/wp-content\/uploads\/2026\/01\/1953-MOPS-Papa-am-Steuer-klein.jpg\" alt=\"\" width=\"1200\" height=\"812\" srcset=\"https:\/\/berliner-dampfer.de\/wp-content\/uploads\/2026\/01\/1953-MOPS-Papa-am-Steuer-klein.jpg 1200w, https:\/\/berliner-dampfer.de\/wp-content\/uploads\/2026\/01\/1953-MOPS-Papa-am-Steuer-klein-300x203.jpg 300w, https:\/\/berliner-dampfer.de\/wp-content\/uploads\/2026\/01\/1953-MOPS-Papa-am-Steuer-klein-1024x693.jpg 1024w, https:\/\/berliner-dampfer.de\/wp-content\/uploads\/2026\/01\/1953-MOPS-Papa-am-Steuer-klein-768x520.jpg 768w\" sizes=\"auto, (max-width: 1200px) 100vw, 1200px\" \/><\/a><\/span><\/td>\n<\/tr>\n<tr style=\"height: 24px;\">\n<td style=\"width: 24.9753%; text-align: left; vertical-align: top; height: 24px;\"><strong><span style=\"font-family: arial, helvetica, sans-serif; font-size: 12pt;\">1954<\/span><\/strong><br \/>\n<span style=\"font-family: arial, helvetica, sans-serif; font-size: 12pt;\">Am <\/span><a href=\"https:\/\/forst-grunewald.de\/?page_id=291\" target=\"_blank\" rel=\"noopener\"><span style=\"font-family: arial, helvetica, sans-serif; font-size: 12pt;\">Kuhhorn<\/span><\/a><br \/>\n<span style=\"font-family: arial, helvetica, sans-serif; font-size: 12pt;\"><a href=\"https:\/\/berliner-dampfer.de\/wp-content\/uploads\/2026\/01\/1954-MOPS-Mama-Papa-paddeln-01-klein.jpg\" target=\"_blank\" rel=\"noopener\"><img loading=\"lazy\" decoding=\"async\" class=\"alignnone wp-image-17980 size-full\" src=\"https:\/\/berliner-dampfer.de\/wp-content\/uploads\/2026\/01\/1954-MOPS-Mama-Papa-paddeln-01-klein.jpg\" alt=\"\" width=\"1200\" height=\"812\" srcset=\"https:\/\/berliner-dampfer.de\/wp-content\/uploads\/2026\/01\/1954-MOPS-Mama-Papa-paddeln-01-klein.jpg 1200w, https:\/\/berliner-dampfer.de\/wp-content\/uploads\/2026\/01\/1954-MOPS-Mama-Papa-paddeln-01-klein-300x203.jpg 300w, https:\/\/berliner-dampfer.de\/wp-content\/uploads\/2026\/01\/1954-MOPS-Mama-Papa-paddeln-01-klein-1024x693.jpg 1024w, https:\/\/berliner-dampfer.de\/wp-content\/uploads\/2026\/01\/1954-MOPS-Mama-Papa-paddeln-01-klein-768x520.jpg 768w\" sizes=\"auto, (max-width: 1200px) 100vw, 1200px\" \/><\/a><\/span><\/td>\n<td style=\"width: 24.9753%; text-align: left; vertical-align: top; height: 24px;\"><strong><span style=\"font-family: arial, helvetica, sans-serif; font-size: 12pt;\">1954<\/span><\/strong><br \/>\n<span style=\"font-family: arial, helvetica, sans-serif; font-size: 12pt;\">Am <\/span><a href=\"https:\/\/forst-grunewald.de\/?page_id=291\" target=\"_blank\" rel=\"noopener\"><span style=\"font-family: arial, helvetica, sans-serif; font-size: 12pt;\">Kuhhorn<\/span><\/a><br \/>\n<span style=\"font-family: arial, helvetica, sans-serif; font-size: 12pt;\"><a href=\"https:\/\/berliner-dampfer.de\/wp-content\/uploads\/2026\/01\/1954-Mops-am-Strand-Kuhhorn-klein.jpg\" target=\"_blank\" rel=\"noopener\"><img loading=\"lazy\" decoding=\"async\" class=\"alignnone wp-image-17982 size-full\" src=\"https:\/\/berliner-dampfer.de\/wp-content\/uploads\/2026\/01\/1954-Mops-am-Strand-Kuhhorn-klein.jpg\" alt=\"\" width=\"1200\" height=\"773\" srcset=\"https:\/\/berliner-dampfer.de\/wp-content\/uploads\/2026\/01\/1954-Mops-am-Strand-Kuhhorn-klein.jpg 1200w, https:\/\/berliner-dampfer.de\/wp-content\/uploads\/2026\/01\/1954-Mops-am-Strand-Kuhhorn-klein-300x193.jpg 300w, https:\/\/berliner-dampfer.de\/wp-content\/uploads\/2026\/01\/1954-Mops-am-Strand-Kuhhorn-klein-1024x660.jpg 1024w, https:\/\/berliner-dampfer.de\/wp-content\/uploads\/2026\/01\/1954-Mops-am-Strand-Kuhhorn-klein-768x495.jpg 768w\" sizes=\"auto, (max-width: 1200px) 100vw, 1200px\" \/><\/a><\/span><\/td>\n<td style=\"width: 24.9753%; text-align: left; vertical-align: top; height: 24px;\"><span style=\"font-family: arial, helvetica, sans-serif; font-size: 12pt;\"><strong>1954<\/strong> &#8222;Picknick im Schilf&#8220;<\/span><br \/>\n<span style=\"font-family: arial, helvetica, sans-serif; font-size: 12pt;\">Am <a href=\"https:\/\/forst-grunewald.de\/?page_id=291\" target=\"_blank\" rel=\"noopener\">Kuhhorn<\/a><\/span><br \/>\n<span style=\"font-family: arial, helvetica, sans-serif; font-size: 12pt;\"><a href=\"https:\/\/berliner-dampfer.de\/wp-content\/uploads\/2026\/01\/1954-MOPS-Mama-Papa-im-Schilf-klein.jpg\" target=\"_blank\" rel=\"noopener\"><img loading=\"lazy\" decoding=\"async\" class=\"alignnone wp-image-17983 size-full\" src=\"https:\/\/berliner-dampfer.de\/wp-content\/uploads\/2026\/01\/1954-MOPS-Mama-Papa-im-Schilf-klein.jpg\" alt=\"\" width=\"1200\" height=\"825\" srcset=\"https:\/\/berliner-dampfer.de\/wp-content\/uploads\/2026\/01\/1954-MOPS-Mama-Papa-im-Schilf-klein.jpg 1200w, https:\/\/berliner-dampfer.de\/wp-content\/uploads\/2026\/01\/1954-MOPS-Mama-Papa-im-Schilf-klein-300x206.jpg 300w, https:\/\/berliner-dampfer.de\/wp-content\/uploads\/2026\/01\/1954-MOPS-Mama-Papa-im-Schilf-klein-1024x704.jpg 1024w, https:\/\/berliner-dampfer.de\/wp-content\/uploads\/2026\/01\/1954-MOPS-Mama-Papa-im-Schilf-klein-768x528.jpg 768w\" sizes=\"auto, (max-width: 1200px) 100vw, 1200px\" \/><\/a><\/span><\/td>\n<td style=\"width: 24.9753%; text-align: left; vertical-align: top; height: 24px;\"><strong><span style=\"font-family: arial, helvetica, sans-serif; font-size: 12pt;\">1954<\/span><\/strong><br \/>\n<span style=\"font-family: arial, helvetica, sans-serif; font-size: 12pt;\">Am <a href=\"https:\/\/forst-grunewald.de\/?page_id=291\" target=\"_blank\" rel=\"noopener\">Kuhhorn<\/a><\/span><br \/>\n<span style=\"font-family: arial, helvetica, sans-serif; font-size: 12pt;\"><a href=\"https:\/\/berliner-dampfer.de\/wp-content\/uploads\/2026\/01\/1954-MOPS-Mama-Papa-paddeln-02-klein.jpg\" target=\"_blank\" rel=\"noopener\"><img loading=\"lazy\" decoding=\"async\" class=\"alignnone wp-image-17981 size-full\" src=\"https:\/\/berliner-dampfer.de\/wp-content\/uploads\/2026\/01\/1954-MOPS-Mama-Papa-paddeln-02-klein.jpg\" alt=\"\" width=\"1200\" height=\"814\" srcset=\"https:\/\/berliner-dampfer.de\/wp-content\/uploads\/2026\/01\/1954-MOPS-Mama-Papa-paddeln-02-klein.jpg 1200w, https:\/\/berliner-dampfer.de\/wp-content\/uploads\/2026\/01\/1954-MOPS-Mama-Papa-paddeln-02-klein-300x204.jpg 300w, https:\/\/berliner-dampfer.de\/wp-content\/uploads\/2026\/01\/1954-MOPS-Mama-Papa-paddeln-02-klein-1024x695.jpg 1024w, https:\/\/berliner-dampfer.de\/wp-content\/uploads\/2026\/01\/1954-MOPS-Mama-Papa-paddeln-02-klein-768x521.jpg 768w\" sizes=\"auto, (max-width: 1200px) 100vw, 1200px\" \/><\/a><\/span><\/td>\n<\/tr>\n<\/tbody>\n<\/table>\n<p>&nbsp;<\/p>\n<table style=\"border-collapse: collapse; width: 100%;\">\n<tbody>\n<tr>\n<td style=\"width: 100%; background-color: #ffff00;\"><span style=\"font-family: arial, helvetica, sans-serif; font-size: 12pt;\">04. &#8211; <\/span><strong><span style=\"font-family: arial, helvetica, sans-serif; font-size: 12pt;\">&#8222;Mops&#8220; im Einsatz 60er Jahren:<\/span><\/strong><\/td>\n<\/tr>\n<\/tbody>\n<\/table>\n<p>&nbsp;<\/p>\n<table style=\"border-collapse: collapse; width: 100%; height: 398px;\">\n<tbody>\n<tr style=\"height: 398px;\">\n<td style=\"width: 25%; text-align: left; vertical-align: top; height: 398px;\"><a href=\"https:\/\/berliner-dampfer.de\/wp-content\/uploads\/2026\/01\/1967-06-Mops-klein.jpg\" target=\"_blank\" rel=\"noopener\"><img loading=\"lazy\" decoding=\"async\" class=\"alignnone wp-image-18001 size-full\" src=\"https:\/\/berliner-dampfer.de\/wp-content\/uploads\/2026\/01\/1967-06-Mops-klein.jpg\" alt=\"\" width=\"815\" height=\"1200\" srcset=\"https:\/\/berliner-dampfer.de\/wp-content\/uploads\/2026\/01\/1967-06-Mops-klein.jpg 815w, https:\/\/berliner-dampfer.de\/wp-content\/uploads\/2026\/01\/1967-06-Mops-klein-204x300.jpg 204w, https:\/\/berliner-dampfer.de\/wp-content\/uploads\/2026\/01\/1967-06-Mops-klein-695x1024.jpg 695w, https:\/\/berliner-dampfer.de\/wp-content\/uploads\/2026\/01\/1967-06-Mops-klein-768x1131.jpg 768w\" sizes=\"auto, (max-width: 815px) 100vw, 815px\" \/><\/a><\/td>\n<td style=\"width: 25%; text-align: left; vertical-align: top; height: 398px;\"><a href=\"https:\/\/berliner-dampfer.de\/wp-content\/uploads\/2026\/01\/1967-06-MOPS-MOPS-01-klein.jpg\" target=\"_blank\" rel=\"noopener\"><img loading=\"lazy\" decoding=\"async\" class=\"alignnone wp-image-18002 size-full\" src=\"https:\/\/berliner-dampfer.de\/wp-content\/uploads\/2026\/01\/1967-06-MOPS-MOPS-01-klein.jpg\" alt=\"\" width=\"1200\" height=\"821\" srcset=\"https:\/\/berliner-dampfer.de\/wp-content\/uploads\/2026\/01\/1967-06-MOPS-MOPS-01-klein.jpg 1200w, https:\/\/berliner-dampfer.de\/wp-content\/uploads\/2026\/01\/1967-06-MOPS-MOPS-01-klein-300x205.jpg 300w, https:\/\/berliner-dampfer.de\/wp-content\/uploads\/2026\/01\/1967-06-MOPS-MOPS-01-klein-1024x701.jpg 1024w, https:\/\/berliner-dampfer.de\/wp-content\/uploads\/2026\/01\/1967-06-MOPS-MOPS-01-klein-768x525.jpg 768w\" sizes=\"auto, (max-width: 1200px) 100vw, 1200px\" \/><\/a><\/p>\n<p><span style=\"font-family: arial, helvetica, sans-serif; font-size: 12pt;\"><strong>1967<\/strong> Ich spiele Kapit\u00e4n.<br \/>\n<a href=\"https:\/\/berliner-dampfer.de\/wp-content\/uploads\/2026\/02\/1966-10-Zoo-Spielschiff-klein.jpg\" target=\"_blank\" rel=\"noopener\">Hier auch<\/a>: <a href=\"https:\/\/berliner-dampfer.de\/?page_id=16768\" target=\"_blank\" rel=\"noopener\">Spielschiff im Zoo<\/a>.<\/span><\/p>\n<p><span style=\"text-decoration: underline;\"><span style=\"font-family: arial, helvetica, sans-serif; font-size: 12pt;\">Links:<\/span><\/span><br \/>\n<span style=\"font-family: arial, helvetica, sans-serif; font-size: 12pt;\"><strong>1967<\/strong> Scharfe Lanke, Heimfahrt ins Bootshaus.<\/span><\/td>\n<td style=\"width: 25%; text-align: left; vertical-align: top; height: 398px;\"><a href=\"https:\/\/berliner-dampfer.de\/wp-content\/uploads\/2026\/01\/1969-37-Mops-Kuhhorn-klein.jpg\" target=\"_blank\" rel=\"noopener\"><img loading=\"lazy\" decoding=\"async\" class=\"alignnone wp-image-18003 size-full\" src=\"https:\/\/berliner-dampfer.de\/wp-content\/uploads\/2026\/01\/1969-37-Mops-Kuhhorn-klein.jpg\" alt=\"\" width=\"1200\" height=\"882\" srcset=\"https:\/\/berliner-dampfer.de\/wp-content\/uploads\/2026\/01\/1969-37-Mops-Kuhhorn-klein.jpg 1200w, https:\/\/berliner-dampfer.de\/wp-content\/uploads\/2026\/01\/1969-37-Mops-Kuhhorn-klein-300x221.jpg 300w, https:\/\/berliner-dampfer.de\/wp-content\/uploads\/2026\/01\/1969-37-Mops-Kuhhorn-klein-1024x753.jpg 1024w, https:\/\/berliner-dampfer.de\/wp-content\/uploads\/2026\/01\/1969-37-Mops-Kuhhorn-klein-768x564.jpg 768w\" sizes=\"auto, (max-width: 1200px) 100vw, 1200px\" \/><\/a><\/p>\n<p><span style=\"font-family: arial, helvetica, sans-serif; font-size: 12pt;\"><strong>1969<\/strong> Kuhhorn, Eisessen<\/span><\/p>\n<p><span style=\"text-decoration: underline;\"><span style=\"font-family: arial, helvetica, sans-serif; font-size: 12pt;\">Rechts:<\/span><\/span><br \/>\n<span style=\"font-family: arial, helvetica, sans-serif; font-size: 12pt;\"><strong>1969<\/strong> Ich baue im Regen eine Sandburg.<br \/>\nMops (mit Plane und seinem ersten Spritzschutzfenster.<\/span><\/td>\n<td style=\"width: 25%; text-align: left; vertical-align: top; height: 398px;\"><a href=\"https:\/\/berliner-dampfer.de\/wp-content\/uploads\/2026\/01\/1969-08-25-MOPS-klein.jpg\" target=\"_blank\" rel=\"noopener\"><img loading=\"lazy\" decoding=\"async\" class=\"alignnone wp-image-18004 size-full\" src=\"https:\/\/berliner-dampfer.de\/wp-content\/uploads\/2026\/01\/1969-08-25-MOPS-klein.jpg\" alt=\"\" width=\"1157\" height=\"1200\" srcset=\"https:\/\/berliner-dampfer.de\/wp-content\/uploads\/2026\/01\/1969-08-25-MOPS-klein.jpg 1157w, https:\/\/berliner-dampfer.de\/wp-content\/uploads\/2026\/01\/1969-08-25-MOPS-klein-289x300.jpg 289w, https:\/\/berliner-dampfer.de\/wp-content\/uploads\/2026\/01\/1969-08-25-MOPS-klein-987x1024.jpg 987w, https:\/\/berliner-dampfer.de\/wp-content\/uploads\/2026\/01\/1969-08-25-MOPS-klein-768x797.jpg 768w\" sizes=\"auto, (max-width: 1157px) 100vw, 1157px\" \/><\/a><\/td>\n<\/tr>\n<\/tbody>\n<\/table>\n<p style=\"text-align: justify;\"><span style=\"font-family: arial, helvetica, sans-serif; font-size: 12pt;\">Neben Schildhorn und Kuhhorn waren meine Eltern mit mir am meisten an der Kleinen Badewiese. Dort war es sehr sch\u00f6n, ein guter Blick \u00fcbers Wasser, Sonne und Schatten, Rasen, Sand zum Buddeln und zum Baden ein guter Wasserzugang, aber man musste auch aufpasssen, denn es ging schnell tief rein. Au\u00dferdem zwei Imbisse, Sanit\u00e4r und f\u00fcr den Notfall eine DLRG-Station. Die Imbisse waren aber nur bedingt n\u00f6tig, denn meine Eltern sorgten immer f\u00fcr eine gute Picknickausstattung, Kartoffelsalat mit kaltem Kotlett oder Bouleten waren immer dabei. Trotzdem mochte ich insbesondere die Currybouletten von einem der beiden Imbisse, der Ketchup war genau so wie ich ihn mochte und die Gummischlangen sowieso.<\/span><\/p>\n<p style=\"text-align: justify;\"><span style=\"font-family: arial, helvetica, sans-serif; font-size: 12pt;\">Manchmal ist mein Vater mit mir alleine von der Kleinen Badewiese r\u00fcber nach Schildhorn gefahren. &#8222;Mops&#8220; lag zwar gut und sicher im Wasser, aber wenn wir die Fahrrinne querten und dort viel Berufsschifffahrt unterwegs war, dann war das schon recht abenteuerlich, wenn dann die gro\u00dfen und zum Teil sich querenden Wellen ankamen. &#8222;Mops&#8220; &#8222;rumste&#8220; dann \u00fcber die Wellen und er nahm auch Wasser \u00fcber. Und im Verh\u00e4ltnis zu dem gro\u00dfen Binnenschiffen, den Frachtern und den Fahrgastschiffen, war Mops nicht einmal eine Nussschale und auch leicht von einer Schiffsbr\u00fccke aus zu \u00fcbersehen. Sehr sch\u00f6n waren immer die Touren durch &#8222;Klein Venedig&#8220;, dass ist eine von Kan\u00e4len durchzogene Kleinkartenkolonie auf dem Tiefwerder. Aber auf dem Weg dorthin, den kurzen Weg durch den Spandauer Kanal, hatte ich immer Angst, denn mein Vater musste zusehen, dass er den Schiffen in dem engenen Kanal nicht zu nahe kam. Zur\u00fcck war es dann aber immer super, den der Ausgang dieses Kanalsystems war ein gr\u00fcnes Wasserschutzgebiet am n\u00f6rdliche Teil des <a href=\"https:\/\/forst-grunewald.de\/?page_id=4432\" target=\"_blank\" rel=\"noopener\">St\u00f6\u00dfensee<\/a>. Innerhalb dieses Kanalsystems kam nicht selten das Paddel zum Einsatz und dort im Schilf lagen wir dann mit dem Boot eine Weile und d\u00f6sten in der Sommerhitze. Also &#8222;<em>purer M\u00fc\u00dfiggang<\/em>&#8222;.&nbsp;<\/span><\/p>\n<p style=\"text-align: justify;\"><span style=\"font-family: arial, helvetica, sans-serif; font-size: 12pt;\">Damals war es auch noch m\u00f6glich mit &#8222;Mops&#8220; in das Schilf zu fahren. Das mochte ich sehr, denn dort war dann eine andere <em>geheimnisvolle Welt<\/em>, die nahen Bl\u00e4tter, der sich ver\u00e4ndernde Wasserspiegel, Insekten, Enten, ein anderer &#8211; leicht modriger aber nicht unangenehmer &#8211; Geruch, ged\u00e4mpfte Ger\u00e4usche, K\u00fchle.<\/span><\/p>\n<p style=\"text-align: justify;\"><span style=\"font-family: arial, helvetica, sans-serif; font-size: 12pt;\">Einmal habe ich mit einem Vater am Schilfrand des &#8222;Sacks&#8220; auf &#8222;Mops&#8220; \u00fcbernachtet. Er war mit einer Plane &#8222;\u00fcberdacht&#8220;. Das Wasser war spiegelglatt, mein Vater schlief schon, und ich steckte mit einer Taschenlampe in der Hand den Kopf aus der Plane. In der Ferne fuhr ein gro\u00dfes, hell beleuchtetes und sich im Wasser spiegelndes Fahrgastschiff in Richtung des <a href=\"https:\/\/forst-grunewald.de\/?page_id=4328\" target=\"_blank\" rel=\"noopener\">Gem\u00fcnd<\/a> und Musik halte \u00fcber&#8217;s Wasser. <em>Toll<\/em>. Jedenfalls bis zum n\u00e4chsten Morgen. Mein Gesicht war von schmerzenden M\u00fcckenstichen \u00fcberzogen. &nbsp;\ud83d\ude00&nbsp;&nbsp;<\/span><\/p>\n<p style=\"text-align: justify;\"><span style=\"font-family: arial, helvetica, sans-serif; font-size: 12pt;\">Ich war ein guter Schwimmer, aber schwimmen gelernt &#8211; man h\u00f6re und staune &#8211; habe ich nicht etwa an der Havel, sondern im Urlaub in einen Schwimmbad in \u00d6sterreich, da war ein richtig netter Bademeister, der sich Zeit nahm und es mir beibrachte. Mit dabei auch mein erster Sprung vom Dreier, das war aber nicht meine Welt, 1 Meter machte mir Spa\u00df &#8211; und reichte. Als ich dann in Berlin keine &#8222;Schwimmfl\u00fcgel&#8220; mehr brauchte war ich m\u00e4chtig stolz.&nbsp;&nbsp;<\/span><\/p>\n<p>&nbsp;<\/p>\n<table style=\"border-collapse: collapse; width: 100%;\">\n<tbody>\n<tr>\n<td style=\"width: 100%; background-color: #ffff00;\"><span style=\"font-family: arial, helvetica, sans-serif; font-size: 12pt;\">05. &#8211; <strong>&#8222;Mops&#8220; im Einsatz 70er Jahren:<\/strong><\/span><\/td>\n<\/tr>\n<\/tbody>\n<\/table>\n<p>&nbsp;<\/p>\n<table style=\"border-collapse: collapse; width: 100%;\">\n<tbody>\n<tr>\n<td style=\"width: 25%; text-align: left; vertical-align: top;\"><span style=\"font-family: arial, helvetica, sans-serif; font-size: 12pt;\"><strong>1971<\/strong> &#8222;Der alte und der junge Kapit\u00e4n&#8220; notierte meine Mutter.<\/span><br \/>\n.<br \/>\n<a href=\"https:\/\/berliner-dampfer.de\/wp-content\/uploads\/2026\/01\/1971-08-Mops-Der-alte-und-der-Junge-Kapitaen-klein.jpg\" target=\"_blank\" rel=\"noopener\"><img loading=\"lazy\" decoding=\"async\" class=\"alignnone wp-image-18011 size-full\" src=\"https:\/\/berliner-dampfer.de\/wp-content\/uploads\/2026\/01\/1971-08-Mops-Der-alte-und-der-Junge-Kapitaen-klein.jpg\" alt=\"\" width=\"1200\" height=\"1183\" srcset=\"https:\/\/berliner-dampfer.de\/wp-content\/uploads\/2026\/01\/1971-08-Mops-Der-alte-und-der-Junge-Kapitaen-klein.jpg 1200w, https:\/\/berliner-dampfer.de\/wp-content\/uploads\/2026\/01\/1971-08-Mops-Der-alte-und-der-Junge-Kapitaen-klein-300x296.jpg 300w, https:\/\/berliner-dampfer.de\/wp-content\/uploads\/2026\/01\/1971-08-Mops-Der-alte-und-der-Junge-Kapitaen-klein-1024x1009.jpg 1024w, https:\/\/berliner-dampfer.de\/wp-content\/uploads\/2026\/01\/1971-08-Mops-Der-alte-und-der-Junge-Kapitaen-klein-768x757.jpg 768w\" sizes=\"auto, (max-width: 1200px) 100vw, 1200px\" \/><\/a><\/td>\n<td style=\"width: 25%; text-align: left; vertical-align: top;\"><strong><span style=\"font-family: arial, helvetica, sans-serif; font-size: 12pt;\">1973 <\/span><\/strong><br \/>\n<span style=\"font-family: arial, helvetica, sans-serif; font-size: 12pt;\">Ich mit &#8222;<a href=\"https:\/\/de.wikipedia.org\/wiki\/Asterix_in_Spanien\" target=\"_blank\" rel=\"noopener\">Asterix in Spanien<\/a>&#8220; .<\/span><br \/>\n.<br \/>\n<a href=\"https:\/\/berliner-dampfer.de\/wp-content\/uploads\/2026\/01\/1973-08-Mops-klein.jpg\" target=\"_blank\" rel=\"noopener\"><img loading=\"lazy\" decoding=\"async\" class=\"alignnone wp-image-18012 size-full\" src=\"https:\/\/berliner-dampfer.de\/wp-content\/uploads\/2026\/01\/1973-08-Mops-klein.jpg\" alt=\"\" width=\"1200\" height=\"1186\" srcset=\"https:\/\/berliner-dampfer.de\/wp-content\/uploads\/2026\/01\/1973-08-Mops-klein.jpg 1200w, https:\/\/berliner-dampfer.de\/wp-content\/uploads\/2026\/01\/1973-08-Mops-klein-300x297.jpg 300w, https:\/\/berliner-dampfer.de\/wp-content\/uploads\/2026\/01\/1973-08-Mops-klein-1024x1012.jpg 1024w, https:\/\/berliner-dampfer.de\/wp-content\/uploads\/2026\/01\/1973-08-Mops-klein-768x759.jpg 768w\" sizes=\"auto, (max-width: 1200px) 100vw, 1200px\" \/><\/a><\/td>\n<td style=\"width: 25%; text-align: left; vertical-align: top;\"><span style=\"font-family: arial, helvetica, sans-serif; font-size: 12pt;\"><strong>1975<\/strong> Besuch meiner Tante und meiner Cousine aus England. <a href=\"https:\/\/www.berlin.de\/lageso\/gesundheit\/gesundheitsschutz\/badegewaesser\/liste-der-badestellen\/artikel.344351.php\" target=\"_blank\" rel=\"noopener\">Kleine Badewiese<\/a>.<\/span><br \/>\n<a href=\"https:\/\/berliner-dampfer.de\/wp-content\/uploads\/2026\/01\/1975-08-Mops-mit-Tante-Klaerchen-und-Marion-aus-England-klein.jpg\" target=\"_blank\" rel=\"noopener\"><img loading=\"lazy\" decoding=\"async\" class=\"alignnone wp-image-18013 size-full\" src=\"https:\/\/berliner-dampfer.de\/wp-content\/uploads\/2026\/01\/1975-08-Mops-mit-Tante-Klaerchen-und-Marion-aus-England-klein.jpg\" alt=\"\" width=\"1200\" height=\"1225\" srcset=\"https:\/\/berliner-dampfer.de\/wp-content\/uploads\/2026\/01\/1975-08-Mops-mit-Tante-Klaerchen-und-Marion-aus-England-klein.jpg 1200w, https:\/\/berliner-dampfer.de\/wp-content\/uploads\/2026\/01\/1975-08-Mops-mit-Tante-Klaerchen-und-Marion-aus-England-klein-294x300.jpg 294w, https:\/\/berliner-dampfer.de\/wp-content\/uploads\/2026\/01\/1975-08-Mops-mit-Tante-Klaerchen-und-Marion-aus-England-klein-1003x1024.jpg 1003w, https:\/\/berliner-dampfer.de\/wp-content\/uploads\/2026\/01\/1975-08-Mops-mit-Tante-Klaerchen-und-Marion-aus-England-klein-768x784.jpg 768w\" sizes=\"auto, (max-width: 1200px) 100vw, 1200px\" \/><\/a><\/td>\n<td style=\"width: 25%; text-align: left; vertical-align: top;\"><span style=\"font-family: arial, helvetica, sans-serif; font-size: 12pt;\"><strong>1978<\/strong> Mein Vater mit unserem Hund &#8222;Bonny&#8220; am Kuhhorn.<\/span><br \/>\n.<br \/>\n<a href=\"https:\/\/berliner-dampfer.de\/wp-content\/uploads\/2026\/01\/1978-07-Mops-mit-Bonny-nahe-Schildhorn-klein.jpg\" target=\"_blank\" rel=\"noopener\"><img loading=\"lazy\" decoding=\"async\" class=\"alignnone wp-image-18014 size-full\" src=\"https:\/\/berliner-dampfer.de\/wp-content\/uploads\/2026\/01\/1978-07-Mops-mit-Bonny-nahe-Schildhorn-klein.jpg\" alt=\"\" width=\"1200\" height=\"1189\" srcset=\"https:\/\/berliner-dampfer.de\/wp-content\/uploads\/2026\/01\/1978-07-Mops-mit-Bonny-nahe-Schildhorn-klein.jpg 1200w, https:\/\/berliner-dampfer.de\/wp-content\/uploads\/2026\/01\/1978-07-Mops-mit-Bonny-nahe-Schildhorn-klein-300x297.jpg 300w, https:\/\/berliner-dampfer.de\/wp-content\/uploads\/2026\/01\/1978-07-Mops-mit-Bonny-nahe-Schildhorn-klein-1024x1015.jpg 1024w, https:\/\/berliner-dampfer.de\/wp-content\/uploads\/2026\/01\/1978-07-Mops-mit-Bonny-nahe-Schildhorn-klein-150x150.jpg 150w, https:\/\/berliner-dampfer.de\/wp-content\/uploads\/2026\/01\/1978-07-Mops-mit-Bonny-nahe-Schildhorn-klein-768x761.jpg 768w\" sizes=\"auto, (max-width: 1200px) 100vw, 1200px\" \/><\/a><\/td>\n<\/tr>\n<\/tbody>\n<\/table>\n<p><span style=\"font-family: arial, helvetica, sans-serif; font-size: 12pt;\">F\u00fcr mich, im \u00dcbergang vom Kind zum Jugendlichen, endete die Zeit auf dem Wasser. Andere Dinge, &#8222;die Welt&#8220;, waren interessanter als die kleine Idylle an der Scharfen Lanke, Schildhorn und Kleine Badwiese. Meine Eltern waren fortan mit unserem Schnauzer &#8222;Bonny&#8220; alleine unterwegs.<\/span><\/p>\n<p>&nbsp;<\/p>\n<table style=\"border-collapse: collapse; width: 100%;\">\n<tbody>\n<tr>\n<td style=\"width: 100%; background-color: #ffff00;\"><span style=\"font-family: arial, helvetica, sans-serif; font-size: 12pt;\">06. &#8211; <\/span><strong><span style=\"font-family: arial, helvetica, sans-serif; font-size: 12pt;\">&#8222;Mops&#8220; im Einsatz 80er Jahren:<\/span><\/strong><\/td>\n<\/tr>\n<\/tbody>\n<\/table>\n<p>&nbsp;<\/p>\n<table style=\"border-collapse: collapse; width: 100%; height: 244px;\">\n<tbody>\n<tr style=\"height: 244px;\">\n<td style=\"width: 25%; text-align: left; vertical-align: top; height: 244px;\"><span style=\"font-family: arial, helvetica, sans-serif; font-size: 12pt;\"><strong>1983<\/strong> Breite (Gatower) See<\/span><br \/>\n<a href=\"https:\/\/berliner-dampfer.de\/wp-content\/uploads\/2026\/01\/1983-MOPS-Schildhorn-klein.jpg\" target=\"_blank\" rel=\"noopener\"><img loading=\"lazy\" decoding=\"async\" class=\"aligncenter wp-image-18030 size-full\" src=\"https:\/\/berliner-dampfer.de\/wp-content\/uploads\/2026\/01\/1983-MOPS-Schildhorn-klein.jpg\" alt=\"\" width=\"1200\" height=\"804\" srcset=\"https:\/\/berliner-dampfer.de\/wp-content\/uploads\/2026\/01\/1983-MOPS-Schildhorn-klein.jpg 1200w, https:\/\/berliner-dampfer.de\/wp-content\/uploads\/2026\/01\/1983-MOPS-Schildhorn-klein-300x201.jpg 300w, https:\/\/berliner-dampfer.de\/wp-content\/uploads\/2026\/01\/1983-MOPS-Schildhorn-klein-1024x686.jpg 1024w, https:\/\/berliner-dampfer.de\/wp-content\/uploads\/2026\/01\/1983-MOPS-Schildhorn-klein-768x515.jpg 768w\" sizes=\"auto, (max-width: 1200px) 100vw, 1200px\" \/><\/a><\/td>\n<td style=\"width: 25%; text-align: left; vertical-align: top; height: 244px;\"><span style=\"font-family: arial, helvetica, sans-serif; font-size: 12pt;\"><strong>1983<\/strong> Tiefwerder &#8222;Klein Venedig&#8220;<\/span><br \/>\n<a href=\"https:\/\/berliner-dampfer.de\/wp-content\/uploads\/2026\/01\/1983-MOPS-Tiefwerder-Klein-Venedig-BONNY-klein-02.jpg\" target=\"_blank\" rel=\"noopener\"><img loading=\"lazy\" decoding=\"async\" class=\"aligncenter wp-image-18031 size-full\" src=\"https:\/\/berliner-dampfer.de\/wp-content\/uploads\/2026\/01\/1983-MOPS-Tiefwerder-Klein-Venedig-BONNY-klein-02.jpg\" alt=\"\" width=\"1200\" height=\"826\" srcset=\"https:\/\/berliner-dampfer.de\/wp-content\/uploads\/2026\/01\/1983-MOPS-Tiefwerder-Klein-Venedig-BONNY-klein-02.jpg 1200w, https:\/\/berliner-dampfer.de\/wp-content\/uploads\/2026\/01\/1983-MOPS-Tiefwerder-Klein-Venedig-BONNY-klein-02-300x207.jpg 300w, https:\/\/berliner-dampfer.de\/wp-content\/uploads\/2026\/01\/1983-MOPS-Tiefwerder-Klein-Venedig-BONNY-klein-02-1024x705.jpg 1024w, https:\/\/berliner-dampfer.de\/wp-content\/uploads\/2026\/01\/1983-MOPS-Tiefwerder-Klein-Venedig-BONNY-klein-02-768x529.jpg 768w\" sizes=\"auto, (max-width: 1200px) 100vw, 1200px\" \/><\/a><\/td>\n<td style=\"width: 25%; text-align: left; vertical-align: top; height: 244px;\"><span style=\"font-family: arial, helvetica, sans-serif; font-size: 12pt;\"><strong>1983<\/strong> Tiefwerder &#8222;Klein Venedig&#8220;<\/span><br \/>\n<a href=\"https:\/\/berliner-dampfer.de\/wp-content\/uploads\/2026\/01\/1983-MOPS-Tiefwerder-Klein-Venedig-BONNY-klein.jpg\" target=\"_blank\" rel=\"noopener\"><img loading=\"lazy\" decoding=\"async\" class=\"aligncenter wp-image-18032 size-full\" src=\"https:\/\/berliner-dampfer.de\/wp-content\/uploads\/2026\/01\/1983-MOPS-Tiefwerder-Klein-Venedig-BONNY-klein.jpg\" alt=\"\" width=\"1200\" height=\"816\" srcset=\"https:\/\/berliner-dampfer.de\/wp-content\/uploads\/2026\/01\/1983-MOPS-Tiefwerder-Klein-Venedig-BONNY-klein.jpg 1200w, https:\/\/berliner-dampfer.de\/wp-content\/uploads\/2026\/01\/1983-MOPS-Tiefwerder-Klein-Venedig-BONNY-klein-300x204.jpg 300w, https:\/\/berliner-dampfer.de\/wp-content\/uploads\/2026\/01\/1983-MOPS-Tiefwerder-Klein-Venedig-BONNY-klein-1024x696.jpg 1024w, https:\/\/berliner-dampfer.de\/wp-content\/uploads\/2026\/01\/1983-MOPS-Tiefwerder-Klein-Venedig-BONNY-klein-768x522.jpg 768w\" sizes=\"auto, (max-width: 1200px) 100vw, 1200px\" \/><\/a><\/td>\n<td style=\"width: 25%; text-align: left; vertical-align: top; height: 244px;\"><span style=\"font-family: arial, helvetica, sans-serif; font-size: 12pt;\"><strong>1983<\/strong> Schlo\u00df Pfaueninsel<\/span><br \/>\n<a href=\"https:\/\/berliner-dampfer.de\/wp-content\/uploads\/2026\/01\/1983-07-MOPS-Pfaueninsel-klein.jpg\" target=\"_blank\" rel=\"noopener\"><img loading=\"lazy\" decoding=\"async\" class=\"aligncenter wp-image-18033 size-full\" src=\"https:\/\/berliner-dampfer.de\/wp-content\/uploads\/2026\/01\/1983-07-MOPS-Pfaueninsel-klein.jpg\" alt=\"\" width=\"1200\" height=\"922\" srcset=\"https:\/\/berliner-dampfer.de\/wp-content\/uploads\/2026\/01\/1983-07-MOPS-Pfaueninsel-klein.jpg 1200w, https:\/\/berliner-dampfer.de\/wp-content\/uploads\/2026\/01\/1983-07-MOPS-Pfaueninsel-klein-300x231.jpg 300w, https:\/\/berliner-dampfer.de\/wp-content\/uploads\/2026\/01\/1983-07-MOPS-Pfaueninsel-klein-1024x787.jpg 1024w, https:\/\/berliner-dampfer.de\/wp-content\/uploads\/2026\/01\/1983-07-MOPS-Pfaueninsel-klein-768x590.jpg 768w\" sizes=\"auto, (max-width: 1200px) 100vw, 1200px\" \/><\/a><\/td>\n<\/tr>\n<\/tbody>\n<\/table>\n<p>&nbsp;<\/p>\n<table style=\"border-collapse: collapse; width: 100%;\">\n<tbody>\n<tr>\n<td style=\"width: 100%; background-color: #ffff00;\"><span style=\"font-family: arial, helvetica, sans-serif; font-size: 12pt;\">07. &#8211; <\/span><strong><span style=\"font-family: arial, helvetica, sans-serif; font-size: 12pt;\">&#8222;Mops&#8220; im Einsatz 90er Jahren:<\/span><\/strong><\/td>\n<\/tr>\n<\/tbody>\n<\/table>\n<p>&nbsp;<\/p>\n<table style=\"border-collapse: collapse; width: 100%; height: 72px;\">\n<tbody>\n<tr style=\"height: 48px;\">\n<td style=\"width: 33.3333%; text-align: left; vertical-align: top; height: 48px;\"><strong><span style=\"font-family: arial, helvetica, sans-serif; font-size: 12pt;\">1992<\/span><\/strong><br \/>\n<span style=\"font-family: arial, helvetica, sans-serif; font-size: 12pt;\">Kuhhorn<br \/>\n<a href=\"https:\/\/berliner-dampfer.de\/wp-content\/uploads\/2026\/01\/1992-MOPS-Strand-klein.jpg\" target=\"_blank\" rel=\"noopener\"><img loading=\"lazy\" decoding=\"async\" class=\"aligncenter wp-image-18040 size-full\" src=\"https:\/\/berliner-dampfer.de\/wp-content\/uploads\/2026\/01\/1992-MOPS-Strand-klein.jpg\" alt=\"\" width=\"1200\" height=\"795\" srcset=\"https:\/\/berliner-dampfer.de\/wp-content\/uploads\/2026\/01\/1992-MOPS-Strand-klein.jpg 1200w, https:\/\/berliner-dampfer.de\/wp-content\/uploads\/2026\/01\/1992-MOPS-Strand-klein-300x199.jpg 300w, https:\/\/berliner-dampfer.de\/wp-content\/uploads\/2026\/01\/1992-MOPS-Strand-klein-1024x678.jpg 1024w, https:\/\/berliner-dampfer.de\/wp-content\/uploads\/2026\/01\/1992-MOPS-Strand-klein-768x509.jpg 768w\" sizes=\"auto, (max-width: 1200px) 100vw, 1200px\" \/><\/a><br \/>\n<\/span><\/td>\n<td style=\"width: 33.3333%; text-align: left; vertical-align: top; height: 48px;\"><span style=\"font-size: 12pt; font-family: arial, helvetica, sans-serif;\"><strong>1991<\/strong> Bootshausfeier: <\/span><span style=\"font-size: 12pt; font-family: arial, helvetica, sans-serif;\">Herr Hempler (re.), meine Ehefrau (m), meine Mutter (li.) und ich.<\/span><br \/>\n<a href=\"https:\/\/berliner-dampfer.de\/wp-content\/uploads\/2026\/01\/1991-07-25-MOPS-Bootshaus-Feier-klein.jpg\" target=\"_blank\" rel=\"noopener\"><img loading=\"lazy\" decoding=\"async\" class=\"aligncenter wp-image-18041 size-full\" src=\"https:\/\/berliner-dampfer.de\/wp-content\/uploads\/2026\/01\/1991-07-25-MOPS-Bootshaus-Feier-klein.jpg\" alt=\"\" width=\"1200\" height=\"832\" srcset=\"https:\/\/berliner-dampfer.de\/wp-content\/uploads\/2026\/01\/1991-07-25-MOPS-Bootshaus-Feier-klein.jpg 1200w, https:\/\/berliner-dampfer.de\/wp-content\/uploads\/2026\/01\/1991-07-25-MOPS-Bootshaus-Feier-klein-300x208.jpg 300w, https:\/\/berliner-dampfer.de\/wp-content\/uploads\/2026\/01\/1991-07-25-MOPS-Bootshaus-Feier-klein-1024x710.jpg 1024w, https:\/\/berliner-dampfer.de\/wp-content\/uploads\/2026\/01\/1991-07-25-MOPS-Bootshaus-Feier-klein-768x532.jpg 768w\" sizes=\"auto, (max-width: 1200px) 100vw, 1200px\" \/><\/a><\/td>\n<td style=\"width: 33.3333%; text-align: left; vertical-align: top; height: 48px;\"><strong><span style=\"font-family: arial, helvetica, sans-serif; font-size: 12pt;\">1992<\/span><\/strong><br \/>\n<span style=\"font-family: arial, helvetica, sans-serif; font-size: 12pt;\">Kuhhorn<br \/>\n<a href=\"https:\/\/berliner-dampfer.de\/wp-content\/uploads\/2026\/01\/1992-07-MOPS-am-Strand-Kuhhorn-klein.jpg\" target=\"_blank\" rel=\"noopener\"><img loading=\"lazy\" decoding=\"async\" class=\"aligncenter wp-image-18042 size-full\" src=\"https:\/\/berliner-dampfer.de\/wp-content\/uploads\/2026\/01\/1992-07-MOPS-am-Strand-Kuhhorn-klein.jpg\" alt=\"\" width=\"1200\" height=\"796\" srcset=\"https:\/\/berliner-dampfer.de\/wp-content\/uploads\/2026\/01\/1992-07-MOPS-am-Strand-Kuhhorn-klein.jpg 1200w, https:\/\/berliner-dampfer.de\/wp-content\/uploads\/2026\/01\/1992-07-MOPS-am-Strand-Kuhhorn-klein-300x199.jpg 300w, https:\/\/berliner-dampfer.de\/wp-content\/uploads\/2026\/01\/1992-07-MOPS-am-Strand-Kuhhorn-klein-1024x679.jpg 1024w, https:\/\/berliner-dampfer.de\/wp-content\/uploads\/2026\/01\/1992-07-MOPS-am-Strand-Kuhhorn-klein-768x509.jpg 768w\" sizes=\"auto, (max-width: 1200px) 100vw, 1200px\" \/><\/a><br \/>\n<\/span><\/td>\n<\/tr>\n<tr style=\"height: 24px;\">\n<td style=\"width: 33.3333%; text-align: left; vertical-align: top; height: 24px;\"><span style=\"font-family: arial, helvetica, sans-serif; font-size: 12pt;\"><strong>1997<\/strong>&nbsp; &#8222;VENEZIA&#8220; auf dem St\u00f6\u00dfensee<\/span><br \/>\n<a href=\"https:\/\/berliner-dampfer.de\/wp-content\/uploads\/2026\/01\/1997-Mops-VENEZIA-Stoessensee-klein.jpg\" target=\"_blank\" rel=\"noopener\"><img loading=\"lazy\" decoding=\"async\" class=\"aligncenter wp-image-18043 size-full\" src=\"https:\/\/berliner-dampfer.de\/wp-content\/uploads\/2026\/01\/1997-Mops-VENEZIA-Stoessensee-klein.jpg\" alt=\"\" width=\"1200\" height=\"811\" srcset=\"https:\/\/berliner-dampfer.de\/wp-content\/uploads\/2026\/01\/1997-Mops-VENEZIA-Stoessensee-klein.jpg 1200w, https:\/\/berliner-dampfer.de\/wp-content\/uploads\/2026\/01\/1997-Mops-VENEZIA-Stoessensee-klein-300x203.jpg 300w, https:\/\/berliner-dampfer.de\/wp-content\/uploads\/2026\/01\/1997-Mops-VENEZIA-Stoessensee-klein-1024x692.jpg 1024w, https:\/\/berliner-dampfer.de\/wp-content\/uploads\/2026\/01\/1997-Mops-VENEZIA-Stoessensee-klein-768x519.jpg 768w\" sizes=\"auto, (max-width: 1200px) 100vw, 1200px\" \/><\/a><\/td>\n<td style=\"width: 33.3333%; text-align: left; vertical-align: top; height: 24px;\"><span style=\"font-family: arial, helvetica, sans-serif; font-size: 12pt;\"><strong>1997<\/strong> <a href=\"https:\/\/berliner-dampfer.de\/?page_id=2408\" target=\"_blank\" rel=\"noopener\">Einbaum von Giselher Forstreuter<\/a><\/span><br \/>\n<a href=\"https:\/\/berliner-dampfer.de\/wp-content\/uploads\/2026\/01\/1997-MOPS-EINBAUM-01-klein.jpg\" target=\"_blank\" rel=\"noopener\"><img loading=\"lazy\" decoding=\"async\" class=\"aligncenter wp-image-18044 size-full\" src=\"https:\/\/berliner-dampfer.de\/wp-content\/uploads\/2026\/01\/1997-MOPS-EINBAUM-01-klein.jpg\" alt=\"\" width=\"1200\" height=\"831\" srcset=\"https:\/\/berliner-dampfer.de\/wp-content\/uploads\/2026\/01\/1997-MOPS-EINBAUM-01-klein.jpg 1200w, https:\/\/berliner-dampfer.de\/wp-content\/uploads\/2026\/01\/1997-MOPS-EINBAUM-01-klein-300x208.jpg 300w, https:\/\/berliner-dampfer.de\/wp-content\/uploads\/2026\/01\/1997-MOPS-EINBAUM-01-klein-1024x709.jpg 1024w, https:\/\/berliner-dampfer.de\/wp-content\/uploads\/2026\/01\/1997-MOPS-EINBAUM-01-klein-768x532.jpg 768w\" sizes=\"auto, (max-width: 1200px) 100vw, 1200px\" \/><\/a><\/td>\n<td style=\"width: 33.3333%; text-align: left; vertical-align: top; height: 24px;\"><span style=\"font-family: arial, helvetica, sans-serif; font-size: 12pt;\"><strong>1998<\/strong> am Steg im Bootshaus Hempler<\/span><br \/>\n<a href=\"https:\/\/berliner-dampfer.de\/wp-content\/uploads\/2026\/01\/1998-09-MOPS-am-Steg-im-Bootshaus-klein.jpg\" target=\"_blank\" rel=\"noopener\"><img loading=\"lazy\" decoding=\"async\" class=\"aligncenter wp-image-18045 size-full\" src=\"https:\/\/berliner-dampfer.de\/wp-content\/uploads\/2026\/01\/1998-09-MOPS-am-Steg-im-Bootshaus-klein.jpg\" alt=\"\" width=\"1200\" height=\"1035\" srcset=\"https:\/\/berliner-dampfer.de\/wp-content\/uploads\/2026\/01\/1998-09-MOPS-am-Steg-im-Bootshaus-klein.jpg 1200w, https:\/\/berliner-dampfer.de\/wp-content\/uploads\/2026\/01\/1998-09-MOPS-am-Steg-im-Bootshaus-klein-300x259.jpg 300w, https:\/\/berliner-dampfer.de\/wp-content\/uploads\/2026\/01\/1998-09-MOPS-am-Steg-im-Bootshaus-klein-1024x883.jpg 1024w, https:\/\/berliner-dampfer.de\/wp-content\/uploads\/2026\/01\/1998-09-MOPS-am-Steg-im-Bootshaus-klein-768x662.jpg 768w\" sizes=\"auto, (max-width: 1200px) 100vw, 1200px\" \/><\/a><\/td>\n<\/tr>\n<\/tbody>\n<\/table>\n<p>&nbsp;<\/p>\n<table style=\"border-collapse: collapse; width: 100%;\">\n<tbody>\n<tr>\n<td style=\"width: 100%; background-color: #ffff00;\"><span style=\"font-family: arial, helvetica, sans-serif; font-size: 12pt;\">08. &#8211; <strong>&#8222;Mops&#8220; im Einsatz 2000-2003<\/strong><\/span><\/td>\n<\/tr>\n<\/tbody>\n<\/table>\n<p style=\"text-align: justify;\"><span style=\"font-family: arial, helvetica, sans-serif; font-size: 12pt;\">Einige Male nahmen meine Eltern ihre Enkelkinder mit &#8222;raus auf&#8217;s Wasser&#8220;. Im Sommer 2000 gab es einen besonderen Tag. An der Kleinen Badewiese fuhr mein Vater in mehreren Rundfahrten (es passten ja nicht alle zusammen rein), mit meiner Ehefrau bzw. mit mir und unseren Kindern r\u00fcber zum Kuhhorn, nach Schildhorn und wieder zur\u00fcck. Ich fuhr hier also nach rund 20 Jahren Pause auch nochmal mit ihm, was ein merkw\u00fcrdiges Gef\u00fchl war, denn in meiner &#8222;Kindheitserinnerung&#8220; war er im Innenraum &#8222;viel gr\u00f6\u00dfer&#8220; (wen wundert&#8217;s)&nbsp; \ud83d\ude00&nbsp; . Ich wusste es damals noch nicht, aber leider war es damit auch meine letzte Fahrt mit &#8222;Mops&#8220;.<\/span><\/p>\n<table style=\"border-collapse: collapse; width: 100%;\">\n<tbody>\n<tr>\n<td style=\"width: 33.3333%; text-align: left; vertical-align: top;\"><a href=\"https:\/\/berliner-dampfer.de\/wp-content\/uploads\/2026\/01\/2000-08-Mops-mit-Engelkindern-09-klein.jpg\" target=\"_blank\" rel=\"noopener\"><img loading=\"lazy\" decoding=\"async\" class=\"aligncenter wp-image-18050 size-full\" src=\"https:\/\/berliner-dampfer.de\/wp-content\/uploads\/2026\/01\/2000-08-Mops-mit-Engelkindern-09-klein.jpg\" alt=\"\" width=\"1200\" height=\"805\" srcset=\"https:\/\/berliner-dampfer.de\/wp-content\/uploads\/2026\/01\/2000-08-Mops-mit-Engelkindern-09-klein.jpg 1200w, https:\/\/berliner-dampfer.de\/wp-content\/uploads\/2026\/01\/2000-08-Mops-mit-Engelkindern-09-klein-300x201.jpg 300w, https:\/\/berliner-dampfer.de\/wp-content\/uploads\/2026\/01\/2000-08-Mops-mit-Engelkindern-09-klein-1024x687.jpg 1024w, https:\/\/berliner-dampfer.de\/wp-content\/uploads\/2026\/01\/2000-08-Mops-mit-Engelkindern-09-klein-768x515.jpg 768w\" sizes=\"auto, (max-width: 1200px) 100vw, 1200px\" \/><\/a><span style=\"font-family: arial, helvetica, sans-serif; font-size: 12pt;\">F\u00fc\u00dfe abwischen, damit kein Sand ins Boot kommt<\/span>.<\/td>\n<td style=\"width: 33.3333%; text-align: left; vertical-align: top;\"><a href=\"https:\/\/berliner-dampfer.de\/wp-content\/uploads\/2026\/01\/2000-08-Mops-mit-Engelkindern-11-klein-a.jpg\" target=\"_blank\" rel=\"noopener\"><img loading=\"lazy\" decoding=\"async\" class=\"aligncenter wp-image-18051 size-full\" src=\"https:\/\/berliner-dampfer.de\/wp-content\/uploads\/2026\/01\/2000-08-Mops-mit-Engelkindern-11-klein-a.jpg\" alt=\"\" width=\"1200\" height=\"806\" srcset=\"https:\/\/berliner-dampfer.de\/wp-content\/uploads\/2026\/01\/2000-08-Mops-mit-Engelkindern-11-klein-a.jpg 1200w, https:\/\/berliner-dampfer.de\/wp-content\/uploads\/2026\/01\/2000-08-Mops-mit-Engelkindern-11-klein-a-300x202.jpg 300w, https:\/\/berliner-dampfer.de\/wp-content\/uploads\/2026\/01\/2000-08-Mops-mit-Engelkindern-11-klein-a-1024x688.jpg 1024w, https:\/\/berliner-dampfer.de\/wp-content\/uploads\/2026\/01\/2000-08-Mops-mit-Engelkindern-11-klein-a-768x516.jpg 768w\" sizes=\"auto, (max-width: 1200px) 100vw, 1200px\" \/><\/a><span style=\"font-family: arial, helvetica, sans-serif; font-size: 12pt;\">Ablegen und los geht die Fahrt.<\/span><\/td>\n<td style=\"width: 33.3333%; text-align: left; vertical-align: top;\"><a href=\"https:\/\/berliner-dampfer.de\/wp-content\/uploads\/2026\/01\/2000-Opa-Papa-Tobi-August.jpg\" target=\"_blank\" rel=\"noopener\"><img loading=\"lazy\" decoding=\"async\" class=\"aligncenter wp-image-18052 size-full\" src=\"https:\/\/berliner-dampfer.de\/wp-content\/uploads\/2026\/01\/2000-Opa-Papa-Tobi-August.jpg\" alt=\"\" width=\"640\" height=\"360\" srcset=\"https:\/\/berliner-dampfer.de\/wp-content\/uploads\/2026\/01\/2000-Opa-Papa-Tobi-August.jpg 640w, https:\/\/berliner-dampfer.de\/wp-content\/uploads\/2026\/01\/2000-Opa-Papa-Tobi-August-300x169.jpg 300w\" sizes=\"auto, (max-width: 640px) 100vw, 640px\" \/><\/a><span style=\"font-family: arial, helvetica, sans-serif; font-size: 12pt;\">Opa mit Enkel und Sohn.<\/span><\/td>\n<\/tr>\n<\/tbody>\n<\/table>\n<p><span style=\"font-family: arial, helvetica, sans-serif; font-size: 12pt;\">Meine Eltern fuhren zwar noch mit ihrem &#8222;Mops&#8220;, aber immer seltener. Das Alter machte sich bemerkbar und da &#8222;Mops&#8220; jedes Jahre gewartet, sprich gestrichen und lackiert werden musste, wurde dies f\u00fcr meinen Vater zunehmend m\u00fchselig.&nbsp;<\/span><\/p>\n<p>&nbsp;<\/p>\n<table style=\"border-collapse: collapse; width: 100%;\">\n<tbody>\n<tr>\n<td style=\"width: 100%; background-color: #ffff00;\"><span style=\"font-family: arial, helvetica, sans-serif; font-size: 12pt;\">09. &#8211; <\/span><strong><span style=\"font-family: arial, helvetica, sans-serif; font-size: 12pt;\">&#8222;Mops&#8220; reist am 21.07.2003 ins Museum<\/span><\/strong><\/td>\n<\/tr>\n<\/tbody>\n<\/table>\n<p style=\"text-align: justify;\"><span style=\"font-family: arial, helvetica, sans-serif; font-size: 12pt;\">Im Sommer 2003 fragten uns meine Eltern, ob wir ihn weiter betreiben m\u00f6chten, da sie es nicht mehr konnten. Mochten wir aber nicht, aber verkaufen war auch unbefriedigend. Ich hatte dann Kontakt mit dem Verkehrsmuseum aufgenommen und erhielt sofort die Zusage, dass sie ihn gerne haben m\u00f6chten. Denn wie es der Zufall sollte, war das Museum genau in diesem Moment dabei ihre Daueraustellung Binnenschifffahrt um den Bereich Wassersport zu erweitern. Meine Eltern und insbesondere mein Vater und auch ich waren gl\u00fccklich, f\u00fcr unseren &#8222;Mops&#8220; einen sicheren Altersruhehafen gefunden zu haben. Dort steht er nun, als ich diese Zeilen schreibe, jetzt schon seit \u00fcber 22 Jahren.<\/span><\/p>\n<table style=\"border-collapse: collapse; width: 100%; height: 340px;\">\n<tbody>\n<tr style=\"height: 340px;\">\n<td style=\"width: 25%; text-align: left; vertical-align: top; height: 340px;\"><span style=\"font-family: arial, helvetica, sans-serif; font-size: 12pt;\">&#8222;Mops&#8220; vorbereitet f\u00fcr die \u00dcbergabe. Meiner Mutter steht die Wehmut ins Gesicht geschrieben.<br \/>\n.<br \/>\n<a href=\"https:\/\/berliner-dampfer.de\/wp-content\/uploads\/2026\/02\/2003-07-21-Mops-reist-ins-Museum-27-klein.jpg\" target=\"_blank\" rel=\"noopener\"><img loading=\"lazy\" decoding=\"async\" class=\"aligncenter wp-image-18055 size-full\" src=\"https:\/\/berliner-dampfer.de\/wp-content\/uploads\/2026\/02\/2003-07-21-Mops-reist-ins-Museum-27-klein.jpg\" alt=\"\" width=\"1200\" height=\"805\" srcset=\"https:\/\/berliner-dampfer.de\/wp-content\/uploads\/2026\/02\/2003-07-21-Mops-reist-ins-Museum-27-klein.jpg 1200w, https:\/\/berliner-dampfer.de\/wp-content\/uploads\/2026\/02\/2003-07-21-Mops-reist-ins-Museum-27-klein-300x201.jpg 300w, https:\/\/berliner-dampfer.de\/wp-content\/uploads\/2026\/02\/2003-07-21-Mops-reist-ins-Museum-27-klein-1024x687.jpg 1024w, https:\/\/berliner-dampfer.de\/wp-content\/uploads\/2026\/02\/2003-07-21-Mops-reist-ins-Museum-27-klein-768x515.jpg 768w\" sizes=\"auto, (max-width: 1200px) 100vw, 1200px\" \/><\/a>Am Bug f\u00fchrte &#8222;Mops&#8220; einen Einsatz f\u00fcr einen kleinen &#8222;Berlin Wimpel&#8220;.<\/span><\/td>\n<td style=\"width: 25%; text-align: left; vertical-align: top; height: 340px;\"><span style=\"font-family: arial, helvetica, sans-serif;\"><span style=\"font-size: 12pt;\">Gut zu erkennen die zahlreichen von meinem Vater vorgenommenen Anpassungen. Er war handwerklich &#8222;gut drauf&#8220;.<\/span> &nbsp;\ud83d\ude42<br \/>\n.<\/span><br \/>\n<a href=\"https:\/\/berliner-dampfer.de\/wp-content\/uploads\/2026\/02\/2003-07-21-Mops-reist-ins-Museum-31-klein.jpg\" target=\"_blank\" rel=\"noopener\"><img loading=\"lazy\" decoding=\"async\" class=\"aligncenter wp-image-18056 size-full\" src=\"https:\/\/berliner-dampfer.de\/wp-content\/uploads\/2026\/02\/2003-07-21-Mops-reist-ins-Museum-31-klein.jpg\" alt=\"\" width=\"1200\" height=\"825\" srcset=\"https:\/\/berliner-dampfer.de\/wp-content\/uploads\/2026\/02\/2003-07-21-Mops-reist-ins-Museum-31-klein.jpg 1200w, https:\/\/berliner-dampfer.de\/wp-content\/uploads\/2026\/02\/2003-07-21-Mops-reist-ins-Museum-31-klein-300x206.jpg 300w, https:\/\/berliner-dampfer.de\/wp-content\/uploads\/2026\/02\/2003-07-21-Mops-reist-ins-Museum-31-klein-1024x704.jpg 1024w, https:\/\/berliner-dampfer.de\/wp-content\/uploads\/2026\/02\/2003-07-21-Mops-reist-ins-Museum-31-klein-768x528.jpg 768w\" sizes=\"auto, (max-width: 1200px) 100vw, 1200px\" \/><\/a><\/td>\n<td style=\"width: 25%; text-align: left; vertical-align: top; height: 340px;\"><span style=\"font-family: arial, helvetica, sans-serif; font-size: 12pt;\">Aber auch gut zu erkennen die gute Pflege und die urspr\u00fcnglich sehr hohe Verarbeitungsqualit\u00e4t dieses Kanadiers der S\u00f6hnel-Werft:<\/span><br \/>\n<a href=\"https:\/\/berliner-dampfer.de\/wp-content\/uploads\/2026\/02\/2003-07-21-Mops-reist-ins-Museum-32-klein.jpg\" target=\"_blank\" rel=\"noopener\"><img loading=\"lazy\" decoding=\"async\" class=\"aligncenter wp-image-18057 size-full\" src=\"https:\/\/berliner-dampfer.de\/wp-content\/uploads\/2026\/02\/2003-07-21-Mops-reist-ins-Museum-32-klein.jpg\" alt=\"\" width=\"1200\" height=\"826\" srcset=\"https:\/\/berliner-dampfer.de\/wp-content\/uploads\/2026\/02\/2003-07-21-Mops-reist-ins-Museum-32-klein.jpg 1200w, https:\/\/berliner-dampfer.de\/wp-content\/uploads\/2026\/02\/2003-07-21-Mops-reist-ins-Museum-32-klein-300x207.jpg 300w, https:\/\/berliner-dampfer.de\/wp-content\/uploads\/2026\/02\/2003-07-21-Mops-reist-ins-Museum-32-klein-1024x705.jpg 1024w, https:\/\/berliner-dampfer.de\/wp-content\/uploads\/2026\/02\/2003-07-21-Mops-reist-ins-Museum-32-klein-768x529.jpg 768w\" sizes=\"auto, (max-width: 1200px) 100vw, 1200px\" \/><\/a><\/td>\n<td style=\"width: 25%; text-align: left; vertical-align: top; height: 340px;\"><span style=\"font-family: arial, helvetica, sans-serif; font-size: 12pt;\">Kurz vor der Abhohlung, mein Vater in einer stillen Sekunde am Steg. Er nimmt Abschied. Exakt 50 Jahre Wassersport gehen zuende.<br \/>\n<\/span>.<br \/>\n<a href=\"https:\/\/berliner-dampfer.de\/wp-content\/uploads\/2026\/02\/2003-07-21-Mops-reist-ins-Museum-16-klein.jpg\" target=\"_blank\" rel=\"noopener\"><img loading=\"lazy\" decoding=\"async\" class=\"aligncenter wp-image-18058 size-full\" src=\"https:\/\/berliner-dampfer.de\/wp-content\/uploads\/2026\/02\/2003-07-21-Mops-reist-ins-Museum-16-klein.jpg\" alt=\"\" width=\"1200\" height=\"803\" srcset=\"https:\/\/berliner-dampfer.de\/wp-content\/uploads\/2026\/02\/2003-07-21-Mops-reist-ins-Museum-16-klein.jpg 1200w, https:\/\/berliner-dampfer.de\/wp-content\/uploads\/2026\/02\/2003-07-21-Mops-reist-ins-Museum-16-klein-300x201.jpg 300w, https:\/\/berliner-dampfer.de\/wp-content\/uploads\/2026\/02\/2003-07-21-Mops-reist-ins-Museum-16-klein-1024x685.jpg 1024w, https:\/\/berliner-dampfer.de\/wp-content\/uploads\/2026\/02\/2003-07-21-Mops-reist-ins-Museum-16-klein-768x514.jpg 768w\" sizes=\"auto, (max-width: 1200px) 100vw, 1200px\" \/><\/a><\/td>\n<\/tr>\n<\/tbody>\n<\/table>\n<p style=\"text-align: justify;\"><span style=\"font-family: arial, helvetica, sans-serif; font-size: 12pt;\">&#8222;Mops&#8220; war nicht das Leben meiner Eltern, aber doch ein sehr wichtiger Teil davon. Und <strong>&#8222;Mops&#8220; sorgte &#8222;<em>Carpe diem<\/em>&#8220; immer f\u00fcr gl\u00fcckliche Stunden.<\/strong> &nbsp;\ud83d\ude00&nbsp; &nbsp;Er war auch immer zuverl\u00e4ssig. Nur einmal brach w\u00e4hrend der Ausfart aus der Scharfen Lanke der Haltebebalken f\u00fcr den Motor. Zum Gl\u00fcck konnte mein Vater den Motor in einer Kraftanstrengung festhalten und so sank er nicht auf den Havelgrund. Zur\u00fcck zum Bootshaus hie\u00df es dann &#8222;paddeln&#8220;. Ich kann mich noch entsinnen wie mein Vater sp\u00e4ter sagte, dass der neu von ihm angebrachte Balken &#8222;niemals wieder brechen wird&#8220;. Zum sicheren Lauf geh\u00f6rte bei beiden Motoren ansonsten immer &#8222;<em>Z\u00fcndkerze Reinigen<\/em>&#8222;, ein Lappen daf\u00fcr lag im K\u00e4stchen am Fahrerseitz immer bereit. Mit dabei waren auch immer zwei Paddel.<\/span><\/p>\n<p style=\"text-align: justify;\"><span style=\"font-family: arial, helvetica, sans-serif; font-size: 12pt;\">Eingangs hatte ich ja geschrieben, dass viele urspr\u00fcnglichen Kanadierfahrer im Laufe ihres Wassersportlebens auf gr\u00f6\u00dfere Schiffe gewechselt haben, Segelboote oder (f\u00fcr Berliner Verh\u00e4ltnisse) auch kleine Motoryachten. Das meine Eltern dies nicht taten, sondern tats\u00e4chlich 50 Jahre nur einem Boot, und dann auch noch einem so kleinen, treu blieben, halte ich f\u00fcr sehr au\u00dfergew\u00f6hnlich.&nbsp;<\/span><\/p>\n<p><span style=\"font-family: arial, helvetica, sans-serif; font-size: 12pt;\">\u00dcbergabe am 21.07.2003: Zwei Mitarbeiter des Verkehrsmuseum, meine Eltern und ich:<\/span><\/p>\n<p><a href=\"https:\/\/berliner-dampfer.de\/wp-content\/uploads\/2026\/02\/2003-07-21-Mops-reist-ins-Museum-38-klein.jpg\" target=\"_blank\" rel=\"noopener\"><img loading=\"lazy\" decoding=\"async\" class=\"aligncenter wp-image-18066 size-full\" src=\"https:\/\/berliner-dampfer.de\/wp-content\/uploads\/2026\/02\/2003-07-21-Mops-reist-ins-Museum-38-klein.jpg\" alt=\"\" width=\"1200\" height=\"831\" srcset=\"https:\/\/berliner-dampfer.de\/wp-content\/uploads\/2026\/02\/2003-07-21-Mops-reist-ins-Museum-38-klein.jpg 1200w, https:\/\/berliner-dampfer.de\/wp-content\/uploads\/2026\/02\/2003-07-21-Mops-reist-ins-Museum-38-klein-300x208.jpg 300w, https:\/\/berliner-dampfer.de\/wp-content\/uploads\/2026\/02\/2003-07-21-Mops-reist-ins-Museum-38-klein-1024x709.jpg 1024w, https:\/\/berliner-dampfer.de\/wp-content\/uploads\/2026\/02\/2003-07-21-Mops-reist-ins-Museum-38-klein-768x532.jpg 768w\" sizes=\"auto, (max-width: 1200px) 100vw, 1200px\" \/><\/a><\/p>\n<p>&nbsp;<\/p>\n<table style=\"border-collapse: collapse; width: 100%; height: 24px;\">\n<tbody>\n<tr style=\"height: 24px;\">\n<td style=\"width: 100%; height: 24px; background-color: #ffff00;\"><span style=\"font-family: arial, helvetica, sans-serif; font-size: 12pt;\">10. &#8211; <\/span><strong><span style=\"font-family: arial, helvetica, sans-serif; font-size: 12pt;\">&#8222;Mops&#8220; im Museum<\/span><\/strong><\/td>\n<\/tr>\n<\/tbody>\n<\/table>\n<p style=\"text-align: justify;\"><span style=\"font-family: arial, helvetica, sans-serif; font-size: 12pt;\">Aber auch nachdem &#8222;Mops&#8220; im Museum war, endete der Wassersport f\u00fcr meine Eltern nicht g\u00e4nzlich. Mit einem Ehepaar aus der &#8222;Alten Kanadierfamile&#8220; verband sie eine \u00fcber f\u00fcnfzigj\u00e4hrige Freundschaft und gelegentlich fuhren sie noch auf deren &#8222;gro\u00dfen Kahn&#8220; mit. Wie man dem auf den Bildern sehen kann auch &#8222;viel, viel bequemer&#8220; als auf &#8222;Mops&#8220;.&nbsp;<\/span><\/p>\n<table style=\"border-collapse: collapse; width: 100%;\">\n<tbody>\n<tr>\n<td style=\"width: 33.3333%; text-align: left; vertical-align: top;\"><a href=\"https:\/\/berliner-dampfer.de\/wp-content\/uploads\/2026\/02\/2003-09-01-klein.jpg\" target=\"_blank\" rel=\"noopener\"><img loading=\"lazy\" decoding=\"async\" class=\"aligncenter wp-image-18070 size-full\" src=\"https:\/\/berliner-dampfer.de\/wp-content\/uploads\/2026\/02\/2003-09-01-klein.jpg\" alt=\"\" width=\"1200\" height=\"817\" srcset=\"https:\/\/berliner-dampfer.de\/wp-content\/uploads\/2026\/02\/2003-09-01-klein.jpg 1200w, https:\/\/berliner-dampfer.de\/wp-content\/uploads\/2026\/02\/2003-09-01-klein-300x204.jpg 300w, https:\/\/berliner-dampfer.de\/wp-content\/uploads\/2026\/02\/2003-09-01-klein-1024x697.jpg 1024w, https:\/\/berliner-dampfer.de\/wp-content\/uploads\/2026\/02\/2003-09-01-klein-768x523.jpg 768w\" sizes=\"auto, (max-width: 1200px) 100vw, 1200px\" \/><\/a><\/td>\n<td style=\"width: 33.3333%; text-align: left; vertical-align: top;\"><a href=\"https:\/\/berliner-dampfer.de\/wp-content\/uploads\/2026\/02\/2003-09-03-klein.jpg\" target=\"_blank\" rel=\"noopener\"><img loading=\"lazy\" decoding=\"async\" class=\"aligncenter wp-image-18071 size-full\" src=\"https:\/\/berliner-dampfer.de\/wp-content\/uploads\/2026\/02\/2003-09-03-klein.jpg\" alt=\"\" width=\"1200\" height=\"799\" srcset=\"https:\/\/berliner-dampfer.de\/wp-content\/uploads\/2026\/02\/2003-09-03-klein.jpg 1200w, https:\/\/berliner-dampfer.de\/wp-content\/uploads\/2026\/02\/2003-09-03-klein-300x200.jpg 300w, https:\/\/berliner-dampfer.de\/wp-content\/uploads\/2026\/02\/2003-09-03-klein-1024x682.jpg 1024w, https:\/\/berliner-dampfer.de\/wp-content\/uploads\/2026\/02\/2003-09-03-klein-768x511.jpg 768w\" sizes=\"auto, (max-width: 1200px) 100vw, 1200px\" \/><\/a><\/td>\n<td style=\"width: 33.3333%; text-align: left; vertical-align: top;\"><a href=\"https:\/\/berliner-dampfer.de\/wp-content\/uploads\/2026\/02\/2000-08-31-klein.jpg\" target=\"_blank\" rel=\"noopener\"><img loading=\"lazy\" decoding=\"async\" class=\"aligncenter wp-image-18100 size-full\" src=\"https:\/\/berliner-dampfer.de\/wp-content\/uploads\/2026\/02\/2000-08-31-klein.jpg\" alt=\"\" width=\"1200\" height=\"796\" srcset=\"https:\/\/berliner-dampfer.de\/wp-content\/uploads\/2026\/02\/2000-08-31-klein.jpg 1200w, https:\/\/berliner-dampfer.de\/wp-content\/uploads\/2026\/02\/2000-08-31-klein-300x199.jpg 300w, https:\/\/berliner-dampfer.de\/wp-content\/uploads\/2026\/02\/2000-08-31-klein-1024x679.jpg 1024w, https:\/\/berliner-dampfer.de\/wp-content\/uploads\/2026\/02\/2000-08-31-klein-768x509.jpg 768w\" sizes=\"auto, (max-width: 1200px) 100vw, 1200px\" \/><\/a><\/td>\n<\/tr>\n<\/tbody>\n<\/table>\n<p style=\"text-align: justify;\"><span style=\"font-family: arial, helvetica, sans-serif; font-size: 12pt;\">2005 war ich mir meiner Mutter im Museum, mein Vater konnte leider nicht wie geplant mitkommen, er war nach kurzer, schwerer Krankheit kurz zuvor verstorben. Meiner Mutter steht hier daher die Wehmut ermeut ins Gesicht geschrieben. Aber sie war gl\u00fccklich &#8222;Mops&#8220; noch einmal und so gut aufbewahrt zu sehen. Einen weiteren geplanten Besuch im Sommer 2011 gab es dann nicht mehr. Meine Mutter verstarb im Fr\u00fchsommer 2011 v\u00f6llig \u00fcberraschend nach ebenfalls kurzer, schwerer Krankheit. Beide verstarben \u00fcbrigens im <a href=\"https:\/\/www.google.com\/maps\/place\/Gemeinschaftskrankenhaus+Havelh%C3%B6he+Darmkrebszentrum\/@52.462296,13.159853,3065m\/data=!3m2!1e3!5s0x47a8584040592537:0xdae7b6927965b17d!4m14!1m7!3m6!1s0x47a858152b6c0c59:0x50828f6efb3c0840!2sKrankenhaus+Havelh%C3%B6he!8m2!3d52.46286!4d13.1590801!16s%2Fg%2F12vrs9x7x!3m5!1s0x47a858403c7ae20f:0x363dbd457d70d91!8m2!3d52.4607654!4d13.1631879!16s%2Fg%2F11gbp4ltpq?entry=ttu&amp;g_ep=EgoyMDI2MDIwNC4wIKXMDSoASAFQAw%3D%3D\" target=\"_blank\" rel=\"noopener\">Gemeinschaftskrankenhaus Havelh\u00f6he<\/a>, am westlichen Havelufer zwischen Gatow und Kladow, mit Blick auf die Havel und jenen Gew\u00e4ssern, die seit beide einst mit &#8222;Mops&#8220; befuhren und viele gl\u00fcckliche Tage erlebten. So schlo\u00df sich dieser Kreis.<\/span><\/p>\n<table style=\"border-collapse: collapse; width: 100%;\">\n<tbody>\n<tr>\n<td style=\"width: 50%; text-align: left; vertical-align: top;\"><a href=\"https:\/\/berliner-dampfer.de\/wp-content\/uploads\/2026\/02\/2005-03-Im-Museum-32-klein.jpg\" target=\"_blank\" rel=\"noopener\"><img loading=\"lazy\" decoding=\"async\" class=\"aligncenter wp-image-18072 size-full\" src=\"https:\/\/berliner-dampfer.de\/wp-content\/uploads\/2026\/02\/2005-03-Im-Museum-32-klein.jpg\" alt=\"\" width=\"1200\" height=\"813\" srcset=\"https:\/\/berliner-dampfer.de\/wp-content\/uploads\/2026\/02\/2005-03-Im-Museum-32-klein.jpg 1200w, https:\/\/berliner-dampfer.de\/wp-content\/uploads\/2026\/02\/2005-03-Im-Museum-32-klein-300x203.jpg 300w, https:\/\/berliner-dampfer.de\/wp-content\/uploads\/2026\/02\/2005-03-Im-Museum-32-klein-1024x694.jpg 1024w, https:\/\/berliner-dampfer.de\/wp-content\/uploads\/2026\/02\/2005-03-Im-Museum-32-klein-768x520.jpg 768w\" sizes=\"auto, (max-width: 1200px) 100vw, 1200px\" \/><\/a><\/td>\n<td style=\"width: 50%; text-align: left; vertical-align: top;\"><a href=\"https:\/\/berliner-dampfer.de\/wp-content\/uploads\/2026\/02\/2005-03-Im-Museum-36-klein.jpg\" target=\"_blank\" rel=\"noopener\"><img loading=\"lazy\" decoding=\"async\" class=\"aligncenter wp-image-18073 size-full\" src=\"https:\/\/berliner-dampfer.de\/wp-content\/uploads\/2026\/02\/2005-03-Im-Museum-36-klein.jpg\" alt=\"\" width=\"1200\" height=\"806\" srcset=\"https:\/\/berliner-dampfer.de\/wp-content\/uploads\/2026\/02\/2005-03-Im-Museum-36-klein.jpg 1200w, https:\/\/berliner-dampfer.de\/wp-content\/uploads\/2026\/02\/2005-03-Im-Museum-36-klein-300x202.jpg 300w, https:\/\/berliner-dampfer.de\/wp-content\/uploads\/2026\/02\/2005-03-Im-Museum-36-klein-1024x688.jpg 1024w, https:\/\/berliner-dampfer.de\/wp-content\/uploads\/2026\/02\/2005-03-Im-Museum-36-klein-768x516.jpg 768w\" sizes=\"auto, (max-width: 1200px) 100vw, 1200px\" \/><\/a><\/td>\n<\/tr>\n<\/tbody>\n<\/table>\n<p>&nbsp;<\/p>\n<p>&nbsp;<\/p>\n<p><em><span style=\"font-family: arial, helvetica, sans-serif; font-size: 12pt;\">To be continued&#8230;.<\/span><\/em><\/p>\n<p>&nbsp;<\/p>\n<p>&nbsp;<\/p>\n<p><span style=\"text-decoration: underline;\"><span style=\"font-family: arial, helvetica, sans-serif; font-size: 12pt;\">Zuletzt bearbeitet 09.02.2026<\/span><\/span><\/p>\n","protected":false},"excerpt":{"rendered":"<p>1953 Mops 2003 \u00fcberstellt ins Musum f\u00fcr Verkehr und Technik, heute: Deutsches Technikmuseum \/ Daueraustelllung Schifffahrt\/Binnenschifffahrt &nbsp; &#8222;Mops&#8220; und meine Eltern: 1989 an der Scharfen&hellip;<\/p>\n","protected":false},"author":1,"featured_media":0,"parent":0,"menu_order":0,"comment_status":"closed","ping_status":"closed","template":"","meta":{"ngg_post_thumbnail":0,"iawp_total_views":19,"footnotes":""},"class_list":["post-4005","page","type-page","status-publish","hentry"],"_links":{"self":[{"href":"https:\/\/berliner-dampfer.de\/index.php?rest_route=\/wp\/v2\/pages\/4005","targetHints":{"allow":["GET"]}}],"collection":[{"href":"https:\/\/berliner-dampfer.de\/index.php?rest_route=\/wp\/v2\/pages"}],"about":[{"href":"https:\/\/berliner-dampfer.de\/index.php?rest_route=\/wp\/v2\/types\/page"}],"author":[{"embeddable":true,"href":"https:\/\/berliner-dampfer.de\/index.php?rest_route=\/wp\/v2\/users\/1"}],"replies":[{"embeddable":true,"href":"https:\/\/berliner-dampfer.de\/index.php?rest_route=%2Fwp%2Fv2%2Fcomments&post=4005"}],"version-history":[{"count":170,"href":"https:\/\/berliner-dampfer.de\/index.php?rest_route=\/wp\/v2\/pages\/4005\/revisions"}],"predecessor-version":[{"id":18180,"href":"https:\/\/berliner-dampfer.de\/index.php?rest_route=\/wp\/v2\/pages\/4005\/revisions\/18180"}],"wp:attachment":[{"href":"https:\/\/berliner-dampfer.de\/index.php?rest_route=%2Fwp%2Fv2%2Fmedia&parent=4005"}],"curies":[{"name":"wp","href":"https:\/\/api.w.org\/{rel}","templated":true}]}}