{"id":4622,"date":"2024-09-14T08:04:07","date_gmt":"2024-09-14T06:04:07","guid":{"rendered":"https:\/\/berliner-dampfer.de\/?page_id=4622"},"modified":"2026-04-09T20:33:26","modified_gmt":"2026-04-09T18:33:26","slug":"ikele","status":"publish","type":"page","link":"https:\/\/berliner-dampfer.de\/?page_id=4622","title":{"rendered":"Iskele"},"content":{"rendered":"<table style=\"border-collapse: collapse; width: 100%;\">\n<tbody>\n<tr>\n<td style=\"width: 100%; background-color: #ffff00;\"><span style=\"font-family: arial, helvetica, sans-serif; font-size: 12pt;\">1904 <strong>Adolph von Menzel<\/strong> } 1994 <strong>Pik As<\/strong> } 2003 <strong>Iskele<\/strong><\/span><\/p>\n<p style=\"text-align: justify;\"><span style=\"font-family: arial, helvetica, sans-serif; font-size: 12pt;\">Die \u201cIskele\u201d ist ein im Jahr 2008 ausgebranntes Restaurantschiff am Urbanhafen in Berlin.<\/span><\/p>\n<p style=\"text-align: justify;\"><span style=\"font-family: arial, helvetica, sans-serif; font-size: 12pt;\">Bis 1994 befand sich an gleicher Stelle ebenfalls ein Restaurantschiff mit dem Namen <a href=\"https:\/\/berliner-dampfer.de\/?page_id=3386\" target=\"_blank\" rel=\"noopener\">PIK AS<\/a> (III). Dieses Schiff wurde von der Reederei Riedel jedoch ausgemustert und durch die ADOLPH VON MENZEL ersetzt, welche am 10. August 1993 von der Stern und Kreisschiffahrt erworben, und dann in PIK AS umgetauft wurde. Diese neue PIK AS wurde dann am 07. August 2003 verkauft und erhielt sp\u00e4ter seinen letzten Namen ISEKELE.<\/span><\/p>\n<p style=\"text-align: justify;\"><span style=\"font-family: arial, helvetica, sans-serif; font-size: 12pt;\">Am 26.10.2010 trat die ISKELE ihre letzte Fahrt zur Abwrackwerft an.<\/span><\/p>\n<p><span style=\"font-family: arial, helvetica, sans-serif; font-size: 12pt;\">Wikipedia: <a href=\"https:\/\/de.wikipedia.org\/wiki\/Iskele_(Schiff,_1904)\" target=\"_blank\" rel=\"noopener\">Iskele (Schiff, 1904)<\/a><\/span><\/p>\n<p><span style=\"font-family: arial, helvetica, sans-serif; font-size: 12pt;\"><a href=\"https:\/\/www.ddr-binnenschifffahrt.de\/db_verlauf.php?schiffId=4003350\" target=\"_blank\" rel=\"noopener\">Schiffshistorie<\/a> in der Datenbank von Uwe Giesler \/ www.ddr-binnenschifffahrt.de.<\/span><\/p>\n<p>__________<\/p>\n<p><span style=\"font-family: arial, helvetica, sans-serif; font-size: 12pt;\"><a href=\"https:\/\/de.wikipedia.org\/wiki\/Adolph_von_Menzel#\/media\/Datei:Adolph_Menzel_-_Fl%C3%B6tenkonzert_Friedrichs_des_Gro%C3%9Fen_in_Sanssouci_-_Google_Art_Project.jpg\" target=\"_blank\" rel=\"noopener\"><img loading=\"lazy\" decoding=\"async\" class=\"alignright\" src=\"https:\/\/upload.wikimedia.org\/wikipedia\/commons\/6\/64\/Adolph_Menzel_-_Fl%C3%B6tenkonzert_Friedrichs_des_Gro%C3%9Fen_in_Sanssouci_-_Google_Art_Project.jpg\" alt=\"\" width=\"252\" height=\"173\"><\/a><\/span><\/p>\n<p><span style=\"font-family: arial, helvetica, sans-serif; font-size: 12pt;\">Das der Schiffsname beibehalten wurde erscheint mir erw\u00e4hnenswert.<\/span><\/p>\n<p style=\"text-align: justify;\"><span style=\"font-family: arial, helvetica, sans-serif; font-size: 12pt;\">Wikipedia: <\/span><a href=\"https:\/\/de.wikipedia.org\/wiki\/Adolph_von_Menzel\" target=\"_blank\" rel=\"noopener\"><span style=\"font-family: arial, helvetica, sans-serif; font-size: 12pt;\">Adolph von Menzel<\/span><\/a><\/p>\n<blockquote>\n<p style=\"text-align: justify;\"><span style=\"font-family: arial, helvetica, sans-serif; font-size: 12pt;\"><strong>Adolph Friedrich Erdmann Menzel<\/strong>, ab 1898 <strong>von Menzel<\/strong> (* 1815; \u2020 1905), war ein deutscher Maler, Zeichner und Illustrator. Er gilt als der bedeutendste deutsche Realist des 19. Jahrhunderts. Sein Werk ist au\u00dferordentlich vielf\u00e4ltig; bekannt und zu Lebzeiten hoch geehrt wurde er vor allem wegen seiner historisierenden Darstellungen aus dem Leben <a href=\"https:\/\/de.wikipedia.org\/wiki\/Friedrich_II._(Preu%C3%9Fen)\" target=\"_blank\" rel=\"noopener\">Friedrichs des Gro\u00dfen<\/a>&#8230;.<\/span><\/p>\n<\/blockquote>\n<p style=\"text-align: justify;\"><span style=\"font-family: arial, helvetica, sans-serif; font-size: 12pt;\">Bundeszentrale f\u00fcr politische Bildung: <\/span><a href=\"https:\/\/www.bpb.de\/themen\/deutschlandarchiv\/144983\/friedrich-ii-friedrich-der-grosse\/\" target=\"_blank\" rel=\"noopener\"><span style=\"font-family: arial, helvetica, sans-serif; font-size: 12pt;\">Die DDR und der Preu\u00dfenk\u00f6nig<\/span><\/a><\/p>\n<blockquote>\n<p style=\"text-align: justify;\"><span style=\"font-family: arial, helvetica, sans-serif; font-size: 12pt;\">Die offizielle Sicht der DDR auf Friedrich II. und Preu\u00dfen war keineswegs eine Einbahnstra\u00dfe. Rigide Ablehnung alles Preu\u00dfischen bestimmte die \u00c4ra <a href=\"https:\/\/de.wikipedia.org\/wiki\/Walter_Ulbricht\" target=\"_blank\" rel=\"noopener\">Ulbricht<\/a>. Entscheidenden Ansto\u00df gab das Kontrollratsgesetz 46 \u00fcber die Aufl\u00f6sung Preu\u00dfens. Impulse f\u00fcr eine differenziertere Betrachtung brachte das Buch von <a href=\"https:\/\/de.wikipedia.org\/wiki\/Ingrid_Mittenzwei\" target=\"_blank\" rel=\"noopener\">Ingrid Mittenzwei<\/a> \u00fcber Friedrich II. <a href=\"https:\/\/de.wikipedia.org\/wiki\/Erich_Honecker\" target=\"_blank\" rel=\"noopener\">Honecker<\/a> bezeichnete den K\u00f6nig schlie\u00dflich sogar als Friedrich den Gro\u00dfen&#8230;..<\/span><\/p>\n<\/blockquote>\n<\/td>\n<\/tr>\n<\/tbody>\n<\/table>\n<p>&nbsp;<\/p>\n<table style=\"border-collapse: collapse; width: 100%;\">\n<tbody>\n<tr>\n<td style=\"width: 100%; background-color: #ffd700;\">\n<p style=\"text-align: justify;\"><span style=\"font-family: arial, helvetica, sans-serif; font-size: 12pt;\"><a href=\"https:\/\/berliner-dampfer.de\/?page_id=194\" target=\"_blank\" rel=\"noopener\">Groggert 1988<\/a>, Seite 124<\/span><br \/>\n<span style=\"font-family: arial, helvetica, sans-serif; font-size: 12pt;\">Um den durchgehenden Betrieb auf der Unterhavel von Spandau \u00fcber Wannsee nach Potsdam und von Potsdam nach <a href=\"https:\/\/de.wikipedia.org\/wiki\/Ferch\" target=\"_blank\" rel=\"noopener\">Ferch<\/a> verst\u00e4rken zu k\u00f6nnen, bestellte die SpHDG Stern bei den Stettiner Oderwerken 5 schnelle, 29,95 m lange, 5,62 m breite Doppelschraubendampfer.<\/span><br \/>\n<span style=\"font-family: arial, helvetica, sans-serif; font-size: 12pt;\">Die 1904 abgelieferten Schiffe der Bismarck-Klasse konnten 305-311 Personen fassen und hie\u00dfen <\/span><\/p>\n<ul>\n<li style=\"text-align: justify;\"><span style=\"font-family: arial, helvetica, sans-serif; font-size: 12pt;\"><a href=\"https:\/\/berliner-dampfer.de\/?page_id=8411\" target=\"_blank\" rel=\"noopener\">\u201cTheodor Fontane\u201d<\/a>,<\/span><\/li>\n<li style=\"text-align: justify;\"><span style=\"font-family: arial, helvetica, sans-serif; font-size: 12pt;\"><strong>\u201cAd. v. Menzel\u201d<\/strong>,<\/span><\/li>\n<li style=\"text-align: justify;\"><span style=\"font-family: arial, helvetica, sans-serif; font-size: 12pt;\"><a href=\"https:\/\/berliner-dampfer.de\/?page_id=8215\" target=\"_blank\" rel=\"noopener\">&#8222;Professor Rud. Virchow\u201d<\/a>,<\/span><\/li>\n<li style=\"text-align: justify;\"><a href=\"https:\/\/berliner-dampfer.de\/?page_id=8156\" target=\"_blank\" rel=\"noopener\"><span style=\"font-family: arial, helvetica, sans-serif; font-size: 12pt;\">\u201cGraf H. Moltke\u201d<\/span><\/a><span style=\"font-family: arial, helvetica, sans-serif; font-size: 12pt;\">,<\/span><\/li>\n<li><span style=\"font-family: arial, helvetica, sans-serif; font-size: 12pt;\"><a href=\"https:\/\/berliner-dampfer.de\/?page_id=4317\" target=\"_blank\" rel=\"noopener\">\u201eF\u00fcrst O. Bismarck\u201c<\/a>.<\/span><\/li>\n<\/ul>\n<p><span style=\"font-family: arial, helvetica, sans-serif; font-size: 12pt;\">(Die Schreibweise entspricht den am Schiffsk\u00f6rper angebrachten Namen.).<\/span><\/p>\n<p style=\"text-align: justify;\"><span style=\"font-family: arial, helvetica, sans-serif; font-size: 12pt;\">Groggert 1988, Seite 164:<\/span><br \/>\n<span style=\"font-family: arial, helvetica, sans-serif; font-size: 12pt;\">Die schwer um ihre Existenz k\u00e4mpfende Spree-Havel-Dampfschiffahrtsgesellschaft \u201eStern\u201c hatte vom Kriegsbeginn bis zum Ende der Inflation nur einen Teil ihres gro\u00dfen Schiffsparks gewinnbringend besch\u00e4ftigen k\u00f6nnen. In der Absicht, sich gesundzuschrumpfen, verkaufte sie Anfang der zwanziger Jahre einen gro\u00dfen Teil ihrer Schiffe, so da\u00df die Flotte 1924 gegen\u00fcber dem Bestand bei Kriegsbeginn nahezu um die H\u00e4lfte reduziert war. Nach der Goldmarker\u00f6ffnungsbilanz vom 1. Januar 1924 besa\u00df die Gesellschaft noch 24 Dampfer und 5 Motorboote im Wert von insgesamt 94500 Goldmark. Au\u00dferdem waren 8 weitere, w\u00e4hrend der Inflationszeit aufgelegte Schiffe vorhanden, und in dem Bericht zur Generalversammlung am 29. Juni 1925 wurde der Hoffnung Ausdruck gegeben, sie noch 1925 wieder in Dienst stellen zu k\u00f6nnen.<\/span><br \/>\n<span style=\"font-family: arial, helvetica, sans-serif; font-size: 12pt;\"><strong>1924 waren betriebsf\u00e4hig<\/strong>:<\/span><\/p>\n<ul>\n<li><span style=\"font-family: arial, helvetica, sans-serif; font-size: 12pt;\">Dampfer &#8211; <a href=\"https:\/\/berliner-dampfer.de\/?page_id=4317\" target=\"_blank\" rel=\"noopener\">&#8222;F\u00fcrst O. Bismark&#8220;<\/a> &#8211; erbaut 1904 &#8211; Stettiner Oderwerke<\/span><\/li>\n<li style=\"text-align: justify;\"><span style=\"font-family: arial, helvetica, sans-serif; font-size: 12pt;\">Dampfer &#8211; <a href=\"https:\/\/berliner-dampfer.de\/?page_id=8156\" target=\"_blank\" rel=\"noopener\">&#8222;Graf H. Moltke&#8220;<\/a> &#8211; erbaut 1904 &#8211; Stettiner Oderwerke<\/span><\/li>\n<li style=\"text-align: justify;\"><span style=\"font-family: arial, helvetica, sans-serif; font-size: 12pt;\">Dampfer &#8211; <a href=\"https:\/\/berliner-dampfer.de\/?page_id=8215\" target=\"_blank\" rel=\"noopener\">&#8222;Prof. Rudolf Virchow&#8220;<\/a>&nbsp; &#8211; erbaut 1904 &#8211; Stettiner Oderwerke<\/span><\/li>\n<li style=\"text-align: justify;\"><span style=\"font-family: arial, helvetica, sans-serif; font-size: 12pt;\">Dampfer &#8211; <strong>&#8222;Ad. v. Menzel&#8220;<\/strong> &#8211; erbaut 1904 &#8211; Stettiner Oderwerke<\/span><\/li>\n<li style=\"text-align: justify;\"><span style=\"font-family: arial, helvetica, sans-serif; font-size: 12pt;\">Dampfer &#8211; <a href=\"https:\/\/berliner-dampfer.de\/?page_id=8411\" target=\"_blank\" rel=\"noopener\">&#8222;Theodor Fontane&#8220;<\/a> &#8211; erbaut 1904 &#8211; Stettiner Oderwerke<\/span><\/li>\n<\/ul>\n<p style=\"text-align: justify;\"><span style=\"font-family: arial, helvetica, sans-serif; font-size: 12pt;\">Groggert 1988, Seiten 201\/202\/203:<\/span><br \/>\n<span style=\"font-family: arial, helvetica, sans-serif; font-size: 12pt;\">Im Herbst des Jahres 1932 geriet die gr\u00f6\u00dfte Berliner Reederei der Personenschiffahrt in Schwierigkeiten, von denen sich sich aus eigener Kraft nicht mehr erholen konnte. Am 15. Oktober 1932 stellte die Spree-Havel-Dampfschiffahrts-Gesellschaft Stern ihre Zahlungen ein und beantragte die Einleitung des gerichtlichen Vergleichsverfahrens&#8230;.. Als das gerichtliche Vergleichsverfahren beantragt wurde, bestand die Flotte [u.a.] aus folgenden Schiffen:<\/span><\/p>\n<ul>\n<li style=\"text-align: justify;\"><span style=\"font-family: arial, helvetica, sans-serif; font-size: 12pt;\">Dampfer &#8211;&nbsp; <a href=\"https:\/\/berliner-dampfer.de\/?page_id=8215\" target=\"_blank\" rel=\"noopener\">&#8222;Prof. Rudolf Virchow&#8220;<\/a> &#8211; 340 Personen<\/span><\/li>\n<li style=\"text-align: justify;\"><span style=\"font-family: arial, helvetica, sans-serif; font-size: 12pt;\">Dampfer &#8211; <strong>&#8222;Adolf von Menzel&#8220;<\/strong> &#8211; 335 Personen<\/span><\/li>\n<li style=\"text-align: justify;\"><span style=\"font-family: arial, helvetica, sans-serif; font-size: 12pt;\">Dampfer &#8211; <a href=\"https:\/\/berliner-dampfer.de\/?page_id=8411\" target=\"_blank\" rel=\"noopener\">&#8222;Theodor Fontane&#8220;<\/a> &#8211; 315 Personen<\/span><\/li>\n<li style=\"text-align: justify;\"><span style=\"font-family: arial, helvetica, sans-serif; font-size: 12pt;\">Dampfer &#8211; &#8222;<a href=\"https:\/\/berliner-dampfer.de\/?page_id=8156\" target=\"_blank\" rel=\"noopener\">Graf H. Moltke&#8220;<\/a> &#8211; 311 Personen<\/span><\/li>\n<li><span style=\"font-family: arial, helvetica, sans-serif; font-size: 12pt;\">Dampfer &#8211; <a href=\"https:\/\/berliner-dampfer.de\/?page_id=4317\" target=\"_blank\" rel=\"noopener\">\u201eF\u00fcrst O. Bismarck\u201c<\/a> \u2013 305 Personen<\/span><\/li>\n<\/ul>\n<p style=\"text-align: justify;\"><span style=\"font-family: arial, helvetica, sans-serif; font-size: 12pt;\">Groggert 1988, Seiten 204\/218:<\/span><br \/>\n<span style=\"font-family: arial, helvetica, sans-serif; font-size: 12pt;\">1935 geh\u00f6rten dem &#8222;Reeder-Verband der Personenschiffahrt zwischen Elbe und Oder&#8220; folgende in Berlin und seiner Umgebung ans\u00e4ssige Betriebe und Schiffseigner an:<\/span><br \/>\n<span style=\"font-family: arial, helvetica, sans-serif; font-size: 12pt;\">Stern und Kreisschiffahrt u.a. mit:<\/span><\/p>\n<ul>\n<li><span style=\"font-family: arial, helvetica, sans-serif; font-size: 12pt;\">Dampfer &#8211; Prof. Rudolf Virchow &#8211; 340 Personen<\/span><\/li>\n<li style=\"text-align: justify;\"><span style=\"font-family: arial, helvetica, sans-serif; font-size: 12pt;\">Dampfer &#8211; <strong>Adolf von Menzel<\/strong> &#8211; 335 Personen<\/span><\/li>\n<li style=\"text-align: justify;\"><span style=\"font-family: arial, helvetica, sans-serif; font-size: 12pt;\">Dampfer &#8211; Theodor Fontane &#8211; 315 Personen<\/span><\/li>\n<li style=\"text-align: justify;\"><span style=\"font-family: arial, helvetica, sans-serif; font-size: 12pt;\">Dampfer &#8211; Graf H. v. Moltke &#8211; 311 Personen<\/span><\/li>\n<li style=\"text-align: justify;\"><span style=\"font-family: arial, helvetica, sans-serif; font-size: 12pt;\">Dampfer &#8211; F\u00fcrst Otto v. Bismarck &#8211; 305 Personen<\/span><\/li>\n<\/ul>\n<p style=\"text-align: justify;\"><span style=\"font-family: arial, helvetica, sans-serif; font-size: 12pt;\">Groggert 1988, Seite 250<\/span><br \/>\n<span style=\"font-family: arial, helvetica, sans-serif; font-size: 12pt;\">1945: Im Osten Berlins war zu dieser Zeit die Oberspree bis nach Rummelsburg und Treptow bereits zur Frontlinie geworden. Auf dem R\u00fcckzug hatten deutsche Soldaten die Stern-Dampfer<\/span><\/p>\n<ul>\n<li style=\"text-align: justify;\"><span style=\"font-family: arial, helvetica, sans-serif; font-size: 12pt;\"><a href=\"https:\/\/berliner-dampfer.de\/?page_id=5635\" target=\"_blank\" rel=\"noopener\">\u201cBerlin\u201d<\/a>,<\/span><\/li>\n<li style=\"text-align: justify;\"><span style=\"font-family: arial, helvetica, sans-serif; font-size: 12pt;\"><a href=\"https:\/\/berliner-dampfer.de\/?page_id=4317\" target=\"_blank\" rel=\"noopener\">\u201cF\u00fcrst O. Bismarck\u201d<\/a> und<\/span><\/li>\n<li style=\"text-align: justify;\"><strong><span style=\"font-family: arial, helvetica, sans-serif; font-size: 12pt;\">\u201cAd. v. Menzel\u201d<\/span><\/strong><\/li>\n<\/ul>\n<p><span style=\"font-family: arial, helvetica, sans-serif; font-size: 12pt;\">vor dem <a href=\"https:\/\/www.berlin.de\/landesdenkmalamt\/denkmale\/highlight-industrie-und-technik\/aeg-oberschoeneweide-652714.php\" target=\"_blank\" rel=\"noopener\">Gel\u00e4nde der AEG in Obersch\u00f6nweide<\/a> durch geballte Ladungen zum Sinken gebracht.<\/span><\/p>\n<p style=\"text-align: justify;\"><span style=\"font-family: arial, helvetica, sans-serif; font-size: 12pt;\">Groggert 1988, Seite 257<\/span><br \/>\n<span style=\"font-family: arial, helvetica, sans-serif; font-size: 12pt;\">Bei der Spaltung Berlins: In Potsdam befanden sich zu dieser Zeit noch der vor Sch\u00f6nweide versenkte, inzwischen abgedichtete und zur Glienicker Br\u00fccke gebrachte <strong>\u201cAd. v. Menzel\u201d<\/strong> und das ausbauf\u00e4hige Motorschiff \u201cConcordia.<\/span><\/p>\n<p style=\"text-align: justify;\"><span style=\"font-family: arial, helvetica, sans-serif; font-size: 12pt;\">Groggert 1988, Seite 312<\/span><br \/>\n<span style=\"font-family: arial, helvetica, sans-serif; font-size: 12pt;\">Noch ein weiteres Schiff der \u201cBismarck\u201d-Klasse, der bei Obersch\u00f6nweide 1945 versenkte Dampfer <strong>\u201cAd. v. Menzel\u201d<\/strong>, behielt nach \u00dcbernahme durch die DSU seinen Namen. Er ist vor der W\u00e4hrungsreform im Betrieb der Stern und Kreisschiffahrt auf dem Wannsee nicht mehr eingesetzt worden. 1958 wurde aus dem Dampfer ein Motorschiff.<\/span><\/p>\n<\/td>\n<\/tr>\n<\/tbody>\n<\/table>\n<p>&nbsp;<\/p>\n<table style=\"border-collapse: collapse; width: 100%; height: 12px;\">\n<tbody>\n<tr style=\"height: 48px;\">\n<td style=\"width: 100%; background-color: #cdcd00; height: 12px; text-align: justify;\"><span style=\"font-family: arial, helvetica, sans-serif; font-size: 12pt;\"><a href=\"https:\/\/berliner-dampfer.de\/?page_id=194\" target=\"_blank\" rel=\"noopener\">Trost 1988<\/a>, Seite 8:<br \/>\nDaf\u00fcr bestellte man bei den Stettiner Oderwerken wieder 5 Neubauten, die alle 1904 abgeliefert wurden.<br \/>\nAuch diese Dampfer geh\u00f6rten wieder zu einer Serie mit etwa den gleichen Abmessungen; die L\u00e4nge betrug zwischen 30,00 m und 31,60 m, die Breite 5,20 m auf Spanten und 5,60 m \u00fcber die Bergh\u00f6lzer, die Seitenh\u00f6he 2,32 m und der Tiefgang beladen 1,40 m. 2 stehende <a href=\"https:\/\/de.wikipedia.org\/wiki\/Verbunddampfmaschine\" target=\"_blank\" rel=\"noopener\">Zweifachexpansionsmaschinen<\/a> mit Einspritzkondensator und einer Leistung von 2 x 80 PSi bei 220 U\/m und 10 at\u00fc Dampfdruck gaben diesen Dampfern eine Geschwindigkeit von 19,5 km\/h und machten sie damit zu den schnellsten der Flotte. Die Personenzahl schwankte zwischen 310 und 340. <\/span><span style=\"font-family: arial, helvetica, sans-serif; font-size: 12pt;\">Zuerst wurde unter Baunummer 539 <a href=\"https:\/\/berliner-dampfer.de\/?page_id=8411\" target=\"_blank\" rel=\"noopener\">Theodor Fontane<\/a> abgeliefert, &#8230;.<\/span><span style=\"font-family: arial, helvetica, sans-serif; font-size: 12pt;\">Zweites Schiff war <strong>ADOLF VON MENZEL<\/strong>, Bau-Nr. 540, das den 2. Weltkrieg ohne Schaden \u00fcberstand. Es ging aber 1948 an die <a href=\"https:\/\/de.wikipedia.org\/wiki\/Deutsche_Schiffahrts-_und_Umschlagbetriebe\" target=\"_blank\" rel=\"noopener\">D.S.U.<\/a>, wurde 1958 in Havelberg modernisiert und fuhr noch bis zur Mitte der achtziger Jahre bei der &#8222;Wei\u00dfen Flotte&#8220; Berlin-Ost.<\/span><\/td>\n<\/tr>\n<\/tbody>\n<\/table>\n<p>&nbsp;<\/p>\n<p>&nbsp;<\/p>\n<p>&nbsp;<\/p>\n<p>&nbsp;<\/p>\n<p>&nbsp;<\/p>\n<table style=\"border-collapse: collapse; width: 100%;\">\n<tbody>\n<tr>\n<td style=\"width: 100%; background-color: #d3d3d3;\"><span style=\"font-family: arial, helvetica, sans-serif; font-size: 12pt;\"><strong>Ad. v. Menzel<\/strong> (1904 bis 1993)<br \/>\n<\/span><\/td>\n<\/tr>\n<\/tbody>\n<\/table>\n<p>&nbsp;<\/p>\n<table style=\"border-collapse: collapse; width: 100%;\">\n<tbody>\n<tr>\n<td style=\"width: 100%; background-color: #ffff00;\"><span style=\"font-family: arial, helvetica, sans-serif; font-size: 12pt;\">Dampfer &#8222;<strong>A. v. MENZEL<\/strong>&#8222;: 08.08.1935 &#8222;Siemensbr\u00fcder auf <a href=\"https:\/\/www.potsdam-wiki.de\/Hermannswerder\" target=\"_blank\" rel=\"noopener\">Hermannswerder<\/a>&#8222;.<\/span><\/p>\n<p><img loading=\"lazy\" decoding=\"async\" class=\"alignnone size-full wp-image-18424\" src=\"https:\/\/berliner-dampfer.de\/wp-content\/uploads\/2026\/04\/1935-08-08-MENZEL-Siemensbrueder-auf-Hermannswerder-klein.jpg\" alt=\"\" width=\"1200\" height=\"781\" srcset=\"https:\/\/berliner-dampfer.de\/wp-content\/uploads\/2026\/04\/1935-08-08-MENZEL-Siemensbrueder-auf-Hermannswerder-klein.jpg 1200w, https:\/\/berliner-dampfer.de\/wp-content\/uploads\/2026\/04\/1935-08-08-MENZEL-Siemensbrueder-auf-Hermannswerder-klein-300x195.jpg 300w, https:\/\/berliner-dampfer.de\/wp-content\/uploads\/2026\/04\/1935-08-08-MENZEL-Siemensbrueder-auf-Hermannswerder-klein-1024x666.jpg 1024w, https:\/\/berliner-dampfer.de\/wp-content\/uploads\/2026\/04\/1935-08-08-MENZEL-Siemensbrueder-auf-Hermannswerder-klein-768x500.jpg 768w\" sizes=\"auto, (max-width: 1200px) 100vw, 1200px\" \/><\/p>\n<p><span style=\"font-family: arial, helvetica, sans-serif; font-size: 12pt;\">Vergr\u00f6\u00dferung: &#8222;<strong>D. A. v. MENZEL<\/strong>&#8222;<\/span><\/p>\n<p><a href=\"https:\/\/berliner-dampfer.de\/wp-content\/uploads\/2026\/04\/1935-08-08-MENZEL-Siemensbrueder-auf-Hermannswerder-klein-a.jpg\" target=\"_blank\" rel=\"noopener\"><img loading=\"lazy\" decoding=\"async\" class=\"alignnone wp-image-18425\" src=\"https:\/\/berliner-dampfer.de\/wp-content\/uploads\/2026\/04\/1935-08-08-MENZEL-Siemensbrueder-auf-Hermannswerder-klein-a.jpg\" alt=\"\" width=\"720\" height=\"537\" srcset=\"https:\/\/berliner-dampfer.de\/wp-content\/uploads\/2026\/04\/1935-08-08-MENZEL-Siemensbrueder-auf-Hermannswerder-klein-a.jpg 1200w, https:\/\/berliner-dampfer.de\/wp-content\/uploads\/2026\/04\/1935-08-08-MENZEL-Siemensbrueder-auf-Hermannswerder-klein-a-300x224.jpg 300w, https:\/\/berliner-dampfer.de\/wp-content\/uploads\/2026\/04\/1935-08-08-MENZEL-Siemensbrueder-auf-Hermannswerder-klein-a-1024x764.jpg 1024w, https:\/\/berliner-dampfer.de\/wp-content\/uploads\/2026\/04\/1935-08-08-MENZEL-Siemensbrueder-auf-Hermannswerder-klein-a-768x573.jpg 768w\" sizes=\"auto, (max-width: 720px) 100vw, 720px\" \/><\/a><\/td>\n<\/tr>\n<\/tbody>\n<\/table>\n<p>&nbsp;<\/p>\n<p>&nbsp;<\/p>\n<p>&nbsp;<\/p>\n<table style=\"border-collapse: collapse; width: 100%;\">\n<tbody>\n<tr>\n<td style=\"width: 100%; background-color: #ffff00;\"><span style=\"font-family: arial, helvetica, sans-serif; font-size: 12pt;\"><strong>&#8222;Ad. v. Menzel&#8220;<\/strong>, <a href=\"https:\/\/www.ddr-binnenschifffahrt.de\/db_detail.php?id=404584\" target=\"_blank\" rel=\"noopener\">Schiffskennung &#8222;DSU 446&#8220; und &#8222;3-350&#8220;<\/a>. &#8222;Fahrt zur M\u00fcggelspree <strong>1954<\/strong>.&#8220;<\/span><\/p>\n<p><img loading=\"lazy\" decoding=\"async\" class=\"alignnone wp-image-4630 size-full\" src=\"https:\/\/berliner-dampfer.de\/wp-content\/uploads\/2024\/09\/1954-Adolf-von-Menzel-klein.jpg\" alt=\"\" width=\"1200\" height=\"726\" srcset=\"https:\/\/berliner-dampfer.de\/wp-content\/uploads\/2024\/09\/1954-Adolf-von-Menzel-klein.jpg 1200w, https:\/\/berliner-dampfer.de\/wp-content\/uploads\/2024\/09\/1954-Adolf-von-Menzel-klein-300x182.jpg 300w, https:\/\/berliner-dampfer.de\/wp-content\/uploads\/2024\/09\/1954-Adolf-von-Menzel-klein-1024x620.jpg 1024w, https:\/\/berliner-dampfer.de\/wp-content\/uploads\/2024\/09\/1954-Adolf-von-Menzel-klein-768x465.jpg 768w\" sizes=\"auto, (max-width: 1200px) 100vw, 1200px\" \/><\/td>\n<\/tr>\n<\/tbody>\n<\/table>\n<p>&nbsp;<\/p>\n<p>&nbsp;<\/p>\n<table style=\"border-collapse: collapse; width: 100%;\">\n<tbody>\n<tr>\n<td style=\"width: 100%; background-color: #ffff00;\">\n<p style=\"text-align: justify;\"><span style=\"font-family: arial, helvetica, sans-serif; font-size: 12pt;\"><strong>05.07.1958:<\/strong> <\/span><\/p>\n<blockquote>\n<p style=\"text-align: justify;\"><span style=\"font-family: arial, helvetica, sans-serif; font-size: 12pt;\"><em>&#8222;Hier feiern die Kollegen des VEB Werk f\u00fcr Fernmeldewesen &#8211; Werk II &#8211; die Erf\u00fcllung ihrer Verpflichtung zu Ehren des V. Parteitages der SED.&#8220;<\/em><\/span><\/p>\n<\/blockquote>\n<p><span style=\"font-family: arial, helvetica, sans-serif; font-size: 12pt;\">Bundesstiftung zur Aufarbeitung der SED-Diktatur: <a href=\"https:\/\/www.bundesstiftung-aufarbeitung.de\/de\/recherche\/dossiers\/volksaufstand-vom-17-juni-1953-der-ddr\/geschichte\" target=\"_blank\" rel=\"noopener\">Geschichte des Volksaufstands am 17. Juni 1953<\/a>: <\/span><\/p>\n<blockquote>\n<p style=\"text-align: justify;\"><span style=\"font-family: arial, helvetica, sans-serif; font-size: 12pt;\">Brigadeausflug: Dampferfahrten \u00fcber die Berliner Seen geh\u00f6ren seit jeher zu den beliebtesten Vergn\u00fcgungen der einfachen Leute in Berlin. Eine Dampferkarte kostet in den f\u00fcnfziger Jahren 50 Pfennig, f\u00fcr Kinder die H\u00e4lfte. Die von der SED am G\u00e4ngelband gef\u00fchrten Gewerkschaften haben ihren Mitgliedern nicht viel zu bieten. So veranstalten sie in vielen Betrieben allj\u00e4hrlich eine solche Dampferfahrt mit den Kollegen und deren Familien&#8230;.<\/span><\/p>\n<\/blockquote>\n<p style=\"text-align: justify;\"><span style=\"font-family: arial, helvetica, sans-serif; font-size: 12pt;\"><a href=\"https:\/\/de.wikipedia.org\/wiki\/Werk_f%C3%BCr_Fernsehelektronik\" target=\"_blank\" rel=\"noopener\">Wikipedia:<\/a> <\/span><\/p>\n<blockquote>\n<p style=\"text-align: justify;\"><span style=\"font-family: arial, helvetica, sans-serif; font-size: 12pt;\">Das Werk f\u00fcr Fernsehelektronik (WF), im Jahr 1946 neu gegr\u00fcndet, war ein Produzent von Elektronenr\u00f6hren in Berlin-Obersch\u00f6neweide. Er war der einzige Hersteller von Bildr\u00f6hren in der DDR. Das Werk ging aus der fr\u00fcheren R\u00f6hrenfabrik Oberspree (RFO) der <a href=\"https:\/\/de.wikipedia.org\/wiki\/AEG\" target=\"_blank\" rel=\"noopener\">AEG<\/a> hervor, die sich 1938 in dem von <a href=\"https:\/\/de.wikipedia.org\/wiki\/Peter_Behrens\" target=\"_blank\" rel=\"noopener\">Peter Behrens<\/a> f\u00fcr die NAG errichteten <a href=\"https:\/\/de.wikipedia.org\/wiki\/Behrensbau_(Berlin)\" target=\"_blank\" rel=\"noopener\">Geb\u00e4ude an der Ostendstra\u00dfe<\/a> angesiedelt hatte&#8230;.<\/span><\/p>\n<\/blockquote>\n<p><img loading=\"lazy\" decoding=\"async\" class=\"alignnone wp-image-4631 size-full\" src=\"https:\/\/berliner-dampfer.de\/wp-content\/uploads\/2024\/09\/1958-07-05-Adolf-von-Menzel-klein.jpg\" alt=\"\" width=\"1200\" height=\"742\" srcset=\"https:\/\/berliner-dampfer.de\/wp-content\/uploads\/2024\/09\/1958-07-05-Adolf-von-Menzel-klein.jpg 1200w, https:\/\/berliner-dampfer.de\/wp-content\/uploads\/2024\/09\/1958-07-05-Adolf-von-Menzel-klein-300x186.jpg 300w, https:\/\/berliner-dampfer.de\/wp-content\/uploads\/2024\/09\/1958-07-05-Adolf-von-Menzel-klein-1024x633.jpg 1024w, https:\/\/berliner-dampfer.de\/wp-content\/uploads\/2024\/09\/1958-07-05-Adolf-von-Menzel-klein-768x475.jpg 768w\" sizes=\"auto, (max-width: 1200px) 100vw, 1200px\" \/><\/td>\n<\/tr>\n<\/tbody>\n<\/table>\n<p style=\"text-align: justify;\"><span style=\"font-family: arial, helvetica, sans-serif; font-size: 12pt;\">&nbsp;<\/span><\/p>\n<table style=\"border-collapse: collapse; width: 100%;\">\n<tbody>\n<tr>\n<td style=\"width: 100%; background-color: #ffff00;\"><span style=\"font-family: arial, helvetica, sans-serif; font-size: 12pt;\"><strong>&#8222;Ad. v. Menzel<\/strong>&#8222;, ab 1958 Schiffskennung <a href=\"https:\/\/www.ddr-binnenschifffahrt.de\/db_detail.php?id=404585\" target=\"_blank\" rel=\"noopener\">&#8222;P-136&#8220;<\/a>, hier noch vor dem Umbau 1982.<\/span><\/p>\n<p><img loading=\"lazy\" decoding=\"async\" class=\"alignnone size-full wp-image-4645\" src=\"https:\/\/berliner-dampfer.de\/wp-content\/uploads\/2024\/09\/1959-ca-Adolf-von-Menzel-P-136-klein.jpg\" alt=\"\" width=\"1200\" height=\"732\" srcset=\"https:\/\/berliner-dampfer.de\/wp-content\/uploads\/2024\/09\/1959-ca-Adolf-von-Menzel-P-136-klein.jpg 1200w, https:\/\/berliner-dampfer.de\/wp-content\/uploads\/2024\/09\/1959-ca-Adolf-von-Menzel-P-136-klein-300x183.jpg 300w, https:\/\/berliner-dampfer.de\/wp-content\/uploads\/2024\/09\/1959-ca-Adolf-von-Menzel-P-136-klein-1024x625.jpg 1024w, https:\/\/berliner-dampfer.de\/wp-content\/uploads\/2024\/09\/1959-ca-Adolf-von-Menzel-P-136-klein-768x468.jpg 768w\" sizes=\"auto, (max-width: 1200px) 100vw, 1200px\" \/><\/td>\n<\/tr>\n<\/tbody>\n<\/table>\n<p>&nbsp;<\/p>\n<p>&nbsp;<\/p>\n<table style=\"border-collapse: collapse; width: 100%;\">\n<tbody>\n<tr>\n<td style=\"width: 100%; background-color: #ffff00;\"><span style=\"font-family: arial, helvetica, sans-serif; font-size: 12pt;\">Und nochmals von <a href=\"https:\/\/de.wikipedia.org\/wiki\/Backbord_und_Steuerbord\" target=\"_blank\" rel=\"noopener\">Backbord<\/a> aus gesehen, <strong>&#8222;Ad. v. Menzel&#8220;<\/strong>, ab 1958 Schiffskennung <a href=\"https:\/\/www.ddr-binnenschifffahrt.de\/db_detail.php?id=404585\" target=\"_blank\" rel=\"noopener\">&#8222;P-136&#8220;<\/a>, hier noch vor dem Umbau 1982.<\/span><\/p>\n<p><img loading=\"lazy\" decoding=\"async\" class=\"alignnone size-full wp-image-12605\" src=\"https:\/\/berliner-dampfer.de\/wp-content\/uploads\/2025\/02\/1969-ca.-AD-v.-MENZEL-P136-klein.jpg\" alt=\"\" width=\"1200\" height=\"717\" srcset=\"https:\/\/berliner-dampfer.de\/wp-content\/uploads\/2025\/02\/1969-ca.-AD-v.-MENZEL-P136-klein.jpg 1200w, https:\/\/berliner-dampfer.de\/wp-content\/uploads\/2025\/02\/1969-ca.-AD-v.-MENZEL-P136-klein-300x179.jpg 300w, https:\/\/berliner-dampfer.de\/wp-content\/uploads\/2025\/02\/1969-ca.-AD-v.-MENZEL-P136-klein-1024x612.jpg 1024w, https:\/\/berliner-dampfer.de\/wp-content\/uploads\/2025\/02\/1969-ca.-AD-v.-MENZEL-P136-klein-768x459.jpg 768w\" sizes=\"auto, (max-width: 1200px) 100vw, 1200px\" \/><\/td>\n<\/tr>\n<\/tbody>\n<\/table>\n<p>&nbsp;<\/p>\n<p>&nbsp;<\/p>\n<p>&nbsp;<\/p>\n<table style=\"border-collapse: collapse; width: 100%;\">\n<tbody>\n<tr>\n<td style=\"width: 50%; background-color: #cdcd00; text-align: left; vertical-align: top;\"><span style=\"font-family: arial, helvetica, sans-serif; font-size: 12pt;\"><a href=\"https:\/\/berliner-dampfer.de\/?page_id=194\" target=\"_blank\" rel=\"noopener\">Trost 1988<\/a>: &#8222;Nach letzten Umbauten von 1982&#8220;.<\/span><br \/>\n<span style=\"font-family: arial, helvetica, sans-serif; font-size: 12pt;\">Offensichtlich wurde die Bugschanze ver\u00e4ndert und das Steuerhaus erneuert:<\/span><\/td>\n<td style=\"width: 50%; background-color: #d3d3d3; text-align: left; vertical-align: top;\"><img loading=\"lazy\" decoding=\"async\" class=\"alignnone size-full wp-image-4648\" src=\"https:\/\/berliner-dampfer.de\/wp-content\/uploads\/2024\/09\/1982-Ad.v.Menzel-Trost.jpg\" alt=\"\" width=\"640\" height=\"454\" srcset=\"https:\/\/berliner-dampfer.de\/wp-content\/uploads\/2024\/09\/1982-Ad.v.Menzel-Trost.jpg 640w, https:\/\/berliner-dampfer.de\/wp-content\/uploads\/2024\/09\/1982-Ad.v.Menzel-Trost-300x213.jpg 300w\" sizes=\"auto, (max-width: 640px) 100vw, 640px\" \/><\/td>\n<\/tr>\n<\/tbody>\n<\/table>\n<p>&nbsp;<\/p>\n<p>&nbsp;<\/p>\n<p><img loading=\"lazy\" decoding=\"async\" class=\"alignnone size-full wp-image-4646\" src=\"https:\/\/berliner-dampfer.de\/wp-content\/uploads\/2024\/09\/1986-06-15-Ad-v-Menzel-klein.jpg\" alt=\"\" width=\"1200\" height=\"698\" srcset=\"https:\/\/berliner-dampfer.de\/wp-content\/uploads\/2024\/09\/1986-06-15-Ad-v-Menzel-klein.jpg 1200w, https:\/\/berliner-dampfer.de\/wp-content\/uploads\/2024\/09\/1986-06-15-Ad-v-Menzel-klein-300x175.jpg 300w, https:\/\/berliner-dampfer.de\/wp-content\/uploads\/2024\/09\/1986-06-15-Ad-v-Menzel-klein-1024x596.jpg 1024w, https:\/\/berliner-dampfer.de\/wp-content\/uploads\/2024\/09\/1986-06-15-Ad-v-Menzel-klein-768x447.jpg 768w\" sizes=\"auto, (max-width: 1200px) 100vw, 1200px\" \/><\/p>\n<p>&nbsp;<\/p>\n<p><img loading=\"lazy\" decoding=\"async\" class=\"alignnone size-full wp-image-4647\" src=\"https:\/\/berliner-dampfer.de\/wp-content\/uploads\/2024\/09\/1987-Adolf-von-Menzel-klein.jpg\" alt=\"\" width=\"1000\" height=\"793\" srcset=\"https:\/\/berliner-dampfer.de\/wp-content\/uploads\/2024\/09\/1987-Adolf-von-Menzel-klein.jpg 1000w, https:\/\/berliner-dampfer.de\/wp-content\/uploads\/2024\/09\/1987-Adolf-von-Menzel-klein-300x238.jpg 300w, https:\/\/berliner-dampfer.de\/wp-content\/uploads\/2024\/09\/1987-Adolf-von-Menzel-klein-768x609.jpg 768w\" sizes=\"auto, (max-width: 1000px) 100vw, 1000px\" \/><\/p>\n<p>&nbsp;<\/p>\n<p>&nbsp;<\/p>\n<table style=\"border-collapse: collapse; width: 100%;\">\n<tbody>\n<tr>\n<td style=\"width: 100%; background-color: #ffff00;\"><span style=\"font-family: arial, helvetica, sans-serif; font-size: 12pt;\"><strong>&#8222;Ad. v. Menzel&#8220;<\/strong>. AK, Aufnahmejahr unbekannt, ich sch\u00e4tze 1987, an der <a href=\"https:\/\/www.google.com\/maps\/@52.4448612,13.6270121,17z?entry=ttu&amp;g_ep=EgoyMDI1MDIwMi4wIKXMDSoASAFQAw%3D%3D\" target=\"_blank\" rel=\"noopener\">Anlegestelle M\u00fcggelpark<\/a> in Friedrichshain.<br \/>\n<\/span><img loading=\"lazy\" decoding=\"async\" class=\"alignnone size-full wp-image-12284\" src=\"https:\/\/berliner-dampfer.de\/wp-content\/uploads\/2025\/02\/1987-ca-AD-V-MENZEL-klein-a.jpg\" alt=\"\" width=\"1200\" height=\"786\" srcset=\"https:\/\/berliner-dampfer.de\/wp-content\/uploads\/2025\/02\/1987-ca-AD-V-MENZEL-klein-a.jpg 1200w, https:\/\/berliner-dampfer.de\/wp-content\/uploads\/2025\/02\/1987-ca-AD-V-MENZEL-klein-a-300x197.jpg 300w, https:\/\/berliner-dampfer.de\/wp-content\/uploads\/2025\/02\/1987-ca-AD-V-MENZEL-klein-a-1024x671.jpg 1024w, https:\/\/berliner-dampfer.de\/wp-content\/uploads\/2025\/02\/1987-ca-AD-V-MENZEL-klein-a-768x503.jpg 768w\" sizes=\"auto, (max-width: 1200px) 100vw, 1200px\" \/><\/td>\n<\/tr>\n<\/tbody>\n<\/table>\n<p>&nbsp;<\/p>\n<p>&nbsp;<\/p>\n<p>&nbsp;<\/p>\n<p>&nbsp;<\/p>\n<table style=\"border-collapse: collapse; width: 100%;\">\n<tbody>\n<tr>\n<td style=\"width: 100%; background-color: #d3d3d3;\"><span style=\"font-family: arial, helvetica, sans-serif; font-size: 12pt;\"><strong>PIK-AS<\/strong> Restaurantschiff (1994 bis 2002)<br \/>\n<\/span><\/td>\n<\/tr>\n<\/tbody>\n<\/table>\n<p>&nbsp;<\/p>\n<table style=\"border-collapse: collapse; width: 100%; height: 10px;\">\n<tbody>\n<tr style=\"height: 24px;\">\n<td style=\"width: 8.04542%; text-align: left; vertical-align: top; height: 10px;\"><span style=\"font-family: arial, helvetica, sans-serif;\"><strong><span style=\"font-family: arial, helvetica, sans-serif; font-size: 12pt;\">2000<\/span><br \/>\n<\/strong><\/span><\/td>\n<td style=\"width: 91.9546%; height: 10px; text-align: left; vertical-align: top;\"><span style=\"font-family: arial, helvetica, sans-serif; font-size: 12pt;\"><strong>Ein Restaurantschiff in Berlin mu\u00dfte letztes Jahr schlie\u00dfen.<\/strong><\/span><\/p>\n<p style=\"text-align: justify;\"><span style=\"font-family: arial, helvetica, sans-serif; font-size: 12pt;\">Das <strong>Pik-As<\/strong> am Urbanhafen konnte sich nach drei Jahren Laufzeit nicht mehr halten, da die Auflagen der Reederei Riedel nicht mehr zu erf\u00fcllen gewesen seien. Die Betreiberin erhielt jeweils nur Jahresvertr\u00e4ge, durfte keine optischen Ver\u00e4nderungen an dem Schiff vornehmen, und schlie\u00dflich war die Pacht zu hoch, um mit dem Saisongesch\u00e4ft w\u00e4hrend des Sommers die Gesamtkosten decken zu k\u00f6nnen.<\/span><\/p>\n<p style=\"text-align: justify;\"><span style=\"font-family: arial, helvetica, sans-serif; font-size: 12pt;\">Quelle (Quellenlink 09.2024 erloschen, daher gel\u00f6scht.):<\/span><br \/>\n<span style=\"font-family: arial, helvetica, sans-serif; font-size: 12pt;\">\u201eKapazit\u00e4ten und Entwicklungspotenziale wasserseitiger Nutzungsformen in Berlin\u201c<\/span><br \/>\n<span style=\"font-family: arial, helvetica, sans-serif; font-size: 12pt;\">Eine Studie &#8211; Synthesebericht, Seite 35 &#8211; Juli 2000<\/span><br \/>\n<span style=\"font-family: arial, helvetica, sans-serif; font-size: 12pt;\">Herausgeber: <\/span><span style=\"font-family: arial, helvetica, sans-serif; font-size: 12pt;\">Land Berlin, vertreten durch die Senatsverwaltung <\/span><span style=\"font-family: arial, helvetica, sans-serif; font-size: 12pt;\">f\u00fcr Wirtschaft und Technologie, Referat Tourismus, 10820 Berlin<\/span><\/p>\n<\/td>\n<\/tr>\n<\/tbody>\n<\/table>\n<p>&nbsp;<\/p>\n<p>&nbsp;<\/p>\n<p>&nbsp;<\/p>\n<table style=\"border-collapse: collapse; width: 100%;\">\n<tbody>\n<tr>\n<td style=\"width: 100%; background-color: #d3d3d3;\"><span style=\"font-family: arial, helvetica, sans-serif; font-size: 12pt;\"><strong>Iskele<\/strong> (2003 bis 2008 \/ 2010)<\/span><\/td>\n<\/tr>\n<\/tbody>\n<\/table>\n<p>&nbsp;<\/p>\n<p><span style=\"font-family: arial, helvetica, sans-serif; font-size: 12pt;\">ISKELE &#8211; Berlins Tor zu den \u00c4g\u00e4is:<\/span><\/p>\n<table style=\"border-collapse: collapse; width: 100%; height: 166px;\">\n<tbody>\n<tr style=\"height: 118px;\">\n<td style=\"width: 33.3333%; height: 118px;\">&nbsp;<\/td>\n<td style=\"width: 33.3333%; height: 118px;\"><img loading=\"lazy\" decoding=\"async\" class=\"alignnone size-full wp-image-4667\" src=\"https:\/\/berliner-dampfer.de\/wp-content\/uploads\/2024\/09\/2008-08-08-Iskele-Webseite-f4759903.jpg\" alt=\"\" width=\"560\" height=\"188\" srcset=\"https:\/\/berliner-dampfer.de\/wp-content\/uploads\/2024\/09\/2008-08-08-Iskele-Webseite-f4759903.jpg 560w, https:\/\/berliner-dampfer.de\/wp-content\/uploads\/2024\/09\/2008-08-08-Iskele-Webseite-f4759903-300x101.jpg 300w\" sizes=\"auto, (max-width: 560px) 100vw, 560px\" \/><\/td>\n<td style=\"width: 33.3333%; height: 118px;\">&nbsp;<\/td>\n<\/tr>\n<tr style=\"height: 24px;\">\n<td style=\"width: 33.3333%; height: 24px;\"><img loading=\"lazy\" decoding=\"async\" class=\"alignnone size-full wp-image-4670\" src=\"https:\/\/berliner-dampfer.de\/wp-content\/uploads\/2024\/09\/2008-08-08-Iskele-Webseite-265-hoch.jpg\" alt=\"\" width=\"560\" height=\"265\" srcset=\"https:\/\/berliner-dampfer.de\/wp-content\/uploads\/2024\/09\/2008-08-08-Iskele-Webseite-265-hoch.jpg 560w, https:\/\/berliner-dampfer.de\/wp-content\/uploads\/2024\/09\/2008-08-08-Iskele-Webseite-265-hoch-300x142.jpg 300w\" sizes=\"auto, (max-width: 560px) 100vw, 560px\" \/><\/td>\n<td style=\"width: 33.3333%; height: 24px;\"><img loading=\"lazy\" decoding=\"async\" class=\"alignnone size-full wp-image-4671\" src=\"https:\/\/berliner-dampfer.de\/wp-content\/uploads\/2024\/09\/2008-08-08-Iskele-Webseite-f4759815.jpg\" alt=\"\" width=\"560\" height=\"195\" srcset=\"https:\/\/berliner-dampfer.de\/wp-content\/uploads\/2024\/09\/2008-08-08-Iskele-Webseite-f4759815.jpg 560w, https:\/\/berliner-dampfer.de\/wp-content\/uploads\/2024\/09\/2008-08-08-Iskele-Webseite-f4759815-300x104.jpg 300w\" sizes=\"auto, (max-width: 560px) 100vw, 560px\" \/><\/p>\n<p><img loading=\"lazy\" decoding=\"async\" class=\"alignnone size-full wp-image-4668\" src=\"https:\/\/berliner-dampfer.de\/wp-content\/uploads\/2024\/09\/2008-08-08-Iskele-Webseite-f4901399-a.jpg\" alt=\"\" width=\"798\" height=\"161\" srcset=\"https:\/\/berliner-dampfer.de\/wp-content\/uploads\/2024\/09\/2008-08-08-Iskele-Webseite-f4901399-a.jpg 798w, https:\/\/berliner-dampfer.de\/wp-content\/uploads\/2024\/09\/2008-08-08-Iskele-Webseite-f4901399-a-300x61.jpg 300w, https:\/\/berliner-dampfer.de\/wp-content\/uploads\/2024\/09\/2008-08-08-Iskele-Webseite-f4901399-a-768x155.jpg 768w\" sizes=\"auto, (max-width: 798px) 100vw, 798px\" \/><\/td>\n<td style=\"width: 33.3333%; height: 24px;\"><img loading=\"lazy\" decoding=\"async\" class=\"alignnone size-full wp-image-4672\" src=\"https:\/\/berliner-dampfer.de\/wp-content\/uploads\/2024\/09\/2008-08-08-Iskele-Webseite-f4759967.jpg\" alt=\"\" width=\"560\" height=\"265\" srcset=\"https:\/\/berliner-dampfer.de\/wp-content\/uploads\/2024\/09\/2008-08-08-Iskele-Webseite-f4759967.jpg 560w, https:\/\/berliner-dampfer.de\/wp-content\/uploads\/2024\/09\/2008-08-08-Iskele-Webseite-f4759967-300x142.jpg 300w\" sizes=\"auto, (max-width: 560px) 100vw, 560px\" \/><\/td>\n<\/tr>\n<\/tbody>\n<\/table>\n<p>&nbsp;<\/p>\n<table style=\"border-collapse: collapse; width: 100%; height: 126px;\">\n<tbody>\n<tr style=\"height: 24px;\">\n<td style=\"width: 9.52616%; text-align: left; vertical-align: top; height: 24px;\"><span style=\"font-family: arial, helvetica, sans-serif; font-size: 12pt;\">02.08.2003<br \/>\n<\/span><\/td>\n<td style=\"width: 90.4739%; text-align: left; vertical-align: top; height: 24px;\"><span style=\"font-family: arial, helvetica, sans-serif; font-size: 12pt;\">Berliner Zeitung<strong><br \/>\n<a href=\"https:\/\/www.berliner-zeitung.de\/archiv\/auf-dem-schiff-iskele-im-urbanhafen-li.976079\" target=\"_blank\" rel=\"noopener\">Auf dem Schiff Iskele im Urbanhafen<\/a><br \/>\n<\/strong><\/span><\/p>\n<blockquote><p><span style=\"font-family: arial, helvetica, sans-serif; font-size: 12pt;\">Wir haben das Schiff &#8211; nicht deswegen, sondern weil es uns so gut gefallen hat &#8211; sofort weiterempfohlen.<strong><br \/>\n<\/strong><\/span><\/p><\/blockquote>\n<\/td>\n<\/tr>\n<tr style=\"height: 102px;\">\n<td style=\"width: 9.52616%; text-align: left; vertical-align: top; height: 102px;\"><span style=\"font-family: arial, helvetica, sans-serif; font-size: 12pt;\">08.08.2004<\/span><\/td>\n<td style=\"width: 90.4739%; text-align: left; vertical-align: top; height: 102px;\"><span style=\"font-family: arial, helvetica, sans-serif; font-size: 12pt;\">Berliner Morgenpost (Link 09.2024 erloschen, daher entfernt)<br \/>\n<\/span><span style=\"font-family: arial, helvetica, sans-serif; font-size: 12pt;\"><strong>Ein Fisch wird kommen<br \/>\n<\/strong><\/span><span style=\"font-family: arial, helvetica, sans-serif; font-size: 12pt;\">Jenseits von D\u00f6ner &#8211; ein Besuch auf dem t\u00fcrkischen Restaurantschiff &#8222;Iskele&#8220;<\/span><\/td>\n<\/tr>\n<\/tbody>\n<\/table>\n<p>&nbsp;<\/p>\n<table style=\"border-collapse: collapse; width: 100%;\">\n<tbody>\n<tr>\n<td style=\"width: 9.42744%; background-color: #d3d3d3; text-align: left; vertical-align: top;\"><span style=\"font-family: arial, helvetica, sans-serif; font-size: 12pt;\">14.10.2008<br \/>\n<a href=\"https:\/\/www.tagesspiegel.de\/berlin\/iskele-stand-in-flammen-1703632.html\" target=\"_blank\" rel=\"noopener\">(TSP Link)<\/a><br \/>\n<\/span><\/td>\n<td style=\"width: 90.5726%; background-color: #d3d3d3; text-align: left; vertical-align: top;\"><a href=\"https:\/\/www.tagesspiegel.de\/berlin\/iskele-stand-in-flammen-1703632.html\" target=\"_blank\" rel=\"noopener\"><img loading=\"lazy\" decoding=\"async\" class=\"alignnone wp-image-4674\" src=\"https:\/\/berliner-dampfer.de\/wp-content\/uploads\/2024\/09\/2008-10-14-TSP-Berlin-Iskele-stand-in-Flammen-1.jpg\" alt=\"\" width=\"560\" height=\"814\" srcset=\"https:\/\/berliner-dampfer.de\/wp-content\/uploads\/2024\/09\/2008-10-14-TSP-Berlin-Iskele-stand-in-Flammen-1.jpg 858w, https:\/\/berliner-dampfer.de\/wp-content\/uploads\/2024\/09\/2008-10-14-TSP-Berlin-Iskele-stand-in-Flammen-1-206x300.jpg 206w, https:\/\/berliner-dampfer.de\/wp-content\/uploads\/2024\/09\/2008-10-14-TSP-Berlin-Iskele-stand-in-Flammen-1-705x1024.jpg 705w, https:\/\/berliner-dampfer.de\/wp-content\/uploads\/2024\/09\/2008-10-14-TSP-Berlin-Iskele-stand-in-Flammen-1-768x1116.jpg 768w\" sizes=\"auto, (max-width: 560px) 100vw, 560px\" \/><\/a><\/td>\n<\/tr>\n<\/tbody>\n<\/table>\n<p>&nbsp;<\/p>\n<table style=\"border-collapse: collapse; width: 100%;\">\n<tbody>\n<tr>\n<td style=\"width: 100%; background-color: #ffff00;\"><span style=\"font-family: arial, helvetica, sans-serif; font-size: 12pt;\">01.09.2009:<\/span><\/p>\n<p><img loading=\"lazy\" decoding=\"async\" class=\"alignnone size-full wp-image-4691\" src=\"https:\/\/berliner-dampfer.de\/wp-content\/uploads\/2024\/09\/2009-09-01-Iskele-Urbanhafen_15-klein.jpg\" alt=\"\" width=\"1200\" height=\"675\" srcset=\"https:\/\/berliner-dampfer.de\/wp-content\/uploads\/2024\/09\/2009-09-01-Iskele-Urbanhafen_15-klein.jpg 1200w, https:\/\/berliner-dampfer.de\/wp-content\/uploads\/2024\/09\/2009-09-01-Iskele-Urbanhafen_15-klein-300x169.jpg 300w, https:\/\/berliner-dampfer.de\/wp-content\/uploads\/2024\/09\/2009-09-01-Iskele-Urbanhafen_15-klein-1024x576.jpg 1024w, https:\/\/berliner-dampfer.de\/wp-content\/uploads\/2024\/09\/2009-09-01-Iskele-Urbanhafen_15-klein-768x432.jpg 768w\" sizes=\"auto, (max-width: 1200px) 100vw, 1200px\" \/><\/p>\n<p><img loading=\"lazy\" decoding=\"async\" class=\"alignnone size-full wp-image-4692\" src=\"https:\/\/berliner-dampfer.de\/wp-content\/uploads\/2024\/09\/2009-09-01-Iskele-Urbanhafen_01-klein.jpg\" alt=\"\" width=\"1200\" height=\"900\" srcset=\"https:\/\/berliner-dampfer.de\/wp-content\/uploads\/2024\/09\/2009-09-01-Iskele-Urbanhafen_01-klein.jpg 1200w, https:\/\/berliner-dampfer.de\/wp-content\/uploads\/2024\/09\/2009-09-01-Iskele-Urbanhafen_01-klein-300x225.jpg 300w, https:\/\/berliner-dampfer.de\/wp-content\/uploads\/2024\/09\/2009-09-01-Iskele-Urbanhafen_01-klein-1024x768.jpg 1024w, https:\/\/berliner-dampfer.de\/wp-content\/uploads\/2024\/09\/2009-09-01-Iskele-Urbanhafen_01-klein-768x576.jpg 768w\" sizes=\"auto, (max-width: 1200px) 100vw, 1200px\" \/><\/p>\n<p><img loading=\"lazy\" decoding=\"async\" class=\"alignnone size-full wp-image-4693\" src=\"https:\/\/berliner-dampfer.de\/wp-content\/uploads\/2024\/09\/2009-09-01-Iskele-Urbanhafen_02-klein.jpg\" alt=\"\" width=\"1200\" height=\"900\" srcset=\"https:\/\/berliner-dampfer.de\/wp-content\/uploads\/2024\/09\/2009-09-01-Iskele-Urbanhafen_02-klein.jpg 1200w, https:\/\/berliner-dampfer.de\/wp-content\/uploads\/2024\/09\/2009-09-01-Iskele-Urbanhafen_02-klein-300x225.jpg 300w, https:\/\/berliner-dampfer.de\/wp-content\/uploads\/2024\/09\/2009-09-01-Iskele-Urbanhafen_02-klein-1024x768.jpg 1024w, https:\/\/berliner-dampfer.de\/wp-content\/uploads\/2024\/09\/2009-09-01-Iskele-Urbanhafen_02-klein-768x576.jpg 768w\" sizes=\"auto, (max-width: 1200px) 100vw, 1200px\" \/><\/p>\n<p><img loading=\"lazy\" decoding=\"async\" class=\"alignnone size-full wp-image-4694\" src=\"https:\/\/berliner-dampfer.de\/wp-content\/uploads\/2024\/09\/2009-09-01-Iskele-Urbanhafen_08-klein.jpg\" alt=\"\" width=\"1200\" height=\"900\" srcset=\"https:\/\/berliner-dampfer.de\/wp-content\/uploads\/2024\/09\/2009-09-01-Iskele-Urbanhafen_08-klein.jpg 1200w, https:\/\/berliner-dampfer.de\/wp-content\/uploads\/2024\/09\/2009-09-01-Iskele-Urbanhafen_08-klein-300x225.jpg 300w, https:\/\/berliner-dampfer.de\/wp-content\/uploads\/2024\/09\/2009-09-01-Iskele-Urbanhafen_08-klein-1024x768.jpg 1024w, https:\/\/berliner-dampfer.de\/wp-content\/uploads\/2024\/09\/2009-09-01-Iskele-Urbanhafen_08-klein-768x576.jpg 768w\" sizes=\"auto, (max-width: 1200px) 100vw, 1200px\" \/><\/p>\n<p><img loading=\"lazy\" decoding=\"async\" class=\"alignnone size-full wp-image-4695\" src=\"https:\/\/berliner-dampfer.de\/wp-content\/uploads\/2024\/09\/2009-09-01-Iskele-Urbanhafen_09-klein.jpg\" alt=\"\" width=\"1200\" height=\"900\" srcset=\"https:\/\/berliner-dampfer.de\/wp-content\/uploads\/2024\/09\/2009-09-01-Iskele-Urbanhafen_09-klein.jpg 1200w, https:\/\/berliner-dampfer.de\/wp-content\/uploads\/2024\/09\/2009-09-01-Iskele-Urbanhafen_09-klein-300x225.jpg 300w, https:\/\/berliner-dampfer.de\/wp-content\/uploads\/2024\/09\/2009-09-01-Iskele-Urbanhafen_09-klein-1024x768.jpg 1024w, https:\/\/berliner-dampfer.de\/wp-content\/uploads\/2024\/09\/2009-09-01-Iskele-Urbanhafen_09-klein-768x576.jpg 768w\" sizes=\"auto, (max-width: 1200px) 100vw, 1200px\" \/><\/p>\n<p><img loading=\"lazy\" decoding=\"async\" class=\"alignnone size-full wp-image-4696\" src=\"https:\/\/berliner-dampfer.de\/wp-content\/uploads\/2024\/09\/2009-09-01-Iskele-Urbanhafen_10-klein.jpg\" alt=\"\" width=\"1200\" height=\"900\" srcset=\"https:\/\/berliner-dampfer.de\/wp-content\/uploads\/2024\/09\/2009-09-01-Iskele-Urbanhafen_10-klein.jpg 1200w, https:\/\/berliner-dampfer.de\/wp-content\/uploads\/2024\/09\/2009-09-01-Iskele-Urbanhafen_10-klein-300x225.jpg 300w, https:\/\/berliner-dampfer.de\/wp-content\/uploads\/2024\/09\/2009-09-01-Iskele-Urbanhafen_10-klein-1024x768.jpg 1024w, https:\/\/berliner-dampfer.de\/wp-content\/uploads\/2024\/09\/2009-09-01-Iskele-Urbanhafen_10-klein-768x576.jpg 768w\" sizes=\"auto, (max-width: 1200px) 100vw, 1200px\" \/><\/td>\n<\/tr>\n<\/tbody>\n<\/table>\n<p>&nbsp;<\/p>\n<p>&nbsp;<\/p>\n<p>&nbsp;<\/p>\n<table style=\"border-collapse: collapse; width: 100%;\">\n<tbody>\n<tr>\n<td style=\"width: 100%;\"><span style=\"font-family: arial, helvetica, sans-serif; font-size: 12pt;\">23.02.2010, Tagesspiegel: Problemschiffe: <a href=\"https:\/\/www.tagesspiegel.de\/berlin\/drei-rostende-boote-liegen-in-landwehrkanal-und-spree-7079419.html\" target=\"_blank\" rel=\"noopener\"><strong>Drei rostende Boote liegen in Landwehrkanal und Spree<\/strong><\/a><strong>, <\/strong>Auszug Iskele: <\/span><\/p>\n<blockquote>\n<p style=\"text-align: justify;\"><span style=\"font-family: arial, helvetica, sans-serif; font-size: 12pt;\">Manche Passanten regen sich \u00fcber die Schiffe auf: \u201eDie \u201eTau\u201c ist M\u00fcll und st\u00f6rt\u201c, sagt eine Kreuzbergerin, die oft am Urbanhafen spazieren geht. Noch schlimmer findet sie das ehemalige Restaurantschiff <strong>\u201eIskele\u201c<\/strong> etwa 50 Meter entfernt. Im Oktober 2008 ist es ausgebrannt. \u201eEin Kurzschluss\u201c, sagt der Besitzer, Must Yilmaz, der am Schiff nach dem Rechten sieht. Das macht er \u00f6fter, und jedes Mal ist er traurig und w\u00fctend. \u201eEs ist so schwierig, ein passendes neues Schiff zu finden, das ich mir auch leisten kann\u201c, sagt Yilmaz, der in der N\u00e4he auch ein Restaurant auf festem Boden hat.<\/span><\/p>\n<p style=\"text-align: justify;\"><span style=\"font-family: arial, helvetica, sans-serif; font-size: 12pt;\">Die Verhandlungen mit dem Bezirksamt seien nicht einfach, denn das neue Schiff muss eine Menge Auflagen erf\u00fcllen. Vor kurzem hat er eines gefunden, das er gern kaufen m\u00f6chte. Allerdings ist es etwas l\u00e4nger als das alte \u2013 das verursacht Probleme. Er hofft trotz allem, dass er im Sommer wieder G\u00e4ste auf einem Schiff neben der Admiralbr\u00fccke bewirten kann. Die alte <strong>\u201eIskele\u201c<\/strong> will er verschrotten, sobald das neue Schiff kommt, mit demselben Transport: \u201eDas ist eine Kostenfrage.\u201c<\/span><\/p>\n<p style=\"text-align: justify;\"><span style=\"font-family: arial, helvetica, sans-serif; font-size: 12pt;\">Man habe Yilmaz Zeit gelassen, ein neues Schiff zu finden, sagt Franz Schulz, Bezirksb\u00fcrgermeister von Friedrichshain-Kreuzberg (Gr\u00fcne). Schulz\u2019 Hauptanliegen ist im Moment aber die Beseitigung des ehemaligen Theaterschiffs &#8222;Tau&#8220;&#8230;..<\/span><\/p>\n<\/blockquote>\n<\/td>\n<\/tr>\n<\/tbody>\n<\/table>\n<p>&nbsp;<\/p>\n<table style=\"border-collapse: collapse; width: 100%;\">\n<tbody>\n<tr>\n<td style=\"width: 100%; background-color: #ffff00; text-align: left; vertical-align: top;\"><span style=\"font-family: arial, helvetica, sans-serif; font-size: 12pt;\"><b>Letzten Endes wurde die Iskele leider verschrottet.<\/b><\/span><\/p>\n<p><span style=\"font-family: arial, helvetica, sans-serif; font-size: 12pt;\">Wie mir Uwe Giesler, der Betreiber der Website <a href=\"http:\/\/www.ddr-binnenschifffahrt.de\" target=\"_blank\" rel=\"noopener\">www.ddr-binnenschifffahrt.de<\/a>, mitgeteilt hat, wurde die Iskele am <span style=\"text-decoration: underline;\"><strong>26. Oktober 2010<\/strong><\/span> zum Abwracken zu einer Werft nach&nbsp; K\u00f6nigs-Wusterhausen geschleppt. <\/span><\/p>\n<p><span style=\"font-family: arial, helvetica, sans-serif; font-size: 12pt;\">Ein letztes Foto von dem Abtransport des Schiff befindet sich <a href=\"http:\/\/www.ddr-binnenschifffahrt.de\/fotogalerie-gross\/Passagier\/P-136-adolfvmenzel-iskele-001.JPG\" target=\"_blank\" rel=\"noopener\">hier<\/a>.<\/span><\/p>\n<p>&nbsp;<\/p>\n<p><span style=\"font-family: arial, helvetica, sans-serif; font-size: 12pt;\">13.07.2011:<br \/>\nNur noch der verlassene Liegeplatz erinnert an die <strong>Ad. v. Menzel<\/strong> \/ <strong>Pik As<\/strong> \/ <strong>Iskele<\/strong>:<\/span><\/p>\n<p><img loading=\"lazy\" decoding=\"async\" class=\"alignnone size-full wp-image-4697\" src=\"https:\/\/berliner-dampfer.de\/wp-content\/uploads\/2024\/09\/2011-07-13-DSC01108-Iskele-klein.jpg\" alt=\"\" width=\"1200\" height=\"675\" srcset=\"https:\/\/berliner-dampfer.de\/wp-content\/uploads\/2024\/09\/2011-07-13-DSC01108-Iskele-klein.jpg 1200w, https:\/\/berliner-dampfer.de\/wp-content\/uploads\/2024\/09\/2011-07-13-DSC01108-Iskele-klein-300x169.jpg 300w, https:\/\/berliner-dampfer.de\/wp-content\/uploads\/2024\/09\/2011-07-13-DSC01108-Iskele-klein-1024x576.jpg 1024w, https:\/\/berliner-dampfer.de\/wp-content\/uploads\/2024\/09\/2011-07-13-DSC01108-Iskele-klein-768x432.jpg 768w\" sizes=\"auto, (max-width: 1200px) 100vw, 1200px\" \/><\/td>\n<\/tr>\n<\/tbody>\n<\/table>\n<p>&nbsp;<\/p>\n<p>&nbsp;<\/p>\n<p>&nbsp;<\/p>\n<p><span style=\"text-decoration: underline;\"><span style=\"font-family: arial, helvetica, sans-serif; font-size: 12pt;\">Zuletzt bearbeitet 09.04.2026<\/span><\/span><\/p>\n","protected":false},"excerpt":{"rendered":"<p>1904 Adolph von Menzel } 1994 Pik As } 2003 Iskele Die \u201cIskele\u201d ist ein im Jahr 2008 ausgebranntes Restaurantschiff am Urbanhafen in Berlin. Bis&hellip;<\/p>\n","protected":false},"author":1,"featured_media":0,"parent":0,"menu_order":0,"comment_status":"closed","ping_status":"closed","template":"","meta":{"ngg_post_thumbnail":0,"iawp_total_views":16,"footnotes":""},"class_list":["post-4622","page","type-page","status-publish","hentry"],"_links":{"self":[{"href":"https:\/\/berliner-dampfer.de\/index.php?rest_route=\/wp\/v2\/pages\/4622","targetHints":{"allow":["GET"]}}],"collection":[{"href":"https:\/\/berliner-dampfer.de\/index.php?rest_route=\/wp\/v2\/pages"}],"about":[{"href":"https:\/\/berliner-dampfer.de\/index.php?rest_route=\/wp\/v2\/types\/page"}],"author":[{"embeddable":true,"href":"https:\/\/berliner-dampfer.de\/index.php?rest_route=\/wp\/v2\/users\/1"}],"replies":[{"embeddable":true,"href":"https:\/\/berliner-dampfer.de\/index.php?rest_route=%2Fwp%2Fv2%2Fcomments&post=4622"}],"version-history":[{"count":101,"href":"https:\/\/berliner-dampfer.de\/index.php?rest_route=\/wp\/v2\/pages\/4622\/revisions"}],"predecessor-version":[{"id":18427,"href":"https:\/\/berliner-dampfer.de\/index.php?rest_route=\/wp\/v2\/pages\/4622\/revisions\/18427"}],"wp:attachment":[{"href":"https:\/\/berliner-dampfer.de\/index.php?rest_route=%2Fwp%2Fv2%2Fmedia&parent=4622"}],"curies":[{"name":"wp","href":"https:\/\/api.w.org\/{rel}","templated":true}]}}