{"id":5360,"date":"2024-09-29T19:43:27","date_gmt":"2024-09-29T17:43:27","guid":{"rendered":"https:\/\/berliner-dampfer.de\/?page_id=5360"},"modified":"2025-10-27T05:28:40","modified_gmt":"2025-10-27T04:28:40","slug":"kaiser-wilhelm","status":"publish","type":"page","link":"https:\/\/berliner-dampfer.de\/?page_id=5360","title":{"rendered":"Wega"},"content":{"rendered":"<table style=\"border-collapse: collapse; width: 100%;\">\n<tbody>\n<tr>\n<td style=\"width: 100%; background-color: #ffff00;\"><span style=\"font-family: arial, helvetica, sans-serif; font-size: 12pt;\">1885 <strong>Kaiser Wilhelm<\/strong> } 1927 <strong>Wega<\/strong><\/span><\/p>\n<p><span style=\"font-family: arial, helvetica, sans-serif; font-size: 12pt;\">Im Sommer 1945 im Griebnitzsee abgetragen.<\/span><\/td>\n<\/tr>\n<\/tbody>\n<\/table>\n<p>&nbsp;<\/p>\n<table style=\"border-collapse: collapse; width: 100%;\">\n<tbody>\n<tr>\n<td style=\"width: 100%; background-color: #ffd700;\">\n<p style=\"text-align: justify;\"><span style=\"font-family: arial, helvetica, sans-serif; font-size: 12pt;\"><a href=\"https:\/\/berliner-dampfer.de\/Users\/Barbara\/Desktop\/Berliner%20Dampfer%20Webseite\/html\/links_-_literatur.html\" target=\"_blank\" rel=\"noopener\">Groggert 1988<\/a>, Seite 107:<\/span><br \/>\n<span style=\"font-family: arial, helvetica, sans-serif; font-size: 12pt;\">Die konstituierende Generalversammlung [der Spree-Havel-Dampfschiffahrts-Gesellschaft Stern mit Sitz in Berlin] und die erste Aufsichtsratssitzung fanden am 8. August 1888 unter Vorsitz des K\u00f6niglichen Baurats <a href=\"https:\/\/de.wikipedia.org\/wiki\/Walter_Kyllmann\" target=\"_blank\" rel=\"noopener\">Walter Kyllmann<\/a> statt\u2026&nbsp; <\/span><\/p>\n<p style=\"text-align: justify;\"><span style=\"font-family: arial, helvetica, sans-serif; font-size: 12pt;\">Die Spree-Havel-Dampfschiffahrts-Gesellschaft Stern \u00fcbernahm zun\u00e4chst die Potsdamer Dampfschiffahrt A. Gebhardt, deren zwischen Havel und Nuthe gelegenes Wassergrundst\u00fcck mit Reparaturwerkstatt und die vier Dampfer \u201cPrinz Friedrich Karl\u201d, ein h\u00f6lzernes Schiff, die Schwesterschiffe \u201cFortuna\u201d und \u201cKladderadatsch\u201d und <strong>\u201cKaiser Wilhelm\u201d<\/strong>. Der 27,35 m lange, 4,90 m breite Doppelschraubendampfer <strong>\u201cKaiser Wilhelm\u201d<\/strong> war 1885 in Stettin gebaut worden\u2026<\/span><\/p>\n<p style=\"text-align: justify;\"><span style=\"font-family: arial, helvetica, sans-serif; font-size: 12pt;\">Groggert 1988, Seite 125:<\/span><br \/>\n<span style=\"font-family: arial, helvetica, sans-serif; font-size: 12pt;\"><strong>1907<\/strong> &#8230;. Wichtiger als die Inbetriebnahme dieser Neubauten und wichtiger als der Umbau des fr\u00fcheren Gebhardtschen Dampfers <strong>&#8222;Kaiser Wilhelm&#8220;<\/strong> &#8230;.<\/span><\/p>\n<p style=\"text-align: justify;\"><span style=\"font-family: arial, helvetica, sans-serif; font-size: 12pt;\">Groggert, Seite 162:<br \/>\n<\/span><span style=\"font-family: arial, helvetica, sans-serif; font-size: 12pt;\">Im Mai 1920 nahmen Stern-Dampfer wieder fahrplanm\u00e4\u00dfige Fahrten auf den Linien im Potsdamer Betrieb oder im Betrieb Tegelort auf. Im Juli veranstaltete die Reederei zus\u00e4tzliche Sonderfahrten nach Zielen an der Unterhavel, der Oberspree und der Dahme.<\/span><\/p>\n<p style=\"text-align: justify;\"><span style=\"font-family: arial, helvetica, sans-serif; font-size: 12pt;\">Im darauf folgenden Jahr kam es auf dem Gro\u00dfen Wannsee zu einem der schwersten Unf\u00e4lle in der langen Geschichte der Berliner Binnenschifffahrt. Der Dampfer \u201c<b>Kaiser Wilhelm<\/b>\u201d, nach einer Vermietung leer auf der Heimfahrt von Wannsee zur Potsdamer Werft, rammte am 30. Oktober 1921 auf der H\u00f6he des Havelecks den letzten am Sonntagabend von Kladow nach Wannsee fahrenden fahrplanm\u00e4\u00dfigen Dampfer, die <a href=\"https:\/\/berliner-dampfer.de\/?page_id=13547\" target=\"_blank\" rel=\"noopener\">\u201cStorkow\u201d<\/a>, und traf sie so ungl\u00fccklich an der Backbordseite, da\u00df das kleinere, fast voll besetzte Schiff innerhalb weniger Minuten absank. Die Rettungsma\u00dfnahmen und sp\u00e4teren Bergungsarbeiten unter Einsatz eines Tauchers gaben tagelang Anla\u00df zu sehr ausf\u00fchrlichen Schilderungen des Unfallhergangs und der Situation, die der Taucher auf dem Grunde des Wannsees vorfand. Diese Berichte wurden in den Tageszeitungen durch zahlreiche Meinungs\u00e4u\u00dferungen und Kommentare erg\u00e4nzt.<\/span><\/p>\n<p style=\"text-align: justify;\"><span style=\"font-family: arial, helvetica, sans-serif; font-size: 12pt;\">Groggert 1988, Seite 193: <\/span><br \/>\n<span style=\"font-family: arial, helvetica, sans-serif; font-size: 12pt;\">Die verbliebenden Dampfer der Kaiser Klasse erhielten erst 1927 Namen aus dem Gebiet der Astronomie &#8230; Der urspr\u00fcnglich Gebhardtsche Dampfer \u201c<b>Kaiser Wilhelm<\/b>\u201d erschien fortan als \u201c<b>Wega<\/b>\u201d.<\/span><\/p>\n<p style=\"text-align: justify;\"><span style=\"font-family: arial, helvetica, sans-serif; font-size: 12pt;\">Groggert 1988, Seite 252:<\/span><br \/>\n<span style=\"font-family: arial, helvetica, sans-serif; font-size: 12pt;\">Nach Ende des zweiten Weltkriegs: <\/span><\/p>\n<p style=\"text-align: justify;\"><span style=\"font-family: arial, helvetica, sans-serif; font-size: 12pt;\">Mehr als 250 Frachtschiffe und viele in Berlin stationierte Fahrgastschiffe waren gesunken oder ausgebrannt. Allein im Griebnitzsee lagen in der N\u00e4he der F\u00f6rsterei am Nordufer die Wracks von f\u00fcnf Dampfern der Stern und Kreisschiffahrt, die dort bei den Kampfhandlungen versenkt worden waren, n\u00e4mlich die <a href=\"https:\/\/berliner-dampfer.de\/?page_id=9533\" target=\"_blank\" rel=\"noopener\">\u201cLankwitz\u201d<\/a>, <a href=\"https:\/\/berliner-dampfer.de\/?page_id=2945\" target=\"_blank\" rel=\"noopener\">\u201cFalke\u201d<\/a>, der fr\u00fchere Gebhardtsche Dampfer \u201c<b>Wega<\/b>\u201d (<b>ex \u201cKaiser Wilhelm<\/b>\u201d), die <a href=\"https:\/\/berliner-dampfer.de\/?page_id=5081\" target=\"_blank\" rel=\"noopener\">\u201cJohanna\u201d<\/a>, mit der Wittenberg &amp; K\u00fchl 1865 den Betrieb an der Jannowitzbr\u00fccke er\u00f6ffnet hatten, und die <a href=\"https:\/\/berliner-dampfer.de\/?page_id=5389\" target=\"_blank\" rel=\"noopener\">\u201cPlanet\u201d<\/a>, ein Schiff, auf das die Reederei wegen seiner Formsch\u00f6nheit und seiner eleganten Inneneinrichtung besonders stolz gewesen war. Was von diesem Schiffen noch \u00fcber die Wasseroberfl\u00e4che hinausragte, ist im Sommer 1945 mit dem Schneidbrenner abgeschnitten und entfernt worden.<\/span><\/p>\n<\/td>\n<\/tr>\n<\/tbody>\n<\/table>\n<p>&nbsp;<\/p>\n<table style=\"border-collapse: collapse; width: 100%;\">\n<tbody>\n<tr>\n<td style=\"width: 100%; background-color: #d3d3d3;\"><span style=\"font-family: arial, helvetica, sans-serif; font-size: 12pt;\">BZ 30.10.2021:<\/span><\/p>\n<ul>\n<li><span style=\"font-family: arial, helvetica, sans-serif; font-size: 12pt;\">20 Menschen ertranken bei Dampferkollision<\/span><br \/>\n<a href=\"https:\/\/www.bz-berlin.de\/archiv-artikel\/titanic-tragoedie-auf-dem-wannsee-vor-100-jahren\" target=\"_blank\" rel=\"noopener\"><span style=\"font-family: arial, helvetica, sans-serif; font-size: 12pt;\">Titanic-Trag\u00f6die auf dem Wannsee vor 100 Jahren<\/span><\/a><\/li>\n<\/ul>\n<\/td>\n<\/tr>\n<\/tbody>\n<\/table>\n<p>&nbsp;<\/p>\n<p>&nbsp;<\/p>\n<p>&nbsp;<\/p>\n<p><img loading=\"lazy\" decoding=\"async\" class=\"alignnone size-full wp-image-10012\" src=\"https:\/\/berliner-dampfer.de\/wp-content\/uploads\/2024\/12\/1902-06-22-Dampfer-Kaiser-Wilhelm-klein.jpg\" alt=\"\" width=\"1200\" height=\"770\" srcset=\"https:\/\/berliner-dampfer.de\/wp-content\/uploads\/2024\/12\/1902-06-22-Dampfer-Kaiser-Wilhelm-klein.jpg 1200w, https:\/\/berliner-dampfer.de\/wp-content\/uploads\/2024\/12\/1902-06-22-Dampfer-Kaiser-Wilhelm-klein-300x193.jpg 300w, https:\/\/berliner-dampfer.de\/wp-content\/uploads\/2024\/12\/1902-06-22-Dampfer-Kaiser-Wilhelm-klein-1024x657.jpg 1024w, https:\/\/berliner-dampfer.de\/wp-content\/uploads\/2024\/12\/1902-06-22-Dampfer-Kaiser-Wilhelm-klein-768x493.jpg 768w\" sizes=\"auto, (max-width: 1200px) 100vw, 1200px\" \/><\/p>\n<p>&nbsp;<\/p>\n<p>&nbsp;<\/p>\n<table style=\"border-collapse: collapse; width: 100%; height: 1444px;\">\n<tbody>\n<tr style=\"height: 1595px;\">\n<td style=\"width: 100%; background-color: #ffd700; height: 1444px;\"><strong><span style=\"font-family: arial, helvetica, sans-serif; font-size: 12pt;\">Dampfer Kaiser Wilhelm mit Dampfer Else:<\/span><\/strong><\/p>\n<p><span style=\"font-family: arial, helvetica, sans-serif; font-size: 12pt;\"><strong>1906<\/strong> &#8222;Kaiser Wilhelm&#8220; vor dem Umbau. Die AK ist datiert mit 1906, postalisch gelaufen 15.08.1911:<br \/>\n<\/span><img loading=\"lazy\" decoding=\"async\" class=\"size-full wp-image-5373 alignnone\" src=\"https:\/\/berliner-dampfer.de\/wp-content\/uploads\/2024\/09\/1906-gel.-1911-08-15-Am-Wannsee-gross-Dampferanlegestelle-Dampfer-KAISER-WILHELM-klein-1200.jpg\" alt=\"\" width=\"1200\" height=\"1029\" srcset=\"https:\/\/berliner-dampfer.de\/wp-content\/uploads\/2024\/09\/1906-gel.-1911-08-15-Am-Wannsee-gross-Dampferanlegestelle-Dampfer-KAISER-WILHELM-klein-1200.jpg 1200w, https:\/\/berliner-dampfer.de\/wp-content\/uploads\/2024\/09\/1906-gel.-1911-08-15-Am-Wannsee-gross-Dampferanlegestelle-Dampfer-KAISER-WILHELM-klein-1200-300x257.jpg 300w, https:\/\/berliner-dampfer.de\/wp-content\/uploads\/2024\/09\/1906-gel.-1911-08-15-Am-Wannsee-gross-Dampferanlegestelle-Dampfer-KAISER-WILHELM-klein-1200-1024x878.jpg 1024w, https:\/\/berliner-dampfer.de\/wp-content\/uploads\/2024\/09\/1906-gel.-1911-08-15-Am-Wannsee-gross-Dampferanlegestelle-Dampfer-KAISER-WILHELM-klein-1200-768x659.jpg 768w\" sizes=\"auto, (max-width: 1200px) 100vw, 1200px\" \/><\/p>\n<p style=\"text-align: left;\"><span style=\"font-family: arial, helvetica, sans-serif; font-size: 12pt;\">Hier das Motiv bei Groggert mit Erl\u00e4uterung:<\/span><\/p>\n<p><img loading=\"lazy\" decoding=\"async\" class=\"size-full wp-image-5368 alignnone\" src=\"https:\/\/berliner-dampfer.de\/wp-content\/uploads\/2024\/09\/1907-vor-1907-Kaiser-Wilhelm-Groggert-1988-1.jpg\" alt=\"\" width=\"640\" height=\"549\" srcset=\"https:\/\/berliner-dampfer.de\/wp-content\/uploads\/2024\/09\/1907-vor-1907-Kaiser-Wilhelm-Groggert-1988-1.jpg 640w, https:\/\/berliner-dampfer.de\/wp-content\/uploads\/2024\/09\/1907-vor-1907-Kaiser-Wilhelm-Groggert-1988-1-300x257.jpg 300w\" sizes=\"auto, (max-width: 640px) 100vw, 640px\" \/><\/p>\n<p><span style=\"font-family: arial, helvetica, sans-serif; font-size: 12pt;\">Groggert 1988 schreibt auf Seite 119\/120 au\u00dferdem noch:<br \/>\n<\/span><\/p>\n<blockquote>\n<p style=\"text-align: justify;\"><span style=\"font-family: arial, helvetica, sans-serif; font-size: 12pt;\">Von ihren kleineren Schiffen hatte die SpHDG Stern 1899 au\u00dfer der &#8222;Electra&#8220; die beiden Dampfer &#8222;Berlin&#8220; und &#8222;Sprea&#8220; verkauft. 1900 erwarb sie daf\u00fcr die nur etwa 60 Personen fassenden Dampfboote &#8222;Alsen&#8220; und <strong>&#8222;Else&#8220;<\/strong>.<\/span><\/p>\n<\/blockquote>\n<p><span style=\"font-family: arial, helvetica, sans-serif; font-size: 12pt;\">Unten die <strong>&#8222;Else&#8220; <\/strong>um 1901 an der Dampferstation Wannsee. <\/span><\/p>\n<p><img loading=\"lazy\" decoding=\"async\" class=\"alignnone size-full wp-image-10027\" src=\"https:\/\/berliner-dampfer.de\/wp-content\/uploads\/2024\/12\/1902-02-11-Dampfer-Else-Wannsee-klein.jpg\" alt=\"\" width=\"1200\" height=\"583\" srcset=\"https:\/\/berliner-dampfer.de\/wp-content\/uploads\/2024\/12\/1902-02-11-Dampfer-Else-Wannsee-klein.jpg 1200w, https:\/\/berliner-dampfer.de\/wp-content\/uploads\/2024\/12\/1902-02-11-Dampfer-Else-Wannsee-klein-300x146.jpg 300w, https:\/\/berliner-dampfer.de\/wp-content\/uploads\/2024\/12\/1902-02-11-Dampfer-Else-Wannsee-klein-1024x497.jpg 1024w, https:\/\/berliner-dampfer.de\/wp-content\/uploads\/2024\/12\/1902-02-11-Dampfer-Else-Wannsee-klein-768x373.jpg 768w\" sizes=\"auto, (max-width: 1200px) 100vw, 1200px\" \/><\/td>\n<\/tr>\n<\/tbody>\n<\/table>\n<p>&nbsp;<\/p>\n<p>&nbsp;<\/p>\n<p><img loading=\"lazy\" decoding=\"async\" class=\"alignnone size-full wp-image-5375\" src=\"https:\/\/berliner-dampfer.de\/wp-content\/uploads\/2024\/09\/1908-nach-1907-Kaiser-Wilhelm-Groggert-1988-2.jpg\" alt=\"\" width=\"640\" height=\"491\" srcset=\"https:\/\/berliner-dampfer.de\/wp-content\/uploads\/2024\/09\/1908-nach-1907-Kaiser-Wilhelm-Groggert-1988-2.jpg 640w, https:\/\/berliner-dampfer.de\/wp-content\/uploads\/2024\/09\/1908-nach-1907-Kaiser-Wilhelm-Groggert-1988-2-300x230.jpg 300w\" sizes=\"auto, (max-width: 640px) 100vw, 640px\" \/><\/p>\n<p>&nbsp;<\/p>\n<p>&nbsp;<\/p>\n<p><img loading=\"lazy\" decoding=\"async\" class=\"alignnone size-full wp-image-5377\" src=\"https:\/\/berliner-dampfer.de\/wp-content\/uploads\/2024\/09\/1908-ca-nach-1907-Kaiser-Wilhelm-Roskowetz-klein.jpg\" alt=\"\" width=\"1200\" height=\"733\" srcset=\"https:\/\/berliner-dampfer.de\/wp-content\/uploads\/2024\/09\/1908-ca-nach-1907-Kaiser-Wilhelm-Roskowetz-klein.jpg 1200w, https:\/\/berliner-dampfer.de\/wp-content\/uploads\/2024\/09\/1908-ca-nach-1907-Kaiser-Wilhelm-Roskowetz-klein-300x183.jpg 300w, https:\/\/berliner-dampfer.de\/wp-content\/uploads\/2024\/09\/1908-ca-nach-1907-Kaiser-Wilhelm-Roskowetz-klein-1024x625.jpg 1024w, https:\/\/berliner-dampfer.de\/wp-content\/uploads\/2024\/09\/1908-ca-nach-1907-Kaiser-Wilhelm-Roskowetz-klein-768x469.jpg 768w\" sizes=\"auto, (max-width: 1200px) 100vw, 1200px\" \/><\/p>\n<p>&nbsp;<\/p>\n<p>&nbsp;<\/p>\n<table style=\"border-collapse: collapse; width: 100%;\">\n<tbody>\n<tr>\n<td style=\"width: 100%; background-color: #ffff00;\"><span style=\"font-family: arial, helvetica, sans-serif; font-size: 12pt;\"><strong>&#8222;Kaiser Wilhelm&#8220;<\/strong>, AK <a href=\"https:\/\/de.wikipedia.org\/wiki\/Ketzin\/Havel\" target=\"_blank\" rel=\"noopener\">Ketzin an der Havel<\/a> postalisch gelaufen 21.06.<strong>1927<\/strong>:<\/span><\/p>\n<p><img loading=\"lazy\" decoding=\"async\" class=\"alignnone size-full wp-image-17781\" src=\"https:\/\/berliner-dampfer.de\/wp-content\/uploads\/2025\/10\/1927-06-21-Kaiser-Wilhelm-in-Ketzin-Havel-klein.jpg\" alt=\"\" width=\"1200\" height=\"778\" srcset=\"https:\/\/berliner-dampfer.de\/wp-content\/uploads\/2025\/10\/1927-06-21-Kaiser-Wilhelm-in-Ketzin-Havel-klein.jpg 1200w, https:\/\/berliner-dampfer.de\/wp-content\/uploads\/2025\/10\/1927-06-21-Kaiser-Wilhelm-in-Ketzin-Havel-klein-300x195.jpg 300w, https:\/\/berliner-dampfer.de\/wp-content\/uploads\/2025\/10\/1927-06-21-Kaiser-Wilhelm-in-Ketzin-Havel-klein-1024x664.jpg 1024w, https:\/\/berliner-dampfer.de\/wp-content\/uploads\/2025\/10\/1927-06-21-Kaiser-Wilhelm-in-Ketzin-Havel-klein-768x498.jpg 768w\" sizes=\"auto, (max-width: 1200px) 100vw, 1200px\" \/><\/p>\n<p><span style=\"font-family: arial, helvetica, sans-serif; font-size: 12pt;\">Vergr\u00f6\u00dferung:<\/span><\/p>\n<p><img loading=\"lazy\" decoding=\"async\" class=\"alignnone size-full wp-image-17782\" src=\"https:\/\/berliner-dampfer.de\/wp-content\/uploads\/2025\/10\/1927-06-21-Kaiser-Wilhelm-in-Ketzin-Havel-klein-a.jpg\" alt=\"\" width=\"1200\" height=\"382\" srcset=\"https:\/\/berliner-dampfer.de\/wp-content\/uploads\/2025\/10\/1927-06-21-Kaiser-Wilhelm-in-Ketzin-Havel-klein-a.jpg 1200w, https:\/\/berliner-dampfer.de\/wp-content\/uploads\/2025\/10\/1927-06-21-Kaiser-Wilhelm-in-Ketzin-Havel-klein-a-300x96.jpg 300w, https:\/\/berliner-dampfer.de\/wp-content\/uploads\/2025\/10\/1927-06-21-Kaiser-Wilhelm-in-Ketzin-Havel-klein-a-1024x326.jpg 1024w, https:\/\/berliner-dampfer.de\/wp-content\/uploads\/2025\/10\/1927-06-21-Kaiser-Wilhelm-in-Ketzin-Havel-klein-a-768x244.jpg 768w\" sizes=\"auto, (max-width: 1200px) 100vw, 1200px\" \/><\/td>\n<\/tr>\n<\/tbody>\n<\/table>\n<p>&nbsp;<\/p>\n<p>&nbsp;<\/p>\n<p>&nbsp;<\/p>\n<p>&nbsp;<\/p>\n<p><span style=\"text-decoration: underline;\"><span style=\"font-family: arial, helvetica, sans-serif; font-size: 12pt;\">Zuletzt bearbeitet 27.10.2025<\/span><\/span><\/p>\n","protected":false},"excerpt":{"rendered":"<p>1885 Kaiser Wilhelm } 1927 Wega Im Sommer 1945 im Griebnitzsee abgetragen. &nbsp; Groggert 1988, Seite 107: Die konstituierende Generalversammlung [der Spree-Havel-Dampfschiffahrts-Gesellschaft Stern mit Sitz&hellip;<\/p>\n","protected":false},"author":1,"featured_media":0,"parent":0,"menu_order":0,"comment_status":"closed","ping_status":"closed","template":"","meta":{"ngg_post_thumbnail":0,"iawp_total_views":12,"footnotes":""},"class_list":["post-5360","page","type-page","status-publish","hentry"],"_links":{"self":[{"href":"https:\/\/berliner-dampfer.de\/index.php?rest_route=\/wp\/v2\/pages\/5360","targetHints":{"allow":["GET"]}}],"collection":[{"href":"https:\/\/berliner-dampfer.de\/index.php?rest_route=\/wp\/v2\/pages"}],"about":[{"href":"https:\/\/berliner-dampfer.de\/index.php?rest_route=\/wp\/v2\/types\/page"}],"author":[{"embeddable":true,"href":"https:\/\/berliner-dampfer.de\/index.php?rest_route=\/wp\/v2\/users\/1"}],"replies":[{"embeddable":true,"href":"https:\/\/berliner-dampfer.de\/index.php?rest_route=%2Fwp%2Fv2%2Fcomments&post=5360"}],"version-history":[{"count":36,"href":"https:\/\/berliner-dampfer.de\/index.php?rest_route=\/wp\/v2\/pages\/5360\/revisions"}],"predecessor-version":[{"id":17783,"href":"https:\/\/berliner-dampfer.de\/index.php?rest_route=\/wp\/v2\/pages\/5360\/revisions\/17783"}],"wp:attachment":[{"href":"https:\/\/berliner-dampfer.de\/index.php?rest_route=%2Fwp%2Fv2%2Fmedia&parent=5360"}],"curies":[{"name":"wp","href":"https:\/\/api.w.org\/{rel}","templated":true}]}}