{"id":6268,"date":"2024-10-17T17:46:46","date_gmt":"2024-10-17T15:46:46","guid":{"rendered":"https:\/\/berliner-dampfer.de\/?page_id=6268"},"modified":"2025-01-12T19:43:22","modified_gmt":"2025-01-12T18:43:22","slug":"kreuz-as","status":"publish","type":"page","link":"https:\/\/berliner-dampfer.de\/?page_id=6268","title":{"rendered":"Kreuz As"},"content":{"rendered":"<table style=\"border-collapse: collapse; width: 100%; height: 260px;\">\n<tbody>\n<tr style=\"height: 260px;\">\n<td style=\"width: 100%; background-color: #ffff00; height: 260px;\">\n<figure id=\"attachment_6315\" aria-describedby=\"caption-attachment-6315\" style=\"width: 350px\" class=\"wp-caption alignright\"><a href=\"https:\/\/berliner-dampfer.de\/wp-content\/uploads\/2024\/10\/2009-06-21-105-klein.jpg\" target=\"_blank\" rel=\"noopener\"><img loading=\"lazy\" decoding=\"async\" class=\"wp-image-6315\" src=\"https:\/\/berliner-dampfer.de\/wp-content\/uploads\/2024\/10\/2009-06-21-105-klein.jpg\" alt=\"\" width=\"350\" height=\"197\" srcset=\"https:\/\/berliner-dampfer.de\/wp-content\/uploads\/2024\/10\/2009-06-21-105-klein.jpg 1200w, https:\/\/berliner-dampfer.de\/wp-content\/uploads\/2024\/10\/2009-06-21-105-klein-300x169.jpg 300w, https:\/\/berliner-dampfer.de\/wp-content\/uploads\/2024\/10\/2009-06-21-105-klein-1024x576.jpg 1024w, https:\/\/berliner-dampfer.de\/wp-content\/uploads\/2024\/10\/2009-06-21-105-klein-768x432.jpg 768w\" sizes=\"auto, (max-width: 350px) 100vw, 350px\" \/><\/a><figcaption id=\"caption-attachment-6315\" class=\"wp-caption-text\"><span style=\"font-family: arial, helvetica, sans-serif; font-size: 10pt;\">Logo <a href=\"https:\/\/de.wikipedia.org\/wiki\/Gebr._Wiemann\" target=\"_blank\" rel=\"noopener\">&#8222;<strong>G<\/strong>ebr\u00fcder <strong>W<\/strong>iemann <strong>B<\/strong>randenburg&#8220;<\/a> und Logo &#8222;Kreuz&#8220; f\u00fcr &#8222;Kreuz As&#8220; am Schiffsbug.<br \/><\/span><\/figcaption><\/figure>\n<p><span style=\"font-family: arial, helvetica, sans-serif; font-size: 12pt;\"><span style=\"font-size: 10pt;\">1929<\/span> <strong>Kreuz As<\/strong><\/span><\/p>\n<p><span style=\"font-family: arial, helvetica, sans-serif; font-size: 12pt;\">Reederei Wolff: <a href=\"https:\/\/www.reederei-wolff.de\/schiffsflotte\/\" target=\"_blank\" rel=\"noopener\">Kreuz As<\/a><\/span><\/p>\n<p><span style=\"font-family: arial, helvetica, sans-serif; font-size: 12pt;\">&nbsp;<\/span><\/td>\n<\/tr>\n<\/tbody>\n<\/table>\n<p>&nbsp;<\/p>\n<table style=\"border-collapse: collapse; width: 100%;\">\n<tbody>\n<tr>\n<td style=\"width: 100%; background-color: #ffd700;\">\n<p style=\"text-align: justify;\"><span style=\"font-family: arial, helvetica, sans-serif; font-size: 12pt;\"><a href=\"https:\/\/berliner-dampfer.de\/?page_id=194\" target=\"_blank\" rel=\"noopener\">Groggert 1988<\/a>, Seite 176:<\/span><br \/>\n<span style=\"font-family: arial, helvetica, sans-serif; font-size: 12pt;\">Zu den bedeutensten Motorschiffsunternehmen geh\u00f6rte die Reederei Otto Schmidt, die ihren Betrieb 1921 mit dem Motorschiff \u201cForelle\u201d aufgenommen hatte. Als Otto Schmidt seine Anlegestelle an der Schillingsbr\u00fccke aufgeben mu\u00dfte, zog er zur Kottbusser Br\u00fccke um. Dabei wurde auch das h\u00f6lzerne \u201cDampferh\u00e4uschen\u201d mitgenommen und am Landwehrkanal wieder aufgestellt. Es hatte schon Otto Schmidts Gro\u00dfvater, der mit \u201c\u00c4ppelk\u00e4hnen\u201d Obst nach Berlin gebracht hatte, als Laden gedient und wurde deswegen in Ehren gehalten. 1924 hatte die Reederei Schmidt bei Gebr. Winkler in Kalkberge das \u201cWinter-Salon-Motorschiff mit Dampfheizung\u201d \u201cPik AS\u201d (I) bauen lassen. Es war dem damaligen Geschmack entsprechend mit runden Marmortischen ausgestattet und geh\u00f6rte zu den ersten Dieselmotorschiffen. Ein ganz \u00e4hnliches Schiff war die ein Jahr sp\u00e4ter in Kalkberge gebaute \u201cDeutschland\u201d (I), mit der die Gebr\u00fcder Otto und Eduard Winkler zu Pfingsten 1926 ihren Personenschiffahrsbetrieb er\u00f6ffneten. Otto Schmidt gab 1926 bei der Werft von Bergmann &amp; Westphal in Strahlau das Motorschiff \u201cHerz As\u201d in Auftrag und kaufte das ebenfalls von der Werft Gebr. Winkler hergestellte Motorschiff \u201cKaro As\u201d (I).<\/span><br \/>\n<span style=\"font-family: arial, helvetica, sans-serif; font-size: 12pt;\">Ein etwa gleich gro\u00dfes, 1928 f\u00fcr Otto Schmidt in Kalkberge erbautes Motorschiff verkaufte er sogleich nach der Ablieferung als \u201cGl\u00fcckauf\u201d an den Schiffseigner Karl Schulz. <strong>Flaggschiff der Reederei Schmidt war das 1929 von <a href=\"https:\/\/de.wikipedia.org\/wiki\/Gebr._Wiemann\" target=\"_blank\" rel=\"noopener\">Gebr. Wiemann<\/a>, Brandenburg, gebaute 35 m lange, 5,25 m breite Motorschiff <span style=\"text-decoration: underline;\">\u201cKreuz As\u201d<\/span>. Mit diesem Schiff, auf dem f\u00fcr 40 Personen \u00dcbernachtungsm\u00f6glichkeiten geschaffen werden konnten, veranstaltete die Reederei Schmidt neben Fahrten in die Umgebung Berlins mehrt\u00e4tige Fernfahrten von der Kottbusser Br\u00fccke in Berlin nach Hamburg und nach Stettin.<\/strong><\/span><\/p>\n<p style=\"text-align: justify;\"><span style=\"font-family: arial, helvetica, sans-serif; font-size: 12pt;\">Groggert 1988, Seite 216:<\/span><br \/>\n<span style=\"font-family: arial, helvetica, sans-serif; font-size: 12pt;\">1938 lie\u00df Otto Schmidt von der Schiffswerft Gebr. Winkler in Kalkberge ein neues, 33,72 m langes, 4,61 m breites breites Motorschiff \u201cPik As\u201d bauen, das neben dem 1929 von der Werft Gebr. Wiemann abgelieferten 35 m langen, 5,25 m breiten Motorschiff <span style=\"text-decoration: underline;\"><b>\u201cKreuz As\u201d<\/b><\/span> auch f\u00fcr Fernfahrten geeignet war. Vor der Fertigstellung des neuen Motorschiffs \u201cPik As\u201d hatte Otto Schmidt die \u201cKaro As\u201d verkauft und durch ein Schiff gleichen Namens ersetzt. Das 1937 in Dienst gestellte Motorschiff \u201cKaro As\u201d (II) ist durch Umbau des Motorschiffs \u201cOlympia\u201d (ex \u201cJageteufel\u201d) auf der Werft Gebr. Winkler entstanden. Das bisherige Motorschiff \u201cKaro As\u201d war nach Stettin gegangen und hie\u00df dort bei der Reederei Carl M\u00fcller \u201cv. Schill\u201d.<\/span><\/p>\n<p style=\"text-align: justify;\"><span style=\"font-family: arial, helvetica, sans-serif; font-size: 12pt;\">Groggert 1988, Seite 227\/230:<\/span><br \/>\n<span style=\"font-family: arial, helvetica, sans-serif; font-size: 12pt;\">Viele Betriebe erweiterten und modernisierten ihren Schiffspark zum Olympiajahr und auch noch in der Zeit danach durch eine Reihe von Neu- und Umbauten. Dabei bevorzugten sie gro\u00dfe Dieselmotorschiffe des sog. Berliner Typs mit einer Back und einer Restauration in der darunterliegenden Kaj\u00fcte. F\u00fcr die Reederei Otto Schmidt, die 1936 au\u00dfer ihren Schiffen der As-Klasse das Motorschiff \u201cOlympia\u201d und das Motorboot \u201cHerbert\u201d einsetzte, stellte die Schiffswerft Gebr. Winkler in Kalkberge im Winter 1937\/38 durch Umbau der 1925 in Rummelsburg gebauten \u201cOlympia\u201d (ex \u201cJageteufel\u201d) ein 19,94 m langes, 4,62 m breites neues Motorschiff \u201cKaro As\u201d her. Die Inneneinrichtung des f\u00fcr 175 Personen vermessenen Schiffs entsprach derjenigen des ersten, inzwischen verkauften Motorschiffs \u201cPik As\u201d: Mahagoniet\u00e4felung, Ledersofas, Marmortische. Dieses MS \u201cKaro AS\u201d (II) ist 1939 an Herbert Grundmann verkauft worden, der damals in Wei\u00dfenfels an der Saale die Personenschiffahrt betrieb und \u201cKaro As\u201d zun\u00e4chst in \u201cScharnhorst\u201d umtaufte. Nach dem Krieg wurde daraus das Motorschiff \u201cFreiheit\u201d, das die Reederei Heinz Riedel 1958 \u00fcbernahm und \u201cSaalefee\u201d nannte. Zwei Jahre sp\u00e4ter kam es in den Besitz des Bernburger Reiseverkehrs und wurde 1965 an den VEB Verkehrsbetrieb Schwerin verkauft. Nach einem weiteren Umbau und einer Verl\u00e4ngerung auf 26 m ist es als Motorschiff \u201cVaasa\u201d unter dem Namen der finnischen Patenstadt Schwerins im Betrieb. Bei seiner Indienststellung 1938 konnte niemand das wechselvolle Schicksal der \u201cKaro As\u201d erahnen.<\/span><br \/>\n<span style=\"font-family: arial, helvetica, sans-serif; font-size: 12pt;\">Im Sommer 1938 lief bei Gebr. Winkler in Kalkberge f\u00fcr die Reederei Otto Schmidt ein gro\u00dfer Neubau vom Stapel, der auch f\u00fcr Fernfahrten nach Stettin und Hamburg verwendet werden sollte. Um seine Wasserlage beim Befahren der Elb- und Oderm\u00fcndung zu verbessern, erhielt das 34 m lange, 9 m breite Schiff, das von der Tochter des Reeders auf den namen \u201cPik As\u201d (II) getauft wurde, ein Spitzgattheck und zwei Schlingertanks. Die Konstruktionspl\u00e4ne stammten wie bei vielen in Woltersdorf und Kalkberge gebauten Motorschiffen von dem Ingenieur <a href=\"https:\/\/www.google.com\/search?q=Carl+Marconi&amp;client=firefox-b-d&amp;sca_esv=105586032dadb976&amp;sca_upv=1&amp;sxsrf=ADLYWIL2LoG6EngqkkFeIvHLGTG4jtcu9A%3A1722691310518&amp;ei=7i6uZoatH6mA1fIPyLaJ6AU&amp;ved=0ahUKEwiG3Puc9diHAxUpQFUIHUhbAl0Q4dUDCBA&amp;oq=Carl+Marconi&amp;gs_lp=Egxnd3Mtd2l6LXNlcnAiDENhcmwgTWFyY29uaUgAUABYAHAAeACQAQCYAQCgAQCqAQC4AQzIAQCYAgCgAgCYAwCSBwCgBwA&amp;sclient=gws-wiz-serp\" target=\"_blank\" rel=\"noopener\">Carl Marconi<\/a>.<\/span><\/p>\n<p><span style=\"font-family: arial, helvetica, sans-serif; font-size: 12pt;\">Groggert 1988, Seite 253:<\/span><br \/>\n<span style=\"font-family: arial, helvetica, sans-serif; font-size: 12pt;\">\u201cDie erste Nachkriegszeit (April 1946): &#8230; Wie daraus ersichtlich, konnten zu dieser Zeit auch wieder die ersten Motorschiffe eingesetzt werden. F\u00fcr die Reederei Otto Schmidt fuhr unter Schweizer Flagge das Motorschiff \u201cHelvetia\u201d (ex \u201cPik As\u201d, Baujahr 1938) nach Glindow, &#8230;\u201d<\/span><\/p>\n<p><span style=\"font-family: arial, helvetica, sans-serif; font-size: 12pt;\">Ein Foto der \u201cHelvetia\u201d befindet sich bei Groggert auf Seite 273<\/span><\/p>\n<p style=\"text-align: justify;\"><span style=\"font-family: arial, helvetica, sans-serif; font-size: 12pt;\">Groggert 1988, Seite 296:<\/span><br \/>\n<span style=\"font-family: arial, helvetica, sans-serif; font-size: 12pt;\">Zu der Zeit, als das erste von einer rheinischen Werft gelieferte gro\u00dfe Salonschiff nach Berlin kam (die \u201cWappen von Berlin\u201d), k\u00fcndigte sich in der Fahrgastschiffahrt auf Spree und Havel bereits ein Generationswechsel an. Otto Schmidt hatte sich zur Ruhe gesetzt. Seit 1963 besa\u00df die Reederei Karl-Heinz Winkler die Motorschiffe <span style=\"text-decoration: underline;\"><b>\u201cKreuz As\u201d<\/b><\/span> und \u201cEuropa\u201d (ex \u201cKaro As\u201d, ex \u201cHelvetia\u201d, ex \u201cPik As\u201d). Die Spandauer Reederei A. Haupt hatte das Motorschiff \u201cHerz As\u201d in Frohsinn umgetauft. \u201cPik As\u201d (ex \u201cBarbara\u201d), mit der Otto Schmidt noch w\u00e4hrend der Sommersaison 1963 gefahren war, \u00fcbernahm 1964 die Reederei Liptow.<\/span><\/p>\n<p style=\"text-align: justify;\"><span style=\"font-family: arial, helvetica, sans-serif; font-size: 12pt;\">Groggert 1988, Seite 218-219:<\/span><br \/>\n<span style=\"font-family: arial, helvetica, sans-serif; font-size: 12pt;\">Die Reederei Tempelhof betrieb urspr\u00fcnglich die Frachtschiffahrt mit Schleppk\u00e4hnen und den Schleppern&#8230;&#8230;Paul Tempelhof nahm die Personenschiffahrt von Pl\u00f6tzensee, dem Sitz der Reederei, aus, mit dem Dampfer &#8230; auf. Karl Tempelhof setzte von der Mitte der zwanziger Jahre an den Dampfer &#8230;.. ein&#8230;.<\/span><br \/>\n<span style=\"font-family: arial, helvetica, sans-serif; font-size: 12pt;\">\u201cFeenlob\u201d und \u201cFeenlob 2\u201d waren holl\u00e4ndische Motorschiffe. Aus der \u201cFeenlob\u201d wurde nach dem Kriege zun\u00e4chst \u201cErna\u201d sp\u00e4ter \u201cB\u00e4r von Berlin\u201d, die \u201dFeenlob 2\u201c (ex \u201cPorta Westfalica\u201d) erwarb 1950 Albert Krenz und baute sie um zur \u201cBarbara\u201d, aus der nach einem weiteren Umbau das letzte \u201cPik As\u201d (III) der Reederei Otto Schmidt wurde. \u201cFeenlob\u201d (I) hat ihre urspr\u00fcngliche Form behalten.<\/span><\/p>\n<p style=\"text-align: justify;\"><span style=\"font-family: arial, helvetica, sans-serif; font-size: 12pt;\">Groggert 1988, Seite 248:<\/span><br \/>\n<span style=\"font-family: arial, helvetica, sans-serif; font-size: 12pt;\">Kriegsjahre: <strong>Das gro\u00dfe Motorschiff <span style=\"text-decoration: underline;\">&#8222;Kreuz As&#8220;<\/span> der Reederei Otto Schmidt ist bei einem Luftangriff, der vermutlich dem <a href=\"https:\/\/de.wikipedia.org\/wiki\/Flugplatz_Gatow\" target=\"_blank\" rel=\"noopener\">Fliegerhorst Gatow<\/a> galt, in der N\u00e4he des <a href=\"https:\/\/forst-grunewald.de\/?page_id=1749\" target=\"_blank\" rel=\"noopener\">Grunewaldturms<\/a> ausgebrannt. Es hatte eine Ladung Treibstoff von Hamburg nach Berlin gebracht. Das Wrack schleppte die Reederei zun\u00e4chst auf den <a href=\"https:\/\/de.wikipedia.org\/wiki\/Flakensee\" target=\"_blank\" rel=\"noopener\">Flakensee<\/a> bei Wokltersdorf. Nach dem Krieg kam es nach <a href=\"https:\/\/de.wikipedia.org\/wiki\/Glindow\" target=\"_blank\" rel=\"noopener\">Glindow<\/a> in der Mark.<\/strong><\/span><\/p>\n<p style=\"text-align: justify;\"><span style=\"font-family: arial, helvetica, sans-serif; font-size: 12pt;\">Groggert 1988, Seite 282:<\/span><br \/>\n<span style=\"font-family: arial, helvetica, sans-serif; font-size: 12pt;\">Kombinierte Fahrten mit Schiff und Autobus f\u00fchrte Otto Schmidt ein, der mehrere Autobusse beschaffte, die mit den Namen seiner Schiffe gekennzeichnet wurden. Aus \u201cHelvetia\u201d (ex \u201cPik As\u201d) war ein neues \u201cKaro As\u201d geworden, \u201cHerz As\u201d war verl\u00e4ngert und seit 1955 gab es auch wieder ein \u201cPik As\u201d. Dieses 36,33 m lange, 5,12 m breite Motorschiff war auf der Lanke-Werft durch Umbau aus der \u201cBarbara\u201d des Schiffseigners Albert Krenz entstanden. Bei der \u201cBarbara\u201d handelte es sich um die 1928 in Groningen gebaute \u201cFeenlob 2\u201d (ex \u201cPorta Westfalica\u201d). Albert Krenz hatte dieses Motorschiff, das vor dem Kriege unter der Flagge der Reedrei Tempelhof gefahren war, 1950 erworben und auf der Lahe-Werft \u00e4u\u00dferlich vollkommen ver\u00e4ndert. Anstelle seiner \u201cBarbara\u201d \u00fcbernahm Krenz von Otto Schmidt ein kleineres Motorschiff, das damals schon auf ein langes Leben zur\u00fcckblicken konnte.<\/span><\/p>\n<p style=\"text-align: justify;\"><span style=\"font-family: arial, helvetica, sans-serif; font-size: 12pt;\"><strong>Die Reederei Otto Schmidt konnte 1957 das Wrack des w\u00e4hrend des Krieges ausgebrannten Motorschiffs <span style=\"text-decoration: underline;\">\u201cKreuz As\u201d<\/span> zur\u00fcckerwerben, das damals in <a href=\"https:\/\/de.wikipedia.org\/wiki\/Glindow\" target=\"_blank\" rel=\"noopener\">Glindow<\/a> lag. Im Juli 1958 ist das alte Flagschiff der Reederei mit einer Flasche Sekt, die in den Schornstein gegossen wurde, erneut seiner Bestimmung \u00fcbergeben worden. Aber es hatte sich ver\u00e4ndert. Aus dem 1929 von Gebr. Wiemann in Brandenburg gebauten Schiff war ein Doppeldecker mit versenkbarem Kunststoffdach \u00fcber dem Mittelschiff geworden, der w\u00e4hrend der Fahrt auf der Havel telefonisch erreichbar war.<\/strong> Otto Schmidt hatte wieder seine vier Asse beisammen, allerdings mit dem Unterschied, da\u00df seine Flotte jetzt 1500 Personen bef\u00f6rdern konnte. 1936 hatten die vier Asse nur ein Fassungsverm\u00f6gen von zusammen 980 Personen. Die Reederei Schmidt fuhr auf dem Landwehrkanal zum Oktoberfest, haupts\u00e4chlich aber auf die Havel. Allj\u00e4hrlich zu Beginn der Saison stieg die traditionelle Eierfahrt nach Schildhorn. F\u00fcr jeden Fahrgast des ersten Schiffes, das an seinen Steg anlegte, spendierte der Wirt ein Ei.<\/span><br \/>\n<span style=\"font-family: arial, helvetica, sans-serif; font-size: 12pt;\">(Bilder der \u201cKreuz As\u201d und der \u201cPik As\u201d (III) auf Seite 283 und ein Bild der \u201cKreuz As\u201d auf Seite 177)<\/span><\/p>\n<p><span style=\"font-family: arial, helvetica, sans-serif; font-size: 12pt;\">Groggert 1988, Seite 296<\/span><br \/>\n<span style=\"font-family: arial, helvetica, sans-serif; font-size: 12pt;\">Als Otto Schmidt, der nicht nur Binnenschiffer, sondern auch einer der bedeutendsten Weihnachtsbaumh\u00e4ndler Berlins war, im August 1966 verstarb, stimmten alle Tageszeitungen darin \u00fcberein, da\u00df mit diesem humorvollen Original ein St\u00fcck altes Berlin dahingegangen sei.<\/span><\/p>\n<p style=\"text-align: justify;\"><span style=\"font-family: arial, helvetica, sans-serif; font-size: 12pt;\">Groggert 1988, Seite 306:<\/span><br \/>\n<span style=\"font-family: arial, helvetica, sans-serif; font-size: 12pt;\">Das Motorschiff <strong>&#8222;Kreuz As&#8220;<\/strong> geh\u00f6rt seit 1974 dem Schiffseigner Horst Schlenther.<\/span><\/p>\n<p><span style=\"font-family: arial, helvetica, sans-serif; font-size: 12pt;\">Groggert 1988, Seiten 309\/309:<\/span><br \/>\n<span style=\"font-family: arial, helvetica, sans-serif; font-size: 12pt;\">1987 waren folgende Schiffe im Einsatz:<\/span><br \/>\n<span style=\"font-family: arial, helvetica, sans-serif; font-size: 12pt;\">&#8230;<\/span><br \/>\n<span style=\"font-family: arial, helvetica, sans-serif; font-size: 12pt;\">Horst Schlenther<\/span><br \/>\n<span style=\"font-family: arial, helvetica, sans-serif; font-size: 12pt;\"><strong>Kreuz As<\/strong>, Baujahr: 1929, Werft: Gebr. Wiemann, Branenburg, L\u00e4nge: 39,80 Meter, Breite: 5,60 Meter, Personen: 200<\/span><br \/>\n<span style=\"font-family: arial, helvetica, sans-serif; font-size: 12pt;\">&#8230;<\/span><\/td>\n<\/tr>\n<\/tbody>\n<\/table>\n<p>&nbsp;<\/p>\n<p>&nbsp;<\/p>\n<table style=\"border-collapse: collapse; width: 100%;\">\n<tbody>\n<tr>\n<td style=\"width: 100%; background-color: #ffff00;\"><span style=\"font-family: arial, helvetica, sans-serif; font-size: 12pt;\"><strong>1933<\/strong> Aus dem Fahrplanheft:<\/span><\/p>\n<p><img loading=\"lazy\" decoding=\"async\" class=\"alignnone size-full wp-image-6282\" src=\"https:\/\/berliner-dampfer.de\/wp-content\/uploads\/2024\/10\/1933-Reederei-Otto-Schmidt-Fahrplan-01-und-02-klein-Kreuz-As.jpg\" alt=\"\" width=\"1200\" height=\"800\" srcset=\"https:\/\/berliner-dampfer.de\/wp-content\/uploads\/2024\/10\/1933-Reederei-Otto-Schmidt-Fahrplan-01-und-02-klein-Kreuz-As.jpg 1200w, https:\/\/berliner-dampfer.de\/wp-content\/uploads\/2024\/10\/1933-Reederei-Otto-Schmidt-Fahrplan-01-und-02-klein-Kreuz-As-300x200.jpg 300w, https:\/\/berliner-dampfer.de\/wp-content\/uploads\/2024\/10\/1933-Reederei-Otto-Schmidt-Fahrplan-01-und-02-klein-Kreuz-As-1024x683.jpg 1024w, https:\/\/berliner-dampfer.de\/wp-content\/uploads\/2024\/10\/1933-Reederei-Otto-Schmidt-Fahrplan-01-und-02-klein-Kreuz-As-768x512.jpg 768w\" sizes=\"auto, (max-width: 1200px) 100vw, 1200px\" \/><\/p>\n<p>&nbsp;<\/p>\n<p><img loading=\"lazy\" decoding=\"async\" class=\"alignnone size-full wp-image-6283\" src=\"https:\/\/berliner-dampfer.de\/wp-content\/uploads\/2024\/10\/1933-Reederei-Otto-Schmidt-Fahrplan-03-Kreuz-As.jpg\" alt=\"\" width=\"1200\" height=\"885\" srcset=\"https:\/\/berliner-dampfer.de\/wp-content\/uploads\/2024\/10\/1933-Reederei-Otto-Schmidt-Fahrplan-03-Kreuz-As.jpg 1200w, https:\/\/berliner-dampfer.de\/wp-content\/uploads\/2024\/10\/1933-Reederei-Otto-Schmidt-Fahrplan-03-Kreuz-As-300x221.jpg 300w, https:\/\/berliner-dampfer.de\/wp-content\/uploads\/2024\/10\/1933-Reederei-Otto-Schmidt-Fahrplan-03-Kreuz-As-1024x755.jpg 1024w, https:\/\/berliner-dampfer.de\/wp-content\/uploads\/2024\/10\/1933-Reederei-Otto-Schmidt-Fahrplan-03-Kreuz-As-768x566.jpg 768w\" sizes=\"auto, (max-width: 1200px) 100vw, 1200px\" \/><\/p>\n<p><a href=\"https:\/\/old.klassik-boote.de\/index.php\/karl-marconi.html\" target=\"_blank\" rel=\"noopener\"><span style=\"font-family: arial, helvetica, sans-serif; font-size: 12pt;\">Klassik-Boote.de: Carl Marconi<\/span><\/a><\/p>\n<p><img loading=\"lazy\" decoding=\"async\" class=\"alignnone size-full wp-image-6284\" src=\"https:\/\/berliner-dampfer.de\/wp-content\/uploads\/2024\/10\/1933-Reederei-Otto-Schmidt-Fahrplan-04-Kreuz-As.jpg\" alt=\"\" width=\"1200\" height=\"868\" srcset=\"https:\/\/berliner-dampfer.de\/wp-content\/uploads\/2024\/10\/1933-Reederei-Otto-Schmidt-Fahrplan-04-Kreuz-As.jpg 1200w, https:\/\/berliner-dampfer.de\/wp-content\/uploads\/2024\/10\/1933-Reederei-Otto-Schmidt-Fahrplan-04-Kreuz-As-300x217.jpg 300w, https:\/\/berliner-dampfer.de\/wp-content\/uploads\/2024\/10\/1933-Reederei-Otto-Schmidt-Fahrplan-04-Kreuz-As-1024x741.jpg 1024w, https:\/\/berliner-dampfer.de\/wp-content\/uploads\/2024\/10\/1933-Reederei-Otto-Schmidt-Fahrplan-04-Kreuz-As-768x556.jpg 768w\" sizes=\"auto, (max-width: 1200px) 100vw, 1200px\" \/><\/p>\n<p>&nbsp;<\/p>\n<p><img loading=\"lazy\" decoding=\"async\" class=\"alignnone size-full wp-image-6285\" src=\"https:\/\/berliner-dampfer.de\/wp-content\/uploads\/2024\/10\/1933-Reederei-Otto-Schmidt-Fahrplan-05-Kreuz-As.jpg\" alt=\"\" width=\"1200\" height=\"802\" srcset=\"https:\/\/berliner-dampfer.de\/wp-content\/uploads\/2024\/10\/1933-Reederei-Otto-Schmidt-Fahrplan-05-Kreuz-As.jpg 1200w, https:\/\/berliner-dampfer.de\/wp-content\/uploads\/2024\/10\/1933-Reederei-Otto-Schmidt-Fahrplan-05-Kreuz-As-300x201.jpg 300w, https:\/\/berliner-dampfer.de\/wp-content\/uploads\/2024\/10\/1933-Reederei-Otto-Schmidt-Fahrplan-05-Kreuz-As-1024x684.jpg 1024w, https:\/\/berliner-dampfer.de\/wp-content\/uploads\/2024\/10\/1933-Reederei-Otto-Schmidt-Fahrplan-05-Kreuz-As-768x513.jpg 768w\" sizes=\"auto, (max-width: 1200px) 100vw, 1200px\" \/><\/p>\n<p><img loading=\"lazy\" decoding=\"async\" class=\"size-full wp-image-6286 aligncenter\" src=\"https:\/\/berliner-dampfer.de\/wp-content\/uploads\/2024\/10\/1933-Reederei-Otto-Schmidt-Fahrplan-06-Kreuz-As-klein.jpg\" alt=\"\" width=\"600\" height=\"854\" srcset=\"https:\/\/berliner-dampfer.de\/wp-content\/uploads\/2024\/10\/1933-Reederei-Otto-Schmidt-Fahrplan-06-Kreuz-As-klein.jpg 600w, https:\/\/berliner-dampfer.de\/wp-content\/uploads\/2024\/10\/1933-Reederei-Otto-Schmidt-Fahrplan-06-Kreuz-As-klein-211x300.jpg 211w\" sizes=\"auto, (max-width: 600px) 100vw, 600px\" \/><\/td>\n<\/tr>\n<\/tbody>\n<\/table>\n<p>&nbsp;<\/p>\n<p>&nbsp;<\/p>\n<table style=\"border-collapse: collapse; width: 100%; height: 24px;\">\n<tbody>\n<tr style=\"height: 24px;\">\n<td style=\"width: 100%; background-color: #d3d3d3; height: 24px;\"><span style=\"font-family: arial, helvetica, sans-serif; font-size: 12pt;\"><strong>1929 bis vor dem Umbau 1958<\/strong><br \/>\n========================<br \/>\n<\/span><span style=\"font-family: arial, helvetica, sans-serif; font-size: 12pt;\"><span style=\"color: #d3d3d3;\">.<\/span><br \/>\n<\/span><span style=\"font-family: arial, helvetica, sans-serif; font-size: 12pt;\"><br \/>\n<\/span><img loading=\"lazy\" decoding=\"async\" class=\"alignnone size-full wp-image-6287\" src=\"https:\/\/berliner-dampfer.de\/wp-content\/uploads\/2024\/10\/1929-ca-Kreuz-As-Groggert-1988-Seite-177-klein.jpg\" alt=\"\" width=\"1200\" height=\"754\" srcset=\"https:\/\/berliner-dampfer.de\/wp-content\/uploads\/2024\/10\/1929-ca-Kreuz-As-Groggert-1988-Seite-177-klein.jpg 1200w, https:\/\/berliner-dampfer.de\/wp-content\/uploads\/2024\/10\/1929-ca-Kreuz-As-Groggert-1988-Seite-177-klein-300x189.jpg 300w, https:\/\/berliner-dampfer.de\/wp-content\/uploads\/2024\/10\/1929-ca-Kreuz-As-Groggert-1988-Seite-177-klein-1024x643.jpg 1024w, https:\/\/berliner-dampfer.de\/wp-content\/uploads\/2024\/10\/1929-ca-Kreuz-As-Groggert-1988-Seite-177-klein-768x483.jpg 768w\" sizes=\"auto, (max-width: 1200px) 100vw, 1200px\" \/>&nbsp;&nbsp;&nbsp;<img loading=\"lazy\" decoding=\"async\" class=\"alignnone size-full wp-image-6288\" src=\"https:\/\/berliner-dampfer.de\/wp-content\/uploads\/2024\/10\/1930-ca.-MS-Kreuz-As-klein.jpg\" alt=\"\" width=\"1200\" height=\"1055\" srcset=\"https:\/\/berliner-dampfer.de\/wp-content\/uploads\/2024\/10\/1930-ca.-MS-Kreuz-As-klein.jpg 1200w, https:\/\/berliner-dampfer.de\/wp-content\/uploads\/2024\/10\/1930-ca.-MS-Kreuz-As-klein-300x264.jpg 300w, https:\/\/berliner-dampfer.de\/wp-content\/uploads\/2024\/10\/1930-ca.-MS-Kreuz-As-klein-1024x900.jpg 1024w, https:\/\/berliner-dampfer.de\/wp-content\/uploads\/2024\/10\/1930-ca.-MS-Kreuz-As-klein-768x675.jpg 768w\" sizes=\"auto, (max-width: 1200px) 100vw, 1200px\" \/>&nbsp;&nbsp;<span style=\"font-family: arial, helvetica, sans-serif; font-size: 12pt;\">&#8222;Kreuz As&#8220; am <strong>02.05.1930<\/strong> in der <a href=\"https:\/\/de.wikipedia.org\/wiki\/Schleuse_Charlottenburg\" target=\"_blank\" rel=\"noopener\">Schleuse Charlottenburg<\/a> (km 6,3; heute km 6,1). Die Fotokarte tr\u00e4gt noch den Hinweis: &#8222;02.05.1930 mit Motorschiff &#8222;Kreuz-Ass&#8220; von <a href=\"https:\/\/de.wikipedia.org\/wiki\/Charlottenburger_Tor\" target=\"_blank\" rel=\"noopener\">Charlottenburger Br\u00fccke<\/a> nach &#8211; <em>kann ich leider nicht entziffern<\/em> -&#8220; <\/span><br \/>\n<img loading=\"lazy\" decoding=\"async\" class=\"alignnone size-full wp-image-6400\" src=\"https:\/\/berliner-dampfer.de\/wp-content\/uploads\/2024\/10\/1930-05-02-Kreuz-As-klein.jpg\" alt=\"\" width=\"1200\" height=\"765\" srcset=\"https:\/\/berliner-dampfer.de\/wp-content\/uploads\/2024\/10\/1930-05-02-Kreuz-As-klein.jpg 1200w, https:\/\/berliner-dampfer.de\/wp-content\/uploads\/2024\/10\/1930-05-02-Kreuz-As-klein-300x191.jpg 300w, https:\/\/berliner-dampfer.de\/wp-content\/uploads\/2024\/10\/1930-05-02-Kreuz-As-klein-1024x653.jpg 1024w, https:\/\/berliner-dampfer.de\/wp-content\/uploads\/2024\/10\/1930-05-02-Kreuz-As-klein-768x490.jpg 768w\" sizes=\"auto, (max-width: 1200px) 100vw, 1200px\" \/>&nbsp;__________<span style=\"font-family: arial, helvetica, sans-serif; font-size: 12pt;\">&#8222;Kreuz-As&#8220; im <a href=\"https:\/\/de.wikipedia.org\/wiki\/Schiffshebewerk_Niederfinow\" target=\"_blank\" rel=\"noopener\">Schiffshebewerk Niederfinow<\/a>, welches am 21. M\u00e4rz 1934 in Betrieb genommen wurde. Laut <a href=\"https:\/\/de.wikipedia.org\/wiki\/Kreuz_As_(Schiff)\" target=\"_blank\" rel=\"noopener\">Wikipedia<\/a> wurde die &#8222;Kreuz As&#8220; als eines der ersten Schiffe am Er\u00f6ffnungstag bef\u00f6rdert. Zwei der folgenden Bilder dokumentieren dies scheinbar <\/span><\/p>\n<blockquote><p><span style=\"font-family: arial, helvetica, sans-serif; font-size: 12pt;\">&#8222;Ausfahrt nach der ersten Bef\u00f6rderung&#8230;&#8220;<br \/>\n<\/span><\/p><\/blockquote>\n<p><span style=\"font-family: arial, helvetica, sans-serif; font-size: 12pt;\">Die erste Karte hingegen stammt gem\u00e4\u00df Aufdruck aus dem Jahr 1935 und wurde postalisch am 13.05.1935 bef\u00f6rdert.<br \/>\n<img loading=\"lazy\" decoding=\"async\" class=\"alignnone size-full wp-image-6384\" src=\"https:\/\/berliner-dampfer.de\/wp-content\/uploads\/2024\/10\/1935-05-13-Kreuz-As-Schiffsheberwerk-klein.jpg\" alt=\"\" width=\"1200\" height=\"1029\" srcset=\"https:\/\/berliner-dampfer.de\/wp-content\/uploads\/2024\/10\/1935-05-13-Kreuz-As-Schiffsheberwerk-klein.jpg 1200w, https:\/\/berliner-dampfer.de\/wp-content\/uploads\/2024\/10\/1935-05-13-Kreuz-As-Schiffsheberwerk-klein-300x257.jpg 300w, https:\/\/berliner-dampfer.de\/wp-content\/uploads\/2024\/10\/1935-05-13-Kreuz-As-Schiffsheberwerk-klein-1024x878.jpg 1024w, https:\/\/berliner-dampfer.de\/wp-content\/uploads\/2024\/10\/1935-05-13-Kreuz-As-Schiffsheberwerk-klein-768x659.jpg 768w\" sizes=\"auto, (max-width: 1200px) 100vw, 1200px\" \/><\/span><\/p>\n<p><span style=\"font-family: arial, helvetica, sans-serif; font-size: 12pt;\"><br \/>\n<\/span><img loading=\"lazy\" decoding=\"async\" class=\"alignnone size-full wp-image-6290\" src=\"https:\/\/berliner-dampfer.de\/wp-content\/uploads\/2024\/10\/1934-Kreuz-As-klein.jpg\" alt=\"\" width=\"1200\" height=\"751\" srcset=\"https:\/\/berliner-dampfer.de\/wp-content\/uploads\/2024\/10\/1934-Kreuz-As-klein.jpg 1200w, https:\/\/berliner-dampfer.de\/wp-content\/uploads\/2024\/10\/1934-Kreuz-As-klein-300x188.jpg 300w, https:\/\/berliner-dampfer.de\/wp-content\/uploads\/2024\/10\/1934-Kreuz-As-klein-1024x641.jpg 1024w, https:\/\/berliner-dampfer.de\/wp-content\/uploads\/2024\/10\/1934-Kreuz-As-klein-768x481.jpg 768w\" sizes=\"auto, (max-width: 1200px) 100vw, 1200px\" \/><\/p>\n<p><img loading=\"lazy\" decoding=\"async\" class=\"alignnone size-full wp-image-6292\" src=\"https:\/\/berliner-dampfer.de\/wp-content\/uploads\/2024\/10\/1934-Kreuz-As-und-Schiffshebewerk-klein.jpg\" alt=\"\" width=\"1200\" height=\"961\" srcset=\"https:\/\/berliner-dampfer.de\/wp-content\/uploads\/2024\/10\/1934-Kreuz-As-und-Schiffshebewerk-klein.jpg 1200w, https:\/\/berliner-dampfer.de\/wp-content\/uploads\/2024\/10\/1934-Kreuz-As-und-Schiffshebewerk-klein-300x240.jpg 300w, https:\/\/berliner-dampfer.de\/wp-content\/uploads\/2024\/10\/1934-Kreuz-As-und-Schiffshebewerk-klein-1024x820.jpg 1024w, https:\/\/berliner-dampfer.de\/wp-content\/uploads\/2024\/10\/1934-Kreuz-As-und-Schiffshebewerk-klein-768x615.jpg 768w\" sizes=\"auto, (max-width: 1200px) 100vw, 1200px\" \/><\/p>\n<p>__________<\/p>\n<p>&nbsp;<\/p>\n<p>&nbsp;<\/p>\n<p><span style=\"font-family: arial, helvetica, sans-serif; font-size: 12pt;\">&nbsp;&#8222;Kreuz-As&#8220; an der <a href=\"https:\/\/de.wikipedia.org\/wiki\/Glienicker_Br\u00fccke\" target=\"_blank\" rel=\"noopener\">Glienicker Br\u00fccke<\/a>, Herstellungsjahr <strong>1936<\/strong>, postalisch gelaufen am 10.05.1936.<br \/>\nIch halte das Bild jedoch f\u00fcr eine Montage, das Schiff wurde scheinbar nachtr\u00e4glich &#8222;eingef\u00fcgt&#8220;<\/span><img loading=\"lazy\" decoding=\"async\" class=\"alignnone size-full wp-image-6295\" src=\"https:\/\/berliner-dampfer.de\/wp-content\/uploads\/2024\/10\/1938-05-10-Dampfer-Kreuz-As-vor-Glienicker-Bruecke-klein.jpg\" alt=\"\" width=\"1200\" height=\"1028\" srcset=\"https:\/\/berliner-dampfer.de\/wp-content\/uploads\/2024\/10\/1938-05-10-Dampfer-Kreuz-As-vor-Glienicker-Bruecke-klein.jpg 1200w, https:\/\/berliner-dampfer.de\/wp-content\/uploads\/2024\/10\/1938-05-10-Dampfer-Kreuz-As-vor-Glienicker-Bruecke-klein-300x257.jpg 300w, https:\/\/berliner-dampfer.de\/wp-content\/uploads\/2024\/10\/1938-05-10-Dampfer-Kreuz-As-vor-Glienicker-Bruecke-klein-1024x877.jpg 1024w, https:\/\/berliner-dampfer.de\/wp-content\/uploads\/2024\/10\/1938-05-10-Dampfer-Kreuz-As-vor-Glienicker-Bruecke-klein-768x658.jpg 768w\" sizes=\"auto, (max-width: 1200px) 100vw, 1200px\" \/><\/td>\n<\/tr>\n<\/tbody>\n<\/table>\n<p>&nbsp;<\/p>\n<p>&nbsp;<\/p>\n<p>&nbsp;<\/p>\n<p>&nbsp;<\/p>\n<table style=\"border-collapse: collapse; width: 100%;\">\n<tbody>\n<tr>\n<td style=\"width: 100%; background-color: #ffff00;\"><span style=\"font-family: arial, helvetica, sans-serif; font-size: 12pt;\"><strong>Nach dem Umbau 1958<br \/>\n<\/strong>===================<\/span>&nbsp;<\/p>\n<p style=\"text-align: left;\"><span style=\"color: #ffff00;\">.<\/span> <span style=\"color: #ffff00;\">.<\/span><img loading=\"lazy\" decoding=\"async\" class=\"alignnone size-full wp-image-6296\" src=\"https:\/\/berliner-dampfer.de\/wp-content\/uploads\/2024\/10\/1958-Kreuz-As-Groggert-1988-Seite-283-klein.jpg\" alt=\"\" width=\"1200\" height=\"719\" srcset=\"https:\/\/berliner-dampfer.de\/wp-content\/uploads\/2024\/10\/1958-Kreuz-As-Groggert-1988-Seite-283-klein.jpg 1200w, https:\/\/berliner-dampfer.de\/wp-content\/uploads\/2024\/10\/1958-Kreuz-As-Groggert-1988-Seite-283-klein-300x180.jpg 300w, https:\/\/berliner-dampfer.de\/wp-content\/uploads\/2024\/10\/1958-Kreuz-As-Groggert-1988-Seite-283-klein-1024x614.jpg 1024w, https:\/\/berliner-dampfer.de\/wp-content\/uploads\/2024\/10\/1958-Kreuz-As-Groggert-1988-Seite-283-klein-768x460.jpg 768w\" sizes=\"auto, (max-width: 1200px) 100vw, 1200px\" \/>&nbsp;<\/p>\n<p><span style=\"font-family: arial, helvetica, sans-serif; font-size: 12pt;\">&#8222;Kreuz-As&#8220; am 1975 abgerissenen <a href=\"https:\/\/geschichtsforum-tegel.berlin\/tegelarchiv-uebersicht\/kaiserpavillon\/\" target=\"_blank\" rel=\"noopener\">Seepavillon (fr\u00fcher Kaiserpavillon)<\/a> in Tegel: <\/span><\/p>\n<p><img loading=\"lazy\" decoding=\"async\" class=\"alignnone size-full wp-image-6301\" src=\"https:\/\/berliner-dampfer.de\/wp-content\/uploads\/2024\/10\/1963-Kreuz-As-See-Pavillon-Tegel-klein.jpg\" alt=\"\" width=\"1200\" height=\"675\" srcset=\"https:\/\/berliner-dampfer.de\/wp-content\/uploads\/2024\/10\/1963-Kreuz-As-See-Pavillon-Tegel-klein.jpg 1200w, https:\/\/berliner-dampfer.de\/wp-content\/uploads\/2024\/10\/1963-Kreuz-As-See-Pavillon-Tegel-klein-300x169.jpg 300w, https:\/\/berliner-dampfer.de\/wp-content\/uploads\/2024\/10\/1963-Kreuz-As-See-Pavillon-Tegel-klein-1024x576.jpg 1024w, https:\/\/berliner-dampfer.de\/wp-content\/uploads\/2024\/10\/1963-Kreuz-As-See-Pavillon-Tegel-klein-768x432.jpg 768w\" sizes=\"auto, (max-width: 1200px) 100vw, 1200px\" \/><\/p>\n<p>&nbsp;<\/p>\n<p><span style=\"font-family: arial, helvetica, sans-serif; font-size: 10pt;\"><span style=\"font-size: 12pt;\">&nbsp;<span style=\"font-family: arial, helvetica, sans-serif;\">&#8222;Kreuz As&#8220; mit der<\/span> <a href=\"https:\/\/berliner-dampfer.de\/?page_id=3961\" target=\"_blank\" rel=\"noopener\">&#8222;Europa&#8220; (ex &#8222;Pik As&#8220;, ex &#8222;Helvetia&#8220;, ex &#8222;Karo As&#8220;)<\/a>:<\/span><\/span><\/p>\n<p><img loading=\"lazy\" decoding=\"async\" class=\"alignnone size-full wp-image-6303\" src=\"https:\/\/berliner-dampfer.de\/wp-content\/uploads\/2024\/10\/1965-ca-KreuzAs-Europa-exPikAs-klein.jpg\" alt=\"\" width=\"1200\" height=\"637\" srcset=\"https:\/\/berliner-dampfer.de\/wp-content\/uploads\/2024\/10\/1965-ca-KreuzAs-Europa-exPikAs-klein.jpg 1200w, https:\/\/berliner-dampfer.de\/wp-content\/uploads\/2024\/10\/1965-ca-KreuzAs-Europa-exPikAs-klein-300x159.jpg 300w, https:\/\/berliner-dampfer.de\/wp-content\/uploads\/2024\/10\/1965-ca-KreuzAs-Europa-exPikAs-klein-1024x544.jpg 1024w, https:\/\/berliner-dampfer.de\/wp-content\/uploads\/2024\/10\/1965-ca-KreuzAs-Europa-exPikAs-klein-768x408.jpg 768w\" sizes=\"auto, (max-width: 1200px) 100vw, 1200px\" \/><\/p>\n<p>&nbsp;<\/p>\n<p><span style=\"font-size: 12pt; font-family: arial, helvetica, sans-serif;\">&#8222;Kreuz-As&#8220; in Spandau am Lindenufer mit <a href=\"https:\/\/berliner-dampfer.de\/?page_id=3557\" target=\"_blank\" rel=\"noopener\">&#8222;Gisela&#8220;<\/a> und <a href=\"https:\/\/berliner-dampfer.de\/?page_id=3233\" target=\"_blank\" rel=\"noopener\">&#8222;Frohsinn&#8220; (ex &#8222;Herz-As&#8220;)<\/a>:<\/span><\/p>\n<p><img loading=\"lazy\" decoding=\"async\" class=\"alignnone size-full wp-image-6307\" src=\"https:\/\/berliner-dampfer.de\/wp-content\/uploads\/2024\/10\/1970-Dampfer-am-Lindenufer-Gisela-KreuzAs-klein.jpg\" alt=\"\" width=\"1200\" height=\"951\" srcset=\"https:\/\/berliner-dampfer.de\/wp-content\/uploads\/2024\/10\/1970-Dampfer-am-Lindenufer-Gisela-KreuzAs-klein.jpg 1200w, https:\/\/berliner-dampfer.de\/wp-content\/uploads\/2024\/10\/1970-Dampfer-am-Lindenufer-Gisela-KreuzAs-klein-300x238.jpg 300w, https:\/\/berliner-dampfer.de\/wp-content\/uploads\/2024\/10\/1970-Dampfer-am-Lindenufer-Gisela-KreuzAs-klein-1024x812.jpg 1024w, https:\/\/berliner-dampfer.de\/wp-content\/uploads\/2024\/10\/1970-Dampfer-am-Lindenufer-Gisela-KreuzAs-klein-768x609.jpg 768w\" sizes=\"auto, (max-width: 1200px) 100vw, 1200px\" \/><\/p>\n<p>&nbsp;<\/p>\n<p>&nbsp;<\/p>\n<p><img loading=\"lazy\" decoding=\"async\" class=\"alignnone wp-image-6309 size-full\" src=\"https:\/\/berliner-dampfer.de\/wp-content\/uploads\/2024\/10\/1970-09-27-Kreuz-As-klein.jpg\" alt=\"\" width=\"1200\" height=\"880\" srcset=\"https:\/\/berliner-dampfer.de\/wp-content\/uploads\/2024\/10\/1970-09-27-Kreuz-As-klein.jpg 1200w, https:\/\/berliner-dampfer.de\/wp-content\/uploads\/2024\/10\/1970-09-27-Kreuz-As-klein-300x220.jpg 300w, https:\/\/berliner-dampfer.de\/wp-content\/uploads\/2024\/10\/1970-09-27-Kreuz-As-klein-1024x751.jpg 1024w, https:\/\/berliner-dampfer.de\/wp-content\/uploads\/2024\/10\/1970-09-27-Kreuz-As-klein-768x563.jpg 768w\" sizes=\"auto, (max-width: 1200px) 100vw, 1200px\" \/><\/p>\n<p>&nbsp;<\/p>\n<p><span style=\"font-family: arial, helvetica, sans-serif; font-size: 12pt;\">&#8222;Kreuz-As&#8220; an der <a href=\"https:\/\/de.wikipedia.org\/wiki\/Schleuse_Spandau\" target=\"_blank\" rel=\"noopener\">Schleuse Spandau<\/a>, zusammen mit der <a href=\"https:\/\/berliner-dampfer.de\/?page_id=2240\" target=\"_blank\" rel=\"noopener\">&#8222;Deutschland&#8220;<\/a>. Die AK ist 1979 postalisch gelaufen. Briefmarke Deutsche Bundespost Berlin, &#8222;Radioteleskop&#8220;, <a href=\"https:\/\/de.wikipedia.org\/wiki\/Briefmarken-Jahrgang_1976_der_Deutschen_Bundespost_Berlin\" target=\"_blank\" rel=\"noopener\">Michelnummer 507 aus 1976<\/a>.<br \/>\n<\/span><\/p>\n<p><img loading=\"lazy\" decoding=\"async\" class=\"alignnone wp-image-6322 size-full\" src=\"https:\/\/berliner-dampfer.de\/wp-content\/uploads\/2024\/10\/1979-06-08-Deutschland-Kreuz-As-Schleuse-Spandau-klein-a.jpg\" alt=\"\" width=\"1200\" height=\"955\" srcset=\"https:\/\/berliner-dampfer.de\/wp-content\/uploads\/2024\/10\/1979-06-08-Deutschland-Kreuz-As-Schleuse-Spandau-klein-a.jpg 1200w, https:\/\/berliner-dampfer.de\/wp-content\/uploads\/2024\/10\/1979-06-08-Deutschland-Kreuz-As-Schleuse-Spandau-klein-a-300x239.jpg 300w, https:\/\/berliner-dampfer.de\/wp-content\/uploads\/2024\/10\/1979-06-08-Deutschland-Kreuz-As-Schleuse-Spandau-klein-a-1024x815.jpg 1024w, https:\/\/berliner-dampfer.de\/wp-content\/uploads\/2024\/10\/1979-06-08-Deutschland-Kreuz-As-Schleuse-Spandau-klein-a-768x611.jpg 768w\" sizes=\"auto, (max-width: 1200px) 100vw, 1200px\" \/><\/p>\n<p>&nbsp;<\/p>\n<p><img loading=\"lazy\" decoding=\"async\" class=\"alignnone wp-image-6313 size-full\" src=\"https:\/\/berliner-dampfer.de\/wp-content\/uploads\/2024\/10\/2005-04-26-Kreuz-As2005-Roskowetz-klein.jpg\" alt=\"\" width=\"1200\" height=\"675\" srcset=\"https:\/\/berliner-dampfer.de\/wp-content\/uploads\/2024\/10\/2005-04-26-Kreuz-As2005-Roskowetz-klein.jpg 1200w, https:\/\/berliner-dampfer.de\/wp-content\/uploads\/2024\/10\/2005-04-26-Kreuz-As2005-Roskowetz-klein-300x169.jpg 300w, https:\/\/berliner-dampfer.de\/wp-content\/uploads\/2024\/10\/2005-04-26-Kreuz-As2005-Roskowetz-klein-1024x576.jpg 1024w, https:\/\/berliner-dampfer.de\/wp-content\/uploads\/2024\/10\/2005-04-26-Kreuz-As2005-Roskowetz-klein-768x432.jpg 768w\" sizes=\"auto, (max-width: 1200px) 100vw, 1200px\" \/><\/p>\n<p>&nbsp;<\/p>\n<p><img loading=\"lazy\" decoding=\"async\" class=\"alignnone wp-image-6324 size-full\" src=\"https:\/\/berliner-dampfer.de\/wp-content\/uploads\/2024\/10\/2005-06-03-Kreuz-As-1-Roskowetz-klein.jpg\" alt=\"\" width=\"1200\" height=\"675\" srcset=\"https:\/\/berliner-dampfer.de\/wp-content\/uploads\/2024\/10\/2005-06-03-Kreuz-As-1-Roskowetz-klein.jpg 1200w, https:\/\/berliner-dampfer.de\/wp-content\/uploads\/2024\/10\/2005-06-03-Kreuz-As-1-Roskowetz-klein-300x169.jpg 300w, https:\/\/berliner-dampfer.de\/wp-content\/uploads\/2024\/10\/2005-06-03-Kreuz-As-1-Roskowetz-klein-1024x576.jpg 1024w, https:\/\/berliner-dampfer.de\/wp-content\/uploads\/2024\/10\/2005-06-03-Kreuz-As-1-Roskowetz-klein-768x432.jpg 768w\" sizes=\"auto, (max-width: 1200px) 100vw, 1200px\" \/><\/p>\n<p><span style=\"font-family: arial, helvetica, sans-serif; font-size: 12pt;\">2009:<\/span><\/p>\n<p><img loading=\"lazy\" decoding=\"async\" class=\"alignnone wp-image-6326 size-full\" src=\"https:\/\/berliner-dampfer.de\/wp-content\/uploads\/2024\/10\/2009-06-21-24-klein.jpg\" alt=\"\" width=\"1200\" height=\"675\" srcset=\"https:\/\/berliner-dampfer.de\/wp-content\/uploads\/2024\/10\/2009-06-21-24-klein.jpg 1200w, https:\/\/berliner-dampfer.de\/wp-content\/uploads\/2024\/10\/2009-06-21-24-klein-300x169.jpg 300w, https:\/\/berliner-dampfer.de\/wp-content\/uploads\/2024\/10\/2009-06-21-24-klein-1024x576.jpg 1024w, https:\/\/berliner-dampfer.de\/wp-content\/uploads\/2024\/10\/2009-06-21-24-klein-768x432.jpg 768w\" sizes=\"auto, (max-width: 1200px) 100vw, 1200px\" \/><\/p>\n<p>&nbsp;<\/p>\n<p><img loading=\"lazy\" decoding=\"async\" class=\"alignnone wp-image-6328 size-full\" src=\"https:\/\/berliner-dampfer.de\/wp-content\/uploads\/2024\/10\/2009-06-21-39-klein.jpg\" alt=\"\" width=\"1200\" height=\"675\" srcset=\"https:\/\/berliner-dampfer.de\/wp-content\/uploads\/2024\/10\/2009-06-21-39-klein.jpg 1200w, https:\/\/berliner-dampfer.de\/wp-content\/uploads\/2024\/10\/2009-06-21-39-klein-300x169.jpg 300w, https:\/\/berliner-dampfer.de\/wp-content\/uploads\/2024\/10\/2009-06-21-39-klein-1024x576.jpg 1024w, https:\/\/berliner-dampfer.de\/wp-content\/uploads\/2024\/10\/2009-06-21-39-klein-768x432.jpg 768w\" sizes=\"auto, (max-width: 1200px) 100vw, 1200px\" \/><\/p>\n<p>&nbsp;<\/p>\n<p><img loading=\"lazy\" decoding=\"async\" class=\"alignnone wp-image-6327 size-full\" src=\"https:\/\/berliner-dampfer.de\/wp-content\/uploads\/2024\/10\/2009-06-21-104-klein.jpg\" alt=\"\" width=\"1200\" height=\"675\" srcset=\"https:\/\/berliner-dampfer.de\/wp-content\/uploads\/2024\/10\/2009-06-21-104-klein.jpg 1200w, https:\/\/berliner-dampfer.de\/wp-content\/uploads\/2024\/10\/2009-06-21-104-klein-300x169.jpg 300w, https:\/\/berliner-dampfer.de\/wp-content\/uploads\/2024\/10\/2009-06-21-104-klein-1024x576.jpg 1024w, https:\/\/berliner-dampfer.de\/wp-content\/uploads\/2024\/10\/2009-06-21-104-klein-768x432.jpg 768w\" sizes=\"auto, (max-width: 1200px) 100vw, 1200px\" \/><\/p>\n<p>&nbsp;<\/p>\n<p><img loading=\"lazy\" decoding=\"async\" class=\"alignnone size-full wp-image-6329\" src=\"https:\/\/berliner-dampfer.de\/wp-content\/uploads\/2024\/10\/2009-06-21-110-klein.jpg\" alt=\"\" width=\"1200\" height=\"675\" srcset=\"https:\/\/berliner-dampfer.de\/wp-content\/uploads\/2024\/10\/2009-06-21-110-klein.jpg 1200w, https:\/\/berliner-dampfer.de\/wp-content\/uploads\/2024\/10\/2009-06-21-110-klein-300x169.jpg 300w, https:\/\/berliner-dampfer.de\/wp-content\/uploads\/2024\/10\/2009-06-21-110-klein-1024x576.jpg 1024w, https:\/\/berliner-dampfer.de\/wp-content\/uploads\/2024\/10\/2009-06-21-110-klein-768x432.jpg 768w\" sizes=\"auto, (max-width: 1200px) 100vw, 1200px\" \/><\/p>\n<p>&nbsp;<\/p>\n<p><img loading=\"lazy\" decoding=\"async\" class=\"alignnone size-full wp-image-6330\" src=\"https:\/\/berliner-dampfer.de\/wp-content\/uploads\/2024\/10\/2009-06-21-112-klein.jpg\" alt=\"\" width=\"1200\" height=\"675\" srcset=\"https:\/\/berliner-dampfer.de\/wp-content\/uploads\/2024\/10\/2009-06-21-112-klein.jpg 1200w, https:\/\/berliner-dampfer.de\/wp-content\/uploads\/2024\/10\/2009-06-21-112-klein-300x169.jpg 300w, https:\/\/berliner-dampfer.de\/wp-content\/uploads\/2024\/10\/2009-06-21-112-klein-1024x576.jpg 1024w, https:\/\/berliner-dampfer.de\/wp-content\/uploads\/2024\/10\/2009-06-21-112-klein-768x432.jpg 768w\" sizes=\"auto, (max-width: 1200px) 100vw, 1200px\" \/><\/p>\n<p>&nbsp;<\/p>\n<p><img loading=\"lazy\" decoding=\"async\" class=\"alignnone size-full wp-image-6331\" src=\"https:\/\/berliner-dampfer.de\/wp-content\/uploads\/2024\/10\/2009-06-21-114-klein.jpg\" alt=\"\" width=\"1200\" height=\"675\" srcset=\"https:\/\/berliner-dampfer.de\/wp-content\/uploads\/2024\/10\/2009-06-21-114-klein.jpg 1200w, https:\/\/berliner-dampfer.de\/wp-content\/uploads\/2024\/10\/2009-06-21-114-klein-300x169.jpg 300w, https:\/\/berliner-dampfer.de\/wp-content\/uploads\/2024\/10\/2009-06-21-114-klein-1024x576.jpg 1024w, https:\/\/berliner-dampfer.de\/wp-content\/uploads\/2024\/10\/2009-06-21-114-klein-768x432.jpg 768w\" sizes=\"auto, (max-width: 1200px) 100vw, 1200px\" \/><\/p>\n<p><span style=\"font-family: arial, helvetica, sans-serif; font-size: 12pt;\">2011:<\/span><\/p>\n<p><img loading=\"lazy\" decoding=\"async\" class=\"alignnone size-full wp-image-6334\" src=\"https:\/\/berliner-dampfer.de\/wp-content\/uploads\/2024\/10\/2011-02-25-CIMG1751-klein.jpg\" alt=\"\" width=\"1200\" height=\"675\" srcset=\"https:\/\/berliner-dampfer.de\/wp-content\/uploads\/2024\/10\/2011-02-25-CIMG1751-klein.jpg 1200w, https:\/\/berliner-dampfer.de\/wp-content\/uploads\/2024\/10\/2011-02-25-CIMG1751-klein-300x169.jpg 300w, https:\/\/berliner-dampfer.de\/wp-content\/uploads\/2024\/10\/2011-02-25-CIMG1751-klein-1024x576.jpg 1024w, https:\/\/berliner-dampfer.de\/wp-content\/uploads\/2024\/10\/2011-02-25-CIMG1751-klein-768x432.jpg 768w\" sizes=\"auto, (max-width: 1200px) 100vw, 1200px\" \/><\/p>\n<p>&nbsp;<\/p>\n<p><img loading=\"lazy\" decoding=\"async\" class=\"alignnone size-full wp-image-6335\" src=\"https:\/\/berliner-dampfer.de\/wp-content\/uploads\/2024\/10\/2011-02-25-CIMG1796-klein.jpg\" alt=\"\" width=\"1200\" height=\"675\" srcset=\"https:\/\/berliner-dampfer.de\/wp-content\/uploads\/2024\/10\/2011-02-25-CIMG1796-klein.jpg 1200w, https:\/\/berliner-dampfer.de\/wp-content\/uploads\/2024\/10\/2011-02-25-CIMG1796-klein-300x169.jpg 300w, https:\/\/berliner-dampfer.de\/wp-content\/uploads\/2024\/10\/2011-02-25-CIMG1796-klein-1024x576.jpg 1024w, https:\/\/berliner-dampfer.de\/wp-content\/uploads\/2024\/10\/2011-02-25-CIMG1796-klein-768x432.jpg 768w\" sizes=\"auto, (max-width: 1200px) 100vw, 1200px\" \/><\/p>\n<p>&nbsp;<\/p>\n<p><img loading=\"lazy\" decoding=\"async\" class=\"alignnone size-full wp-image-6336\" src=\"https:\/\/berliner-dampfer.de\/wp-content\/uploads\/2024\/10\/2011-02-25-CIMG1798-klein.jpg\" alt=\"\" width=\"1200\" height=\"675\" srcset=\"https:\/\/berliner-dampfer.de\/wp-content\/uploads\/2024\/10\/2011-02-25-CIMG1798-klein.jpg 1200w, https:\/\/berliner-dampfer.de\/wp-content\/uploads\/2024\/10\/2011-02-25-CIMG1798-klein-300x169.jpg 300w, https:\/\/berliner-dampfer.de\/wp-content\/uploads\/2024\/10\/2011-02-25-CIMG1798-klein-1024x576.jpg 1024w, https:\/\/berliner-dampfer.de\/wp-content\/uploads\/2024\/10\/2011-02-25-CIMG1798-klein-768x432.jpg 768w\" sizes=\"auto, (max-width: 1200px) 100vw, 1200px\" \/><\/p>\n<p>&nbsp;<\/p>\n<p><img loading=\"lazy\" decoding=\"async\" class=\"alignnone size-full wp-image-6337\" src=\"https:\/\/berliner-dampfer.de\/wp-content\/uploads\/2024\/10\/2011-02-25-CIMG1804-klein.jpg\" alt=\"\" width=\"1200\" height=\"675\" srcset=\"https:\/\/berliner-dampfer.de\/wp-content\/uploads\/2024\/10\/2011-02-25-CIMG1804-klein.jpg 1200w, https:\/\/berliner-dampfer.de\/wp-content\/uploads\/2024\/10\/2011-02-25-CIMG1804-klein-300x169.jpg 300w, https:\/\/berliner-dampfer.de\/wp-content\/uploads\/2024\/10\/2011-02-25-CIMG1804-klein-1024x576.jpg 1024w, https:\/\/berliner-dampfer.de\/wp-content\/uploads\/2024\/10\/2011-02-25-CIMG1804-klein-768x432.jpg 768w\" sizes=\"auto, (max-width: 1200px) 100vw, 1200px\" \/><\/p>\n<p><span style=\"font-family: arial, helvetica, sans-serif; font-size: 12pt;\">2011 auf der Unterhavel in Berlin, im Hintergrund die <a href=\"https:\/\/de.wikipedia.org\/wiki\/Villa_Lemm\" target=\"_blank\" rel=\"noopener\">&#8222;Villa Lemm&#8220;<\/a>:<\/span><\/p>\n<p><img loading=\"lazy\" decoding=\"async\" class=\"alignnone size-full wp-image-6338\" src=\"https:\/\/berliner-dampfer.de\/wp-content\/uploads\/2024\/10\/2011-07-09-DSC00754-klein.jpg\" alt=\"\" width=\"1200\" height=\"675\" srcset=\"https:\/\/berliner-dampfer.de\/wp-content\/uploads\/2024\/10\/2011-07-09-DSC00754-klein.jpg 1200w, https:\/\/berliner-dampfer.de\/wp-content\/uploads\/2024\/10\/2011-07-09-DSC00754-klein-300x169.jpg 300w, https:\/\/berliner-dampfer.de\/wp-content\/uploads\/2024\/10\/2011-07-09-DSC00754-klein-1024x576.jpg 1024w, https:\/\/berliner-dampfer.de\/wp-content\/uploads\/2024\/10\/2011-07-09-DSC00754-klein-768x432.jpg 768w\" sizes=\"auto, (max-width: 1200px) 100vw, 1200px\" \/><\/p>\n<p>&nbsp;<\/p>\n<p><img loading=\"lazy\" decoding=\"async\" class=\"alignnone size-full wp-image-6340\" src=\"https:\/\/berliner-dampfer.de\/wp-content\/uploads\/2024\/10\/2011-07-09-DSC00760-klein.jpg\" alt=\"\" width=\"1200\" height=\"675\" srcset=\"https:\/\/berliner-dampfer.de\/wp-content\/uploads\/2024\/10\/2011-07-09-DSC00760-klein.jpg 1200w, https:\/\/berliner-dampfer.de\/wp-content\/uploads\/2024\/10\/2011-07-09-DSC00760-klein-300x169.jpg 300w, https:\/\/berliner-dampfer.de\/wp-content\/uploads\/2024\/10\/2011-07-09-DSC00760-klein-1024x576.jpg 1024w, https:\/\/berliner-dampfer.de\/wp-content\/uploads\/2024\/10\/2011-07-09-DSC00760-klein-768x432.jpg 768w\" sizes=\"auto, (max-width: 1200px) 100vw, 1200px\" \/><\/p>\n<p><span style=\"font-family: arial, helvetica, sans-serif; font-size: 12pt;\">&#8222;Kreuz As&#8220; am <a href=\"https:\/\/forst-grunewald.de\/?page_id=4328\" target=\"_blank\" rel=\"noopener\">Gem\u00fcnde<\/a> bei <a href=\"https:\/\/forst-grunewald.de\/?page_id=4060\" target=\"_blank\" rel=\"noopener\">Pichelswerder<\/a>. Im Hintergrund der <a href=\"https:\/\/de.wikipedia.org\/wiki\/Bundeslehr-_und_Forschungsst\u00e4tte_der_DLRG\" target=\"_blank\" rel=\"noopener\">&#8222;DLRG-Tauchturm&#8220;<\/a>:<\/span><\/p>\n<p><img loading=\"lazy\" decoding=\"async\" class=\"alignnone size-full wp-image-6341\" src=\"https:\/\/berliner-dampfer.de\/wp-content\/uploads\/2024\/10\/2011-08-20-DSC03449-klein.jpg\" alt=\"\" width=\"1200\" height=\"675\" srcset=\"https:\/\/berliner-dampfer.de\/wp-content\/uploads\/2024\/10\/2011-08-20-DSC03449-klein.jpg 1200w, https:\/\/berliner-dampfer.de\/wp-content\/uploads\/2024\/10\/2011-08-20-DSC03449-klein-300x169.jpg 300w, https:\/\/berliner-dampfer.de\/wp-content\/uploads\/2024\/10\/2011-08-20-DSC03449-klein-1024x576.jpg 1024w, https:\/\/berliner-dampfer.de\/wp-content\/uploads\/2024\/10\/2011-08-20-DSC03449-klein-768x432.jpg 768w\" sizes=\"auto, (max-width: 1200px) 100vw, 1200px\" \/><\/p>\n<p>&nbsp;<\/p>\n<p><img loading=\"lazy\" decoding=\"async\" class=\"alignnone size-full wp-image-6342\" src=\"https:\/\/berliner-dampfer.de\/wp-content\/uploads\/2024\/10\/2013-Kreuz-As-2-Roskowetz-klein.jpg\" alt=\"\" width=\"1091\" height=\"613\" srcset=\"https:\/\/berliner-dampfer.de\/wp-content\/uploads\/2024\/10\/2013-Kreuz-As-2-Roskowetz-klein.jpg 1091w, https:\/\/berliner-dampfer.de\/wp-content\/uploads\/2024\/10\/2013-Kreuz-As-2-Roskowetz-klein-300x169.jpg 300w, https:\/\/berliner-dampfer.de\/wp-content\/uploads\/2024\/10\/2013-Kreuz-As-2-Roskowetz-klein-1024x575.jpg 1024w, https:\/\/berliner-dampfer.de\/wp-content\/uploads\/2024\/10\/2013-Kreuz-As-2-Roskowetz-klein-768x432.jpg 768w\" sizes=\"auto, (max-width: 1091px) 100vw, 1091px\" \/><\/td>\n<\/tr>\n<\/tbody>\n<\/table>\n<p>&nbsp;<\/p>\n<p>&nbsp;<\/p>\n<p>&nbsp;<\/p>\n<p><span style=\"text-decoration: underline;\"><span style=\"font-family: arial, helvetica, sans-serif; font-size: 12pt;\">Zuletzt bearbeitet 12.01.2025<\/span><\/span><\/p>\n","protected":false},"excerpt":{"rendered":"<p>1929 Kreuz As Reederei Wolff: Kreuz As &nbsp; &nbsp; Groggert 1988, Seite 176: Zu den bedeutensten Motorschiffsunternehmen geh\u00f6rte die Reederei Otto Schmidt, die ihren Betrieb&hellip;<\/p>\n","protected":false},"author":1,"featured_media":0,"parent":0,"menu_order":0,"comment_status":"closed","ping_status":"closed","template":"","meta":{"ngg_post_thumbnail":0,"iawp_total_views":70,"footnotes":""},"class_list":["post-6268","page","type-page","status-publish","hentry"],"_links":{"self":[{"href":"https:\/\/berliner-dampfer.de\/index.php?rest_route=\/wp\/v2\/pages\/6268","targetHints":{"allow":["GET"]}}],"collection":[{"href":"https:\/\/berliner-dampfer.de\/index.php?rest_route=\/wp\/v2\/pages"}],"about":[{"href":"https:\/\/berliner-dampfer.de\/index.php?rest_route=\/wp\/v2\/types\/page"}],"author":[{"embeddable":true,"href":"https:\/\/berliner-dampfer.de\/index.php?rest_route=\/wp\/v2\/users\/1"}],"replies":[{"embeddable":true,"href":"https:\/\/berliner-dampfer.de\/index.php?rest_route=%2Fwp%2Fv2%2Fcomments&post=6268"}],"version-history":[{"count":86,"href":"https:\/\/berliner-dampfer.de\/index.php?rest_route=\/wp\/v2\/pages\/6268\/revisions"}],"predecessor-version":[{"id":10863,"href":"https:\/\/berliner-dampfer.de\/index.php?rest_route=\/wp\/v2\/pages\/6268\/revisions\/10863"}],"wp:attachment":[{"href":"https:\/\/berliner-dampfer.de\/index.php?rest_route=%2Fwp%2Fv2%2Fmedia&parent=6268"}],"curies":[{"name":"wp","href":"https:\/\/api.w.org\/{rel}","templated":true}]}}